{"id":1072,"date":"2026-03-24T10:23:25","date_gmt":"2026-03-24T10:23:25","guid":{"rendered":"https:\/\/www.fondation-salomon.org\/suporting-outdoor-sport-professionals-in-need\/"},"modified":"2026-04-27T10:06:08","modified_gmt":"2026-04-27T10:06:08","slug":"soutenir-les-professionnels-des-sports-de-plein-air-dans-le-besoin","status":"publish","type":"page","link":"https:\/\/www.fondation-salomon.org\/fr\/soutenir-les-professionnels-des-sports-de-plein-air-dans-le-besoin\/","title":{"rendered":"Soutenir les professionnels de la montagne en difficult\u00e9s"},"content":{"rendered":"\n<div class=\"wp-block-group alignfull has-global-padding is-layout-constrained wp-container-core-group-is-layout-ae1ce1f8 wp-block-group-is-layout-constrained\">\n<div class=\"wp-block-group alignwide is-content-justification-space-between is-layout-flex wp-container-core-group-is-layout-e5edad21 wp-block-group-is-layout-flex\">\n<h3 class=\"wp-block-heading\"><strong>\u00c0 propos<\/strong><\/h3>\n\n\n\n<div class=\"wp-block-group has-base-background-color has-background has-global-padding is-layout-constrained wp-container-core-group-is-layout-715153ea wp-block-group-is-layout-constrained\">\n<p>Depuis 1999, nous sommes aux c\u00f4t\u00e9s de celles et ceux qui vivent pour les sommets.<br>Lorsque la vie bascule, nous agissons avec simplicit\u00e9 et engagement, en accompagnant les professionnel\u00b7les de la montagne face \u00e0 la blessure, \u00e0 la pr\u00e9carit\u00e9 et aux transitions de vie.<br>Parce que derri\u00e8re chaque m\u00e9tier, il y a une vie \u00e0 reconstruire et un avenir \u00e0 pr\u00e9server.<\/p>\n<\/div>\n<\/div>\n<\/div>\n\n\n\n<div class=\"wp-block-group alignwide key-figure is-style-line-watch has-base-background-color has-background has-global-padding is-layout-constrained wp-block-group-is-layout-constrained\" style=\"margin-top:var(--wp--preset--spacing--100);margin-bottom:0px;padding-top:var(--wp--preset--spacing--70);padding-bottom:var(--wp--preset--spacing--100)\">\n<h3 class=\"wp-block-heading has-text-align-center\"><strong>Un engagement \u00e0 long terme<\/strong><\/h3>\n<\/div>\n\n\n\n<div class=\"wp-block-group alignwide pattern-numbers has-global-padding is-layout-constrained wp-block-group-is-layout-constrained\" style=\"margin-top:0px;margin-bottom:0px;padding-bottom:var(--wp--preset--spacing--107)\">\n<div class=\"wp-block-group alignwide item has-base-background-color has-background has-global-padding is-layout-constrained wp-block-group-is-layout-constrained\" style=\"border-bottom-color:var(--wp--preset--color--contrast);border-bottom-style:solid;border-bottom-width:1px\">\n<div class=\"wp-block-group alignwide has-inter-font-family has-xl-large-font-size is-content-justification-space-between is-nowrap is-layout-flex wp-container-core-group-is-layout-59860764 wp-block-group-is-layout-flex\" style=\"padding-top:var(--wp--preset--spacing--60);padding-bottom:var(--wp--preset--spacing--60)\">\n<p class=\"has-inter-font-family has-xl-large-font-size\" style=\"line-height:0.7\">500<\/p>\n\n\n\n<p class=\"has-inter-font-family has-medium-font-size\">professionnel\u00b7les de la montagne et leurs familles accompagn\u00e9\u00b7es depuis 1999<\/p>\n<\/div>\n<\/div>\n\n\n\n<div class=\"wp-block-group alignwide item has-base-background-color has-background has-global-padding is-layout-constrained wp-block-group-is-layout-constrained\" style=\"border-bottom-color:var(--wp--preset--color--contrast);border-bottom-style:solid;border-bottom-width:1px\">\n<div class=\"wp-block-group alignwide has-inter-font-family has-xl-large-font-size is-content-justification-space-between is-nowrap is-layout-flex wp-container-core-group-is-layout-59860764 wp-block-group-is-layout-flex\" style=\"padding-top:var(--wp--preset--spacing--60);padding-bottom:var(--wp--preset--spacing--60)\">\n<p class=\"has-inter-font-family has-xl-large-font-size\" style=\"line-height:0.7\">42<\/p>\n\n\n\n<p class=\"has-inter-font-family has-medium-font-size\">professionnel\u00b7les de la montagne et leurs familles accompagn\u00e9\u00b7es en 2025<\/p>\n<\/div>\n<\/div>\n\n\n\n<div class=\"wp-block-group alignwide item has-base-background-color has-background has-global-padding is-layout-constrained wp-block-group-is-layout-constrained\" style=\"border-bottom-color:var(--wp--preset--color--contrast);border-bottom-style:solid;border-bottom-width:1px\">\n<div class=\"wp-block-group alignwide has-inter-font-family has-xl-large-font-size is-content-justification-space-between is-nowrap is-layout-flex wp-container-core-group-is-layout-59860764 wp-block-group-is-layout-flex\" style=\"padding-top:var(--wp--preset--spacing--60);padding-bottom:var(--wp--preset--spacing--60)\">\n<p class=\"has-inter-font-family has-xl-large-font-size\" style=\"line-height:0.7\">170 200\u20ac<\/p>\n\n\n\n<p class=\"has-inter-font-family has-medium-font-size\">distribu\u00e9s en 2025<\/p>\n<\/div>\n<\/div>\n\n\n\n<div class=\"wp-block-group alignwide item has-base-background-color has-background has-global-padding is-layout-constrained wp-block-group-is-layout-constrained\" style=\"border-bottom-color:var(--wp--preset--color--contrast);border-bottom-style:solid;border-bottom-width:1px\">\n<div class=\"wp-block-group alignwide has-inter-font-family has-xl-large-font-size is-content-justification-space-between is-nowrap is-layout-flex wp-container-core-group-is-layout-59860764 wp-block-group-is-layout-flex\" style=\"padding-top:var(--wp--preset--spacing--60);padding-bottom:var(--wp--preset--spacing--60)\">\n<p class=\"has-inter-font-family has-xl-large-font-size\" style=\"line-height:0.7\">\u20ac1.6M+<\/p>\n\n\n\n<p class=\"has-inter-font-family has-medium-font-size\">engag\u00e9s depuis 1999<\/p>\n<\/div>\n<\/div>\n<\/div>\n\n\n\n<div class=\"wp-block-group alignwide key-figure is-style-line-watch has-base-background-color has-background has-global-padding is-layout-constrained wp-block-group-is-layout-constrained\" style=\"margin-top:var(--wp--preset--spacing--100);margin-bottom:0px;padding-top:var(--wp--preset--spacing--70);padding-bottom:var(--wp--preset--spacing--100)\">\n<p class=\"has-text-align-center has-salomon-sans-font-family has-small-font-size\" style=\"text-transform:uppercase\">Aux c\u00f4t\u00e9s des pros qui se rel\u00e8venT<\/p>\n<\/div>\n\n\n\n<div class=\"wp-block-group alignwide pattern-content-2-col is-style-line-watch is-layout-flow wp-block-group-is-layout-flow\" style=\"margin-top:var(--wp--preset--spacing--105);margin-bottom:var(--wp--preset--spacing--105);padding-top:var(--wp--preset--spacing--70)\">\n<div class=\"wp-block-columns are-vertically-aligned-top is-style-no-shrink is-style-no-shrink-left is-layout-flex wp-container-core-columns-is-layout-c4357863 wp-block-columns-is-layout-flex\">\n<div class=\"wp-block-column is-vertically-aligned-top is-layout-flow wp-block-column-is-layout-flow\" style=\"flex-basis:57.5%\">\n<figure class=\"wp-block-image size-full\"><img decoding=\"async\" width=\"2560\" height=\"2560\" src=\"https:\/\/www.fondation-salomon.org\/app\/uploads\/2026\/04\/Salomon-Le-Pied-qui-Glisse-Jeremy-Pancras-21-edited-scaled.jpg\" alt=\"\" class=\"wp-image-1413\" srcset=\"https:\/\/www.fondation-salomon.org\/app\/uploads\/2026\/04\/Salomon-Le-Pied-qui-Glisse-Jeremy-Pancras-21-edited-scaled.jpg 2560w, https:\/\/www.fondation-salomon.org\/app\/uploads\/2026\/04\/Salomon-Le-Pied-qui-Glisse-Jeremy-Pancras-21-edited-300x300.jpg 300w, https:\/\/www.fondation-salomon.org\/app\/uploads\/2026\/04\/Salomon-Le-Pied-qui-Glisse-Jeremy-Pancras-21-edited-1024x1024.jpg 1024w, https:\/\/www.fondation-salomon.org\/app\/uploads\/2026\/04\/Salomon-Le-Pied-qui-Glisse-Jeremy-Pancras-21-edited-150x150.jpg 150w, https:\/\/www.fondation-salomon.org\/app\/uploads\/2026\/04\/Salomon-Le-Pied-qui-Glisse-Jeremy-Pancras-21-edited-768x768.jpg 768w, https:\/\/www.fondation-salomon.org\/app\/uploads\/2026\/04\/Salomon-Le-Pied-qui-Glisse-Jeremy-Pancras-21-edited-1536x1536.jpg 1536w, https:\/\/www.fondation-salomon.org\/app\/uploads\/2026\/04\/Salomon-Le-Pied-qui-Glisse-Jeremy-Pancras-21-edited-2048x2048.jpg 2048w\" sizes=\"(max-width: 2560px) 100vw, 2560px\" \/><\/figure>\n<\/div>\n\n\n\n<div class=\"wp-block-column is-vertically-aligned-top sticky is-layout-flow wp-block-column-is-layout-flow\" style=\"flex-basis:42.5%\">\n<h3 class=\"wp-block-heading\"><strong>Avec celles et ceux qui vivent pour les sommets<\/strong><\/h3>\n\n\n\n<h4 class=\"wp-block-heading has-large-font-size\"><strong>Patrick &#8211; Guide de haute montagne<\/strong><\/h4>\n\n\n\n<p>Pris dans une avalanche, Patrick est devenu parapl\u00e9gique. La Salomon Foundation l\u2019a accompagn\u00e9, ainsi que sa famille, gr\u00e2ce \u00e0 un soutien financier et \u00e0 des \u00e9quipements adapt\u00e9s \u00e0 sa nouvelle vie.<\/p>\n\n\n\n<p class=\"is-style-default has-large-font-size\"><strong>Paul &#8211; Gardien de refuge<\/strong><\/p>\n\n\n\n<p>Quelques mois apr\u00e8s l\u2019ouverture de son refuge, Paul a \u00e9t\u00e9 diagnostiqu\u00e9 d\u2019un cancer de stade 4.<br>La Salomon Foundation lui a apport\u00e9, ainsi qu\u2019\u00e0 sa famille, un soutien financier d\u2019urgence.<\/p>\n\n\n\n<p class=\"has-large-font-size\"><strong>Sophie &#8211; Monitrice de ski<\/strong><\/p>\n\n\n\n<p>Sophie s\u2019est fractur\u00e9 les jambes lors d\u2019un atterrissage en parapente. La Salomon Foundation l\u2019a accompagn\u00e9e gr\u00e2ce \u00e0 un soutien financier et \u00e0 la conception de chaussures de ski adapt\u00e9es.<\/p>\n\n\n\n<p><em>Histoires r\u00e9elles, pr\u00e9noms modifi\u00e9s pour pr\u00e9server l\u2019anonymat.<\/em><br><\/p>\n<\/div>\n<\/div>\n<\/div>\n\n\n\n<blockquote class=\"wp-block-quote is-style-plain has-base-background-color has-background is-layout-flow wp-block-quote-is-layout-flow is-style-plain--1\" style=\"border-top-color:var(--wp--preset--color--contrast);border-top-style:solid;border-top-width:1px;border-bottom-color:var(--wp--preset--color--contrast);border-bottom-style:solid;border-bottom-width:1px;padding-top:var(--wp--preset--spacing--90);padding-bottom:var(--wp--preset--spacing--70)\">\n<div class=\"wp-block-group is-vertical is-content-justification-center is-layout-flex wp-container-core-group-is-layout-be643a75 wp-block-group-is-layout-flex\">\n<p class=\"has-text-align-center has-salomon-sans-font-family has-h-3-font-size\" style=\"line-height:1.1;text-transform:uppercase\"><strong>\u201cUn immense merci pour votre aide g\u00e9n\u00e9reuse, qui m\u2019a permis de concr\u00e9tiser mon projet. J\u2019ai h\u00e2te de me lancer dans de nouvelles aventures avec ce v\u00e9lo parfaitement adapt\u00e9 \u00e0 mon handicap !\u201d<\/strong><\/p>\n\n\n\n<div class=\"wp-block-group is-content-justification-center is-nowrap is-layout-flex wp-container-core-group-is-layout-23441af8 wp-block-group-is-layout-flex\">\n<figure class=\"wp-block-image size-thumbnail has-custom-border is-style-rounded wp-container-content-ac57bc0c\"><img decoding=\"async\" width=\"150\" height=\"150\" src=\"https:\/\/www.fondation-salomon.org\/app\/uploads\/2026\/03\/image-3-150x150.png\" alt=\"\" class=\"wp-image-607\" style=\"border-top-left-radius:50%;border-top-right-radius:50%;border-bottom-left-radius:50%;border-bottom-right-radius:50%;aspect-ratio:1;object-fit:cover\"\/><\/figure>\n\n\n\n<p class=\"has-medium-font-size\"><strong>Aur\u00e9lie<\/strong><br>Guide de haute montagne<\/p>\n<\/div>\n<\/div>\n<\/blockquote>\n","protected":false},"excerpt":{"rendered":"\u00c0 propos Depuis 1999, nous sommes aux c\u00f4t\u00e9s de celles et ceux qui vivent pour les sommets.Lorsque la vie bascule, nous agissons avec simplicit\u00e9 et engagement, en accompagnant les professionnel\u00b7les de la montagne face \u00e0 la blessure, \u00e0 la pr\u00e9carit\u00e9 et aux transitions de vie.Parce que derri\u00e8re chaque m\u00e9tier, il y a une vie \u00e0 [&hellip;]","protected":false},"author":1,"featured_media":1410,"parent":0,"menu_order":0,"comment_status":"closed","ping_status":"closed","template":"","meta":{"inline_featured_image":false,"footnotes":""},"class_list":["post-1072","page","type-page","status-publish","has-post-thumbnail","hentry"],"yoast_head":"<!-- This site is optimized with the Yoast SEO plugin v27.2 - https:\/\/yoast.com\/product\/yoast-seo-wordpress\/ -->\n<title>Soutenir les professionnels de la montagne en difficult\u00e9s - fondation salomon<\/title>\n<meta name=\"robots\" content=\"index, follow, max-snippet:-1, max-image-preview:large, max-video-preview:-1\" \/>\n<link rel=\"canonical\" href=\"https:\/\/www.fondation-salomon.org\/fr\/soutenir-les-professionnels-des-sports-de-plein-air-dans-le-besoin\/\" \/>\n<meta property=\"og:locale\" content=\"fr_FR\" \/>\n<meta property=\"og:type\" content=\"article\" \/>\n<meta property=\"og:title\" content=\"Soutenir les professionnels de la montagne en difficult\u00e9s - fondation salomon\" \/>\n<meta property=\"og:description\" content=\"\u00c0 propos Depuis 1999, nous sommes aux c\u00f4t\u00e9s de celles et ceux qui vivent pour les sommets.Lorsque la vie bascule, nous agissons avec simplicit\u00e9 et engagement, en accompagnant les professionnel\u00b7les de la montagne face \u00e0 la blessure, \u00e0 la pr\u00e9carit\u00e9 et aux transitions de vie.Parce que derri\u00e8re chaque m\u00e9tier, il y a une vie \u00e0 [&hellip;]\" \/>\n<meta property=\"og:url\" content=\"https:\/\/www.fondation-salomon.org\/fr\/soutenir-les-professionnels-des-sports-de-plein-air-dans-le-besoin\/\" \/>\n<meta property=\"og:site_name\" content=\"fondation salomon\" \/>\n<meta property=\"article:publisher\" content=\"https:\/\/www.facebook.com\/Salomon\/?locale=fr_FR\" \/>\n<meta property=\"article:modified_time\" content=\"2026-04-27T10:06:08+00:00\" \/>\n<meta property=\"og:image\" content=\"https:\/\/www.fondation-salomon.org\/app\/uploads\/2026\/04\/Salomon-Le-Pied-qui-Glisse-Jeremy-Pancras-35-scaled.jpg\" \/>\n\t<meta property=\"og:image:width\" content=\"2560\" \/>\n\t<meta property=\"og:image:height\" content=\"1708\" \/>\n\t<meta property=\"og:image:type\" content=\"image\/jpeg\" \/>\n<meta name=\"twitter:card\" content=\"summary_large_image\" \/>\n<meta name=\"twitter:label1\" content=\"Dur\u00e9e de lecture estim\u00e9e\" \/>\n\t<meta name=\"twitter:data1\" content=\"2 minutes\" \/>\n<script type=\"application\/ld+json\" class=\"yoast-schema-graph\">{\"@context\":\"https:\/\/schema.org\",\"@graph\":[{\"@type\":\"WebPage\",\"@id\":\"https:\/\/www.fondation-salomon.org\/fr\/soutenir-les-professionnels-des-sports-de-plein-air-dans-le-besoin\/\",\"url\":\"https:\/\/www.fondation-salomon.org\/fr\/soutenir-les-professionnels-des-sports-de-plein-air-dans-le-besoin\/\",\"name\":\"Soutenir les professionnels de la montagne en difficult\u00e9s - fondation salomon\",\"isPartOf\":{\"@id\":\"https:\/\/www.fondation-salomon.org\/#website\"},\"primaryImageOfPage\":{\"@id\":\"https:\/\/www.fondation-salomon.org\/fr\/soutenir-les-professionnels-des-sports-de-plein-air-dans-le-besoin\/#primaryimage\"},\"image\":{\"@id\":\"https:\/\/www.fondation-salomon.org\/fr\/soutenir-les-professionnels-des-sports-de-plein-air-dans-le-besoin\/#primaryimage\"},\"thumbnailUrl\":\"https:\/\/www.fondation-salomon.org\/app\/uploads\/2026\/04\/Salomon-Le-Pied-qui-Glisse-Jeremy-Pancras-35-scaled.jpg\",\"datePublished\":\"2026-03-24T10:23:25+00:00\",\"dateModified\":\"2026-04-27T10:06:08+00:00\",\"breadcrumb\":{\"@id\":\"https:\/\/www.fondation-salomon.org\/fr\/soutenir-les-professionnels-des-sports-de-plein-air-dans-le-besoin\/#breadcrumb\"},\"inLanguage\":\"fr-FR\",\"potentialAction\":[{\"@type\":\"ReadAction\",\"target\":[\"https:\/\/www.fondation-salomon.org\/fr\/soutenir-les-professionnels-des-sports-de-plein-air-dans-le-besoin\/\"]}]},{\"@type\":\"ImageObject\",\"inLanguage\":\"fr-FR\",\"@id\":\"https:\/\/www.fondation-salomon.org\/fr\/soutenir-les-professionnels-des-sports-de-plein-air-dans-le-besoin\/#primaryimage\",\"url\":\"https:\/\/www.fondation-salomon.org\/app\/uploads\/2026\/04\/Salomon-Le-Pied-qui-Glisse-Jeremy-Pancras-35-scaled.jpg\",\"contentUrl\":\"https:\/\/www.fondation-salomon.org\/app\/uploads\/2026\/04\/Salomon-Le-Pied-qui-Glisse-Jeremy-Pancras-35-scaled.jpg\",\"width\":2560,\"height\":1708},{\"@type\":\"BreadcrumbList\",\"@id\":\"https:\/\/www.fondation-salomon.org\/fr\/soutenir-les-professionnels-des-sports-de-plein-air-dans-le-besoin\/#breadcrumb\",\"itemListElement\":[{\"@type\":\"ListItem\",\"position\":1,\"name\":\"Home\",\"item\":\"https:\/\/www.fondation-salomon.org\/fr\/\"},{\"@type\":\"ListItem\",\"position\":2,\"name\":\"Soutenir les professionnels de la montagne en difficult\u00e9s\"}]},{\"@type\":\"WebSite\",\"@id\":\"https:\/\/www.fondation-salomon.org\/#website\",\"url\":\"https:\/\/www.fondation-salomon.org\/\",\"name\":\"fondation salomon\",\"description\":\"\",\"publisher\":{\"@id\":\"https:\/\/www.fondation-salomon.org\/#organization\"},\"potentialAction\":[{\"@type\":\"SearchAction\",\"target\":{\"@type\":\"EntryPoint\",\"urlTemplate\":\"https:\/\/www.fondation-salomon.org\/?s={search_term_string}\"},\"query-input\":{\"@type\":\"PropertyValueSpecification\",\"valueRequired\":true,\"valueName\":\"search_term_string\"}}],\"inLanguage\":\"fr-FR\"},{\"@type\":\"Organization\",\"@id\":\"https:\/\/www.fondation-salomon.org\/#organization\",\"name\":\"fondation salomon\",\"url\":\"https:\/\/www.fondation-salomon.org\/\",\"logo\":{\"@type\":\"ImageObject\",\"inLanguage\":\"fr-FR\",\"@id\":\"https:\/\/www.fondation-salomon.org\/#\/schema\/logo\/image\/\",\"url\":\"https:\/\/www.fondation-salomon.org\/app\/uploads\/2026\/03\/SalomonFoundation_LOGO_Horizontal_Noir_SF-scaled.png\",\"contentUrl\":\"https:\/\/www.fondation-salomon.org\/app\/uploads\/2026\/03\/SalomonFoundation_LOGO_Horizontal_Noir_SF-scaled.png\",\"width\":2560,\"height\":569,\"caption\":\"fondation salomon\"},\"image\":{\"@id\":\"https:\/\/www.fondation-salomon.org\/#\/schema\/logo\/image\/\"},\"sameAs\":[\"https:\/\/www.facebook.com\/Salomon\/?locale=fr_FR\",\"https:\/\/www.instagram.com\/salomon_france\/\",\"https:\/\/www.youtube.com\/channel\/UCCH7Ny59oLRGfw3imhL0d7A\"]}]}<\/script>\n<!-- \/ Yoast SEO plugin. -->","yoast_head_json":{"title":"Soutenir les professionnels de la montagne en difficult\u00e9s - fondation salomon","robots":{"index":"index","follow":"follow","max-snippet":"max-snippet:-1","max-image-preview":"max-image-preview:large","max-video-preview":"max-video-preview:-1"},"canonical":"https:\/\/www.fondation-salomon.org\/fr\/soutenir-les-professionnels-des-sports-de-plein-air-dans-le-besoin\/","og_locale":"fr_FR","og_type":"article","og_title":"Soutenir les professionnels de la montagne en difficult\u00e9s - fondation salomon","og_description":"\u00c0 propos Depuis 1999, nous sommes aux c\u00f4t\u00e9s de celles et ceux qui vivent pour les sommets.Lorsque la vie bascule, nous agissons avec simplicit\u00e9 et engagement, en accompagnant les professionnel\u00b7les de la montagne face \u00e0 la blessure, \u00e0 la pr\u00e9carit\u00e9 et aux transitions de vie.Parce que derri\u00e8re chaque m\u00e9tier, il y a une vie \u00e0 [&hellip;]","og_url":"https:\/\/www.fondation-salomon.org\/fr\/soutenir-les-professionnels-des-sports-de-plein-air-dans-le-besoin\/","og_site_name":"fondation salomon","article_publisher":"https:\/\/www.facebook.com\/Salomon\/?locale=fr_FR","article_modified_time":"2026-04-27T10:06:08+00:00","og_image":[{"width":2560,"height":1708,"url":"https:\/\/www.fondation-salomon.org\/app\/uploads\/2026\/04\/Salomon-Le-Pied-qui-Glisse-Jeremy-Pancras-35-scaled.jpg","type":"image\/jpeg"}],"twitter_card":"summary_large_image","twitter_misc":{"Dur\u00e9e de lecture estim\u00e9e":"2 minutes"},"schema":{"@context":"https:\/\/schema.org","@graph":[{"@type":"WebPage","@id":"https:\/\/www.fondation-salomon.org\/fr\/soutenir-les-professionnels-des-sports-de-plein-air-dans-le-besoin\/","url":"https:\/\/www.fondation-salomon.org\/fr\/soutenir-les-professionnels-des-sports-de-plein-air-dans-le-besoin\/","name":"Soutenir les professionnels de la montagne en difficult\u00e9s - fondation salomon","isPartOf":{"@id":"https:\/\/www.fondation-salomon.org\/#website"},"primaryImageOfPage":{"@id":"https:\/\/www.fondation-salomon.org\/fr\/soutenir-les-professionnels-des-sports-de-plein-air-dans-le-besoin\/#primaryimage"},"image":{"@id":"https:\/\/www.fondation-salomon.org\/fr\/soutenir-les-professionnels-des-sports-de-plein-air-dans-le-besoin\/#primaryimage"},"thumbnailUrl":"https:\/\/www.fondation-salomon.org\/app\/uploads\/2026\/04\/Salomon-Le-Pied-qui-Glisse-Jeremy-Pancras-35-scaled.jpg","datePublished":"2026-03-24T10:23:25+00:00","dateModified":"2026-04-27T10:06:08+00:00","breadcrumb":{"@id":"https:\/\/www.fondation-salomon.org\/fr\/soutenir-les-professionnels-des-sports-de-plein-air-dans-le-besoin\/#breadcrumb"},"inLanguage":"fr-FR","potentialAction":[{"@type":"ReadAction","target":["https:\/\/www.fondation-salomon.org\/fr\/soutenir-les-professionnels-des-sports-de-plein-air-dans-le-besoin\/"]}]},{"@type":"ImageObject","inLanguage":"fr-FR","@id":"https:\/\/www.fondation-salomon.org\/fr\/soutenir-les-professionnels-des-sports-de-plein-air-dans-le-besoin\/#primaryimage","url":"https:\/\/www.fondation-salomon.org\/app\/uploads\/2026\/04\/Salomon-Le-Pied-qui-Glisse-Jeremy-Pancras-35-scaled.jpg","contentUrl":"https:\/\/www.fondation-salomon.org\/app\/uploads\/2026\/04\/Salomon-Le-Pied-qui-Glisse-Jeremy-Pancras-35-scaled.jpg","width":2560,"height":1708},{"@type":"BreadcrumbList","@id":"https:\/\/www.fondation-salomon.org\/fr\/soutenir-les-professionnels-des-sports-de-plein-air-dans-le-besoin\/#breadcrumb","itemListElement":[{"@type":"ListItem","position":1,"name":"Home","item":"https:\/\/www.fondation-salomon.org\/fr\/"},{"@type":"ListItem","position":2,"name":"Soutenir les professionnels de la montagne en difficult\u00e9s"}]},{"@type":"WebSite","@id":"https:\/\/www.fondation-salomon.org\/#website","url":"https:\/\/www.fondation-salomon.org\/","name":"fondation salomon","description":"","publisher":{"@id":"https:\/\/www.fondation-salomon.org\/#organization"},"potentialAction":[{"@type":"SearchAction","target":{"@type":"EntryPoint","urlTemplate":"https:\/\/www.fondation-salomon.org\/?s={search_term_string}"},"query-input":{"@type":"PropertyValueSpecification","valueRequired":true,"valueName":"search_term_string"}}],"inLanguage":"fr-FR"},{"@type":"Organization","@id":"https:\/\/www.fondation-salomon.org\/#organization","name":"fondation salomon","url":"https:\/\/www.fondation-salomon.org\/","logo":{"@type":"ImageObject","inLanguage":"fr-FR","@id":"https:\/\/www.fondation-salomon.org\/#\/schema\/logo\/image\/","url":"https:\/\/www.fondation-salomon.org\/app\/uploads\/2026\/03\/SalomonFoundation_LOGO_Horizontal_Noir_SF-scaled.png","contentUrl":"https:\/\/www.fondation-salomon.org\/app\/uploads\/2026\/03\/SalomonFoundation_LOGO_Horizontal_Noir_SF-scaled.png","width":2560,"height":569,"caption":"fondation salomon"},"image":{"@id":"https:\/\/www.fondation-salomon.org\/#\/schema\/logo\/image\/"},"sameAs":["https:\/\/www.facebook.com\/Salomon\/?locale=fr_FR","https:\/\/www.instagram.com\/salomon_france\/","https:\/\/www.youtube.com\/channel\/UCCH7Ny59oLRGfw3imhL0d7A"]}]}},"_links":{"self":[{"href":"https:\/\/www.fondation-salomon.org\/fr\/wp-json\/wp\/v2\/pages\/1072","targetHints":{"allow":["GET"]}}],"collection":[{"href":"https:\/\/www.fondation-salomon.org\/fr\/wp-json\/wp\/v2\/pages"}],"about":[{"href":"https:\/\/www.fondation-salomon.org\/fr\/wp-json\/wp\/v2\/types\/page"}],"author":[{"embeddable":true,"href":"https:\/\/www.fondation-salomon.org\/fr\/wp-json\/wp\/v2\/users\/1"}],"replies":[{"embeddable":true,"href":"https:\/\/www.fondation-salomon.org\/fr\/wp-json\/wp\/v2\/comments?post=1072"}],"version-history":[{"count":13,"href":"https:\/\/www.fondation-salomon.org\/fr\/wp-json\/wp\/v2\/pages\/1072\/revisions"}],"predecessor-version":[{"id":2265,"href":"https:\/\/www.fondation-salomon.org\/fr\/wp-json\/wp\/v2\/pages\/1072\/revisions\/2265"}],"wp:featuredmedia":[{"embeddable":true,"href":"https:\/\/www.fondation-salomon.org\/fr\/wp-json\/wp\/v2\/media\/1410"}],"wp:attachment":[{"href":"https:\/\/www.fondation-salomon.org\/fr\/wp-json\/wp\/v2\/media?parent=1072"}],"curies":[{"name":"wp","href":"https:\/\/api.w.org\/{rel}","templated":true}]}}