{"id":1064,"date":"2026-02-20T07:44:18","date_gmt":"2026-02-20T07:44:18","guid":{"rendered":"https:\/\/www.fondation-salomon.org\/salomon-foundation\/"},"modified":"2026-04-28T10:19:01","modified_gmt":"2026-04-28T10:19:01","slug":"fondation-salomon","status":"publish","type":"page","link":"https:\/\/www.fondation-salomon.org\/fr\/fondation-salomon\/","title":{"rendered":"N\u00e9e en montagne et engag\u00e9e pour elle depuis 1999."},"content":{"rendered":"\n<div class=\"wp-block-group alignfull has-global-padding is-layout-constrained wp-container-core-group-is-layout-ae1ce1f8 wp-block-group-is-layout-constrained\">\n<div class=\"wp-block-group alignwide is-content-justification-space-between is-layout-flex wp-container-core-group-is-layout-e5edad21 wp-block-group-is-layout-flex\">\n<h3 class=\"wp-block-heading\">Nos racines<\/h3>\n\n\n\n<div class=\"wp-block-group has-base-background-color has-background has-global-padding is-layout-constrained wp-container-core-group-is-layout-715153ea wp-block-group-is-layout-constrained\">\n<p>La Salomon Foundation est n\u00e9e de la vision de Georges Salomon. Depuis plus de 25 ans, nous \u0153uvrons pour r\u00e9v\u00e9ler le potentiel humain \u00e0 travers les sports de montagne.<\/p>\n\n\n\n<p>En 1999, Georges Salomon vend son entreprise et fait la promesse de rendre \u00e0 la montagne ce qu\u2019elle lui a donn\u00e9. La Salomon Foundation voit alors le jour. Force discr\u00e8te et constante, nous nous tenons aux c\u00f4t\u00e9s des professionnel\u00b7les de la montagne accident\u00e9\u00b7es, parfois confront\u00e9\u00b7es aux \u00e9preuves les plus difficiles de la vie.<\/p>\n\n\n\n<p>Depuis plus de 25 ans, nous accompagnons guides, moniteur\u00b7rices de ski, gardien\u00b7nes de refuge et athl\u00e8tes. Aujourd\u2019hui, pr\u00e8s de 500 personnes ont \u00e9t\u00e9 soutenues, avec plus d&#8217;un million d\u2019euros distribu\u00e9s. \u00c0 chacun\u00b7e, nous apportons un engagement de proximit\u00e9, durable et profond\u00e9ment humain.<\/p>\n\n\n\n<p>En 2023, nous ouvrons un nouveau chapitre de notre histoire en \u00e9largissant notre champ d\u2019action aux associations qui luttent contre toutes formes d\u2019exclusion, en s\u2019appuyant sur le sport de plein air et l\u2019exp\u00e9rience de la montagne.<\/p>\n<\/div>\n<\/div>\n<\/div>\n\n\n\n<div class=\"wp-block-group alignwide pattern-hero is-style-line-watch is-vertical is-content-justification-left is-nowrap is-layout-flex wp-container-core-group-is-layout-b9305f23 wp-block-group-is-layout-flex\">\n<div class=\"wp-block-group is-nowrap is-layout-flex wp-container-core-group-is-layout-6c531013 wp-block-group-is-layout-flex\">\n<div class=\"wp-block-group is-vertical is-content-justification-center is-layout-flex wp-container-core-group-is-layout-ce155fab wp-block-group-is-layout-flex\">\n<h3 class=\"wp-block-heading\">NOTRE CONVICTION<\/h3>\n\n\n\n<p class=\"has-text-align-center has-inter-font-family\">Notre histoire commence en montagne.<br>Elle nous fa\u00e7onne. <br>Elle nous apprend l\u2019humilit\u00e9.<br>Nous savons ce qu&#8217;elle donne, et aussi ce qu&#8217;elle prend. <br><br>L&#8217;histoire ne s&#8217;arr\u00eate pas l\u00e0.<br>Nous avons vu na\u00eetre autre chose :<br>Des femmes oublier la maladie, marcher et retrouver leurs forces.<br>Des r\u00e9fugi\u00e9\u00b7es retrouver la libert\u00e9 gr\u00e2ce au snowboard.<br>Des personnes amput\u00e9es aller plus haut qu\u2019elles ne l\u2019auraient imagin\u00e9. <br><br>L\u00e0 est la force de la montagne. <br>Elle bouscule. Elle r\u00e9pare. Elle rassemble.<br>Peu importe qui vous \u00eates, <br>peu importe d\u2019o\u00f9 vous venez. <br><br>Ceci est notre raison d&#8217;\u00eatre. <\/p>\n\n\n\n<p class=\"has-text-align-center has-inter-font-family\">Tracer de nouveaux chemins et les parcourir ensemble.<br>Construire de nouveaux horizons, une histoire \u00e0 la fois. <br><br>Parce que nous m\u00e9ritons tous de ressentir cette force.<br>Parce que s\u2019il est un lieu o\u00f9 nous devrions tous \u00eatre \u00e9gaux, c\u2019est dans la nature. <br><br>Ce n\u2019est pas une question de charit\u00e9. <br>C\u2019est une question de lien. <br>Les sports de montagne r\u00e9v\u00e8lent le meilleur en nous. <br>Notre devoir est de les rendre accessible \u00e0 <br>toutes et tous. <\/p>\n<\/div>\n<\/div>\n\n\n\n<figure class=\"wp-block-image size-full\"><img decoding=\"async\" width=\"1365\" height=\"1820\" src=\"https:\/\/www.fondation-salomon.org\/app\/uploads\/2026\/04\/81-DSCF8652-2-1-edited-4.jpg\" alt=\"\" class=\"wp-image-1887\" srcset=\"https:\/\/www.fondation-salomon.org\/app\/uploads\/2026\/04\/81-DSCF8652-2-1-edited-4.jpg 1365w, https:\/\/www.fondation-salomon.org\/app\/uploads\/2026\/04\/81-DSCF8652-2-1-edited-4-225x300.jpg 225w, https:\/\/www.fondation-salomon.org\/app\/uploads\/2026\/04\/81-DSCF8652-2-1-edited-4-768x1024.jpg 768w, https:\/\/www.fondation-salomon.org\/app\/uploads\/2026\/04\/81-DSCF8652-2-1-edited-4-1152x1536.jpg 1152w\" sizes=\"(max-width: 1365px) 100vw, 1365px\" \/><\/figure>\n<\/div>\n\n\n\n<div class=\"wp-block-group is-style-line-watch has-base-background-color has-background has-global-padding is-layout-constrained wp-block-group-is-layout-constrained\" style=\"margin-top:0px;margin-bottom:var(--wp--preset--spacing--107);padding-top:var(--wp--preset--spacing--95);padding-bottom:var(--wp--preset--spacing--100)\">\n<div class=\"wp-block-columns is-layout-flex wp-container-core-columns-is-layout-b0be93ea wp-block-columns-is-layout-flex\" style=\"border-top-color:var(--wp--preset--color--contrast);border-top-style:solid;border-top-width:1px;margin-top:0px;margin-bottom:0px;padding-top:var(--wp--preset--spacing--60);padding-bottom:var(--wp--preset--spacing--60)\">\n<div class=\"wp-block-column is-layout-flow wp-block-column-is-layout-flow\" style=\"flex-basis:39%\">\n<p><strong>Notre mission<\/strong><\/p>\n<\/div>\n\n\n\n<div class=\"wp-block-column is-layout-flow wp-block-column-is-layout-flow\" style=\"flex-basis:61%\">\n<p>Transformer des vies gr\u00e2ce aux sports de montagne.<\/p>\n<\/div>\n<\/div>\n\n\n\n<div class=\"wp-block-columns is-layout-flex wp-container-core-columns-is-layout-14259e90 wp-block-columns-is-layout-flex\" style=\"border-top-color:var(--wp--preset--color--contrast);border-top-style:solid;border-top-width:1px;margin-top:var(--wp--preset--spacing--65);margin-bottom:0px;padding-top:var(--wp--preset--spacing--60);padding-bottom:var(--wp--preset--spacing--60)\">\n<div class=\"wp-block-column is-layout-flow wp-block-column-is-layout-flow\" style=\"flex-basis:39%\">\n<p><strong>Notre vision<\/strong><\/p>\n<\/div>\n\n\n\n<div class=\"wp-block-column is-layout-flow wp-block-column-is-layout-flow\" style=\"flex-basis:61%\">\n<p>Nous croyons que la montagne n\u2019appartient \u00e0 personne, et qu\u2019elle nous \u00e9l\u00e8ve tous.tes<\/p>\n<\/div>\n<\/div>\n\n\n\n<div class=\"wp-block-columns is-layout-flex wp-container-core-columns-is-layout-14259e90 wp-block-columns-is-layout-flex\" style=\"border-top-color:var(--wp--preset--color--contrast);border-top-style:solid;border-top-width:1px;margin-top:var(--wp--preset--spacing--65);margin-bottom:0px;padding-top:var(--wp--preset--spacing--60);padding-bottom:var(--wp--preset--spacing--60)\">\n<div class=\"wp-block-column is-layout-flow wp-block-column-is-layout-flow\" style=\"flex-basis:39%\">\n<p><strong>Notre approche<\/strong><\/p>\n<\/div>\n\n\n\n<div class=\"wp-block-column is-layout-flow wp-block-column-is-layout-flow\" style=\"flex-basis:61%\">\n<p><strong>Collaboration<\/strong><br>Nous ne donnons pas seulement, nous construisons ensemble. Au-del\u00e0 des financements, c&#8217;est du temps, de la pr\u00e9sence et de la confiance.<\/p>\n\n\n\n<p><strong><strong>Inspiration<\/strong><\/strong><br>Nous ne donnons pas seulement acc\u00e8s, nous ouvrons des possibles.<br>Nous encourageons l&#8217;ambition, la confiance en soi et l&#8217;espoir en l&#8217;avenir. <br><br><strong>Proximit<\/strong>\u00e9<br>Nous ne visons pas le grand, mais le juste.<br>Nous travaillons au plus pr\u00e8s du terrain, avec des structures locales et humaines.<\/p>\n<\/div>\n<\/div>\n<\/div>\n\n\n\n<div class=\"wp-block-group alignwide is-style-line-watch is-layout-flow wp-block-group-is-layout-flow\" style=\"margin-bottom:var(--wp--preset--spacing--107)\">\n<div class=\"wp-block-group has-base-background-color has-background has-global-padding is-layout-constrained wp-container-core-group-is-layout-e87393a8 wp-block-group-is-layout-constrained\" style=\"padding-top:var(--wp--preset--spacing--70);padding-bottom:var(--wp--preset--spacing--100)\">\n<div class=\"wp-block-group is-vertical is-content-justification-center is-layout-flex wp-container-core-group-is-layout-ce155fab wp-block-group-is-layout-flex\">\n<h2 class=\"wp-block-heading has-text-align-center\">DEUX PILIERS, UN ENGAGEMENT<\/h2>\n\n\n\n<p class=\"has-text-align-center\">Accompagner, \u00e0 chaque \u00e9tape, celles et ceux qui vivent pour la montagne,<br>et celles et ceux qui s\u2019y r\u00e9v\u00e8lent.<\/p>\n<\/div>\n<\/div>\n\n\n\n<div class=\"wp-block-columns columns-justify-between is-layout-flex wp-container-core-columns-is-layout-28f84493 wp-block-columns-is-layout-flex\">\n<div class=\"wp-block-column is-layout-flow wp-block-column-is-layout-flow\" style=\"flex-basis:608px\">\n<div class=\"wp-block-group rellax speed-2n relative has-global-padding is-layout-constrained wp-block-group-is-layout-constrained\">\n<h3 class=\"wp-block-heading has-text-align-center\">AUX C\u00d4T\u00c9S DES PROFESSIONNELS <br>DE LA MONTAGNES<\/h3>\n\n\n\n<p class=\"has-text-align-center has-salomon-sans-font-family has-small-font-size\" style=\"text-transform:uppercase\">SOUTENIR<\/p>\n\n\n\n<figure class=\"wp-block-image size-full is-style-cover\" style=\"margin-top:var(--wp--preset--spacing--65);margin-bottom:var(--wp--preset--spacing--65)\"><img decoding=\"async\" width=\"608\" height=\"680\" src=\"https:\/\/www.fondation-salomon.org\/app\/uploads\/2026\/03\/image.png\" alt=\"\" class=\"wp-image-473\" srcset=\"https:\/\/www.fondation-salomon.org\/app\/uploads\/2026\/03\/image.png 608w, https:\/\/www.fondation-salomon.org\/app\/uploads\/2026\/03\/image-268x300.png 268w\" sizes=\"(max-width: 608px) 100vw, 608px\" \/><\/figure>\n\n\n\n<div class=\"wp-block-group is-layout-flow wp-block-group-is-layout-flow\" style=\"margin-top:var(--wp--preset--spacing--65)\">\n<p><strong>2025<\/strong><\/p>\n\n\n\n<p style=\"border-top-color:var(--wp--preset--color--contrast);border-top-style:solid;border-top-width:1px;margin-top:0px;margin-bottom:0px;padding-top:var(--wp--preset--spacing--20);padding-bottom:var(--wp--preset--spacing--20)\">42 professionnels de la montagne accompagn\u00e9s<\/p>\n\n\n\n<p style=\"border-top-color:var(--wp--preset--color--contrast);border-top-style:solid;border-top-width:1px;margin-top:0px;margin-bottom:0px;padding-top:var(--wp--preset--spacing--20);padding-bottom:var(--wp--preset--spacing--20)\">170 200 \u20ac distribu\u00e9s<\/p>\n\n\n\n<p style=\"border-top-color:var(--wp--preset--color--contrast);border-top-style:solid;border-top-width:1px;margin-top:0px;margin-bottom:0px;padding-top:var(--wp--preset--spacing--20);padding-bottom:var(--wp--preset--spacing--20)\">Au service des professionnels de la montagne en France et en Italie<\/p>\n\n\n\n<p>Guides de haute montagne, moniteur\u00b7rices de ski, gardien\u00b7nes de refuge, accompagnateur\u00b7rices en montagne, athl\u00e8tes: Ils et elles consacrent leur vie aux sommets. Lorsque la blessure ou l\u2019\u00e9preuve survient, la Salomon Foundation est \u00e0 leurs c\u00f4t\u00e9s. Un soutien financier, un accompagnement humain et une pr\u00e9sence dans la dur\u00e9e qui font toute la diff\u00e9rence.<\/p>\n\n\n\n<p><a href=\"https:\/\/www.fondation-salomon.org\/fr\/soutenir-les-professionnels-des-sports-de-plein-air-dans-le-besoin\/\">D\u00e9couvrez notre soutien aux professionnel\u00b7les de la montagne<\/a><\/p>\n<\/div>\n<\/div>\n<\/div>\n\n\n\n<div class=\"wp-block-column is-layout-flow wp-block-column-is-layout-flow\" style=\"flex-basis:608px\">\n<div class=\"wp-block-group rellax speed-2 relative has-global-padding is-layout-constrained wp-block-group-is-layout-constrained\">\n<h3 class=\"wp-block-heading has-text-align-center\">LA MONTAGNE <br>POUR TRANSFORMER DES VIES<\/h3>\n\n\n\n<p class=\"has-text-align-center has-salomon-sans-font-family has-small-font-size\" style=\"text-transform:uppercase\">R\u00c9VELER<\/p>\n\n\n\n<figure class=\"wp-block-image size-full is-style-cover\" style=\"margin-top:var(--wp--preset--spacing--65);margin-bottom:var(--wp--preset--spacing--65)\"><img decoding=\"async\" width=\"608\" height=\"680\" src=\"https:\/\/www.fondation-salomon.org\/app\/uploads\/2026\/03\/image-1.png\" alt=\"\" class=\"wp-image-511\" srcset=\"https:\/\/www.fondation-salomon.org\/app\/uploads\/2026\/03\/image-1.png 608w, https:\/\/www.fondation-salomon.org\/app\/uploads\/2026\/03\/image-1-268x300.png 268w\" sizes=\"(max-width: 608px) 100vw, 608px\" \/><\/figure>\n\n\n\n<div class=\"wp-block-group is-layout-flow wp-block-group-is-layout-flow\" style=\"margin-top:var(--wp--preset--spacing--65)\">\n<p><strong>2025<\/strong><\/p>\n\n\n\n<p style=\"border-top-color:var(--wp--preset--color--contrast);border-top-style:solid;border-top-width:1px;margin-top:0px;margin-bottom:0px;padding-top:var(--wp--preset--spacing--20);padding-bottom:var(--wp--preset--spacing--20)\">42 associations soutenues dans 13 pays<\/p>\n\n\n\n<p style=\"border-top-color:var(--wp--preset--color--contrast);border-top-style:solid;border-top-width:1px;margin-top:0px;margin-bottom:0px;padding-top:var(--wp--preset--spacing--20);padding-bottom:var(--wp--preset--spacing--20)\">392 000 \u20ac engag\u00e9s<\/p>\n\n\n\n<p style=\"border-top-color:var(--wp--preset--color--contrast);border-top-style:solid;border-top-width:1px;margin-top:0px;margin-bottom:0px;padding-top:var(--wp--preset--spacing--20);padding-bottom:var(--wp--preset--spacing--20)\">3 axes d\u2019intervention : Diversit\u00e9, Sant\u00e9 &amp; Handicap, \u00c9ducation<\/p>\n\n\n\n<p>Partout dans le monde, des associations s\u2019appuient sur les sports  de montagne pour lutter contre l\u2019exclusion, renforcer la confiance et cr\u00e9er du lien. Nous nous engageons \u00e0 leurs c\u00f4t\u00e9s sur le long terme, au minimum trois ans, dans une v\u00e9ritable logique de coop\u00e9ration, au-del\u00e0 du simple soutien financier. Parce que transformer durablement demande du temps, de la confiance et des chemins partag\u00e9s.<\/p>\n\n\n\n<p><a href=\"https:\/\/www.fondation-salomon.org\/fr\/soutenir-les-organisations-a-but-non-lucratif\/\" type=\"link\" id=\"https:\/\/www.fondation-salomon.org\/fr\/soutenir-les-organisations-a-but-non-lucratif\/\">Comprendre notre engagement<\/a><\/p>\n<\/div>\n<\/div>\n<\/div>\n<\/div>\n<\/div>\n\n\n\n<div class=\"wp-block-group alignwide key-figure is-style-line-watch has-base-background-color has-background has-global-padding is-layout-constrained wp-block-group-is-layout-constrained\" style=\"margin-top:var(--wp--preset--spacing--100);margin-bottom:0px;padding-top:var(--wp--preset--spacing--70);padding-bottom:var(--wp--preset--spacing--100)\">\n<p class=\"has-text-align-center has-salomon-sans-font-family has-small-font-size\" style=\"text-transform:uppercase\">LE CHEMIN PARCOURU<\/p>\n<\/div>\n\n\n\n<div class=\"wp-block-group alignwide pattern-numbers has-global-padding is-layout-constrained wp-block-group-is-layout-constrained\" style=\"margin-top:0px;margin-bottom:0px;padding-bottom:var(--wp--preset--spacing--107)\">\n<div class=\"wp-block-group alignwide item has-base-background-color has-background has-global-padding is-layout-constrained wp-block-group-is-layout-constrained\" style=\"border-bottom-color:var(--wp--preset--color--contrast);border-bottom-style:solid;border-bottom-width:1px\">\n<div class=\"wp-block-group alignwide has-inter-font-family has-xl-large-font-size is-content-justification-space-between is-nowrap is-layout-flex wp-container-core-group-is-layout-59860764 wp-block-group-is-layout-flex\" style=\"padding-top:var(--wp--preset--spacing--60);padding-bottom:var(--wp--preset--spacing--60)\">\n<p class=\"has-inter-font-family has-xl-large-font-size\" style=\"line-height:0.7\">+ de 25 ans<\/p>\n\n\n\n<p class=\"has-inter-font-family has-medium-font-size\">au service des professionnel.les de la montagne<\/p>\n<\/div>\n<\/div>\n\n\n\n<div class=\"wp-block-group alignwide item has-base-background-color has-background has-global-padding is-layout-constrained wp-block-group-is-layout-constrained\" style=\"border-bottom-color:var(--wp--preset--color--contrast);border-bottom-style:solid;border-bottom-width:1px\">\n<div class=\"wp-block-group alignwide has-inter-font-family has-xl-large-font-size is-content-justification-space-between is-nowrap is-layout-flex wp-container-core-group-is-layout-59860764 wp-block-group-is-layout-flex\" style=\"padding-top:var(--wp--preset--spacing--60);padding-bottom:var(--wp--preset--spacing--60)\">\n<p class=\"has-inter-font-family has-xl-large-font-size\" style=\"line-height:0.7\">Des milliers<\/p>\n\n\n\n<p class=\"has-inter-font-family has-medium-font-size\">de personnes d\u00e9couvrant les grands espaces chaque ann\u00e9e<\/p>\n<\/div>\n<\/div>\n\n\n\n<div class=\"wp-block-group alignwide item has-base-background-color has-background has-global-padding is-layout-constrained wp-block-group-is-layout-constrained\" style=\"border-bottom-color:var(--wp--preset--color--contrast);border-bottom-style:solid;border-bottom-width:1px\">\n<div class=\"wp-block-group alignwide has-inter-font-family has-xl-large-font-size is-content-justification-space-between is-nowrap is-layout-flex wp-container-core-group-is-layout-59860764 wp-block-group-is-layout-flex\" style=\"padding-top:var(--wp--preset--spacing--60);padding-bottom:var(--wp--preset--spacing--60)\">\n<p class=\"has-inter-font-family has-xl-large-font-size\" style=\"line-height:0.7\">42 associations<\/p>\n\n\n\n<p class=\"has-inter-font-family has-medium-font-size\">dans 13 pays<\/p>\n<\/div>\n<\/div>\n\n\n\n<div class=\"wp-block-group alignwide item has-base-background-color has-background has-global-padding is-layout-constrained wp-block-group-is-layout-constrained\" style=\"border-bottom-color:var(--wp--preset--color--contrast);border-bottom-style:solid;border-bottom-width:1px\">\n<div class=\"wp-block-group alignwide has-inter-font-family has-xl-large-font-size is-content-justification-space-between is-nowrap is-layout-flex wp-container-core-group-is-layout-59860764 wp-block-group-is-layout-flex\" style=\"padding-top:var(--wp--preset--spacing--60);padding-bottom:var(--wp--preset--spacing--60)\">\n<p class=\"has-inter-font-family has-xl-large-font-size\" style=\"line-height:0.7\">+ 1,6 M\u20ac distribu\u00e9s<\/p>\n\n\n\n<p class=\"has-inter-font-family has-medium-font-size\">aux professionnel\u00b7le\u00b7s de la montagne<\/p>\n<\/div>\n<\/div>\n\n\n\n<div class=\"wp-block-group alignwide item has-base-background-color has-background has-global-padding is-layout-constrained wp-block-group-is-layout-constrained\" style=\"border-bottom-color:var(--wp--preset--color--contrast);border-bottom-style:solid;border-bottom-width:1px\">\n<div class=\"wp-block-group alignwide has-inter-font-family has-xl-large-font-size is-content-justification-space-between is-nowrap is-layout-flex wp-container-core-group-is-layout-59860764 wp-block-group-is-layout-flex\" style=\"padding-top:var(--wp--preset--spacing--60);padding-bottom:var(--wp--preset--spacing--60)\">\n<p class=\"has-inter-font-family has-xl-large-font-size\" style=\"line-height:0.7\">+ 1,4 M\u20ac investis<\/p>\n\n\n\n<p class=\"has-inter-font-family has-medium-font-size\">en faveur de l\u2019inclusion par les sports de montagne depuis 2023<\/p>\n<\/div>\n<\/div>\n<\/div>\n\n\n\n<div class=\"wp-block-group alignwide key-figure is-style-line-watch has-base-background-color has-background has-global-padding is-layout-constrained wp-block-group-is-layout-constrained\" style=\"margin-top:0px;margin-bottom:0px;padding-top:var(--wp--preset--spacing--70);padding-bottom:var(--wp--preset--spacing--100)\">\n<div class=\"wp-block-group is-vertical is-content-justification-center is-layout-flex wp-container-core-group-is-layout-be643a75 wp-block-group-is-layout-flex\">\n<p class=\"has-text-align-center has-salomon-sans-font-family has-small-font-size\" style=\"text-transform:uppercase\">Celles et ceux qui font vivre la Fondation<\/p>\n\n\n\n<p class=\"has-text-align-center\">Une \u00e9quipe \u00e0 taille humaine, port\u00e9e par un engagement fort.<br>Rencontrez celles et ceux qui donnent vie \u00e0 notre mission, chaque jour.<\/p>\n<\/div>\n<\/div>\n\n\n\n<div class=\"wp-block-group alignfull pattern-team-swiper has-base-background-color has-background is-layout-flow wp-block-group-is-layout-flow\" style=\"margin-top:0px;margin-bottom:0px;padding-bottom:var(--wp--preset--spacing--90)\">\n<div class=\"wp-block-terms-query is-layout-flow wp-block-terms-query-is-layout-flow\"><ul class=\"wp-block-term-template is-layout-flow wp-block-term-template-is-layout-flow\"><li class=\"wp-block-term term-48 member-category taxonomy-member-category\">\n<p class=\"wp-block-term-name\"><a href=\"https:\/\/www.fondation-salomon.org\/fr\/member-category\/notre-equipe\/\">Notre \u00e9quipe<\/a><\/p>\n<\/li><li class=\"wp-block-term term-50 member-category taxonomy-member-category\">\n<p class=\"wp-block-term-name\"><a href=\"https:\/\/www.fondation-salomon.org\/fr\/member-category\/notre-comite-dadministration\/\">Notre comit\u00e9 d&#8217;administration<\/a><\/p>\n<\/li><li class=\"wp-block-term term-49 member-category taxonomy-member-category\">\n<p class=\"wp-block-term-name\"><a href=\"https:\/\/www.fondation-salomon.org\/fr\/member-category\/notre-comite-de-soutien\/\">Notre comit\u00e9 de soutien<\/a><\/p>\n<\/li><\/ul><\/div>\n\n\n\n<div class=\"wp-block-group content-blocks-container is-layout-flow wp-block-group-is-layout-flow\" style=\"margin-top:0px;margin-bottom:0px\">\n<div class=\"wp-block-group swiper-content-block is-layout-flow wp-block-group-is-layout-flow\" style=\"margin-top:0px;margin-bottom:0px\"><section class=\"wp-block-grdnrs-swiper\" data-swiper-type=\"query\" data-swiper-style=\"slider\" >\n\t\n\n<div data-qllm-query-region=\"1\" class=\"wp-block-query is-layout-flow wp-block-query-is-layout-flow\"><ul class=\"wp-block-post-template is-layout-flow wp-block-post-template-is-layout-flow\"><li class=\"wp-block-post post-2011 member type-member status-publish has-post-thumbnail hentry member-category-notre-equipe\">\n<figure class=\"wp-block-post-featured-image\"><img decoding=\"async\" width=\"2560\" height=\"2560\" src=\"https:\/\/www.fondation-salomon.org\/app\/uploads\/2026\/03\/Jean-Hacquart-scaled.jpg\" class=\"attachment-post-thumbnail size-post-thumbnail wp-post-image\" alt=\"\" style=\"object-fit:cover;\" srcset=\"https:\/\/www.fondation-salomon.org\/app\/uploads\/2026\/03\/Jean-Hacquart-scaled.jpg 2560w, https:\/\/www.fondation-salomon.org\/app\/uploads\/2026\/03\/Jean-Hacquart-300x300.jpg 300w, https:\/\/www.fondation-salomon.org\/app\/uploads\/2026\/03\/Jean-Hacquart-1024x1024.jpg 1024w, https:\/\/www.fondation-salomon.org\/app\/uploads\/2026\/03\/Jean-Hacquart-150x150.jpg 150w, https:\/\/www.fondation-salomon.org\/app\/uploads\/2026\/03\/Jean-Hacquart-768x768.jpg 768w, https:\/\/www.fondation-salomon.org\/app\/uploads\/2026\/03\/Jean-Hacquart-1536x1536.jpg 1536w, https:\/\/www.fondation-salomon.org\/app\/uploads\/2026\/03\/Jean-Hacquart-2048x2048.jpg 2048w\" sizes=\"(max-width: 2560px) 100vw, 2560px\" \/><\/figure>\n\n\n<div class=\"wp-block-group is-layout-flow wp-block-group-is-layout-flow\" style=\"margin-top:0px;margin-bottom:0px;padding-right:var(--wp--preset--spacing--60);padding-left:var(--wp--preset--spacing--60)\"><h3 style=\"text-transform:none; padding-bottom:var(--wp--preset--spacing--20);padding-top:var(--wp--preset--spacing--60);margin-top:0px;margin-bottom:0px;\" class=\"wp-block-post-title has-medium-font-size\">Jean Hacquart<\/h3>\n\n\n\n<\/div>\n\n<\/li><li class=\"wp-block-post post-2014 member type-member status-publish has-post-thumbnail hentry member-category-notre-equipe\">\n<figure class=\"wp-block-post-featured-image\"><img decoding=\"async\" width=\"1698\" height=\"1731\" src=\"https:\/\/www.fondation-salomon.org\/app\/uploads\/2026\/03\/ACAMBRAY_MARIE_photo_2025.png\" class=\"attachment-post-thumbnail size-post-thumbnail wp-post-image\" alt=\"\" style=\"object-fit:cover;\" srcset=\"https:\/\/www.fondation-salomon.org\/app\/uploads\/2026\/03\/ACAMBRAY_MARIE_photo_2025.png 1698w, https:\/\/www.fondation-salomon.org\/app\/uploads\/2026\/03\/ACAMBRAY_MARIE_photo_2025-294x300.png 294w, https:\/\/www.fondation-salomon.org\/app\/uploads\/2026\/03\/ACAMBRAY_MARIE_photo_2025-1004x1024.png 1004w, https:\/\/www.fondation-salomon.org\/app\/uploads\/2026\/03\/ACAMBRAY_MARIE_photo_2025-768x783.png 768w, https:\/\/www.fondation-salomon.org\/app\/uploads\/2026\/03\/ACAMBRAY_MARIE_photo_2025-1507x1536.png 1507w\" sizes=\"(max-width: 1698px) 100vw, 1698px\" \/><\/figure>\n\n\n<div class=\"wp-block-group is-layout-flow wp-block-group-is-layout-flow\" style=\"margin-top:0px;margin-bottom:0px;padding-right:var(--wp--preset--spacing--60);padding-left:var(--wp--preset--spacing--60)\"><h3 style=\"text-transform:none; padding-bottom:var(--wp--preset--spacing--20);padding-top:var(--wp--preset--spacing--60);margin-top:0px;margin-bottom:0px;\" class=\"wp-block-post-title has-medium-font-size\">Marie Accambray<\/h3>\n\n\n\n<div style=\"margin-top:var(--wp--preset--spacing--60);\" class=\"entry-content wp-block-post-content is-layout-flow wp-block-post-content-is-layout-flow\">\n<p><\/p>\n\n\n\n<p><\/p>\n<\/div><\/div>\n\n<\/li><\/ul><\/div>\n\n<\/section>\n<\/div>\n\n\n\n<div class=\"wp-block-group hidden swiper-content-block is-layout-flow wp-block-group-is-layout-flow\" style=\"margin-top:0px;margin-bottom:0px\"><section class=\"wp-block-grdnrs-swiper\" data-swiper-type=\"query\" data-swiper-style=\"slider\" >\n\t\n\n<div data-qllm-query-region=\"2\" class=\"wp-block-query is-layout-flow wp-block-query-is-layout-flow\"><ul class=\"wp-block-post-template is-layout-flow wp-block-post-template-is-layout-flow\"><li class=\"wp-block-post post-2055 member type-member status-publish has-post-thumbnail hentry member-category-notre-comite-dadministration\">\n<figure class=\"wp-block-post-featured-image\"><img decoding=\"async\" width=\"1024\" height=\"1536\" src=\"https:\/\/www.fondation-salomon.org\/app\/uploads\/2026\/04\/avatar-placeholder.png\" class=\"attachment-post-thumbnail size-post-thumbnail wp-post-image\" alt=\"\" style=\"object-fit:cover;\" srcset=\"https:\/\/www.fondation-salomon.org\/app\/uploads\/2026\/04\/avatar-placeholder.png 1024w, https:\/\/www.fondation-salomon.org\/app\/uploads\/2026\/04\/avatar-placeholder-200x300.png 200w, https:\/\/www.fondation-salomon.org\/app\/uploads\/2026\/04\/avatar-placeholder-683x1024.png 683w, https:\/\/www.fondation-salomon.org\/app\/uploads\/2026\/04\/avatar-placeholder-768x1152.png 768w\" sizes=\"(max-width: 1024px) 100vw, 1024px\" \/><\/figure>\n\n\n<div class=\"wp-block-group is-layout-flow wp-block-group-is-layout-flow\" style=\"margin-top:0px;margin-bottom:0px;padding-right:var(--wp--preset--spacing--60);padding-left:var(--wp--preset--spacing--60)\"><h3 style=\"text-transform:none; padding-bottom:var(--wp--preset--spacing--20);padding-top:var(--wp--preset--spacing--60);margin-top:0px;margin-bottom:0px;\" class=\"wp-block-post-title has-medium-font-size\">Guillaume Meyzenq<\/h3>\n\n\n\n<div style=\"margin-top:var(--wp--preset--spacing--60);\" class=\"entry-content wp-block-post-content is-layout-flow wp-block-post-content-is-layout-flow\">\n<p>Directeur G\u00e9n\u00e9ral<\/p>\n<\/div><\/div>\n\n<\/li><li class=\"wp-block-post post-2002 member type-member status-publish has-post-thumbnail hentry member-category-notre-comite-dadministration\">\n<figure class=\"wp-block-post-featured-image\"><img decoding=\"async\" width=\"2560\" height=\"2560\" src=\"https:\/\/www.fondation-salomon.org\/app\/uploads\/2026\/01\/lorrie-Granjon-scaled.png\" class=\"attachment-post-thumbnail size-post-thumbnail wp-post-image\" alt=\"\" style=\"object-fit:cover;\" srcset=\"https:\/\/www.fondation-salomon.org\/app\/uploads\/2026\/01\/lorrie-Granjon-scaled.png 2560w, https:\/\/www.fondation-salomon.org\/app\/uploads\/2026\/01\/lorrie-Granjon-300x300.png 300w, https:\/\/www.fondation-salomon.org\/app\/uploads\/2026\/01\/lorrie-Granjon-1024x1024.png 1024w, https:\/\/www.fondation-salomon.org\/app\/uploads\/2026\/01\/lorrie-Granjon-150x150.png 150w, https:\/\/www.fondation-salomon.org\/app\/uploads\/2026\/01\/lorrie-Granjon-768x768.png 768w, https:\/\/www.fondation-salomon.org\/app\/uploads\/2026\/01\/lorrie-Granjon-1536x1536.png 1536w, https:\/\/www.fondation-salomon.org\/app\/uploads\/2026\/01\/lorrie-Granjon-2048x2048.png 2048w\" sizes=\"(max-width: 2560px) 100vw, 2560px\" \/><\/figure>\n\n\n<div class=\"wp-block-group is-layout-flow wp-block-group-is-layout-flow\" style=\"margin-top:0px;margin-bottom:0px;padding-right:var(--wp--preset--spacing--60);padding-left:var(--wp--preset--spacing--60)\"><h3 style=\"text-transform:none; padding-bottom:var(--wp--preset--spacing--20);padding-top:var(--wp--preset--spacing--60);margin-top:0px;margin-bottom:0px;\" class=\"wp-block-post-title has-medium-font-size\">Lorrie Granjon<\/h3>\n\n\n\n<div style=\"margin-top:var(--wp--preset--spacing--60);\" class=\"entry-content wp-block-post-content is-layout-flow wp-block-post-content-is-layout-flow\">\n<p>Responsable des co\u00fbts chez Salomon<\/p>\n<\/div><\/div>\n\n<\/li><li class=\"wp-block-post post-2004 member type-member status-publish has-post-thumbnail hentry member-category-notre-comite-dadministration\">\n<figure class=\"wp-block-post-featured-image\"><img decoding=\"async\" width=\"2560\" height=\"2560\" src=\"https:\/\/www.fondation-salomon.org\/app\/uploads\/2026\/03\/Magali-Clement-scaled.jpg\" class=\"attachment-post-thumbnail size-post-thumbnail wp-post-image\" alt=\"\" style=\"object-fit:cover;\" srcset=\"https:\/\/www.fondation-salomon.org\/app\/uploads\/2026\/03\/Magali-Clement-scaled.jpg 2560w, https:\/\/www.fondation-salomon.org\/app\/uploads\/2026\/03\/Magali-Clement-300x300.jpg 300w, https:\/\/www.fondation-salomon.org\/app\/uploads\/2026\/03\/Magali-Clement-1024x1024.jpg 1024w, https:\/\/www.fondation-salomon.org\/app\/uploads\/2026\/03\/Magali-Clement-150x150.jpg 150w, https:\/\/www.fondation-salomon.org\/app\/uploads\/2026\/03\/Magali-Clement-768x768.jpg 768w, https:\/\/www.fondation-salomon.org\/app\/uploads\/2026\/03\/Magali-Clement-1536x1536.jpg 1536w, https:\/\/www.fondation-salomon.org\/app\/uploads\/2026\/03\/Magali-Clement-2048x2048.jpg 2048w\" sizes=\"(max-width: 2560px) 100vw, 2560px\" \/><\/figure>\n\n\n<div class=\"wp-block-group is-layout-flow wp-block-group-is-layout-flow\" style=\"margin-top:0px;margin-bottom:0px;padding-right:var(--wp--preset--spacing--60);padding-left:var(--wp--preset--spacing--60)\"><h3 style=\"text-transform:none; padding-bottom:var(--wp--preset--spacing--20);padding-top:var(--wp--preset--spacing--60);margin-top:0px;margin-bottom:0px;\" class=\"wp-block-post-title has-medium-font-size\">Magali Cl\u00e9ment<\/h3>\n\n\n\n<div style=\"margin-top:var(--wp--preset--spacing--60);\" class=\"entry-content wp-block-post-content is-layout-flow wp-block-post-content-is-layout-flow\">\n<p>Directrice des ressources humaines et de la culture &#8211; Salomon<\/p>\n<\/div><\/div>\n\n<\/li><li class=\"wp-block-post post-2006 member type-member status-publish has-post-thumbnail hentry member-category-notre-comite-dadministration\">\n<figure class=\"wp-block-post-featured-image\"><img decoding=\"async\" width=\"1024\" height=\"1536\" src=\"https:\/\/www.fondation-salomon.org\/app\/uploads\/2026\/04\/avatar-placeholder.png\" class=\"attachment-post-thumbnail size-post-thumbnail wp-post-image\" alt=\"\" style=\"object-fit:cover;\" srcset=\"https:\/\/www.fondation-salomon.org\/app\/uploads\/2026\/04\/avatar-placeholder.png 1024w, https:\/\/www.fondation-salomon.org\/app\/uploads\/2026\/04\/avatar-placeholder-200x300.png 200w, https:\/\/www.fondation-salomon.org\/app\/uploads\/2026\/04\/avatar-placeholder-683x1024.png 683w, https:\/\/www.fondation-salomon.org\/app\/uploads\/2026\/04\/avatar-placeholder-768x1152.png 768w\" sizes=\"(max-width: 1024px) 100vw, 1024px\" \/><\/figure>\n\n\n<div class=\"wp-block-group is-layout-flow wp-block-group-is-layout-flow\" style=\"margin-top:0px;margin-bottom:0px;padding-right:var(--wp--preset--spacing--60);padding-left:var(--wp--preset--spacing--60)\"><h3 style=\"text-transform:none; padding-bottom:var(--wp--preset--spacing--20);padding-top:var(--wp--preset--spacing--60);margin-top:0px;margin-bottom:0px;\" class=\"wp-block-post-title has-medium-font-size\">Antonio Arrigoni<\/h3>\n\n\n\n<div style=\"margin-top:var(--wp--preset--spacing--60);\" class=\"entry-content wp-block-post-content is-layout-flow wp-block-post-content-is-layout-flow\">\n<p>Directeur financier chez Salomon<\/p>\n<\/div><\/div>\n\n<\/li><li class=\"wp-block-post post-2017 member type-member status-publish has-post-thumbnail hentry member-category-notre-comite-dadministration\">\n<figure class=\"wp-block-post-featured-image\"><img decoding=\"async\" width=\"1024\" height=\"1536\" src=\"https:\/\/www.fondation-salomon.org\/app\/uploads\/2026\/04\/avatar-placeholder-femme.png\" class=\"attachment-post-thumbnail size-post-thumbnail wp-post-image\" alt=\"\" style=\"object-fit:cover;\" srcset=\"https:\/\/www.fondation-salomon.org\/app\/uploads\/2026\/04\/avatar-placeholder-femme.png 1024w, https:\/\/www.fondation-salomon.org\/app\/uploads\/2026\/04\/avatar-placeholder-femme-200x300.png 200w, https:\/\/www.fondation-salomon.org\/app\/uploads\/2026\/04\/avatar-placeholder-femme-683x1024.png 683w, https:\/\/www.fondation-salomon.org\/app\/uploads\/2026\/04\/avatar-placeholder-femme-768x1152.png 768w\" sizes=\"(max-width: 1024px) 100vw, 1024px\" \/><\/figure>\n\n\n<div class=\"wp-block-group is-layout-flow wp-block-group-is-layout-flow\" style=\"margin-top:0px;margin-bottom:0px;padding-right:var(--wp--preset--spacing--60);padding-left:var(--wp--preset--spacing--60)\"><h3 style=\"text-transform:none; padding-bottom:var(--wp--preset--spacing--20);padding-top:var(--wp--preset--spacing--60);margin-top:0px;margin-bottom:0px;\" class=\"wp-block-post-title has-medium-font-size\">Valerie Loh<\/h3>\n\n\n\n<div style=\"margin-top:var(--wp--preset--spacing--60);\" class=\"entry-content wp-block-post-content is-layout-flow wp-block-post-content-is-layout-flow\">\n<p>Salomon Senior Vice-President Marketing<\/p>\n<\/div><\/div>\n\n<\/li><li class=\"wp-block-post post-2019 member type-member status-publish has-post-thumbnail hentry member-category-notre-comite-dadministration\">\n<figure class=\"wp-block-post-featured-image\"><img decoding=\"async\" width=\"1024\" height=\"1536\" src=\"https:\/\/www.fondation-salomon.org\/app\/uploads\/2026\/04\/avatar-placeholder-femme.png\" class=\"attachment-post-thumbnail size-post-thumbnail wp-post-image\" alt=\"\" style=\"object-fit:cover;\" srcset=\"https:\/\/www.fondation-salomon.org\/app\/uploads\/2026\/04\/avatar-placeholder-femme.png 1024w, https:\/\/www.fondation-salomon.org\/app\/uploads\/2026\/04\/avatar-placeholder-femme-200x300.png 200w, https:\/\/www.fondation-salomon.org\/app\/uploads\/2026\/04\/avatar-placeholder-femme-683x1024.png 683w, https:\/\/www.fondation-salomon.org\/app\/uploads\/2026\/04\/avatar-placeholder-femme-768x1152.png 768w\" sizes=\"(max-width: 1024px) 100vw, 1024px\" \/><\/figure>\n\n\n<div class=\"wp-block-group is-layout-flow wp-block-group-is-layout-flow\" style=\"margin-top:0px;margin-bottom:0px;padding-right:var(--wp--preset--spacing--60);padding-left:var(--wp--preset--spacing--60)\"><h3 style=\"text-transform:none; padding-bottom:var(--wp--preset--spacing--20);padding-top:var(--wp--preset--spacing--60);margin-top:0px;margin-bottom:0px;\" class=\"wp-block-post-title has-medium-font-size\">Marie-Laure Piednoir<\/h3>\n\n\n\n<div style=\"margin-top:var(--wp--preset--spacing--60);\" class=\"entry-content wp-block-post-content is-layout-flow wp-block-post-content-is-layout-flow\">\n<p>Directrice globale du d\u00e9veloppement durable et de l\u2019impact &#8211; Salomon<\/p>\n<\/div><\/div>\n\n<\/li><\/ul><\/div>\n\n<\/section>\n<\/div>\n\n\n\n<div class=\"wp-block-group hidden swiper-content-block is-layout-flow wp-block-group-is-layout-flow\" style=\"margin-top:0px;margin-bottom:0px\"><section class=\"wp-block-grdnrs-swiper\" data-swiper-type=\"query\" data-swiper-style=\"slider\" >\n\t\n\n<div data-qllm-query-region=\"3\" class=\"wp-block-query is-layout-flow wp-block-query-is-layout-flow\"><ul class=\"wp-block-post-template is-layout-flow wp-block-post-template-is-layout-flow\"><li class=\"wp-block-post post-2053 member type-member status-publish has-post-thumbnail hentry member-category-notre-comite-de-soutien\">\n<figure class=\"wp-block-post-featured-image\"><img decoding=\"async\" width=\"1597\" height=\"1731\" src=\"https:\/\/www.fondation-salomon.org\/app\/uploads\/2026\/01\/laetitia_Tissot-Bonvalot-2.jpg\" class=\"attachment-post-thumbnail size-post-thumbnail wp-post-image\" alt=\"\" style=\"object-fit:cover;\" srcset=\"https:\/\/www.fondation-salomon.org\/app\/uploads\/2026\/01\/laetitia_Tissot-Bonvalot-2.jpg 1597w, https:\/\/www.fondation-salomon.org\/app\/uploads\/2026\/01\/laetitia_Tissot-Bonvalot-2-277x300.jpg 277w, https:\/\/www.fondation-salomon.org\/app\/uploads\/2026\/01\/laetitia_Tissot-Bonvalot-2-945x1024.jpg 945w, https:\/\/www.fondation-salomon.org\/app\/uploads\/2026\/01\/laetitia_Tissot-Bonvalot-2-768x832.jpg 768w, https:\/\/www.fondation-salomon.org\/app\/uploads\/2026\/01\/laetitia_Tissot-Bonvalot-2-1417x1536.jpg 1417w\" sizes=\"(max-width: 1597px) 100vw, 1597px\" \/><\/figure>\n\n\n<div class=\"wp-block-group is-layout-flow wp-block-group-is-layout-flow\" style=\"margin-top:0px;margin-bottom:0px;padding-right:var(--wp--preset--spacing--60);padding-left:var(--wp--preset--spacing--60)\"><h3 style=\"text-transform:none; padding-bottom:var(--wp--preset--spacing--20);padding-top:var(--wp--preset--spacing--60);margin-top:0px;margin-bottom:0px;\" class=\"wp-block-post-title has-medium-font-size\">Laetitia Tissot-Bonvalot<\/h3>\n\n\n\n<div style=\"margin-top:var(--wp--preset--spacing--60);\" class=\"entry-content wp-block-post-content is-layout-flow wp-block-post-content-is-layout-flow\">\n<p>Repr\u00e9sentante du Syndicat National des Moniteurs de Ski Fran\u00e7ais.<\/p>\n<\/div><\/div>\n\n<\/li><li class=\"wp-block-post post-2050 member type-member status-publish has-post-thumbnail hentry member-category-notre-comite-de-soutien\">\n<figure class=\"wp-block-post-featured-image\"><img decoding=\"async\" width=\"685\" height=\"800\" src=\"https:\/\/www.fondation-salomon.org\/app\/uploads\/2026\/01\/Jean-Philippe_Coutet-2.jpg\" class=\"attachment-post-thumbnail size-post-thumbnail wp-post-image\" alt=\"\" style=\"object-fit:cover;\" srcset=\"https:\/\/www.fondation-salomon.org\/app\/uploads\/2026\/01\/Jean-Philippe_Coutet-2.jpg 685w, https:\/\/www.fondation-salomon.org\/app\/uploads\/2026\/01\/Jean-Philippe_Coutet-2-257x300.jpg 257w\" sizes=\"(max-width: 685px) 100vw, 685px\" \/><\/figure>\n\n\n<div class=\"wp-block-group is-layout-flow wp-block-group-is-layout-flow\" style=\"margin-top:0px;margin-bottom:0px;padding-right:var(--wp--preset--spacing--60);padding-left:var(--wp--preset--spacing--60)\"><h3 style=\"text-transform:none; padding-bottom:var(--wp--preset--spacing--20);padding-top:var(--wp--preset--spacing--60);margin-top:0px;margin-bottom:0px;\" class=\"wp-block-post-title has-medium-font-size\">Jean-Philippe Couttet<\/h3>\n\n\n\n<div style=\"margin-top:var(--wp--preset--spacing--60);\" class=\"entry-content wp-block-post-content is-layout-flow wp-block-post-content-is-layout-flow\">\n<p>Repr\u00e9sentant de la Compagnie Guides de Chamonix<\/p>\n<\/div><\/div>\n\n<\/li><li class=\"wp-block-post post-2020 member type-member status-publish has-post-thumbnail hentry member-category-notre-comite-de-soutien\">\n<figure class=\"wp-block-post-featured-image\"><img decoding=\"async\" width=\"1024\" height=\"1536\" src=\"https:\/\/www.fondation-salomon.org\/app\/uploads\/2026\/04\/avatar-placeholder-femme.png\" class=\"attachment-post-thumbnail size-post-thumbnail wp-post-image\" alt=\"\" style=\"object-fit:cover;\" srcset=\"https:\/\/www.fondation-salomon.org\/app\/uploads\/2026\/04\/avatar-placeholder-femme.png 1024w, https:\/\/www.fondation-salomon.org\/app\/uploads\/2026\/04\/avatar-placeholder-femme-200x300.png 200w, https:\/\/www.fondation-salomon.org\/app\/uploads\/2026\/04\/avatar-placeholder-femme-683x1024.png 683w, https:\/\/www.fondation-salomon.org\/app\/uploads\/2026\/04\/avatar-placeholder-femme-768x1152.png 768w\" sizes=\"(max-width: 1024px) 100vw, 1024px\" \/><\/figure>\n\n\n<div class=\"wp-block-group is-layout-flow wp-block-group-is-layout-flow\" style=\"margin-top:0px;margin-bottom:0px;padding-right:var(--wp--preset--spacing--60);padding-left:var(--wp--preset--spacing--60)\"><h3 style=\"text-transform:none; padding-bottom:var(--wp--preset--spacing--20);padding-top:var(--wp--preset--spacing--60);margin-top:0px;margin-bottom:0px;\" class=\"wp-block-post-title has-medium-font-size\">Cl\u00e9mence Dambriere<\/h3>\n\n\n\n<div style=\"margin-top:var(--wp--preset--spacing--60);\" class=\"entry-content wp-block-post-content is-layout-flow wp-block-post-content-is-layout-flow\">\n<p>Repr\u00e9sentante de la marque Salomon<\/p>\n<\/div><\/div>\n\n<\/li><li class=\"wp-block-post post-2021 member type-member status-publish has-post-thumbnail hentry member-category-notre-comite-de-soutien\">\n<figure class=\"wp-block-post-featured-image\"><img decoding=\"async\" width=\"1920\" height=\"2560\" src=\"https:\/\/www.fondation-salomon.org\/app\/uploads\/2026\/04\/Lazzerini-Bruno-scaled.jpeg\" class=\"attachment-post-thumbnail size-post-thumbnail wp-post-image\" alt=\"\" style=\"object-fit:cover;\" srcset=\"https:\/\/www.fondation-salomon.org\/app\/uploads\/2026\/04\/Lazzerini-Bruno-scaled.jpeg 1920w, https:\/\/www.fondation-salomon.org\/app\/uploads\/2026\/04\/Lazzerini-Bruno-225x300.jpeg 225w, https:\/\/www.fondation-salomon.org\/app\/uploads\/2026\/04\/Lazzerini-Bruno-768x1024.jpeg 768w, https:\/\/www.fondation-salomon.org\/app\/uploads\/2026\/04\/Lazzerini-Bruno-1152x1536.jpeg 1152w, https:\/\/www.fondation-salomon.org\/app\/uploads\/2026\/04\/Lazzerini-Bruno-1536x2048.jpeg 1536w\" sizes=\"(max-width: 1920px) 100vw, 1920px\" \/><\/figure>\n\n\n<div class=\"wp-block-group is-layout-flow wp-block-group-is-layout-flow\" style=\"margin-top:0px;margin-bottom:0px;padding-right:var(--wp--preset--spacing--60);padding-left:var(--wp--preset--spacing--60)\"><h3 style=\"text-transform:none; padding-bottom:var(--wp--preset--spacing--20);padding-top:var(--wp--preset--spacing--60);margin-top:0px;margin-bottom:0px;\" class=\"wp-block-post-title has-medium-font-size\">Bruno Lazzerini<\/h3>\n\n\n\n<div style=\"margin-top:var(--wp--preset--spacing--60);\" class=\"entry-content wp-block-post-content is-layout-flow wp-block-post-content-is-layout-flow\">\n<p>Repr\u00e9sentant de la marque Salomon<\/p>\n<\/div><\/div>\n\n<\/li><li class=\"wp-block-post post-2023 member type-member status-publish has-post-thumbnail hentry member-category-notre-comite-de-soutien\">\n<figure class=\"wp-block-post-featured-image\"><img decoding=\"async\" width=\"1982\" height=\"2560\" src=\"https:\/\/www.fondation-salomon.org\/app\/uploads\/2026\/04\/Loic-Pugeat-2-scaled.jpg\" class=\"attachment-post-thumbnail size-post-thumbnail wp-post-image\" alt=\"\" style=\"object-fit:cover;\" srcset=\"https:\/\/www.fondation-salomon.org\/app\/uploads\/2026\/04\/Loic-Pugeat-2-scaled.jpg 1982w, https:\/\/www.fondation-salomon.org\/app\/uploads\/2026\/04\/Loic-Pugeat-2-232x300.jpg 232w, https:\/\/www.fondation-salomon.org\/app\/uploads\/2026\/04\/Loic-Pugeat-2-793x1024.jpg 793w, https:\/\/www.fondation-salomon.org\/app\/uploads\/2026\/04\/Loic-Pugeat-2-768x992.jpg 768w, https:\/\/www.fondation-salomon.org\/app\/uploads\/2026\/04\/Loic-Pugeat-2-1189x1536.jpg 1189w, https:\/\/www.fondation-salomon.org\/app\/uploads\/2026\/04\/Loic-Pugeat-2-1585x2048.jpg 1585w\" sizes=\"(max-width: 1982px) 100vw, 1982px\" \/><\/figure>\n\n\n<div class=\"wp-block-group is-layout-flow wp-block-group-is-layout-flow\" style=\"margin-top:0px;margin-bottom:0px;padding-right:var(--wp--preset--spacing--60);padding-left:var(--wp--preset--spacing--60)\"><h3 style=\"text-transform:none; padding-bottom:var(--wp--preset--spacing--20);padding-top:var(--wp--preset--spacing--60);margin-top:0px;margin-bottom:0px;\" class=\"wp-block-post-title has-medium-font-size\">Lo\u00efc Pugeat<\/h3>\n\n\n\n<div style=\"margin-top:var(--wp--preset--spacing--60);\" class=\"entry-content wp-block-post-content is-layout-flow wp-block-post-content-is-layout-flow\">\n<p>Repr\u00e9sentant de la marque Salomon<\/p>\n<\/div><\/div>\n\n<\/li><li class=\"wp-block-post post-2025 member type-member status-publish has-post-thumbnail hentry member-category-notre-comite-de-soutien\">\n<figure class=\"wp-block-post-featured-image\"><img decoding=\"async\" width=\"2000\" height=\"2000\" src=\"https:\/\/www.fondation-salomon.org\/app\/uploads\/2026\/04\/CHARLOTTE-Vernette.jpg\" class=\"attachment-post-thumbnail size-post-thumbnail wp-post-image\" alt=\"\" style=\"object-fit:cover;\" srcset=\"https:\/\/www.fondation-salomon.org\/app\/uploads\/2026\/04\/CHARLOTTE-Vernette.jpg 2000w, https:\/\/www.fondation-salomon.org\/app\/uploads\/2026\/04\/CHARLOTTE-Vernette-300x300.jpg 300w, https:\/\/www.fondation-salomon.org\/app\/uploads\/2026\/04\/CHARLOTTE-Vernette-1024x1024.jpg 1024w, https:\/\/www.fondation-salomon.org\/app\/uploads\/2026\/04\/CHARLOTTE-Vernette-150x150.jpg 150w, https:\/\/www.fondation-salomon.org\/app\/uploads\/2026\/04\/CHARLOTTE-Vernette-768x768.jpg 768w, https:\/\/www.fondation-salomon.org\/app\/uploads\/2026\/04\/CHARLOTTE-Vernette-1536x1536.jpg 1536w\" sizes=\"(max-width: 2000px) 100vw, 2000px\" \/><\/figure>\n\n\n<div class=\"wp-block-group is-layout-flow wp-block-group-is-layout-flow\" style=\"margin-top:0px;margin-bottom:0px;padding-right:var(--wp--preset--spacing--60);padding-left:var(--wp--preset--spacing--60)\"><h3 style=\"text-transform:none; padding-bottom:var(--wp--preset--spacing--20);padding-top:var(--wp--preset--spacing--60);margin-top:0px;margin-bottom:0px;\" class=\"wp-block-post-title has-medium-font-size\">Charlotte Vernette<\/h3>\n\n\n\n<div style=\"margin-top:var(--wp--preset--spacing--60);\" class=\"entry-content wp-block-post-content is-layout-flow wp-block-post-content-is-layout-flow\">\n<p>Repr\u00e9sentante de la marque Salomon<\/p>\n<\/div><\/div>\n\n<\/li><li class=\"wp-block-post post-2027 member type-member status-publish has-post-thumbnail hentry member-category-notre-comite-de-soutien\">\n<figure class=\"wp-block-post-featured-image\"><img decoding=\"async\" width=\"1024\" height=\"1536\" src=\"https:\/\/www.fondation-salomon.org\/app\/uploads\/2026\/04\/avatar-placeholder-femme.png\" class=\"attachment-post-thumbnail size-post-thumbnail wp-post-image\" alt=\"\" style=\"object-fit:cover;\" srcset=\"https:\/\/www.fondation-salomon.org\/app\/uploads\/2026\/04\/avatar-placeholder-femme.png 1024w, https:\/\/www.fondation-salomon.org\/app\/uploads\/2026\/04\/avatar-placeholder-femme-200x300.png 200w, https:\/\/www.fondation-salomon.org\/app\/uploads\/2026\/04\/avatar-placeholder-femme-683x1024.png 683w, https:\/\/www.fondation-salomon.org\/app\/uploads\/2026\/04\/avatar-placeholder-femme-768x1152.png 768w\" sizes=\"(max-width: 1024px) 100vw, 1024px\" \/><\/figure>\n\n\n<div class=\"wp-block-group is-layout-flow wp-block-group-is-layout-flow\" style=\"margin-top:0px;margin-bottom:0px;padding-right:var(--wp--preset--spacing--60);padding-left:var(--wp--preset--spacing--60)\"><h3 style=\"text-transform:none; padding-bottom:var(--wp--preset--spacing--20);padding-top:var(--wp--preset--spacing--60);margin-top:0px;margin-bottom:0px;\" class=\"wp-block-post-title has-medium-font-size\">Julia rezzi<\/h3>\n\n\n\n<div style=\"margin-top:var(--wp--preset--spacing--60);\" class=\"entry-content wp-block-post-content is-layout-flow wp-block-post-content-is-layout-flow\">\n<p>Repr\u00e9sentante de la marque Salomon<\/p>\n<\/div><\/div>\n\n<\/li><li class=\"wp-block-post post-2028 member type-member status-publish has-post-thumbnail hentry member-category-notre-comite-de-soutien\">\n<figure class=\"wp-block-post-featured-image\"><img decoding=\"async\" width=\"480\" height=\"640\" src=\"https:\/\/www.fondation-salomon.org\/app\/uploads\/2026\/04\/claire_schmitter-2.jpg\" class=\"attachment-post-thumbnail size-post-thumbnail wp-post-image\" alt=\"\" style=\"object-fit:cover;\" srcset=\"https:\/\/www.fondation-salomon.org\/app\/uploads\/2026\/04\/claire_schmitter-2.jpg 480w, https:\/\/www.fondation-salomon.org\/app\/uploads\/2026\/04\/claire_schmitter-2-225x300.jpg 225w\" sizes=\"(max-width: 480px) 100vw, 480px\" \/><\/figure>\n\n\n<div class=\"wp-block-group is-layout-flow wp-block-group-is-layout-flow\" style=\"margin-top:0px;margin-bottom:0px;padding-right:var(--wp--preset--spacing--60);padding-left:var(--wp--preset--spacing--60)\"><h3 style=\"text-transform:none; padding-bottom:var(--wp--preset--spacing--20);padding-top:var(--wp--preset--spacing--60);margin-top:0px;margin-bottom:0px;\" class=\"wp-block-post-title has-medium-font-size\">Claire Schmitter<\/h3>\n\n\n\n<div style=\"margin-top:var(--wp--preset--spacing--60);\" class=\"entry-content wp-block-post-content is-layout-flow wp-block-post-content-is-layout-flow\">\n<p>Repr\u00e9sentante du Syndicat des Accompagnateurs en Moyenne Montagne (SNAM)<\/p>\n<\/div><\/div>\n\n<\/li><li class=\"wp-block-post post-2031 member type-member status-publish has-post-thumbnail hentry member-category-notre-comite-de-soutien\">\n<figure class=\"wp-block-post-featured-image\"><img decoding=\"async\" width=\"1024\" height=\"1536\" src=\"https:\/\/www.fondation-salomon.org\/app\/uploads\/2026\/04\/avatar-placeholder-femme.png\" class=\"attachment-post-thumbnail size-post-thumbnail wp-post-image\" alt=\"\" style=\"object-fit:cover;\" srcset=\"https:\/\/www.fondation-salomon.org\/app\/uploads\/2026\/04\/avatar-placeholder-femme.png 1024w, https:\/\/www.fondation-salomon.org\/app\/uploads\/2026\/04\/avatar-placeholder-femme-200x300.png 200w, https:\/\/www.fondation-salomon.org\/app\/uploads\/2026\/04\/avatar-placeholder-femme-683x1024.png 683w, https:\/\/www.fondation-salomon.org\/app\/uploads\/2026\/04\/avatar-placeholder-femme-768x1152.png 768w\" sizes=\"(max-width: 1024px) 100vw, 1024px\" \/><\/figure>\n\n\n<div class=\"wp-block-group is-layout-flow wp-block-group-is-layout-flow\" style=\"margin-top:0px;margin-bottom:0px;padding-right:var(--wp--preset--spacing--60);padding-left:var(--wp--preset--spacing--60)\"><h3 style=\"text-transform:none; padding-bottom:var(--wp--preset--spacing--20);padding-top:var(--wp--preset--spacing--60);margin-top:0px;margin-bottom:0px;\" class=\"wp-block-post-title has-medium-font-size\">Sandrine Henry<\/h3>\n\n\n\n<div style=\"margin-top:var(--wp--preset--spacing--60);\" class=\"entry-content wp-block-post-content is-layout-flow wp-block-post-content-is-layout-flow\">\n<p>Repr\u00e9sentante du Fond National Solidarit\u00e9 en Montagne (FNSM)<\/p>\n<\/div><\/div>\n\n<\/li><li class=\"wp-block-post post-2032 member type-member status-publish has-post-thumbnail hentry member-category-notre-comite-de-soutien\">\n<figure class=\"wp-block-post-featured-image\"><img decoding=\"async\" width=\"1768\" height=\"2560\" src=\"https:\/\/www.fondation-salomon.org\/app\/uploads\/2026\/04\/cathy_duranti-2-scaled.jpg\" class=\"attachment-post-thumbnail size-post-thumbnail wp-post-image\" alt=\"\" style=\"object-fit:cover;\" srcset=\"https:\/\/www.fondation-salomon.org\/app\/uploads\/2026\/04\/cathy_duranti-2-scaled.jpg 1768w, https:\/\/www.fondation-salomon.org\/app\/uploads\/2026\/04\/cathy_duranti-2-207x300.jpg 207w, https:\/\/www.fondation-salomon.org\/app\/uploads\/2026\/04\/cathy_duranti-2-707x1024.jpg 707w, https:\/\/www.fondation-salomon.org\/app\/uploads\/2026\/04\/cathy_duranti-2-768x1112.jpg 768w, https:\/\/www.fondation-salomon.org\/app\/uploads\/2026\/04\/cathy_duranti-2-1061x1536.jpg 1061w, https:\/\/www.fondation-salomon.org\/app\/uploads\/2026\/04\/cathy_duranti-2-1414x2048.jpg 1414w\" sizes=\"(max-width: 1768px) 100vw, 1768px\" \/><\/figure>\n\n\n<div class=\"wp-block-group is-layout-flow wp-block-group-is-layout-flow\" style=\"margin-top:0px;margin-bottom:0px;padding-right:var(--wp--preset--spacing--60);padding-left:var(--wp--preset--spacing--60)\"><h3 style=\"text-transform:none; padding-bottom:var(--wp--preset--spacing--20);padding-top:var(--wp--preset--spacing--60);margin-top:0px;margin-bottom:0px;\" class=\"wp-block-post-title has-medium-font-size\">Catherine Duranti<\/h3>\n\n\n\n<div style=\"margin-top:var(--wp--preset--spacing--60);\" class=\"entry-content wp-block-post-content is-layout-flow wp-block-post-content-is-layout-flow\">\n<p>Repr\u00e9sentante du Fond de secours de la Compagnie Guides de Chamonix<\/p>\n<\/div><\/div>\n\n<\/li><li class=\"wp-block-post post-2034 member type-member status-publish has-post-thumbnail hentry member-category-notre-comite-de-soutien\">\n<figure class=\"wp-block-post-featured-image\"><img decoding=\"async\" width=\"566\" height=\"850\" src=\"https:\/\/www.fondation-salomon.org\/app\/uploads\/2026\/04\/sebastien_couttant.jpg\" class=\"attachment-post-thumbnail size-post-thumbnail wp-post-image\" alt=\"\" style=\"object-fit:cover;\" srcset=\"https:\/\/www.fondation-salomon.org\/app\/uploads\/2026\/04\/sebastien_couttant.jpg 566w, https:\/\/www.fondation-salomon.org\/app\/uploads\/2026\/04\/sebastien_couttant-200x300.jpg 200w\" sizes=\"(max-width: 566px) 100vw, 566px\" \/><\/figure>\n\n\n<div class=\"wp-block-group is-layout-flow wp-block-group-is-layout-flow\" style=\"margin-top:0px;margin-bottom:0px;padding-right:var(--wp--preset--spacing--60);padding-left:var(--wp--preset--spacing--60)\"><h3 style=\"text-transform:none; padding-bottom:var(--wp--preset--spacing--20);padding-top:var(--wp--preset--spacing--60);margin-top:0px;margin-bottom:0px;\" class=\"wp-block-post-title has-medium-font-size\">S\u00e9bastien Coutant<\/h3>\n\n\n\n<div style=\"margin-top:var(--wp--preset--spacing--60);\" class=\"entry-content wp-block-post-content is-layout-flow wp-block-post-content-is-layout-flow\">\n<p>Repr\u00e9sentant de la F\u00e9d\u00e9ration Fran\u00e7aise de Ski (FFS)<\/p>\n<\/div><\/div>\n\n<\/li><li class=\"wp-block-post post-2037 member type-member status-publish has-post-thumbnail hentry member-category-notre-comite-de-soutien\">\n<figure class=\"wp-block-post-featured-image\"><img decoding=\"async\" width=\"1707\" height=\"2560\" src=\"https:\/\/www.fondation-salomon.org\/app\/uploads\/2026\/04\/Christian_grange-2-scaled.jpg\" class=\"attachment-post-thumbnail size-post-thumbnail wp-post-image\" alt=\"\" style=\"object-fit:cover;\" srcset=\"https:\/\/www.fondation-salomon.org\/app\/uploads\/2026\/04\/Christian_grange-2-scaled.jpg 1707w, https:\/\/www.fondation-salomon.org\/app\/uploads\/2026\/04\/Christian_grange-2-200x300.jpg 200w, https:\/\/www.fondation-salomon.org\/app\/uploads\/2026\/04\/Christian_grange-2-683x1024.jpg 683w, https:\/\/www.fondation-salomon.org\/app\/uploads\/2026\/04\/Christian_grange-2-768x1152.jpg 768w, https:\/\/www.fondation-salomon.org\/app\/uploads\/2026\/04\/Christian_grange-2-1024x1536.jpg 1024w, https:\/\/www.fondation-salomon.org\/app\/uploads\/2026\/04\/Christian_grange-2-1365x2048.jpg 1365w\" sizes=\"(max-width: 1707px) 100vw, 1707px\" \/><\/figure>\n\n\n<div class=\"wp-block-group is-layout-flow wp-block-group-is-layout-flow\" style=\"margin-top:0px;margin-bottom:0px;padding-right:var(--wp--preset--spacing--60);padding-left:var(--wp--preset--spacing--60)\"><h3 style=\"text-transform:none; padding-bottom:var(--wp--preset--spacing--20);padding-top:var(--wp--preset--spacing--60);margin-top:0px;margin-bottom:0px;\" class=\"wp-block-post-title has-medium-font-size\">Christian Grange<\/h3>\n\n\n\n<div style=\"margin-top:var(--wp--preset--spacing--60);\" class=\"entry-content wp-block-post-content is-layout-flow wp-block-post-content-is-layout-flow\">\n<p>Repr\u00e9sentant du Syndicat National des Moniteurs de Ski Fran\u00e7ais<\/p>\n<\/div><\/div>\n\n<\/li><li class=\"wp-block-post post-2039 member type-member status-publish has-post-thumbnail hentry member-category-notre-comite-de-soutien\">\n<figure class=\"wp-block-post-featured-image\"><img decoding=\"async\" width=\"1024\" height=\"1536\" src=\"https:\/\/www.fondation-salomon.org\/app\/uploads\/2026\/04\/avatar-placeholder-femme.png\" class=\"attachment-post-thumbnail size-post-thumbnail wp-post-image\" alt=\"\" style=\"object-fit:cover;\" srcset=\"https:\/\/www.fondation-salomon.org\/app\/uploads\/2026\/04\/avatar-placeholder-femme.png 1024w, https:\/\/www.fondation-salomon.org\/app\/uploads\/2026\/04\/avatar-placeholder-femme-200x300.png 200w, https:\/\/www.fondation-salomon.org\/app\/uploads\/2026\/04\/avatar-placeholder-femme-683x1024.png 683w, https:\/\/www.fondation-salomon.org\/app\/uploads\/2026\/04\/avatar-placeholder-femme-768x1152.png 768w\" sizes=\"(max-width: 1024px) 100vw, 1024px\" \/><\/figure>\n\n\n<div class=\"wp-block-group is-layout-flow wp-block-group-is-layout-flow\" style=\"margin-top:0px;margin-bottom:0px;padding-right:var(--wp--preset--spacing--60);padding-left:var(--wp--preset--spacing--60)\"><h3 style=\"text-transform:none; padding-bottom:var(--wp--preset--spacing--20);padding-top:var(--wp--preset--spacing--60);margin-top:0px;margin-bottom:0px;\" class=\"wp-block-post-title has-medium-font-size\">Am\u00e9lie Tuveri<\/h3>\n\n\n\n<div style=\"margin-top:var(--wp--preset--spacing--60);\" class=\"entry-content wp-block-post-content is-layout-flow wp-block-post-content-is-layout-flow\">\n<p>Gardienne de refuge<\/p>\n<\/div><\/div>\n\n<\/li><li class=\"wp-block-post post-2040 member type-member status-publish has-post-thumbnail hentry member-category-notre-comite-de-soutien\">\n<figure class=\"wp-block-post-featured-image\"><img decoding=\"async\" width=\"1440\" height=\"2560\" src=\"https:\/\/www.fondation-salomon.org\/app\/uploads\/2026\/04\/christophe_lelievre-2-scaled.jpg\" class=\"attachment-post-thumbnail size-post-thumbnail wp-post-image\" alt=\"\" style=\"object-fit:cover;\" srcset=\"https:\/\/www.fondation-salomon.org\/app\/uploads\/2026\/04\/christophe_lelievre-2-scaled.jpg 1440w, https:\/\/www.fondation-salomon.org\/app\/uploads\/2026\/04\/christophe_lelievre-2-169x300.jpg 169w, https:\/\/www.fondation-salomon.org\/app\/uploads\/2026\/04\/christophe_lelievre-2-576x1024.jpg 576w, https:\/\/www.fondation-salomon.org\/app\/uploads\/2026\/04\/christophe_lelievre-2-768x1365.jpg 768w, https:\/\/www.fondation-salomon.org\/app\/uploads\/2026\/04\/christophe_lelievre-2-864x1536.jpg 864w, https:\/\/www.fondation-salomon.org\/app\/uploads\/2026\/04\/christophe_lelievre-2-1152x2048.jpg 1152w\" sizes=\"(max-width: 1440px) 100vw, 1440px\" \/><\/figure>\n\n\n<div class=\"wp-block-group is-layout-flow wp-block-group-is-layout-flow\" style=\"margin-top:0px;margin-bottom:0px;padding-right:var(--wp--preset--spacing--60);padding-left:var(--wp--preset--spacing--60)\"><h3 style=\"text-transform:none; padding-bottom:var(--wp--preset--spacing--20);padding-top:var(--wp--preset--spacing--60);margin-top:0px;margin-bottom:0px;\" class=\"wp-block-post-title has-medium-font-size\">Christophe Lelievre<\/h3>\n\n\n\n<div style=\"margin-top:var(--wp--preset--spacing--60);\" class=\"entry-content wp-block-post-content is-layout-flow wp-block-post-content-is-layout-flow\">\n<p>Gardien de refuge<\/p>\n<\/div><\/div>\n\n<\/li><li class=\"wp-block-post post-2042 member type-member status-publish has-post-thumbnail hentry member-category-notre-comite-de-soutien\">\n<figure class=\"wp-block-post-featured-image\"><img decoding=\"async\" width=\"1200\" height=\"1600\" src=\"https:\/\/www.fondation-salomon.org\/app\/uploads\/2026\/04\/benjamin_potard1-2.jpg\" class=\"attachment-post-thumbnail size-post-thumbnail wp-post-image\" alt=\"\" style=\"object-fit:cover;\" srcset=\"https:\/\/www.fondation-salomon.org\/app\/uploads\/2026\/04\/benjamin_potard1-2.jpg 1200w, https:\/\/www.fondation-salomon.org\/app\/uploads\/2026\/04\/benjamin_potard1-2-225x300.jpg 225w, https:\/\/www.fondation-salomon.org\/app\/uploads\/2026\/04\/benjamin_potard1-2-768x1024.jpg 768w, https:\/\/www.fondation-salomon.org\/app\/uploads\/2026\/04\/benjamin_potard1-2-1152x1536.jpg 1152w\" sizes=\"(max-width: 1200px) 100vw, 1200px\" \/><\/figure>\n\n\n<div class=\"wp-block-group is-layout-flow wp-block-group-is-layout-flow\" style=\"margin-top:0px;margin-bottom:0px;padding-right:var(--wp--preset--spacing--60);padding-left:var(--wp--preset--spacing--60)\"><h3 style=\"text-transform:none; padding-bottom:var(--wp--preset--spacing--20);padding-top:var(--wp--preset--spacing--60);margin-top:0px;margin-bottom:0px;\" class=\"wp-block-post-title has-medium-font-size\">Benjamin Potard<\/h3>\n\n\n\n<div style=\"margin-top:var(--wp--preset--spacing--60);\" class=\"entry-content wp-block-post-content is-layout-flow wp-block-post-content-is-layout-flow\">\n<p>Repr\u00e9sentant du Fond de secours de la Compagnie Guides de Chamonix<\/p>\n<\/div><\/div>\n\n<\/li><li class=\"wp-block-post post-2044 member type-member status-publish has-post-thumbnail hentry member-category-notre-comite-de-soutien\">\n<figure class=\"wp-block-post-featured-image\"><img decoding=\"async\" width=\"1242\" height=\"1125\" src=\"https:\/\/www.fondation-salomon.org\/app\/uploads\/2026\/04\/Florence_Masnada-2.jpg\" class=\"attachment-post-thumbnail size-post-thumbnail wp-post-image\" alt=\"\" style=\"object-fit:cover;\" srcset=\"https:\/\/www.fondation-salomon.org\/app\/uploads\/2026\/04\/Florence_Masnada-2.jpg 1242w, https:\/\/www.fondation-salomon.org\/app\/uploads\/2026\/04\/Florence_Masnada-2-300x272.jpg 300w, https:\/\/www.fondation-salomon.org\/app\/uploads\/2026\/04\/Florence_Masnada-2-1024x928.jpg 1024w, https:\/\/www.fondation-salomon.org\/app\/uploads\/2026\/04\/Florence_Masnada-2-768x696.jpg 768w\" sizes=\"(max-width: 1242px) 100vw, 1242px\" \/><\/figure>\n\n\n<div class=\"wp-block-group is-layout-flow wp-block-group-is-layout-flow\" style=\"margin-top:0px;margin-bottom:0px;padding-right:var(--wp--preset--spacing--60);padding-left:var(--wp--preset--spacing--60)\"><h3 style=\"text-transform:none; padding-bottom:var(--wp--preset--spacing--20);padding-top:var(--wp--preset--spacing--60);margin-top:0px;margin-bottom:0px;\" class=\"wp-block-post-title has-medium-font-size\">Florence Masnada<\/h3>\n\n\n\n<div style=\"margin-top:var(--wp--preset--spacing--60);\" class=\"entry-content wp-block-post-content is-layout-flow wp-block-post-content-is-layout-flow\">\n<p>Repr\u00e9sentante des athl\u00e8tes chez Salomon<\/p>\n<\/div><\/div>\n\n<\/li><li class=\"wp-block-post post-2046 member type-member status-publish has-post-thumbnail hentry member-category-notre-comite-de-soutien\">\n<figure class=\"wp-block-post-featured-image\"><img decoding=\"async\" width=\"1024\" height=\"1536\" src=\"https:\/\/www.fondation-salomon.org\/app\/uploads\/2026\/04\/avatar-placeholder.png\" class=\"attachment-post-thumbnail size-post-thumbnail wp-post-image\" alt=\"\" style=\"object-fit:cover;\" srcset=\"https:\/\/www.fondation-salomon.org\/app\/uploads\/2026\/04\/avatar-placeholder.png 1024w, https:\/\/www.fondation-salomon.org\/app\/uploads\/2026\/04\/avatar-placeholder-200x300.png 200w, https:\/\/www.fondation-salomon.org\/app\/uploads\/2026\/04\/avatar-placeholder-683x1024.png 683w, https:\/\/www.fondation-salomon.org\/app\/uploads\/2026\/04\/avatar-placeholder-768x1152.png 768w\" sizes=\"(max-width: 1024px) 100vw, 1024px\" \/><\/figure>\n\n\n<div class=\"wp-block-group is-layout-flow wp-block-group-is-layout-flow\" style=\"margin-top:0px;margin-bottom:0px;padding-right:var(--wp--preset--spacing--60);padding-left:var(--wp--preset--spacing--60)\"><h3 style=\"text-transform:none; padding-bottom:var(--wp--preset--spacing--20);padding-top:var(--wp--preset--spacing--60);margin-top:0px;margin-bottom:0px;\" class=\"wp-block-post-title has-medium-font-size\">Dominique Boyer<\/h3>\n\n\n\n<div style=\"margin-top:var(--wp--preset--spacing--60);\" class=\"entry-content wp-block-post-content is-layout-flow wp-block-post-content-is-layout-flow\">\n<p>Repr\u00e9sentant du Fonds National Solidarit\u00e9 Montagne (FNSM)<\/p>\n<\/div><\/div>\n\n<\/li><li class=\"wp-block-post post-2047 member type-member status-publish has-post-thumbnail hentry member-category-notre-comite-de-soutien\">\n<figure class=\"wp-block-post-featured-image\"><img decoding=\"async\" width=\"1024\" height=\"1536\" src=\"https:\/\/www.fondation-salomon.org\/app\/uploads\/2026\/04\/avatar-placeholder.png\" class=\"attachment-post-thumbnail size-post-thumbnail wp-post-image\" alt=\"\" style=\"object-fit:cover;\" srcset=\"https:\/\/www.fondation-salomon.org\/app\/uploads\/2026\/04\/avatar-placeholder.png 1024w, https:\/\/www.fondation-salomon.org\/app\/uploads\/2026\/04\/avatar-placeholder-200x300.png 200w, https:\/\/www.fondation-salomon.org\/app\/uploads\/2026\/04\/avatar-placeholder-683x1024.png 683w, https:\/\/www.fondation-salomon.org\/app\/uploads\/2026\/04\/avatar-placeholder-768x1152.png 768w\" sizes=\"(max-width: 1024px) 100vw, 1024px\" \/><\/figure>\n\n\n<div class=\"wp-block-group is-layout-flow wp-block-group-is-layout-flow\" style=\"margin-top:0px;margin-bottom:0px;padding-right:var(--wp--preset--spacing--60);padding-left:var(--wp--preset--spacing--60)\"><h3 style=\"text-transform:none; padding-bottom:var(--wp--preset--spacing--20);padding-top:var(--wp--preset--spacing--60);margin-top:0px;margin-bottom:0px;\" class=\"wp-block-post-title has-medium-font-size\">Violet martial<\/h3>\n\n\n\n<div style=\"margin-top:var(--wp--preset--spacing--60);\" class=\"entry-content wp-block-post-content is-layout-flow wp-block-post-content-is-layout-flow\">\n<p>Repr\u00e9sentant du Fond d&#8217;urgence de la Compagnie Guides de Chamonix<\/p>\n<\/div><\/div>\n\n<\/li><li class=\"wp-block-post post-1999 member type-member status-publish has-post-thumbnail hentry member-category-notre-comite-de-soutien\">\n<figure class=\"wp-block-post-featured-image\"><img decoding=\"async\" width=\"1024\" height=\"1536\" src=\"https:\/\/www.fondation-salomon.org\/app\/uploads\/2026\/04\/avatar-placeholder.png\" class=\"attachment-post-thumbnail size-post-thumbnail wp-post-image\" alt=\"\" style=\"object-fit:cover;\" srcset=\"https:\/\/www.fondation-salomon.org\/app\/uploads\/2026\/04\/avatar-placeholder.png 1024w, https:\/\/www.fondation-salomon.org\/app\/uploads\/2026\/04\/avatar-placeholder-200x300.png 200w, https:\/\/www.fondation-salomon.org\/app\/uploads\/2026\/04\/avatar-placeholder-683x1024.png 683w, https:\/\/www.fondation-salomon.org\/app\/uploads\/2026\/04\/avatar-placeholder-768x1152.png 768w\" sizes=\"(max-width: 1024px) 100vw, 1024px\" \/><\/figure>\n\n\n<div class=\"wp-block-group is-layout-flow wp-block-group-is-layout-flow\" style=\"margin-top:0px;margin-bottom:0px;padding-right:var(--wp--preset--spacing--60);padding-left:var(--wp--preset--spacing--60)\"><h3 style=\"text-transform:none; padding-bottom:var(--wp--preset--spacing--20);padding-top:var(--wp--preset--spacing--60);margin-top:0px;margin-bottom:0px;\" class=\"wp-block-post-title has-medium-font-size\">Nicolas Defretin<\/h3>\n\n\n\n<div style=\"margin-top:var(--wp--preset--spacing--60);\" class=\"entry-content wp-block-post-content is-layout-flow wp-block-post-content-is-layout-flow\">\n<p>Repr\u00e9sentant du Fond National Solidarit\u00e9 Montagne (FNSM)<\/p>\n<\/div><\/div>\n\n<\/li><li class=\"wp-block-post post-2048 member type-member status-publish has-post-thumbnail hentry member-category-notre-comite-de-soutien\">\n<figure class=\"wp-block-post-featured-image\"><img decoding=\"async\" width=\"1707\" height=\"2560\" src=\"https:\/\/www.fondation-salomon.org\/app\/uploads\/2026\/04\/Aurelie_Martin-2-scaled.jpg\" class=\"attachment-post-thumbnail size-post-thumbnail wp-post-image\" alt=\"\" style=\"object-fit:cover;\" srcset=\"https:\/\/www.fondation-salomon.org\/app\/uploads\/2026\/04\/Aurelie_Martin-2-scaled.jpg 1707w, https:\/\/www.fondation-salomon.org\/app\/uploads\/2026\/04\/Aurelie_Martin-2-200x300.jpg 200w, https:\/\/www.fondation-salomon.org\/app\/uploads\/2026\/04\/Aurelie_Martin-2-683x1024.jpg 683w, https:\/\/www.fondation-salomon.org\/app\/uploads\/2026\/04\/Aurelie_Martin-2-768x1152.jpg 768w, https:\/\/www.fondation-salomon.org\/app\/uploads\/2026\/04\/Aurelie_Martin-2-1024x1536.jpg 1024w, https:\/\/www.fondation-salomon.org\/app\/uploads\/2026\/04\/Aurelie_Martin-2-1365x2048.jpg 1365w\" sizes=\"(max-width: 1707px) 100vw, 1707px\" \/><\/figure>\n\n\n<div class=\"wp-block-group is-layout-flow wp-block-group-is-layout-flow\" style=\"margin-top:0px;margin-bottom:0px;padding-right:var(--wp--preset--spacing--60);padding-left:var(--wp--preset--spacing--60)\"><h3 style=\"text-transform:none; padding-bottom:var(--wp--preset--spacing--20);padding-top:var(--wp--preset--spacing--60);margin-top:0px;margin-bottom:0px;\" class=\"wp-block-post-title has-medium-font-size\">Aur\u00e9lie Martin<\/h3>\n\n\n\n<div style=\"margin-top:var(--wp--preset--spacing--60);\" class=\"entry-content wp-block-post-content is-layout-flow wp-block-post-content-is-layout-flow\">\n<p>Repr\u00e9sentante de la Fondation de France<\/p>\n<\/div><\/div>\n\n<\/li><\/ul><\/div>\n\n<\/section>\n<\/div>\n<\/div>\n<\/div>\n\n\n\n<p><\/p>\n","protected":false},"excerpt":{"rendered":"Nos racines La Salomon Foundation est n\u00e9e de la vision de Georges Salomon. Depuis plus de 25 ans, nous \u0153uvrons pour r\u00e9v\u00e9ler le potentiel humain \u00e0 travers les sports de montagne. En 1999, Georges Salomon vend son entreprise et fait la promesse de rendre \u00e0 la montagne ce qu\u2019elle lui a donn\u00e9. La Salomon Foundation [&hellip;]","protected":false},"author":1,"featured_media":1528,"parent":0,"menu_order":0,"comment_status":"closed","ping_status":"closed","template":"","meta":{"inline_featured_image":false,"footnotes":""},"class_list":["post-1064","page","type-page","status-publish","has-post-thumbnail","hentry"],"yoast_head":"<!-- This site is optimized with the Yoast SEO plugin v27.2 - https:\/\/yoast.com\/product\/yoast-seo-wordpress\/ -->\n<title>N\u00e9e en montagne et engag\u00e9e pour elle depuis 1999. - fondation salomon<\/title>\n<meta name=\"robots\" content=\"index, follow, max-snippet:-1, max-image-preview:large, max-video-preview:-1\" \/>\n<link rel=\"canonical\" href=\"https:\/\/www.fondation-salomon.org\/fr\/fondation-salomon\/\" \/>\n<meta property=\"og:locale\" content=\"fr_FR\" \/>\n<meta property=\"og:type\" content=\"article\" \/>\n<meta property=\"og:title\" content=\"N\u00e9e en montagne et engag\u00e9e pour elle depuis 1999. - fondation salomon\" \/>\n<meta property=\"og:description\" content=\"Nos racines La Salomon Foundation est n\u00e9e de la vision de Georges Salomon. Depuis plus de 25 ans, nous \u0153uvrons pour r\u00e9v\u00e9ler le potentiel humain \u00e0 travers les sports de montagne. En 1999, Georges Salomon vend son entreprise et fait la promesse de rendre \u00e0 la montagne ce qu\u2019elle lui a donn\u00e9. La Salomon Foundation [&hellip;]\" \/>\n<meta property=\"og:url\" content=\"https:\/\/www.fondation-salomon.org\/fr\/fondation-salomon\/\" \/>\n<meta property=\"og:site_name\" content=\"fondation salomon\" \/>\n<meta property=\"article:publisher\" content=\"https:\/\/www.facebook.com\/Salomon\/?locale=fr_FR\" \/>\n<meta property=\"article:modified_time\" content=\"2026-04-28T10:19:01+00:00\" \/>\n<meta property=\"og:image\" content=\"https:\/\/www.fondation-salomon.org\/app\/uploads\/2026\/04\/DSCF6936-scaled.jpg\" \/>\n\t<meta property=\"og:image:width\" content=\"1900\" \/>\n\t<meta property=\"og:image:height\" content=\"2560\" \/>\n\t<meta property=\"og:image:type\" content=\"image\/jpeg\" \/>\n<meta name=\"twitter:card\" content=\"summary_large_image\" \/>\n<meta name=\"twitter:label1\" content=\"Dur\u00e9e de lecture estim\u00e9e\" \/>\n\t<meta name=\"twitter:data1\" content=\"4 minutes\" \/>\n<script type=\"application\/ld+json\" class=\"yoast-schema-graph\">{\"@context\":\"https:\/\/schema.org\",\"@graph\":[{\"@type\":\"WebPage\",\"@id\":\"https:\/\/www.fondation-salomon.org\/fr\/fondation-salomon\/\",\"url\":\"https:\/\/www.fondation-salomon.org\/fr\/fondation-salomon\/\",\"name\":\"N\u00e9e en montagne et engag\u00e9e pour elle depuis 1999. - fondation salomon\",\"isPartOf\":{\"@id\":\"https:\/\/www.fondation-salomon.org\/#website\"},\"primaryImageOfPage\":{\"@id\":\"https:\/\/www.fondation-salomon.org\/fr\/fondation-salomon\/#primaryimage\"},\"image\":{\"@id\":\"https:\/\/www.fondation-salomon.org\/fr\/fondation-salomon\/#primaryimage\"},\"thumbnailUrl\":\"https:\/\/www.fondation-salomon.org\/app\/uploads\/2026\/04\/DSCF6936-scaled.jpg\",\"datePublished\":\"2026-02-20T07:44:18+00:00\",\"dateModified\":\"2026-04-28T10:19:01+00:00\",\"breadcrumb\":{\"@id\":\"https:\/\/www.fondation-salomon.org\/fr\/fondation-salomon\/#breadcrumb\"},\"inLanguage\":\"fr-FR\",\"potentialAction\":[{\"@type\":\"ReadAction\",\"target\":[\"https:\/\/www.fondation-salomon.org\/fr\/fondation-salomon\/\"]}]},{\"@type\":\"ImageObject\",\"inLanguage\":\"fr-FR\",\"@id\":\"https:\/\/www.fondation-salomon.org\/fr\/fondation-salomon\/#primaryimage\",\"url\":\"https:\/\/www.fondation-salomon.org\/app\/uploads\/2026\/04\/DSCF6936-scaled.jpg\",\"contentUrl\":\"https:\/\/www.fondation-salomon.org\/app\/uploads\/2026\/04\/DSCF6936-scaled.jpg\",\"width\":1900,\"height\":2560},{\"@type\":\"BreadcrumbList\",\"@id\":\"https:\/\/www.fondation-salomon.org\/fr\/fondation-salomon\/#breadcrumb\",\"itemListElement\":[{\"@type\":\"ListItem\",\"position\":1,\"name\":\"Home\",\"item\":\"https:\/\/www.fondation-salomon.org\/fr\/\"},{\"@type\":\"ListItem\",\"position\":2,\"name\":\"N\u00e9e en montagne et engag\u00e9e pour elle depuis 1999.\"}]},{\"@type\":\"WebSite\",\"@id\":\"https:\/\/www.fondation-salomon.org\/#website\",\"url\":\"https:\/\/www.fondation-salomon.org\/\",\"name\":\"fondation salomon\",\"description\":\"\",\"publisher\":{\"@id\":\"https:\/\/www.fondation-salomon.org\/#organization\"},\"potentialAction\":[{\"@type\":\"SearchAction\",\"target\":{\"@type\":\"EntryPoint\",\"urlTemplate\":\"https:\/\/www.fondation-salomon.org\/?s={search_term_string}\"},\"query-input\":{\"@type\":\"PropertyValueSpecification\",\"valueRequired\":true,\"valueName\":\"search_term_string\"}}],\"inLanguage\":\"fr-FR\"},{\"@type\":\"Organization\",\"@id\":\"https:\/\/www.fondation-salomon.org\/#organization\",\"name\":\"fondation salomon\",\"url\":\"https:\/\/www.fondation-salomon.org\/\",\"logo\":{\"@type\":\"ImageObject\",\"inLanguage\":\"fr-FR\",\"@id\":\"https:\/\/www.fondation-salomon.org\/#\/schema\/logo\/image\/\",\"url\":\"https:\/\/www.fondation-salomon.org\/app\/uploads\/2026\/03\/SalomonFoundation_LOGO_Horizontal_Noir_SF-scaled.png\",\"contentUrl\":\"https:\/\/www.fondation-salomon.org\/app\/uploads\/2026\/03\/SalomonFoundation_LOGO_Horizontal_Noir_SF-scaled.png\",\"width\":2560,\"height\":569,\"caption\":\"fondation salomon\"},\"image\":{\"@id\":\"https:\/\/www.fondation-salomon.org\/#\/schema\/logo\/image\/\"},\"sameAs\":[\"https:\/\/www.facebook.com\/Salomon\/?locale=fr_FR\",\"https:\/\/www.instagram.com\/salomon_france\/\",\"https:\/\/www.youtube.com\/channel\/UCCH7Ny59oLRGfw3imhL0d7A\"]}]}<\/script>\n<!-- \/ Yoast SEO plugin. -->","yoast_head_json":{"title":"N\u00e9e en montagne et engag\u00e9e pour elle depuis 1999. - fondation salomon","robots":{"index":"index","follow":"follow","max-snippet":"max-snippet:-1","max-image-preview":"max-image-preview:large","max-video-preview":"max-video-preview:-1"},"canonical":"https:\/\/www.fondation-salomon.org\/fr\/fondation-salomon\/","og_locale":"fr_FR","og_type":"article","og_title":"N\u00e9e en montagne et engag\u00e9e pour elle depuis 1999. - fondation salomon","og_description":"Nos racines La Salomon Foundation est n\u00e9e de la vision de Georges Salomon. Depuis plus de 25 ans, nous \u0153uvrons pour r\u00e9v\u00e9ler le potentiel humain \u00e0 travers les sports de montagne. En 1999, Georges Salomon vend son entreprise et fait la promesse de rendre \u00e0 la montagne ce qu\u2019elle lui a donn\u00e9. La Salomon Foundation [&hellip;]","og_url":"https:\/\/www.fondation-salomon.org\/fr\/fondation-salomon\/","og_site_name":"fondation salomon","article_publisher":"https:\/\/www.facebook.com\/Salomon\/?locale=fr_FR","article_modified_time":"2026-04-28T10:19:01+00:00","og_image":[{"width":1900,"height":2560,"url":"https:\/\/www.fondation-salomon.org\/app\/uploads\/2026\/04\/DSCF6936-scaled.jpg","type":"image\/jpeg"}],"twitter_card":"summary_large_image","twitter_misc":{"Dur\u00e9e de lecture estim\u00e9e":"4 minutes"},"schema":{"@context":"https:\/\/schema.org","@graph":[{"@type":"WebPage","@id":"https:\/\/www.fondation-salomon.org\/fr\/fondation-salomon\/","url":"https:\/\/www.fondation-salomon.org\/fr\/fondation-salomon\/","name":"N\u00e9e en montagne et engag\u00e9e pour elle depuis 1999. - fondation salomon","isPartOf":{"@id":"https:\/\/www.fondation-salomon.org\/#website"},"primaryImageOfPage":{"@id":"https:\/\/www.fondation-salomon.org\/fr\/fondation-salomon\/#primaryimage"},"image":{"@id":"https:\/\/www.fondation-salomon.org\/fr\/fondation-salomon\/#primaryimage"},"thumbnailUrl":"https:\/\/www.fondation-salomon.org\/app\/uploads\/2026\/04\/DSCF6936-scaled.jpg","datePublished":"2026-02-20T07:44:18+00:00","dateModified":"2026-04-28T10:19:01+00:00","breadcrumb":{"@id":"https:\/\/www.fondation-salomon.org\/fr\/fondation-salomon\/#breadcrumb"},"inLanguage":"fr-FR","potentialAction":[{"@type":"ReadAction","target":["https:\/\/www.fondation-salomon.org\/fr\/fondation-salomon\/"]}]},{"@type":"ImageObject","inLanguage":"fr-FR","@id":"https:\/\/www.fondation-salomon.org\/fr\/fondation-salomon\/#primaryimage","url":"https:\/\/www.fondation-salomon.org\/app\/uploads\/2026\/04\/DSCF6936-scaled.jpg","contentUrl":"https:\/\/www.fondation-salomon.org\/app\/uploads\/2026\/04\/DSCF6936-scaled.jpg","width":1900,"height":2560},{"@type":"BreadcrumbList","@id":"https:\/\/www.fondation-salomon.org\/fr\/fondation-salomon\/#breadcrumb","itemListElement":[{"@type":"ListItem","position":1,"name":"Home","item":"https:\/\/www.fondation-salomon.org\/fr\/"},{"@type":"ListItem","position":2,"name":"N\u00e9e en montagne et engag\u00e9e pour elle depuis 1999."}]},{"@type":"WebSite","@id":"https:\/\/www.fondation-salomon.org\/#website","url":"https:\/\/www.fondation-salomon.org\/","name":"fondation salomon","description":"","publisher":{"@id":"https:\/\/www.fondation-salomon.org\/#organization"},"potentialAction":[{"@type":"SearchAction","target":{"@type":"EntryPoint","urlTemplate":"https:\/\/www.fondation-salomon.org\/?s={search_term_string}"},"query-input":{"@type":"PropertyValueSpecification","valueRequired":true,"valueName":"search_term_string"}}],"inLanguage":"fr-FR"},{"@type":"Organization","@id":"https:\/\/www.fondation-salomon.org\/#organization","name":"fondation salomon","url":"https:\/\/www.fondation-salomon.org\/","logo":{"@type":"ImageObject","inLanguage":"fr-FR","@id":"https:\/\/www.fondation-salomon.org\/#\/schema\/logo\/image\/","url":"https:\/\/www.fondation-salomon.org\/app\/uploads\/2026\/03\/SalomonFoundation_LOGO_Horizontal_Noir_SF-scaled.png","contentUrl":"https:\/\/www.fondation-salomon.org\/app\/uploads\/2026\/03\/SalomonFoundation_LOGO_Horizontal_Noir_SF-scaled.png","width":2560,"height":569,"caption":"fondation salomon"},"image":{"@id":"https:\/\/www.fondation-salomon.org\/#\/schema\/logo\/image\/"},"sameAs":["https:\/\/www.facebook.com\/Salomon\/?locale=fr_FR","https:\/\/www.instagram.com\/salomon_france\/","https:\/\/www.youtube.com\/channel\/UCCH7Ny59oLRGfw3imhL0d7A"]}]}},"_links":{"self":[{"href":"https:\/\/www.fondation-salomon.org\/fr\/wp-json\/wp\/v2\/pages\/1064","targetHints":{"allow":["GET"]}}],"collection":[{"href":"https:\/\/www.fondation-salomon.org\/fr\/wp-json\/wp\/v2\/pages"}],"about":[{"href":"https:\/\/www.fondation-salomon.org\/fr\/wp-json\/wp\/v2\/types\/page"}],"author":[{"embeddable":true,"href":"https:\/\/www.fondation-salomon.org\/fr\/wp-json\/wp\/v2\/users\/1"}],"replies":[{"embeddable":true,"href":"https:\/\/www.fondation-salomon.org\/fr\/wp-json\/wp\/v2\/comments?post=1064"}],"version-history":[{"count":41,"href":"https:\/\/www.fondation-salomon.org\/fr\/wp-json\/wp\/v2\/pages\/1064\/revisions"}],"predecessor-version":[{"id":2348,"href":"https:\/\/www.fondation-salomon.org\/fr\/wp-json\/wp\/v2\/pages\/1064\/revisions\/2348"}],"wp:featuredmedia":[{"embeddable":true,"href":"https:\/\/www.fondation-salomon.org\/fr\/wp-json\/wp\/v2\/media\/1528"}],"wp:attachment":[{"href":"https:\/\/www.fondation-salomon.org\/fr\/wp-json\/wp\/v2\/media?parent=1064"}],"curies":[{"name":"wp","href":"https:\/\/api.w.org\/{rel}","templated":true}]}}