{"id":1057,"date":"2026-02-18T13:08:15","date_gmt":"2026-02-18T13:08:15","guid":{"rendered":"https:\/\/www.fondation-salomon.org\/privacy-policy\/"},"modified":"2026-04-28T09:20:41","modified_gmt":"2026-04-28T09:20:41","slug":"politique-de-confidentialite","status":"publish","type":"page","link":"https:\/\/www.fondation-salomon.org\/fr\/politique-de-confidentialite\/","title":{"rendered":"politique de confidentialit\u00e9"},"content":{"rendered":"\n<h4 class=\"wp-block-heading\">Le fonds de dotation Salomon Foundation (la \u00ab<strong> Fondation<\/strong> \u00bb) \u00e9dite le site internet <a href=\"http:\/\/www.fondation-salomon.org\">www.fondation-salomon.org<\/a>&nbsp; (le \u00ab <strong>Site<\/strong> \u00bb) ayant pour objets :&nbsp;<\/h4>\n\n\n\n<ul class=\"wp-block-list\">\n<li>L\u2019accompagnement, par la <strong>Fondation<\/strong>, d\u2019associations permettant aux personnes d\u00e9savantag\u00e9es ou exclues de pratiquer des sports ext\u00e9rieurs (les \u00ab <strong>Associations<\/strong> \u00bb) ;<\/li>\n\n\n\n<li>Le soutien, par la <strong>Salomon Foundation Support<\/strong> (fondation abrit\u00e9e sous la <strong>Fondation de France<\/strong>), des professionnels de la montagne rencontrant des difficult\u00e9s (ex : accident, maladie &#8211; le(s) \u00ab <strong>Professionnel(s) de la montagne<\/strong> \u00bb) et la gestion des dons r\u00e9alis\u00e9s via le Site.<\/li>\n<\/ul>\n\n\n\n<p>Dans ce contexte, la <strong>Fondation<\/strong>, 14 chemin des Croiselets ZA des Croiselets, 74370 Epagny Metz Tessy, France, et la <strong>Fondation de France<\/strong>, 40 avenue Hoche \u2013 75008 Paris, traitent, en qualit\u00e9 de responsables du traitement, les donn\u00e9es \u00e0 caract\u00e8re personnel des Professionnels de la montagne et des utilisateurs du Site (le(s) \u00ab <strong>Utilisateur(s)<\/strong> \u00bb) le cas \u00e9ch\u00e9ant.<\/p>\n\n\n\n<p>Un formulaire de contact pr\u00e9sent sur le Site vous permet \u00e9galement d\u2019adresser vos questions. Ces demandes sont trait\u00e9es par la <strong>Fondation<\/strong> en qualit\u00e9 de responsable du traitement. &nbsp;<\/p>\n\n\n\n<p>Ces traitements de donn\u00e9es sont r\u00e9alis\u00e9s conform\u00e9ment au R\u00e8glement n\u00b02016\/679 du 27 avril 2016 dit r\u00e8glement g\u00e9n\u00e9ral sur la protection des donn\u00e9es (\u00ab RGPD \u00bb), et \u00e0 la Loi Informatique et Libert\u00e9s modifi\u00e9e (ensemble la \u00ab <strong>R\u00e8glementation applicable \u00e0 la protection des donn\u00e9es<\/strong> \u00bb).<\/p>\n\n\n\n<p>La pr\u00e9sente politique de confidentialit\u00e9 vise \u00e0 vous informer en tant qu\u2019Utilisateur sur les caract\u00e9ristiques des traitements de donn\u00e9es r\u00e9alis\u00e9s par la Fondation et par la Fondation de France.&nbsp;<\/p>\n\n\n\n<p>Conform\u00e9ment \u00e0 la R\u00e9glementation applicable \u00e0 la protection des donn\u00e9es, toutes les mesures techniques et organisationnelles appropri\u00e9es au regard de la nature des donn\u00e9es et des risques pr\u00e9sent\u00e9s par le traitement sont mises en \u0153uvre pour pr\u00e9server la s\u00e9curit\u00e9 et la confidentialit\u00e9 de vos donn\u00e9es personnelles.<\/p>\n\n\n\n<p>Chaque Utilisateur est invit\u00e9 \u00e0 prendre connaissance de la pr\u00e9sente politique de confidentialit\u00e9 :<\/p>\n\n\n\n<ul class=\"wp-block-list\">\n<li>de mani\u00e8re g\u00e9n\u00e9rale, au moment de sa navigation sur le Site ;<\/li>\n\n\n\n<li>avant de transmettre ses informations sur le Site.<\/li>\n<\/ul>\n\n\n\n<p>Pour toute demande concernant la pr\u00e9sente politique de confidentialit\u00e9, vous pouvez adresser un email aux adresses suivantes :&nbsp;<\/p>\n\n\n\n<ul class=\"wp-block-list\">\n<li>s\u2019agissant des traitements pour lesquels la Fondation agit en qualit\u00e9 de responsable du traitement : <a href=\"mailto:contact@fondation-salomon.org\">contact@fondation-salomon.org<\/a>\u00a0 ;<\/li>\n\n\n\n<li>s\u2019agissant des traitements pour lesquels la Fondation de France agit en qualit\u00e9 de responsable du traitement : <a href=\"mailto:contact@fondaion-salomon.org\">contact@fondaion-salomon.org<\/a> .<\/li>\n<\/ul>\n\n\n\n<p><strong>A. D\u00e9tails des traitements mis en \u0153uvre par la Fondation<\/strong><\/p>\n\n\n\n<p><strong>1. Cat\u00e9gories de donn\u00e9es trait\u00e9es<\/strong><\/p>\n\n\n\n<p>La Fondation traite les cat\u00e9gories de donn\u00e9es \u00e0 caract\u00e8re personnel suivantes soit que les Utilisateurs lui communiquent dans le cadre de demandes adress\u00e9es via le formulaire de contact, soit que les Professionnel(s) de la montagne lui communiquent dans le cadre de demandes d\u2019information r\u00e9alis\u00e9es via le Site :<\/p>\n\n\n\n<ul class=\"wp-block-list\">\n<li>Donn\u00e9es d\u2019identification (nom, pr\u00e9nom) ;<\/li>\n\n\n\n<li>Coordonn\u00e9es (email et num\u00e9ro de t\u00e9l\u00e9phone) ;<\/li>\n\n\n\n<li>Vie professionnelle (ex : profession).<\/li>\n<\/ul>\n\n\n\n<p><strong>2. Finalit\u00e9(s) et base(s) l\u00e9gale(s) du traitement de vos donn\u00e9es personnelles<\/strong><\/p>\n\n\n\n<p>Vos donn\u00e9es \u00e0 caract\u00e8re personnel sont trait\u00e9es par la Fondation afin de g\u00e9rer les demandes adress\u00e9es via le formulaire de contact et afin de g\u00e9rer les demandes adress\u00e9es par les Professionnels de la montagne. Ce traitement a pour base l\u00e9gale l\u2019int\u00e9r\u00eat l\u00e9gitime de la Fondation \u00e0 r\u00e9aliser son activit\u00e9.&nbsp;<\/p>\n\n\n\n<p><strong>3. Destinataire des donn\u00e9es&nbsp;<\/strong><\/p>\n\n\n\n<p>Vos donn\u00e9es personnelles sont accessibles :<\/p>\n\n\n\n<ul class=\"wp-block-list\">\n<li>aux membres du personnel interne de la Fondation ayant besoin d\u2019y acc\u00e9der dans le cadre de leurs missions et dans la stricte limite de leurs fonctions et attributions ;<\/li>\n\n\n\n<li>aux prestataires de services agissant en qualit\u00e9 de sous-traitant de la Fondation et selon ses instructions ;<\/li>\n\n\n\n<li>aux autorit\u00e9s publiques le cas \u00e9ch\u00e9ant.<\/li>\n<\/ul>\n\n\n\n<p><strong>4. Dur\u00e9e de conservation<\/strong><\/p>\n\n\n\n<p>Vos donn\u00e9es personnelles sont conserv\u00e9es uniquement pour la dur\u00e9e strictement n\u00e9cessaire \u00e0 la r\u00e9alisation des finalit\u00e9s pr\u00e9cit\u00e9es.<\/p>\n\n\n\n<p>Toutefois, vos donn\u00e9es peuvent \u00eatre conserv\u00e9es plus longtemps, par exemple afin d\u2019\u00e9tablir la preuve d\u2019un droit ou au titre d\u2019une obligation l\u00e9gale.&nbsp;<\/p>\n\n\n\n<p><strong>5. Transfert de vos donn\u00e9es personnelles hors de l\u2019Espace \u00e9conomique europ\u00e9en<\/strong><\/p>\n\n\n\n<p>Vos donn\u00e9es ne sont pas transf\u00e9r\u00e9es hors de l\u2019Espace \u00e9conomique europ\u00e9en.<\/p>\n\n\n\n<p><strong>B. D\u00e9tails des traitements mis en \u0153uvre par la Fondation de France<\/strong><\/p>\n\n\n\n<p><strong>1. Cat\u00e9gories de donn\u00e9es trait\u00e9es<\/strong><\/p>\n\n\n\n<p>La Fondation de France peut traiter les cat\u00e9gories de donn\u00e9es \u00e0 caract\u00e8re personnel suivantes que vous lui communiquez soit \u00e0 l\u2019occasion de la r\u00e9alisation d\u2019un don, soit lorsque vous sollicitez son accompagnement en tant que Professionnel de la montagne :<\/p>\n\n\n\n<ul class=\"wp-block-list\">\n<li>Donn\u00e9es d\u2019identification (nom, pr\u00e9nom) ;<\/li>\n\n\n\n<li>Coordonn\u00e9es (adresse postale, email et num\u00e9ro de t\u00e9l\u00e9phone) ;<\/li>\n\n\n\n<li>Vie personnelle (ex : situation familiale, personnes \u00e0 charge, situation personnelle) ;<\/li>\n\n\n\n<li>Vie professionnelle (ex : profession, num\u00e9ro de carte professionnelle, aide attribu\u00e9e par un fonds de solidarit\u00e9) ;<\/li>\n\n\n\n<li>Donn\u00e9es relatives au moyen de paiement.<\/li>\n<\/ul>\n\n\n\n<p><strong>2. Finalit\u00e9(s) et base(s) l\u00e9gale(s) du traitement de vos donn\u00e9es personnelles<\/strong><\/p>\n\n\n\n<p>Vos donn\u00e9es \u00e0 caract\u00e8re personnel sont trait\u00e9es par la Fondation de France afin :<\/p>\n\n\n\n<ul class=\"wp-block-list\">\n<li><strong>de g\u00e9rer les dons et les relations avec les donateurs<\/strong> : ce traitement a pour base l\u00e9gale le respect d\u2019une obligation l\u00e9gale en mati\u00e8re d\u2019\u00e9mission de re\u00e7u fiscal et l\u2019int\u00e9r\u00eat l\u00e9gitime de la Fondation de France, plus sp\u00e9cifiquement son int\u00e9r\u00eat \u00e0 fid\u00e9liser ses donateurs et \u00e0 mener des analyses sur les dons collect\u00e9s ;<\/li>\n<\/ul>\n\n\n\n<ul class=\"wp-block-list\">\n<li><strong>de g\u00e9rer le processus de s\u00e9lection, d\u2019expertise et de mise en \u0153uvre des projets<\/strong> : ce traitement a pour base l\u00e9gale l\u2019int\u00e9r\u00eat l\u00e9gitime de la Fondation de France, plus sp\u00e9cifiquement son int\u00e9r\u00eat \u00e0 instruire les dossiers de financement qu\u2019elle re\u00e7oit, informer de leur avancement et financer les projets s\u00e9lectionn\u00e9s ;\u00a0<\/li>\n<\/ul>\n\n\n\n<ul class=\"wp-block-list\">\n<li><strong>de r\u00e9aliser des campagnes de communication et d\u2019appels aux<\/strong> dons : ce traitement a pour base l\u00e9gale l\u2019int\u00e9r\u00eat l\u00e9gitime de la Fondation de France, plus sp\u00e9cifiquement son int\u00e9r\u00eat \u00e0 communiquer des informations relatives \u00e0 ses actions, \u00e0 collecter des fonds au regard de son objet statutaire et \u00e0 mesurer la performance des campagnes de marketing ;<\/li>\n<\/ul>\n\n\n\n<ul class=\"wp-block-list\">\n<li><strong>de g\u00e9rer et suivre le traitement des lib\u00e9ralit\u00e9s<\/strong> : ce traitement a pour base l\u00e9gale l\u2019int\u00e9r\u00eat l\u00e9gitime de la Fondation de France, plus sp\u00e9cifiquement son int\u00e9r\u00eat \u00e0 prendre en charge les dossiers de lib\u00e9ralit\u00e9s qu\u2019elle re\u00e7oit et assurer la tra\u00e7abilit\u00e9 de leur traitement.<\/li>\n<\/ul>\n\n\n\n<p><strong>3. Destinataire des donn\u00e9es&nbsp;<\/strong><\/p>\n\n\n\n<p>Vos donn\u00e9es personnelles sont accessibles :<\/p>\n\n\n\n<ul class=\"wp-block-list\">\n<li>aux membres du personnel interne de la Fondation de France ayant besoin d\u2019y acc\u00e9der dans le cadre de leurs missions et dans la stricte limite de leurs fonctions et attributions ;<\/li>\n\n\n\n<li>aux prestataires de services agissant en qualit\u00e9 de sous-traitant de la Fondation de France et selon ses instructions ;<\/li>\n\n\n\n<li>aux autorit\u00e9s publiques le cas \u00e9ch\u00e9ant.<\/li>\n<\/ul>\n\n\n\n<p><strong>4. Dur\u00e9e de conservation<\/strong><\/p>\n\n\n\n<p>Vos donn\u00e9es personnelles sont conserv\u00e9es uniquement pour la dur\u00e9e strictement n\u00e9cessaire \u00e0 la r\u00e9alisation des finalit\u00e9s pr\u00e9cit\u00e9es.<\/p>\n\n\n\n<p>Toutefois, vos donn\u00e9es peuvent \u00eatre conserv\u00e9es plus longtemps, par exemple afin d\u2019\u00e9tablir la preuve d\u2019un droit ou au titre d\u2019une obligation l\u00e9gale.&nbsp;<\/p>\n\n\n\n<p><strong>5. Transfert de vos donn\u00e9es personnelles hors de l\u2019Espace \u00e9conomique europ\u00e9en<\/strong><\/p>\n\n\n\n<p>La Fondation de France externalise certains de ses traitements et peut proc\u00e9der dans ce contexte \u00e0 des transferts de donn\u00e9es hors de l\u2019Union Europ\u00e9enne. Dans le cadre de ces transferts, la Fondation de France s\u2019engage \u00e0 conclure avec les tiers concern\u00e9s des clauses contractuelles garantissant un niveau de protection ad\u00e9quat de vos donn\u00e9es \u00e0 caract\u00e8re personnel.<\/p>\n\n\n\n<p><strong>D. Vos droits \u00e0 l\u2019\u00e9gard de vos donn\u00e9es<\/strong><\/p>\n\n\n\n<p>Conform\u00e9ment \u00e0 la R\u00e9glementation applicable \u00e0 la protection des donn\u00e9es, vous b\u00e9n\u00e9ficiez, le cas \u00e9ch\u00e9ant, d\u2019un droit d\u2019acc\u00e8s, de rectification et d\u2019effacement de vos donn\u00e9es. Le cas \u00e9ch\u00e9ant, vous b\u00e9n\u00e9ficiez \u00e9galement d\u2019un droit \u00e0 la limitation du traitement, d\u2019un droit d\u2019opposition et du droit de d\u00e9finir des directives relatives au sort de vos donn\u00e9es apr\u00e8s votre d\u00e9c\u00e8s.&nbsp;<\/p>\n\n\n\n<p>Vous pouvez exercer vos droits en :&nbsp;<\/p>\n\n\n\n<ul class=\"wp-block-list\">\n<li>adressant un courrier \u00e9lectronique \u00e0 : <a href=\"mailto:contact@fondation-salomon.org\">contact@fondation-salomon.org<\/a> \u00a0 s\u2019agissant des traitements pour lesquels la Fondation agit en qualit\u00e9 de responsable du traitement ;<\/li>\n<\/ul>\n\n\n\n<ul class=\"wp-block-list\">\n<li>remplissant le formulaire figurant dans la section \u00ab <a href=\"https:\/\/don.fondationdefrance.org\/asso\/protectiondonnees\/\">12. Exercice des droits des personnes \u00bb<\/a> de la Politique de protection des donn\u00e9es de la Fondation de France accessible ici, s\u2019agissant des traitements pour lesquels la Fondation de France agit en qualit\u00e9 de responsable du traitement.<\/li>\n<\/ul>\n\n\n\n<p>Vous pouvez \u00e9galement, si vous l\u2019estimez n\u00e9cessaire, introduire une r\u00e9clamation aupr\u00e8s de la Commission nationale Informatique et Libert\u00e9s ( <a href=\"http:\/\/www.cnil.fr\">www.cnil.fr<\/a> ).<\/p>\n\n\n\n<p><strong>E. Mise \u00e0 jour de la politique de confidentialit\u00e9<\/strong><\/p>\n\n\n\n<p>La pr\u00e9sente politique de protection des donn\u00e9es est susceptible d\u2019\u00eatre modifi\u00e9e notamment afin de prendre en compte l\u2019\u00e9volution de la R\u00e8glementation applicable \u00e0 la protection des donn\u00e9es ainsi que de toute autre r\u00e8glementation ou encore des \u00e9volutions technologiques. Le cas \u00e9ch\u00e9ant, vous serez inform\u00e9 en cas de changement substantiel affectant la pr\u00e9sente politique.<\/p>\n\n\n\n<p>Derni\u00e8re mise \u00e0 jour le 21 avril 2026<\/p>\n","protected":false},"excerpt":{"rendered":"Le fonds de dotation Salomon Foundation (la \u00ab Fondation \u00bb) \u00e9dite le site internet www.fondation-salomon.org&nbsp; (le \u00ab Site \u00bb) ayant pour objets :&nbsp; Dans ce contexte, la Fondation, 14 chemin des Croiselets ZA des Croiselets, 74370 Epagny Metz Tessy, France, et la Fondation de France, 40 avenue Hoche \u2013 75008 Paris, traitent, en qualit\u00e9 de [&hellip;]","protected":false},"author":1,"featured_media":1876,"parent":0,"menu_order":0,"comment_status":"closed","ping_status":"open","template":"","meta":{"inline_featured_image":false,"footnotes":""},"class_list":["post-1057","page","type-page","status-publish","has-post-thumbnail","hentry"],"yoast_head":"<!-- This site is optimized with the Yoast SEO plugin v27.2 - https:\/\/yoast.com\/product\/yoast-seo-wordpress\/ -->\n<title>politique de confidentialit\u00e9 - fondation salomon<\/title>\n<meta name=\"robots\" content=\"index, follow, max-snippet:-1, max-image-preview:large, max-video-preview:-1\" \/>\n<link rel=\"canonical\" href=\"https:\/\/www.fondation-salomon.org\/fr\/politique-de-confidentialite\/\" \/>\n<meta property=\"og:locale\" content=\"fr_FR\" \/>\n<meta property=\"og:type\" content=\"article\" \/>\n<meta property=\"og:title\" content=\"politique de confidentialit\u00e9 - fondation salomon\" \/>\n<meta property=\"og:description\" content=\"Le fonds de dotation Salomon Foundation (la \u00ab Fondation \u00bb) \u00e9dite le site internet www.fondation-salomon.org&nbsp; (le \u00ab Site \u00bb) ayant pour objets :&nbsp; Dans ce contexte, la Fondation, 14 chemin des Croiselets ZA des Croiselets, 74370 Epagny Metz Tessy, France, et la Fondation de France, 40 avenue Hoche \u2013 75008 Paris, traitent, en qualit\u00e9 de [&hellip;]\" \/>\n<meta property=\"og:url\" content=\"https:\/\/www.fondation-salomon.org\/fr\/politique-de-confidentialite\/\" \/>\n<meta property=\"og:site_name\" content=\"fondation salomon\" \/>\n<meta property=\"article:publisher\" content=\"https:\/\/www.facebook.com\/Salomon\/?locale=fr_FR\" \/>\n<meta property=\"article:modified_time\" content=\"2026-04-28T09:20:41+00:00\" \/>\n<meta property=\"og:image\" content=\"https:\/\/www.fondation-salomon.org\/app\/uploads\/2026\/03\/image-6-1-1.png\" \/>\n\t<meta property=\"og:image:width\" content=\"1860\" \/>\n\t<meta property=\"og:image:height\" content=\"800\" \/>\n\t<meta property=\"og:image:type\" content=\"image\/png\" \/>\n<meta name=\"twitter:card\" content=\"summary_large_image\" \/>\n<meta name=\"twitter:label1\" content=\"Dur\u00e9e de lecture estim\u00e9e\" \/>\n\t<meta name=\"twitter:data1\" content=\"8 minutes\" \/>\n<script type=\"application\/ld+json\" class=\"yoast-schema-graph\">{\"@context\":\"https:\/\/schema.org\",\"@graph\":[{\"@type\":\"WebPage\",\"@id\":\"https:\/\/www.fondation-salomon.org\/fr\/politique-de-confidentialite\/\",\"url\":\"https:\/\/www.fondation-salomon.org\/fr\/politique-de-confidentialite\/\",\"name\":\"politique de confidentialit\u00e9 - fondation salomon\",\"isPartOf\":{\"@id\":\"https:\/\/www.fondation-salomon.org\/#website\"},\"primaryImageOfPage\":{\"@id\":\"https:\/\/www.fondation-salomon.org\/fr\/politique-de-confidentialite\/#primaryimage\"},\"image\":{\"@id\":\"https:\/\/www.fondation-salomon.org\/fr\/politique-de-confidentialite\/#primaryimage\"},\"thumbnailUrl\":\"https:\/\/www.fondation-salomon.org\/app\/uploads\/2026\/04\/72-DSCF8712-scaled.jpg\",\"datePublished\":\"2026-02-18T13:08:15+00:00\",\"dateModified\":\"2026-04-28T09:20:41+00:00\",\"breadcrumb\":{\"@id\":\"https:\/\/www.fondation-salomon.org\/fr\/politique-de-confidentialite\/#breadcrumb\"},\"inLanguage\":\"fr-FR\",\"potentialAction\":[{\"@type\":\"ReadAction\",\"target\":[\"https:\/\/www.fondation-salomon.org\/fr\/politique-de-confidentialite\/\"]}]},{\"@type\":\"ImageObject\",\"inLanguage\":\"fr-FR\",\"@id\":\"https:\/\/www.fondation-salomon.org\/fr\/politique-de-confidentialite\/#primaryimage\",\"url\":\"https:\/\/www.fondation-salomon.org\/app\/uploads\/2026\/04\/72-DSCF8712-scaled.jpg\",\"contentUrl\":\"https:\/\/www.fondation-salomon.org\/app\/uploads\/2026\/04\/72-DSCF8712-scaled.jpg\",\"width\":2560,\"height\":1707},{\"@type\":\"BreadcrumbList\",\"@id\":\"https:\/\/www.fondation-salomon.org\/fr\/politique-de-confidentialite\/#breadcrumb\",\"itemListElement\":[{\"@type\":\"ListItem\",\"position\":1,\"name\":\"Home\",\"item\":\"https:\/\/www.fondation-salomon.org\/fr\/\"},{\"@type\":\"ListItem\",\"position\":2,\"name\":\"politique de confidentialit\u00e9\"}]},{\"@type\":\"WebSite\",\"@id\":\"https:\/\/www.fondation-salomon.org\/#website\",\"url\":\"https:\/\/www.fondation-salomon.org\/\",\"name\":\"fondation salomon\",\"description\":\"\",\"publisher\":{\"@id\":\"https:\/\/www.fondation-salomon.org\/#organization\"},\"potentialAction\":[{\"@type\":\"SearchAction\",\"target\":{\"@type\":\"EntryPoint\",\"urlTemplate\":\"https:\/\/www.fondation-salomon.org\/?s={search_term_string}\"},\"query-input\":{\"@type\":\"PropertyValueSpecification\",\"valueRequired\":true,\"valueName\":\"search_term_string\"}}],\"inLanguage\":\"fr-FR\"},{\"@type\":\"Organization\",\"@id\":\"https:\/\/www.fondation-salomon.org\/#organization\",\"name\":\"fondation salomon\",\"url\":\"https:\/\/www.fondation-salomon.org\/\",\"logo\":{\"@type\":\"ImageObject\",\"inLanguage\":\"fr-FR\",\"@id\":\"https:\/\/www.fondation-salomon.org\/#\/schema\/logo\/image\/\",\"url\":\"https:\/\/www.fondation-salomon.org\/app\/uploads\/2026\/03\/SalomonFoundation_LOGO_Horizontal_Noir_SF-scaled.png\",\"contentUrl\":\"https:\/\/www.fondation-salomon.org\/app\/uploads\/2026\/03\/SalomonFoundation_LOGO_Horizontal_Noir_SF-scaled.png\",\"width\":2560,\"height\":569,\"caption\":\"fondation salomon\"},\"image\":{\"@id\":\"https:\/\/www.fondation-salomon.org\/#\/schema\/logo\/image\/\"},\"sameAs\":[\"https:\/\/www.facebook.com\/Salomon\/?locale=fr_FR\",\"https:\/\/www.instagram.com\/salomon_france\/\",\"https:\/\/www.youtube.com\/channel\/UCCH7Ny59oLRGfw3imhL0d7A\"]}]}<\/script>\n<!-- \/ Yoast SEO plugin. -->","yoast_head_json":{"title":"politique de confidentialit\u00e9 - fondation salomon","robots":{"index":"index","follow":"follow","max-snippet":"max-snippet:-1","max-image-preview":"max-image-preview:large","max-video-preview":"max-video-preview:-1"},"canonical":"https:\/\/www.fondation-salomon.org\/fr\/politique-de-confidentialite\/","og_locale":"fr_FR","og_type":"article","og_title":"politique de confidentialit\u00e9 - fondation salomon","og_description":"Le fonds de dotation Salomon Foundation (la \u00ab Fondation \u00bb) \u00e9dite le site internet www.fondation-salomon.org&nbsp; (le \u00ab Site \u00bb) ayant pour objets :&nbsp; Dans ce contexte, la Fondation, 14 chemin des Croiselets ZA des Croiselets, 74370 Epagny Metz Tessy, France, et la Fondation de France, 40 avenue Hoche \u2013 75008 Paris, traitent, en qualit\u00e9 de [&hellip;]","og_url":"https:\/\/www.fondation-salomon.org\/fr\/politique-de-confidentialite\/","og_site_name":"fondation salomon","article_publisher":"https:\/\/www.facebook.com\/Salomon\/?locale=fr_FR","article_modified_time":"2026-04-28T09:20:41+00:00","og_image":[{"width":1860,"height":800,"url":"https:\/\/www.fondation-salomon.org\/app\/uploads\/2026\/03\/image-6-1-1.png","type":"image\/png"}],"twitter_card":"summary_large_image","twitter_misc":{"Dur\u00e9e de lecture estim\u00e9e":"8 minutes"},"schema":{"@context":"https:\/\/schema.org","@graph":[{"@type":"WebPage","@id":"https:\/\/www.fondation-salomon.org\/fr\/politique-de-confidentialite\/","url":"https:\/\/www.fondation-salomon.org\/fr\/politique-de-confidentialite\/","name":"politique de confidentialit\u00e9 - fondation salomon","isPartOf":{"@id":"https:\/\/www.fondation-salomon.org\/#website"},"primaryImageOfPage":{"@id":"https:\/\/www.fondation-salomon.org\/fr\/politique-de-confidentialite\/#primaryimage"},"image":{"@id":"https:\/\/www.fondation-salomon.org\/fr\/politique-de-confidentialite\/#primaryimage"},"thumbnailUrl":"https:\/\/www.fondation-salomon.org\/app\/uploads\/2026\/04\/72-DSCF8712-scaled.jpg","datePublished":"2026-02-18T13:08:15+00:00","dateModified":"2026-04-28T09:20:41+00:00","breadcrumb":{"@id":"https:\/\/www.fondation-salomon.org\/fr\/politique-de-confidentialite\/#breadcrumb"},"inLanguage":"fr-FR","potentialAction":[{"@type":"ReadAction","target":["https:\/\/www.fondation-salomon.org\/fr\/politique-de-confidentialite\/"]}]},{"@type":"ImageObject","inLanguage":"fr-FR","@id":"https:\/\/www.fondation-salomon.org\/fr\/politique-de-confidentialite\/#primaryimage","url":"https:\/\/www.fondation-salomon.org\/app\/uploads\/2026\/04\/72-DSCF8712-scaled.jpg","contentUrl":"https:\/\/www.fondation-salomon.org\/app\/uploads\/2026\/04\/72-DSCF8712-scaled.jpg","width":2560,"height":1707},{"@type":"BreadcrumbList","@id":"https:\/\/www.fondation-salomon.org\/fr\/politique-de-confidentialite\/#breadcrumb","itemListElement":[{"@type":"ListItem","position":1,"name":"Home","item":"https:\/\/www.fondation-salomon.org\/fr\/"},{"@type":"ListItem","position":2,"name":"politique de confidentialit\u00e9"}]},{"@type":"WebSite","@id":"https:\/\/www.fondation-salomon.org\/#website","url":"https:\/\/www.fondation-salomon.org\/","name":"fondation salomon","description":"","publisher":{"@id":"https:\/\/www.fondation-salomon.org\/#organization"},"potentialAction":[{"@type":"SearchAction","target":{"@type":"EntryPoint","urlTemplate":"https:\/\/www.fondation-salomon.org\/?s={search_term_string}"},"query-input":{"@type":"PropertyValueSpecification","valueRequired":true,"valueName":"search_term_string"}}],"inLanguage":"fr-FR"},{"@type":"Organization","@id":"https:\/\/www.fondation-salomon.org\/#organization","name":"fondation salomon","url":"https:\/\/www.fondation-salomon.org\/","logo":{"@type":"ImageObject","inLanguage":"fr-FR","@id":"https:\/\/www.fondation-salomon.org\/#\/schema\/logo\/image\/","url":"https:\/\/www.fondation-salomon.org\/app\/uploads\/2026\/03\/SalomonFoundation_LOGO_Horizontal_Noir_SF-scaled.png","contentUrl":"https:\/\/www.fondation-salomon.org\/app\/uploads\/2026\/03\/SalomonFoundation_LOGO_Horizontal_Noir_SF-scaled.png","width":2560,"height":569,"caption":"fondation salomon"},"image":{"@id":"https:\/\/www.fondation-salomon.org\/#\/schema\/logo\/image\/"},"sameAs":["https:\/\/www.facebook.com\/Salomon\/?locale=fr_FR","https:\/\/www.instagram.com\/salomon_france\/","https:\/\/www.youtube.com\/channel\/UCCH7Ny59oLRGfw3imhL0d7A"]}]}},"_links":{"self":[{"href":"https:\/\/www.fondation-salomon.org\/fr\/wp-json\/wp\/v2\/pages\/1057","targetHints":{"allow":["GET"]}}],"collection":[{"href":"https:\/\/www.fondation-salomon.org\/fr\/wp-json\/wp\/v2\/pages"}],"about":[{"href":"https:\/\/www.fondation-salomon.org\/fr\/wp-json\/wp\/v2\/types\/page"}],"author":[{"embeddable":true,"href":"https:\/\/www.fondation-salomon.org\/fr\/wp-json\/wp\/v2\/users\/1"}],"replies":[{"embeddable":true,"href":"https:\/\/www.fondation-salomon.org\/fr\/wp-json\/wp\/v2\/comments?post=1057"}],"version-history":[{"count":3,"href":"https:\/\/www.fondation-salomon.org\/fr\/wp-json\/wp\/v2\/pages\/1057\/revisions"}],"predecessor-version":[{"id":2325,"href":"https:\/\/www.fondation-salomon.org\/fr\/wp-json\/wp\/v2\/pages\/1057\/revisions\/2325"}],"wp:featuredmedia":[{"embeddable":true,"href":"https:\/\/www.fondation-salomon.org\/fr\/wp-json\/wp\/v2\/media\/1876"}],"wp:attachment":[{"href":"https:\/\/www.fondation-salomon.org\/fr\/wp-json\/wp\/v2\/media?parent=1057"}],"curies":[{"name":"wp","href":"https:\/\/api.w.org\/{rel}","templated":true}]}}