{"id":1043,"date":"2026-02-20T09:45:22","date_gmt":"2026-02-20T09:45:22","guid":{"rendered":"https:\/\/www.fondation-salomon.org\/faq\/"},"modified":"2026-04-28T19:12:53","modified_gmt":"2026-04-28T19:12:53","slug":"faq","status":"publish","type":"page","link":"https:\/\/www.fondation-salomon.org\/fr\/faq\/","title":{"rendered":"FAQ"},"content":{"rendered":"\n<div class=\"wp-block-group has-base-background-color has-background has-global-padding is-layout-constrained wp-container-core-group-is-layout-e87393a8 wp-block-group-is-layout-constrained\" style=\"padding-top:var(--wp--preset--spacing--70);padding-bottom:var(--wp--preset--spacing--100)\">\n<div class=\"wp-block-group is-vertical is-content-justification-center is-layout-flex wp-container-core-group-is-layout-ce155fab wp-block-group-is-layout-flex\">\n<h2 class=\"wp-block-heading has-text-align-center\">Une question ? <br>Nous avons la r\u00e9ponse !<\/h2>\n<\/div>\n<\/div>\n\n\n\n<div class=\"wp-block-group alignwide key-figure is-style-line-watch has-base-background-color has-background has-global-padding is-layout-constrained wp-block-group-is-layout-constrained\" style=\"margin-top:var(--wp--preset--spacing--100);margin-bottom:0px;padding-top:var(--wp--preset--spacing--70);padding-bottom:var(--wp--preset--spacing--100)\">\n<p class=\"has-text-align-center has-salomon-sans-font-family has-small-font-size\" style=\"text-transform:uppercase\">les personnes et Assocations que nous accompagnons<\/p>\n<\/div>\n\n\n\n<div data-wp-context=\"{ &quot;autoclose&quot;: false, &quot;accordionItems&quot;: [] }\" data-wp-interactive=\"core\/accordion\" role=\"group\" class=\"wp-block-accordion has-base-background-color has-background is-layout-flow wp-block-accordion-is-layout-flow\" style=\"margin-top:0px;margin-bottom:0px\">\n<div data-wp-class--is-open=\"state.isOpen\" data-wp-context=\"{ &quot;id&quot;: &quot;accordion-item-1&quot;, &quot;openByDefault&quot;: false }\" data-wp-init=\"callbacks.initAccordionItems\" data-wp-on-window--hashchange=\"callbacks.hashChange\" class=\"wp-block-accordion-item is-layout-flow wp-block-accordion-item-is-layout-flow\" style=\"margin-top:0px;margin-bottom:0px\">\n<h3 class=\"wp-block-accordion-heading\"><button aria-expanded=\"false\" aria-controls=\"accordion-item-1-panel\" data-wp-bind--aria-expanded=\"state.isOpen\" data-wp-on--click=\"actions.toggle\" data-wp-on--keydown=\"actions.handleKeyDown\" id=\"accordion-item-1\" type=\"button\" class=\"wp-block-accordion-heading__toggle\"><span class=\"wp-block-accordion-heading__toggle-title\"><strong>Comment la Fondation identifie-t-elle les personnes et organisations \u00e0 soutenir ?<\/strong><\/span><span class=\"wp-block-accordion-heading__toggle-icon\" aria-hidden=\"true\">+<\/span><\/button><\/h3>\n\n\n\n<div inert aria-labelledby=\"accordion-item-1\" data-wp-bind--inert=\"!state.isOpen\" id=\"accordion-item-1-panel\" role=\"region\" class=\"wp-block-accordion-panel is-layout-flow wp-block-accordion-panel-is-layout-flow\">\n<p>La Fondation s\u2019appuie sur son r\u00e9seau de collaborateurs et collaboratrices, d\u2019ambassadeur\u00b7rices, d\u2019athl\u00e8tes et d\u2019associations, ainsi que sur les recommandations qui lui sont adress\u00e9es, pour identifier les personnes et les organisations qu\u2019elle accompagne.<\/p>\n<\/div>\n<\/div>\n\n\n\n<div data-wp-class--is-open=\"state.isOpen\" data-wp-context=\"{ &quot;id&quot;: &quot;accordion-item-2&quot;, &quot;openByDefault&quot;: false }\" data-wp-init=\"callbacks.initAccordionItems\" data-wp-on-window--hashchange=\"callbacks.hashChange\" class=\"wp-block-accordion-item is-layout-flow wp-block-accordion-item-is-layout-flow\" style=\"margin-top:0px;margin-bottom:0px\">\n<h3 class=\"wp-block-accordion-heading\"><button aria-expanded=\"false\" aria-controls=\"accordion-item-2-panel\" data-wp-bind--aria-expanded=\"state.isOpen\" data-wp-on--click=\"actions.toggle\" data-wp-on--keydown=\"actions.handleKeyDown\" id=\"accordion-item-2\" type=\"button\" class=\"wp-block-accordion-heading__toggle\"><span class=\"wp-block-accordion-heading__toggle-title\"><strong>Qui peut b\u00e9n\u00e9ficier d\u2019un soutien de la Fondation ?<\/strong><\/span><span class=\"wp-block-accordion-heading__toggle-icon\" aria-hidden=\"true\">+<\/span><\/button><\/h3>\n\n\n\n<div inert aria-labelledby=\"accordion-item-2\" data-wp-bind--inert=\"!state.isOpen\" id=\"accordion-item-2-panel\" role=\"region\" class=\"wp-block-accordion-panel is-layout-flow wp-block-accordion-panel-is-layout-flow\">\n<ol class=\"wp-block-list\">\n<li>Les professionnels et professionnelles de la montagne, ainsi que leurs proches, confront\u00e9\u00b7es \u00e0 des accidents de la vie.<\/li>\n\n\n\n<li>Les associations qui permettent \u00e0 des personnes en situation de fragilit\u00e9 ou d\u2019exclusion d\u2019acc\u00e9der aux sports de plein air, et contribuent \u00e0 ouvrir la montagne \u00e0 toutes et tous.<\/li>\n<\/ol>\n<\/div>\n<\/div>\n\n\n\n<div data-wp-class--is-open=\"state.isOpen\" data-wp-context=\"{ &quot;id&quot;: &quot;accordion-item-3&quot;, &quot;openByDefault&quot;: false }\" data-wp-init=\"callbacks.initAccordionItems\" data-wp-on-window--hashchange=\"callbacks.hashChange\" class=\"wp-block-accordion-item is-layout-flow wp-block-accordion-item-is-layout-flow\" style=\"margin-top:0px;margin-bottom:0px\">\n<h3 class=\"wp-block-accordion-heading\"><button aria-expanded=\"false\" aria-controls=\"accordion-item-3-panel\" data-wp-bind--aria-expanded=\"state.isOpen\" data-wp-on--click=\"actions.toggle\" data-wp-on--keydown=\"actions.handleKeyDown\" id=\"accordion-item-3\" type=\"button\" class=\"wp-block-accordion-heading__toggle\"><span class=\"wp-block-accordion-heading__toggle-title\"><strong>Qui est consid\u00e9r\u00e9 comme un professionnel ou une professionnelle de la montagne ?<\/strong><\/span><span class=\"wp-block-accordion-heading__toggle-icon\" aria-hidden=\"true\">+<\/span><\/button><\/h3>\n\n\n\n<div inert aria-labelledby=\"accordion-item-3\" data-wp-bind--inert=\"!state.isOpen\" id=\"accordion-item-3-panel\" role=\"region\" class=\"wp-block-accordion-panel is-layout-flow wp-block-accordion-panel-is-layout-flow\">\n<p>Sont concern\u00e9s les professionnels et professionnelles de la montagne exer\u00e7ant en ind\u00e9pendant, notamment :<\/p>\n\n\n\n<ol class=\"wp-block-list\">\n<li>gardiens et gardiennes de refuge<\/li>\n\n\n\n<li>accompagnateurs et accompagnatrices en montagne<\/li>\n\n\n\n<li>guides de haute montagne<\/li>\n\n\n\n<li>moniteurs et monitrices de ski<\/li>\n\n\n\n<li>guides d\u2019escalade<\/li>\n<\/ol>\n<\/div>\n<\/div>\n\n\n\n<div data-wp-class--is-open=\"state.isOpen\" data-wp-context=\"{ &quot;id&quot;: &quot;accordion-item-4&quot;, &quot;openByDefault&quot;: false }\" data-wp-init=\"callbacks.initAccordionItems\" data-wp-on-window--hashchange=\"callbacks.hashChange\" class=\"wp-block-accordion-item is-layout-flow wp-block-accordion-item-is-layout-flow\" style=\"margin-top:0;margin-bottom:0\">\n<h3 class=\"wp-block-accordion-heading\"><button aria-expanded=\"false\" aria-controls=\"accordion-item-4-panel\" data-wp-bind--aria-expanded=\"state.isOpen\" data-wp-on--click=\"actions.toggle\" data-wp-on--keydown=\"actions.handleKeyDown\" id=\"accordion-item-4\" type=\"button\" class=\"wp-block-accordion-heading__toggle\"><span class=\"wp-block-accordion-heading__toggle-title\"><strong>Qui peut contacter la Fondation Salomon ?<\/strong><\/span><span class=\"wp-block-accordion-heading__toggle-icon\" aria-hidden=\"true\">+<\/span><\/button><\/h3>\n\n\n\n<div inert aria-labelledby=\"accordion-item-4\" data-wp-bind--inert=\"!state.isOpen\" id=\"accordion-item-4-panel\" role=\"region\" class=\"wp-block-accordion-panel is-layout-flow wp-block-accordion-panel-is-layout-flow\">\n<ul class=\"wp-block-list\">\n<li>Si vous \u00eates un professionnel ou une professionnelle de la montagne en difficult\u00e9, vous pouvez nous contacter. <br>Nous vous r\u00e9pondrons dans les meilleurs d\u00e9lais afin d\u2019\u00e9changer sur votre situation.<\/li>\n\n\n\n<li>Si vous repr\u00e9sentez une association, vous pouvez \u00e9galement nous \u00e9crire via la page \u00ab Contact \u00bb. En raison du nombre important de demandes, nous ne sommes pas en mesure de garantir une r\u00e9ponse \u00e0 chacune d\u2019entre elles. Nous vous remercions pour votre compr\u00e9hension.<\/li>\n<\/ul>\n<\/div>\n<\/div>\n<\/div>\n\n\n\n<div class=\"wp-block-group alignwide key-figure is-style-line-watch has-base-background-color has-background has-global-padding is-layout-constrained wp-block-group-is-layout-constrained\" style=\"margin-top:var(--wp--preset--spacing--100);margin-bottom:0px;padding-top:var(--wp--preset--spacing--70);padding-bottom:var(--wp--preset--spacing--100)\">\n<p class=\"has-text-align-center has-salomon-sans-font-family has-small-font-size\" style=\"text-transform:uppercase\">\u00e0 propos des dons<\/p>\n<\/div>\n\n\n\n<div data-wp-context=\"{ &quot;autoclose&quot;: false, &quot;accordionItems&quot;: [] }\" data-wp-interactive=\"core\/accordion\" role=\"group\" class=\"wp-block-accordion has-base-background-color has-background is-layout-flow wp-block-accordion-is-layout-flow\" style=\"margin-top:0px;margin-bottom:0px\">\n<div data-wp-class--is-open=\"state.isOpen\" data-wp-context=\"{ &quot;id&quot;: &quot;accordion-item-5&quot;, &quot;openByDefault&quot;: false }\" data-wp-init=\"callbacks.initAccordionItems\" data-wp-on-window--hashchange=\"callbacks.hashChange\" class=\"wp-block-accordion-item is-layout-flow wp-block-accordion-item-is-layout-flow\" style=\"margin-top:0px;margin-bottom:0px\">\n<h3 class=\"wp-block-accordion-heading\"><button aria-expanded=\"false\" aria-controls=\"accordion-item-5-panel\" data-wp-bind--aria-expanded=\"state.isOpen\" data-wp-on--click=\"actions.toggle\" data-wp-on--keydown=\"actions.handleKeyDown\" id=\"accordion-item-5\" type=\"button\" class=\"wp-block-accordion-heading__toggle\"><span class=\"wp-block-accordion-heading__toggle-title\"><strong>Mon don finance-t-il le fonctionnement de la Fondation ou est-il directement consacr\u00e9 aux actions ?<\/strong><\/span><span class=\"wp-block-accordion-heading__toggle-icon\" aria-hidden=\"true\">+<\/span><\/button><\/h3>\n\n\n\n<div inert aria-labelledby=\"accordion-item-5\" data-wp-bind--inert=\"!state.isOpen\" id=\"accordion-item-5-panel\" role=\"region\" class=\"wp-block-accordion-panel is-layout-flow wp-block-accordion-panel-is-layout-flow\">\n<p>Gr\u00e2ce au soutien de Salomon, 100 % des dons externes sont int\u00e9gralement consacr\u00e9s aux personnes et aux organisations accompagn\u00e9es par la Fondation. <\/p>\n<\/div>\n<\/div>\n\n\n\n<div data-wp-class--is-open=\"state.isOpen\" data-wp-context=\"{ &quot;id&quot;: &quot;accordion-item-6&quot;, &quot;openByDefault&quot;: false }\" data-wp-init=\"callbacks.initAccordionItems\" data-wp-on-window--hashchange=\"callbacks.hashChange\" class=\"wp-block-accordion-item is-layout-flow wp-block-accordion-item-is-layout-flow\" style=\"margin-top:0px;margin-bottom:0px\">\n<h3 class=\"wp-block-accordion-heading\"><button aria-expanded=\"false\" aria-controls=\"accordion-item-6-panel\" data-wp-bind--aria-expanded=\"state.isOpen\" data-wp-on--click=\"actions.toggle\" data-wp-on--keydown=\"actions.handleKeyDown\" id=\"accordion-item-6\" type=\"button\" class=\"wp-block-accordion-heading__toggle\"><span class=\"wp-block-accordion-heading__toggle-title\"><strong>Mon don est-il d\u00e9ductible des imp\u00f4ts ?<\/strong><\/span><span class=\"wp-block-accordion-heading__toggle-icon\" aria-hidden=\"true\">+<\/span><\/button><\/h3>\n\n\n\n<div inert aria-labelledby=\"accordion-item-6\" data-wp-bind--inert=\"!state.isOpen\" id=\"accordion-item-6-panel\" role=\"region\" class=\"wp-block-accordion-panel is-layout-flow wp-block-accordion-panel-is-layout-flow\">\n<p>Oui, selon la l\u00e9gislation fiscale en vigueur dans votre pays.<\/p>\n<\/div>\n<\/div>\n\n\n\n<div data-wp-class--is-open=\"state.isOpen\" data-wp-context=\"{ &quot;id&quot;: &quot;accordion-item-7&quot;, &quot;openByDefault&quot;: false }\" data-wp-init=\"callbacks.initAccordionItems\" data-wp-on-window--hashchange=\"callbacks.hashChange\" class=\"wp-block-accordion-item is-layout-flow wp-block-accordion-item-is-layout-flow\" style=\"margin-top:0px;margin-bottom:0px\">\n<h3 class=\"wp-block-accordion-heading\"><button aria-expanded=\"false\" aria-controls=\"accordion-item-7-panel\" data-wp-bind--aria-expanded=\"state.isOpen\" data-wp-on--click=\"actions.toggle\" data-wp-on--keydown=\"actions.handleKeyDown\" id=\"accordion-item-7\" type=\"button\" class=\"wp-block-accordion-heading__toggle\"><span class=\"wp-block-accordion-heading__toggle-title\"><strong><strong>Une entreprise peut-elle faire un don ?<\/strong><\/strong><\/span><span class=\"wp-block-accordion-heading__toggle-icon\" aria-hidden=\"true\">+<\/span><\/button><\/h3>\n\n\n\n<div inert aria-labelledby=\"accordion-item-7\" data-wp-bind--inert=\"!state.isOpen\" id=\"accordion-item-7-panel\" role=\"region\" class=\"wp-block-accordion-panel is-layout-flow wp-block-accordion-panel-is-layout-flow\">\n<p>Oui, les entreprises comme les particuliers peuvent faire un don.<\/p>\n<\/div>\n<\/div>\n\n\n\n<div data-wp-class--is-open=\"state.isOpen\" data-wp-context=\"{ &quot;id&quot;: &quot;accordion-item-8&quot;, &quot;openByDefault&quot;: false }\" data-wp-init=\"callbacks.initAccordionItems\" data-wp-on-window--hashchange=\"callbacks.hashChange\" class=\"wp-block-accordion-item is-layout-flow wp-block-accordion-item-is-layout-flow\" style=\"margin-top:0;margin-bottom:0\">\n<h3 class=\"wp-block-accordion-heading\"><button aria-expanded=\"false\" aria-controls=\"accordion-item-8-panel\" data-wp-bind--aria-expanded=\"state.isOpen\" data-wp-on--click=\"actions.toggle\" data-wp-on--keydown=\"actions.handleKeyDown\" id=\"accordion-item-8\" type=\"button\" class=\"wp-block-accordion-heading__toggle\"><span class=\"wp-block-accordion-heading__toggle-title\"><strong>Recevrai-je un re\u00e7u fiscal pour mon don ?<\/strong><\/span><span class=\"wp-block-accordion-heading__toggle-icon\" aria-hidden=\"true\">+<\/span><\/button><\/h3>\n\n\n\n<div inert aria-labelledby=\"accordion-item-8\" data-wp-bind--inert=\"!state.isOpen\" id=\"accordion-item-8-panel\" role=\"region\" class=\"wp-block-accordion-panel is-layout-flow wp-block-accordion-panel-is-layout-flow\">\n<p>Oui. Les donateurs et donatrices bas\u00e9\u00b7es dans l\u2019Union europ\u00e9enne et aux \u00c9tats-Unis re\u00e7oivent un re\u00e7u fiscal.<\/p>\n<\/div>\n<\/div>\n\n\n\n<div data-wp-class--is-open=\"state.isOpen\" data-wp-context=\"{ &quot;id&quot;: &quot;accordion-item-9&quot;, &quot;openByDefault&quot;: false }\" data-wp-init=\"callbacks.initAccordionItems\" data-wp-on-window--hashchange=\"callbacks.hashChange\" class=\"wp-block-accordion-item is-layout-flow wp-block-accordion-item-is-layout-flow\" style=\"margin-top:0;margin-bottom:0\">\n<h3 class=\"wp-block-accordion-heading\"><button aria-expanded=\"false\" aria-controls=\"accordion-item-9-panel\" data-wp-bind--aria-expanded=\"state.isOpen\" data-wp-on--click=\"actions.toggle\" data-wp-on--keydown=\"actions.handleKeyDown\" id=\"accordion-item-9\" type=\"button\" class=\"wp-block-accordion-heading__toggle\"><span class=\"wp-block-accordion-heading__toggle-title\"><strong>Puis-je faire un don par ch\u00e8que ?<\/strong><\/span><span class=\"wp-block-accordion-heading__toggle-icon\" aria-hidden=\"true\">+<\/span><\/button><\/h3>\n\n\n\n<div inert aria-labelledby=\"accordion-item-9\" data-wp-bind--inert=\"!state.isOpen\" id=\"accordion-item-9-panel\" role=\"region\" class=\"wp-block-accordion-panel is-layout-flow wp-block-accordion-panel-is-layout-flow\">\n<p>Oui, vous pouvez envoyer un ch\u00e8que \u00e0 l\u2019ordre de \u00ab Fondation de France \u2013 Fondation Salomon \u00bb \u00e0 l\u2019adresse suivante :<\/p>\n\n\n\n<p>Fondation Salomon<br>14 chemin des Croiselets<br>74370 \u00c9pagny Metz-Tessy<br>France<\/p>\n\n\n\n<p>Merci d\u2019indiquer vos nom, pr\u00e9nom, adresse, adresse e-mail ainsi que le montant de votre don.<\/p>\n<\/div>\n<\/div>\n\n\n\n<div data-wp-class--is-open=\"state.isOpen\" data-wp-context=\"{ &quot;id&quot;: &quot;accordion-item-10&quot;, &quot;openByDefault&quot;: false }\" data-wp-init=\"callbacks.initAccordionItems\" data-wp-on-window--hashchange=\"callbacks.hashChange\" class=\"wp-block-accordion-item is-layout-flow wp-block-accordion-item-is-layout-flow\" style=\"margin-top:0;margin-bottom:0\">\n<h3 class=\"wp-block-accordion-heading\"><button aria-expanded=\"false\" aria-controls=\"accordion-item-10-panel\" data-wp-bind--aria-expanded=\"state.isOpen\" data-wp-on--click=\"actions.toggle\" data-wp-on--keydown=\"actions.handleKeyDown\" id=\"accordion-item-10\" type=\"button\" class=\"wp-block-accordion-heading__toggle\"><span class=\"wp-block-accordion-heading__toggle-title\"><strong>Qui peut faire un don \u00e0 la Fondation Salomon ?<\/strong><\/span><span class=\"wp-block-accordion-heading__toggle-icon\" aria-hidden=\"true\">+<\/span><\/button><\/h3>\n\n\n\n<div inert aria-labelledby=\"accordion-item-10\" data-wp-bind--inert=\"!state.isOpen\" id=\"accordion-item-10-panel\" role=\"region\" class=\"wp-block-accordion-panel is-layout-flow wp-block-accordion-panel-is-layout-flow\">\n<p>Toute personne, particulier ou entreprise, peut faire un don \u00e0 la Fondation Salomon.<\/p>\n<\/div>\n<\/div>\n<\/div>\n\n\n\n<div class=\"wp-block-group alignwide key-figure is-style-line-watch has-base-background-color has-background has-global-padding is-layout-constrained wp-block-group-is-layout-constrained\" style=\"margin-top:var(--wp--preset--spacing--100);margin-bottom:0px;padding-top:var(--wp--preset--spacing--70);padding-bottom:var(--wp--preset--spacing--100)\">\n<p class=\"has-text-align-center has-salomon-sans-font-family has-small-font-size\" style=\"text-transform:uppercase\">\u00c0 propos de la fondation Salomon<\/p>\n<\/div>\n\n\n\n<div data-wp-context=\"{ &quot;autoclose&quot;: false, &quot;accordionItems&quot;: [] }\" data-wp-interactive=\"core\/accordion\" role=\"group\" class=\"wp-block-accordion has-base-background-color has-background is-layout-flow wp-block-accordion-is-layout-flow\" style=\"margin-top:0px;margin-bottom:0px\">\n<div data-wp-class--is-open=\"state.isOpen\" data-wp-context=\"{ &quot;id&quot;: &quot;accordion-item-11&quot;, &quot;openByDefault&quot;: false }\" data-wp-init=\"callbacks.initAccordionItems\" data-wp-on-window--hashchange=\"callbacks.hashChange\" class=\"wp-block-accordion-item is-layout-flow wp-block-accordion-item-is-layout-flow\" style=\"margin-top:0px;margin-bottom:0px\">\n<h3 class=\"wp-block-accordion-heading\"><button aria-expanded=\"false\" aria-controls=\"accordion-item-11-panel\" data-wp-bind--aria-expanded=\"state.isOpen\" data-wp-on--click=\"actions.toggle\" data-wp-on--keydown=\"actions.handleKeyDown\" id=\"accordion-item-11\" type=\"button\" class=\"wp-block-accordion-heading__toggle\"><span class=\"wp-block-accordion-heading__toggle-title\"><strong>Quelle est la diff\u00e9rence entre Salomon et la Salomon Foundation ?<\/strong><\/span><span class=\"wp-block-accordion-heading__toggle-icon\" aria-hidden=\"true\">+<\/span><\/button><\/h3>\n\n\n\n<div inert aria-labelledby=\"accordion-item-11\" data-wp-bind--inert=\"!state.isOpen\" id=\"accordion-item-11-panel\" role=\"region\" class=\"wp-block-accordion-panel is-layout-flow wp-block-accordion-panel-is-layout-flow\">\n<p>Il s\u2019agit de deux entit\u00e9s juridiques distinctes.<br>La Salomon Foundation soutient des organisations dans le monde entier qui permettent \u00e0 des personnes en situation de fragilit\u00e9 ou d\u2019exclusion d\u2019acc\u00e9der aux sports outdoor.<\/p>\n<\/div>\n<\/div>\n\n\n\n<div data-wp-class--is-open=\"state.isOpen\" data-wp-context=\"{ &quot;id&quot;: &quot;accordion-item-12&quot;, &quot;openByDefault&quot;: false }\" data-wp-init=\"callbacks.initAccordionItems\" data-wp-on-window--hashchange=\"callbacks.hashChange\" class=\"wp-block-accordion-item is-layout-flow wp-block-accordion-item-is-layout-flow\" style=\"margin-top:0px;margin-bottom:0px\">\n<h3 class=\"wp-block-accordion-heading\"><button aria-expanded=\"false\" aria-controls=\"accordion-item-12-panel\" data-wp-bind--aria-expanded=\"state.isOpen\" data-wp-on--click=\"actions.toggle\" data-wp-on--keydown=\"actions.handleKeyDown\" id=\"accordion-item-12\" type=\"button\" class=\"wp-block-accordion-heading__toggle\"><span class=\"wp-block-accordion-heading__toggle-title\"><strong>Salomon contribue-t-elle \u00e0 la Fondation ?<\/strong><\/span><span class=\"wp-block-accordion-heading__toggle-icon\" aria-hidden=\"true\">+<\/span><\/button><\/h3>\n\n\n\n<div inert aria-labelledby=\"accordion-item-12\" data-wp-bind--inert=\"!state.isOpen\" id=\"accordion-item-12-panel\" role=\"region\" class=\"wp-block-accordion-panel is-layout-flow wp-block-accordion-panel-is-layout-flow\">\n<p>Oui. Salomon apporte un soutien financier annuel \u00e0 la Fondation Salomon.<br>Ce financement permet de soutenir des organisations dans le monde entier et de couvrir les frais de fonctionnement de la Fondation.<\/p>\n\n\n\n<p>Ainsi, 100 % des dons externes sont directement consacr\u00e9s aux personnes et aux organisations accompagn\u00e9es.<\/p>\n<\/div>\n<\/div>\n\n\n\n<div data-wp-class--is-open=\"state.isOpen\" data-wp-context=\"{ &quot;id&quot;: &quot;accordion-item-13&quot;, &quot;openByDefault&quot;: false }\" data-wp-init=\"callbacks.initAccordionItems\" data-wp-on-window--hashchange=\"callbacks.hashChange\" class=\"wp-block-accordion-item is-layout-flow wp-block-accordion-item-is-layout-flow\" style=\"margin-top:0px;margin-bottom:0px\">\n<h3 class=\"wp-block-accordion-heading\"><button aria-expanded=\"false\" aria-controls=\"accordion-item-13-panel\" data-wp-bind--aria-expanded=\"state.isOpen\" data-wp-on--click=\"actions.toggle\" data-wp-on--keydown=\"actions.handleKeyDown\" id=\"accordion-item-13\" type=\"button\" class=\"wp-block-accordion-heading__toggle\"><span class=\"wp-block-accordion-heading__toggle-title\"><strong>Comment sont prises les d\u00e9cisions de financement ?<\/strong><\/span><span class=\"wp-block-accordion-heading__toggle-icon\" aria-hidden=\"true\">+<\/span><\/button><\/h3>\n\n\n\n<div inert aria-labelledby=\"accordion-item-13\" data-wp-bind--inert=\"!state.isOpen\" id=\"accordion-item-13-panel\" role=\"region\" class=\"wp-block-accordion-panel is-layout-flow wp-block-accordion-panel-is-layout-flow\">\n<p>La Salomon Foundation s\u2019appuie sur plusieurs crit\u00e8res pour s\u00e9lectionner les personnes et les organisations qu\u2019elle accompagne :<\/p>\n\n\n\n<ul class=\"wp-block-list\">\n<li>leur alignement avec la mission de la Fondation<\/li>\n\n\n\n<li>leur p\u00e9rim\u00e8tre d\u2019action g\u00e9ographique<\/li>\n\n\n\n<li>leur impact<\/li>\n<\/ul>\n\n\n\n<p>L\u2019ensemble des d\u00e9cisions sont valid\u00e9es par le conseil d\u2019administration de la Fondation.<\/p>\n<\/div>\n<\/div>\n<\/div>\n\n\n\n<p><\/p>\n","protected":false},"excerpt":{"rendered":"Une question ? Nous avons la r\u00e9ponse ! les personnes et Assocations que nous accompagnons \u00e0 propos des dons \u00c0 propos de la fondation Salomon","protected":false},"author":1,"featured_media":1531,"parent":0,"menu_order":0,"comment_status":"closed","ping_status":"closed","template":"","meta":{"inline_featured_image":false,"footnotes":""},"class_list":["post-1043","page","type-page","status-publish","has-post-thumbnail","hentry"],"yoast_head":"<!-- This site is optimized with the Yoast SEO plugin v27.2 - https:\/\/yoast.com\/product\/yoast-seo-wordpress\/ -->\n<title>FAQ - Salomon Foundation<\/title>\n<meta name=\"robots\" content=\"index, follow, max-snippet:-1, max-image-preview:large, max-video-preview:-1\" \/>\n<link rel=\"canonical\" href=\"https:\/\/www.fondation-salomon.org\/fr\/faq\/\" \/>\n<meta property=\"og:locale\" content=\"fr_FR\" \/>\n<meta property=\"og:type\" content=\"article\" \/>\n<meta property=\"og:title\" content=\"FAQ - Salomon Foundation\" \/>\n<meta property=\"og:description\" content=\"Une question ? Nous avons la r\u00e9ponse ! les personnes et Assocations que nous accompagnons \u00e0 propos des dons \u00c0 propos de la fondation Salomon\" \/>\n<meta property=\"og:url\" content=\"https:\/\/www.fondation-salomon.org\/fr\/faq\/\" \/>\n<meta property=\"og:site_name\" content=\"Salomon Foundation\" \/>\n<meta property=\"article:publisher\" content=\"https:\/\/www.facebook.com\/Salomon\/?locale=fr_FR\" \/>\n<meta property=\"article:modified_time\" content=\"2026-04-28T19:12:53+00:00\" \/>\n<meta property=\"og:image\" content=\"https:\/\/www.fondation-salomon.org\/app\/uploads\/2026\/04\/88-DSCF8635-scaled.jpg\" \/>\n\t<meta property=\"og:image:width\" content=\"1707\" \/>\n\t<meta property=\"og:image:height\" content=\"2560\" \/>\n\t<meta property=\"og:image:type\" content=\"image\/jpeg\" \/>\n<meta name=\"twitter:card\" content=\"summary_large_image\" \/>\n<meta name=\"twitter:label1\" content=\"Dur\u00e9e de lecture estim\u00e9e\" \/>\n\t<meta name=\"twitter:data1\" content=\"3 minutes\" \/>\n<script type=\"application\/ld+json\" class=\"yoast-schema-graph\">{\"@context\":\"https:\/\/schema.org\",\"@graph\":[{\"@type\":\"WebPage\",\"@id\":\"https:\/\/www.fondation-salomon.org\/fr\/faq\/\",\"url\":\"https:\/\/www.fondation-salomon.org\/fr\/faq\/\",\"name\":\"FAQ - Salomon Foundation\",\"isPartOf\":{\"@id\":\"https:\/\/www.fondation-salomon.org\/#website\"},\"primaryImageOfPage\":{\"@id\":\"https:\/\/www.fondation-salomon.org\/fr\/faq\/#primaryimage\"},\"image\":{\"@id\":\"https:\/\/www.fondation-salomon.org\/fr\/faq\/#primaryimage\"},\"thumbnailUrl\":\"https:\/\/www.fondation-salomon.org\/app\/uploads\/2026\/04\/88-DSCF8635-scaled.jpg\",\"datePublished\":\"2026-02-20T09:45:22+00:00\",\"dateModified\":\"2026-04-28T19:12:53+00:00\",\"breadcrumb\":{\"@id\":\"https:\/\/www.fondation-salomon.org\/fr\/faq\/#breadcrumb\"},\"inLanguage\":\"fr-FR\",\"potentialAction\":[{\"@type\":\"ReadAction\",\"target\":[\"https:\/\/www.fondation-salomon.org\/fr\/faq\/\"]}]},{\"@type\":\"ImageObject\",\"inLanguage\":\"fr-FR\",\"@id\":\"https:\/\/www.fondation-salomon.org\/fr\/faq\/#primaryimage\",\"url\":\"https:\/\/www.fondation-salomon.org\/app\/uploads\/2026\/04\/88-DSCF8635-scaled.jpg\",\"contentUrl\":\"https:\/\/www.fondation-salomon.org\/app\/uploads\/2026\/04\/88-DSCF8635-scaled.jpg\",\"width\":1707,\"height\":2560},{\"@type\":\"BreadcrumbList\",\"@id\":\"https:\/\/www.fondation-salomon.org\/fr\/faq\/#breadcrumb\",\"itemListElement\":[{\"@type\":\"ListItem\",\"position\":1,\"name\":\"Home\",\"item\":\"https:\/\/www.fondation-salomon.org\/fr\/\"},{\"@type\":\"ListItem\",\"position\":2,\"name\":\"FAQ\"}]},{\"@type\":\"WebSite\",\"@id\":\"https:\/\/www.fondation-salomon.org\/#website\",\"url\":\"https:\/\/www.fondation-salomon.org\/\",\"name\":\"Salomon Foundation\",\"description\":\"\",\"publisher\":{\"@id\":\"https:\/\/www.fondation-salomon.org\/#organization\"},\"potentialAction\":[{\"@type\":\"SearchAction\",\"target\":{\"@type\":\"EntryPoint\",\"urlTemplate\":\"https:\/\/www.fondation-salomon.org\/?s={search_term_string}\"},\"query-input\":{\"@type\":\"PropertyValueSpecification\",\"valueRequired\":true,\"valueName\":\"search_term_string\"}}],\"inLanguage\":\"fr-FR\"},{\"@type\":\"Organization\",\"@id\":\"https:\/\/www.fondation-salomon.org\/#organization\",\"name\":\"fondation salomon\",\"url\":\"https:\/\/www.fondation-salomon.org\/\",\"logo\":{\"@type\":\"ImageObject\",\"inLanguage\":\"fr-FR\",\"@id\":\"https:\/\/www.fondation-salomon.org\/#\/schema\/logo\/image\/\",\"url\":\"https:\/\/www.fondation-salomon.org\/app\/uploads\/2026\/03\/SalomonFoundation_LOGO_Horizontal_Noir_SF-scaled.png\",\"contentUrl\":\"https:\/\/www.fondation-salomon.org\/app\/uploads\/2026\/03\/SalomonFoundation_LOGO_Horizontal_Noir_SF-scaled.png\",\"width\":2560,\"height\":569,\"caption\":\"fondation salomon\"},\"image\":{\"@id\":\"https:\/\/www.fondation-salomon.org\/#\/schema\/logo\/image\/\"},\"sameAs\":[\"https:\/\/www.facebook.com\/Salomon\/?locale=fr_FR\",\"https:\/\/www.instagram.com\/salomon_france\/\",\"https:\/\/www.youtube.com\/channel\/UCCH7Ny59oLRGfw3imhL0d7A\"]}]}<\/script>\n<!-- \/ Yoast SEO plugin. -->","yoast_head_json":{"title":"FAQ - Salomon Foundation","robots":{"index":"index","follow":"follow","max-snippet":"max-snippet:-1","max-image-preview":"max-image-preview:large","max-video-preview":"max-video-preview:-1"},"canonical":"https:\/\/www.fondation-salomon.org\/fr\/faq\/","og_locale":"fr_FR","og_type":"article","og_title":"FAQ - Salomon Foundation","og_description":"Une question ? Nous avons la r\u00e9ponse ! les personnes et Assocations que nous accompagnons \u00e0 propos des dons \u00c0 propos de la fondation Salomon","og_url":"https:\/\/www.fondation-salomon.org\/fr\/faq\/","og_site_name":"Salomon Foundation","article_publisher":"https:\/\/www.facebook.com\/Salomon\/?locale=fr_FR","article_modified_time":"2026-04-28T19:12:53+00:00","og_image":[{"width":1707,"height":2560,"url":"https:\/\/www.fondation-salomon.org\/app\/uploads\/2026\/04\/88-DSCF8635-scaled.jpg","type":"image\/jpeg"}],"twitter_card":"summary_large_image","twitter_misc":{"Dur\u00e9e de lecture estim\u00e9e":"3 minutes"},"schema":{"@context":"https:\/\/schema.org","@graph":[{"@type":"WebPage","@id":"https:\/\/www.fondation-salomon.org\/fr\/faq\/","url":"https:\/\/www.fondation-salomon.org\/fr\/faq\/","name":"FAQ - Salomon Foundation","isPartOf":{"@id":"https:\/\/www.fondation-salomon.org\/#website"},"primaryImageOfPage":{"@id":"https:\/\/www.fondation-salomon.org\/fr\/faq\/#primaryimage"},"image":{"@id":"https:\/\/www.fondation-salomon.org\/fr\/faq\/#primaryimage"},"thumbnailUrl":"https:\/\/www.fondation-salomon.org\/app\/uploads\/2026\/04\/88-DSCF8635-scaled.jpg","datePublished":"2026-02-20T09:45:22+00:00","dateModified":"2026-04-28T19:12:53+00:00","breadcrumb":{"@id":"https:\/\/www.fondation-salomon.org\/fr\/faq\/#breadcrumb"},"inLanguage":"fr-FR","potentialAction":[{"@type":"ReadAction","target":["https:\/\/www.fondation-salomon.org\/fr\/faq\/"]}]},{"@type":"ImageObject","inLanguage":"fr-FR","@id":"https:\/\/www.fondation-salomon.org\/fr\/faq\/#primaryimage","url":"https:\/\/www.fondation-salomon.org\/app\/uploads\/2026\/04\/88-DSCF8635-scaled.jpg","contentUrl":"https:\/\/www.fondation-salomon.org\/app\/uploads\/2026\/04\/88-DSCF8635-scaled.jpg","width":1707,"height":2560},{"@type":"BreadcrumbList","@id":"https:\/\/www.fondation-salomon.org\/fr\/faq\/#breadcrumb","itemListElement":[{"@type":"ListItem","position":1,"name":"Home","item":"https:\/\/www.fondation-salomon.org\/fr\/"},{"@type":"ListItem","position":2,"name":"FAQ"}]},{"@type":"WebSite","@id":"https:\/\/www.fondation-salomon.org\/#website","url":"https:\/\/www.fondation-salomon.org\/","name":"Salomon Foundation","description":"","publisher":{"@id":"https:\/\/www.fondation-salomon.org\/#organization"},"potentialAction":[{"@type":"SearchAction","target":{"@type":"EntryPoint","urlTemplate":"https:\/\/www.fondation-salomon.org\/?s={search_term_string}"},"query-input":{"@type":"PropertyValueSpecification","valueRequired":true,"valueName":"search_term_string"}}],"inLanguage":"fr-FR"},{"@type":"Organization","@id":"https:\/\/www.fondation-salomon.org\/#organization","name":"fondation salomon","url":"https:\/\/www.fondation-salomon.org\/","logo":{"@type":"ImageObject","inLanguage":"fr-FR","@id":"https:\/\/www.fondation-salomon.org\/#\/schema\/logo\/image\/","url":"https:\/\/www.fondation-salomon.org\/app\/uploads\/2026\/03\/SalomonFoundation_LOGO_Horizontal_Noir_SF-scaled.png","contentUrl":"https:\/\/www.fondation-salomon.org\/app\/uploads\/2026\/03\/SalomonFoundation_LOGO_Horizontal_Noir_SF-scaled.png","width":2560,"height":569,"caption":"fondation salomon"},"image":{"@id":"https:\/\/www.fondation-salomon.org\/#\/schema\/logo\/image\/"},"sameAs":["https:\/\/www.facebook.com\/Salomon\/?locale=fr_FR","https:\/\/www.instagram.com\/salomon_france\/","https:\/\/www.youtube.com\/channel\/UCCH7Ny59oLRGfw3imhL0d7A"]}]}},"_links":{"self":[{"href":"https:\/\/www.fondation-salomon.org\/fr\/wp-json\/wp\/v2\/pages\/1043","targetHints":{"allow":["GET"]}}],"collection":[{"href":"https:\/\/www.fondation-salomon.org\/fr\/wp-json\/wp\/v2\/pages"}],"about":[{"href":"https:\/\/www.fondation-salomon.org\/fr\/wp-json\/wp\/v2\/types\/page"}],"author":[{"embeddable":true,"href":"https:\/\/www.fondation-salomon.org\/fr\/wp-json\/wp\/v2\/users\/1"}],"replies":[{"embeddable":true,"href":"https:\/\/www.fondation-salomon.org\/fr\/wp-json\/wp\/v2\/comments?post=1043"}],"version-history":[{"count":21,"href":"https:\/\/www.fondation-salomon.org\/fr\/wp-json\/wp\/v2\/pages\/1043\/revisions"}],"predecessor-version":[{"id":2444,"href":"https:\/\/www.fondation-salomon.org\/fr\/wp-json\/wp\/v2\/pages\/1043\/revisions\/2444"}],"wp:featuredmedia":[{"embeddable":true,"href":"https:\/\/www.fondation-salomon.org\/fr\/wp-json\/wp\/v2\/media\/1531"}],"wp:attachment":[{"href":"https:\/\/www.fondation-salomon.org\/fr\/wp-json\/wp\/v2\/media?parent=1043"}],"curies":[{"name":"wp","href":"https:\/\/api.w.org\/{rel}","templated":true}]}}