{"id":1035,"date":"2026-02-20T07:44:32","date_gmt":"2026-02-20T07:44:32","guid":{"rendered":"https:\/\/www.fondation-salomon.org\/what-we-stand-for\/"},"modified":"2026-04-28T09:31:01","modified_gmt":"2026-04-28T09:31:01","slug":"nos-engagements","status":"publish","type":"page","link":"https:\/\/www.fondation-salomon.org\/fr\/nos-engagements\/","title":{"rendered":"DEPUIS LES SOMMETS, JUSQU\u2019\u00c0 VOUS."},"content":{"rendered":"\n<div class=\"wp-block-group alignfull has-global-padding is-layout-constrained wp-container-core-group-is-layout-ae1ce1f8 wp-block-group-is-layout-constrained\">\n<div class=\"wp-block-group alignwide is-content-justification-space-between is-layout-flex wp-container-core-group-is-layout-e5edad21 wp-block-group-is-layout-flex\">\n<h3 class=\"wp-block-heading\"><strong>Notre engagement<\/strong><\/h3>\n\n\n\n<div class=\"wp-block-group has-base-background-color has-background has-global-padding is-layout-constrained wp-container-core-group-is-layout-715153ea wp-block-group-is-layout-constrained\">\n<p>La Salomon Foundation repose sur deux piliers : accompagner les professionnel\u00b7les de la montagne dans les \u00e9preuves les plus marquantes de leur vie, et soutenir des associations qui font de la montagne un puissant levier d\u2019inclusion dans 13 pays.<\/p>\n<\/div>\n<\/div>\n<\/div>\n\n\n\n<div class=\"wp-block-group alignwide pattern-hero is-style-line-watch has-base-background-color has-background is-vertical is-content-justification-left is-nowrap is-layout-flex wp-container-core-group-is-layout-4b0a02c2 wp-block-group-is-layout-flex\" style=\"padding-top:var(--wp--preset--spacing--70);padding-bottom:var(--wp--preset--spacing--107)\">\n<div class=\"wp-block-group is-vertical is-layout-flex wp-container-core-group-is-layout-fe9cc265 wp-block-group-is-layout-flex\">\n<h3 class=\"wp-block-heading\"><strong>ASSOCIATIONS SOUTENUES<\/strong><\/h3>\n\n\n\n<p class=\"has-inter-font-family\">Ensemble, nous soutenons des associations qui \u0153uvrent \u00e0 rendre la montagne plus accessible et inclusive, pour des personnes en situation de handicap, malades, des publics pr\u00e9caires ou \u00e9loign\u00e9s des grands espaces.<\/p>\n\n\n\n<div class=\"wp-block-group is-nowrap is-layout-flex wp-container-core-group-is-layout-6c531013 wp-block-group-is-layout-flex\">\n<ul class=\"wp-block-list\">\n<li>Angleterre<\/li>\n\n\n\n<li>France<\/li>\n\n\n\n<li>Italie<\/li>\n\n\n\n<li>Mexique<\/li>\n\n\n\n<li>Pakistan<\/li>\n\n\n\n<li>Su\u00e8de<\/li>\n<\/ul>\n\n\n\n<ul class=\"wp-block-list\">\n<li>Canada<\/li>\n\n\n\n<li>Finlande<\/li>\n\n\n\n<li>Allemagne<\/li>\n\n\n\n<li>Madagascar<\/li>\n\n\n\n<li>Norv\u00e8ge<\/li>\n\n\n\n<li>Espagne<\/li>\n\n\n\n<li>USA<\/li>\n<\/ul>\n<\/div>\n<\/div>\n\n\n\n<figure class=\"wp-block-image size-full\"><img decoding=\"async\" src=\"https:\/\/www.fondation-salomon.org\/app\/uploads\/2026\/04\/map-1-scaled.png\" alt=\"\" class=\"wp-image-1914\"\/><\/figure>\n<\/div>\n\n\n\n<div class=\"wp-block-group alignwide is-style-line-watch is-layout-flow wp-block-group-is-layout-flow\" style=\"margin-bottom:var(--wp--preset--spacing--107)\">\n<div class=\"wp-block-group has-base-background-color has-background has-global-padding is-layout-constrained wp-container-core-group-is-layout-e87393a8 wp-block-group-is-layout-constrained\" style=\"padding-top:var(--wp--preset--spacing--70);padding-bottom:var(--wp--preset--spacing--100)\">\n<div class=\"wp-block-group is-vertical is-content-justification-center is-layout-flex wp-container-core-group-is-layout-ce155fab wp-block-group-is-layout-flex\">\n<h2 class=\"wp-block-heading has-text-align-center\">Deux piliers.<br>deux fa\u00e7ons d&#8217;agir<\/h2>\n<\/div>\n<\/div>\n\n\n\n<div class=\"wp-block-columns columns-justify-between is-layout-flex wp-container-core-columns-is-layout-28f84493 wp-block-columns-is-layout-flex\">\n<div class=\"wp-block-column is-layout-flow wp-block-column-is-layout-flow\" style=\"flex-basis:608px\">\n<div class=\"wp-block-group rellax speed-2n relative has-global-padding is-layout-constrained wp-block-group-is-layout-constrained\">\n<h3 class=\"wp-block-heading has-text-align-center\">Soutenir les professionnels <br>de la montagne accident\u00e9s<\/h3>\n\n\n\n<p class=\"has-text-align-center has-salomon-sans-font-family has-small-font-size\" style=\"text-transform:uppercase\">Soutenir<\/p>\n\n\n\n<figure class=\"wp-block-image size-full is-style-cover\" style=\"margin-top:var(--wp--preset--spacing--65);margin-bottom:var(--wp--preset--spacing--65)\"><img decoding=\"async\" src=\"https:\/\/www.fondation-salomon.org\/app\/uploads\/2026\/03\/image.png\" alt=\"\" class=\"wp-image-1867\"\/><\/figure>\n\n\n\n<div class=\"wp-block-group is-layout-flow wp-block-group-is-layout-flow\" style=\"margin-top:var(--wp--preset--spacing--65)\">\n<p>Depuis 1999, nous accompagnons les professionnel\u00b7les de la montagne lorsque la vie prend un tournant brutal. <br>Blessure, pr\u00e9carit\u00e9, perte : nous sommes l\u00e0, avec pr\u00e9sence et engagement.<\/p>\n\n\n\n<p><a href=\"https:\/\/www.fondation-salomon.org\/fr\/soutenir-les-professionnels-des-sports-de-plein-air-dans-le-besoin\/\">Notre soutien<\/a><\/p>\n<\/div>\n<\/div>\n<\/div>\n\n\n\n<div class=\"wp-block-column is-layout-flow wp-block-column-is-layout-flow\" style=\"flex-basis:608px\">\n<div class=\"wp-block-group rellax speed-2 relative has-global-padding is-layout-constrained wp-block-group-is-layout-constrained\">\n<h3 class=\"wp-block-heading has-text-align-center\">Aux c\u00f4t\u00e9s des associations <\/h3>\n\n\n\n<p class=\"has-text-align-center has-salomon-sans-font-family has-small-font-size\" style=\"text-transform:uppercase\">R\u00e9v\u00e9ler<\/p>\n\n\n\n<figure class=\"wp-block-image size-full is-style-cover\" style=\"margin-top:var(--wp--preset--spacing--65);margin-bottom:var(--wp--preset--spacing--65)\"><img decoding=\"async\" width=\"608\" height=\"680\" src=\"https:\/\/www.fondation-salomon.org\/app\/uploads\/2026\/03\/image-1-1.png\" alt=\"\" class=\"wp-image-594\" srcset=\"https:\/\/www.fondation-salomon.org\/app\/uploads\/2026\/03\/image-1-1.png 608w, https:\/\/www.fondation-salomon.org\/app\/uploads\/2026\/03\/image-1-1-268x300.png 268w\" sizes=\"(max-width: 608px) 100vw, 608px\" \/><\/figure>\n\n\n\n<div class=\"wp-block-group is-layout-flow wp-block-group-is-layout-flow\" style=\"margin-top:var(--wp--preset--spacing--65)\">\n<p>Partout dans le monde, des associations font de la montagne un levier pour d\u00e9passer les barri\u00e8res. Nous avan\u00e7ons avec elles. Handicap, maladie, exclusion sociale, exil : la montagne devient un espace de transformation.<br>Plus qu\u2019un soutien financier, un engagement dans la dur\u00e9e, au minimum trois ans.<\/p>\n\n\n\n<p><a href=\"https:\/\/www.fondation-salomon.org\/fr\/soutenir-les-organisations-a-but-non-lucratif\/\">D\u00e9couvrir les associations soutenues<\/a><\/p>\n<\/div>\n<\/div>\n<\/div>\n<\/div>\n<\/div>\n\n\n\n<div class=\"wp-block-group alignwide key-figure is-style-line-watch has-base-background-color has-background has-global-padding is-layout-constrained wp-block-group-is-layout-constrained\" id=\"organizations-title\" style=\"margin-top:var(--wp--preset--spacing--100);margin-bottom:0px;padding-top:var(--wp--preset--spacing--70);padding-bottom:var(--wp--preset--spacing--100)\">\n<h2 class=\"wp-block-heading has-text-align-center\"><strong>CEux et celles qu<\/strong>e nous soutenons<\/h2>\n<\/div>\n\n\n\n<div class=\"wp-block-group alignfull pattern-organizations-swiper has-base-background-color has-background is-layout-flow wp-block-group-is-layout-flow\" style=\"margin-top:0px;margin-bottom:0px;padding-bottom:var(--wp--preset--spacing--90)\">\n<div class=\"wp-block-terms-query is-layout-flow wp-block-terms-query-is-layout-flow\"><ul class=\"wp-block-term-template is-layout-flow wp-block-term-template-is-layout-flow\"><li class=\"wp-block-term term-all organization-tag taxonomy-organization-tag\">\n\t\t\t\t<p class=\"wp-block-term-name active\" data-term-slug=\"all\">\n\t\t\t\t\t<a href=\"#\" data-slider-target=\"all\">Tous<\/a>\n\t\t\t\t<\/p>\n\t\t\t<\/li><li class=\"wp-block-term term-51 organization-tag taxonomy-organization-tag\">\n<p class=\"wp-block-term-name\"><a href=\"https:\/\/www.fondation-salomon.org\/fr\/organization-tag\/sante-handicap\/\">Sant\u00e9 &amp; Handicap<\/a><\/p>\n<\/li><li class=\"wp-block-term term-52 organization-tag taxonomy-organization-tag\">\n<p class=\"wp-block-term-name\"><a href=\"https:\/\/www.fondation-salomon.org\/fr\/organization-tag\/diversite\/\">Diversit\u00e9<\/a><\/p>\n<\/li><li class=\"wp-block-term term-46 organization-tag taxonomy-organization-tag\">\n<p class=\"wp-block-term-name\"><a href=\"https:\/\/www.fondation-salomon.org\/fr\/organization-tag\/education\/\">\u00c9ducation<\/a><\/p>\n<\/li><\/ul><\/div>\n\n\n\n<div class=\"wp-block-group content-blocks-container is-layout-flow wp-block-group-is-layout-flow\" style=\"margin-top:0px;margin-bottom:0px\">\n<div class=\"wp-block-group swiper-content-block is-layout-flow wp-block-group-is-layout-flow\" style=\"margin-top:0px;margin-bottom:0px\"><section class=\"wp-block-grdnrs-swiper\" data-swiper-type=\"query\" data-swiper-style=\"slider\" >\n\t\n\n<div data-qllm-query-region=\"1\" class=\"wp-block-query is-layout-flow wp-block-query-is-layout-flow\"><ul style=\"padding-bottom:var(--wp--preset--spacing--45);\" class=\"wp-block-post-template is-layout-flow wp-block-post-template-is-layout-flow\"><li class=\"wp-block-post post-2128 organization type-organization status-publish has-post-thumbnail hentry organization-tag-autonomie organization-tag-handicap organization-tag-integration-sociale\">\n<figure style=\"aspect-ratio:3\/4;\" class=\"wp-block-post-featured-image\"><a href=\"https:\/\/www.fondation-salomon.org\/fr\/organization\/accueil-savoie-handicap\/\" target=\"_self\"  ><img decoding=\"async\" width=\"1204\" height=\"902\" src=\"https:\/\/www.fondation-salomon.org\/app\/uploads\/2026\/04\/Accueil-Savoie-Handicap-Fondation-Salomon.png\" class=\"attachment-post-thumbnail size-post-thumbnail wp-post-image\" alt=\"Accueil Savoie Handicap\" style=\"width:100%;height:100%;object-fit:cover;\" srcset=\"https:\/\/www.fondation-salomon.org\/app\/uploads\/2026\/04\/Accueil-Savoie-Handicap-Fondation-Salomon.png 1204w, https:\/\/www.fondation-salomon.org\/app\/uploads\/2026\/04\/Accueil-Savoie-Handicap-Fondation-Salomon-300x225.png 300w, https:\/\/www.fondation-salomon.org\/app\/uploads\/2026\/04\/Accueil-Savoie-Handicap-Fondation-Salomon-1024x767.png 1024w, https:\/\/www.fondation-salomon.org\/app\/uploads\/2026\/04\/Accueil-Savoie-Handicap-Fondation-Salomon-768x575.png 768w\" sizes=\"(max-width: 1204px) 100vw, 1204px\" \/><\/a><\/figure>\n\n\n<div class=\"wp-block-group is-vertical is-layout-flex wp-container-core-group-is-layout-8b35703c wp-block-group-is-layout-flex\" style=\"margin-top:0px;margin-bottom:0px;padding-top:var(--wp--preset--spacing--60);padding-right:var(--wp--preset--spacing--60);padding-left:var(--wp--preset--spacing--60)\"><h3 style=\"text-transform:none; padding-bottom:0px;padding-top:0px;margin-top:0px;margin-bottom:0px;\" class=\"wp-block-post-title has-medium-font-size\">Accueil Savoie Handicap<\/h3>\n\n<div style=\"margin-top:0px;margin-bottom:0px\" class=\"taxonomy-organization-tag wp-block-post-terms\"><span>Autonomie<\/span><span class=\"wp-block-post-terms__separator\">, <\/span><span>Handicap<\/span><span class=\"wp-block-post-terms__separator\">, <\/span><span>int\u00e9gration sociale<\/span><\/div>\n\n<div style=\"margin-top:0px;margin-bottom:0px;\" class=\"wp-block-post-excerpt\"><p class=\"wp-block-post-excerpt__excerpt\">Accompagnement de personnes en situation de handicap, \u00e0 la fois sur le plan m\u00e9dical et social. Pr\u00e8s de 400 personnes accompagn\u00e9es vers l\u2019autonomie et l\u2019inclusion.<\/p><p class=\"wp-block-post-excerpt__more-text\"><a class=\"wp-block-post-excerpt__more-link\" href=\"https:\/\/www.fondation-salomon.org\/fr\/organization\/accueil-savoie-handicap\/\">Read more<\/a><\/p><\/div><\/div>\n\n<\/li><li class=\"wp-block-post post-1634 organization type-organization status-publish has-post-thumbnail hentry organization-tag-autonomie organization-tag-education\">\n<figure style=\"aspect-ratio:3\/4;\" class=\"wp-block-post-featured-image\"><a href=\"https:\/\/www.fondation-salomon.org\/fr\/organization\/zom-connection\/\" target=\"_self\"  ><img decoding=\"async\" width=\"1920\" height=\"1535\" src=\"https:\/\/www.fondation-salomon.org\/app\/uploads\/2026\/04\/Photo-Zom.png\" class=\"attachment-post-thumbnail size-post-thumbnail wp-post-image\" alt=\"Zom Connection\" style=\"width:100%;height:100%;object-fit:cover;\" srcset=\"https:\/\/www.fondation-salomon.org\/app\/uploads\/2026\/04\/Photo-Zom.png 1920w, https:\/\/www.fondation-salomon.org\/app\/uploads\/2026\/04\/Photo-Zom-300x240.png 300w, https:\/\/www.fondation-salomon.org\/app\/uploads\/2026\/04\/Photo-Zom-1024x819.png 1024w, https:\/\/www.fondation-salomon.org\/app\/uploads\/2026\/04\/Photo-Zom-768x614.png 768w, https:\/\/www.fondation-salomon.org\/app\/uploads\/2026\/04\/Photo-Zom-1536x1228.png 1536w\" sizes=\"(max-width: 1920px) 100vw, 1920px\" \/><\/a><\/figure>\n\n\n<div class=\"wp-block-group is-vertical is-layout-flex wp-container-core-group-is-layout-8b35703c wp-block-group-is-layout-flex\" style=\"margin-top:0px;margin-bottom:0px;padding-top:var(--wp--preset--spacing--60);padding-right:var(--wp--preset--spacing--60);padding-left:var(--wp--preset--spacing--60)\"><h3 style=\"text-transform:none; padding-bottom:0px;padding-top:0px;margin-top:0px;margin-bottom:0px;\" class=\"wp-block-post-title has-medium-font-size\">Zom Connection<\/h3>\n\n<div style=\"margin-top:0px;margin-bottom:0px\" class=\"taxonomy-organization-tag wp-block-post-terms\"><span>Autonomie<\/span><span class=\"wp-block-post-terms__separator\">, <\/span><span>\u00c9ducation<\/span><\/div>\n\n<div style=\"margin-top:0px;margin-bottom:0px;\" class=\"wp-block-post-excerpt\"><p class=\"wp-block-post-excerpt__excerpt\">Zom Connection accompagne des communaut\u00e9s isol\u00e9es du nord du Pakistan, en faisant des sports de montagne un levier d\u2019action pour le climat et l\u2019\u00e9conomie locale.<\/p><p class=\"wp-block-post-excerpt__more-text\"><a class=\"wp-block-post-excerpt__more-link\" href=\"https:\/\/www.fondation-salomon.org\/fr\/organization\/zom-connection\/\">Read more<\/a><\/p><\/div><\/div>\n\n<\/li><li class=\"wp-block-post post-2126 organization type-organization status-publish has-post-thumbnail hentry organization-tag-autonomie organization-tag-diversite organization-tag-education\">\n<figure style=\"aspect-ratio:3\/4;\" class=\"wp-block-post-featured-image\"><a href=\"https:\/\/www.fondation-salomon.org\/fr\/organization\/youth-adventure-trust\/\" target=\"_self\"  ><img decoding=\"async\" width=\"1600\" height=\"1200\" src=\"https:\/\/www.fondation-salomon.org\/app\/uploads\/2026\/04\/LBRR7946.jpg\" class=\"attachment-post-thumbnail size-post-thumbnail wp-post-image\" alt=\"Youth Adventure Trust\" style=\"width:100%;height:100%;object-fit:cover;\" srcset=\"https:\/\/www.fondation-salomon.org\/app\/uploads\/2026\/04\/LBRR7946.jpg 1600w, https:\/\/www.fondation-salomon.org\/app\/uploads\/2026\/04\/LBRR7946-300x225.jpg 300w, https:\/\/www.fondation-salomon.org\/app\/uploads\/2026\/04\/LBRR7946-1024x768.jpg 1024w, https:\/\/www.fondation-salomon.org\/app\/uploads\/2026\/04\/LBRR7946-768x576.jpg 768w, https:\/\/www.fondation-salomon.org\/app\/uploads\/2026\/04\/LBRR7946-1536x1152.jpg 1536w\" sizes=\"(max-width: 1600px) 100vw, 1600px\" \/><\/a><\/figure>\n\n\n<div class=\"wp-block-group is-vertical is-layout-flex wp-container-core-group-is-layout-8b35703c wp-block-group-is-layout-flex\" style=\"margin-top:0px;margin-bottom:0px;padding-top:var(--wp--preset--spacing--60);padding-right:var(--wp--preset--spacing--60);padding-left:var(--wp--preset--spacing--60)\"><h3 style=\"text-transform:none; padding-bottom:0px;padding-top:0px;margin-top:0px;margin-bottom:0px;\" class=\"wp-block-post-title has-medium-font-size\">Youth Adventure Trust<\/h3>\n\n<div style=\"margin-top:0px;margin-bottom:0px\" class=\"taxonomy-organization-tag wp-block-post-terms\"><span>Autonomie<\/span><span class=\"wp-block-post-terms__separator\">, <\/span><span>Diversit\u00e9<\/span><span class=\"wp-block-post-terms__separator\">, <\/span><span>\u00c9ducation<\/span><\/div>\n\n<div style=\"margin-top:0px;margin-bottom:0px;\" class=\"wp-block-post-excerpt\"><p class=\"wp-block-post-excerpt__excerpt\">Accompagner des jeunes en situation de fragilit\u00e9 au Royaume-Uni gr\u00e2ce \u00e0 des programmes d\u2019aventure en pleine nature. Renforcer la confiance, la r\u00e9silience et les comp\u00e9tences de vie pour un impact durable.<\/p><p class=\"wp-block-post-excerpt__more-text\"><a class=\"wp-block-post-excerpt__more-link\" href=\"https:\/\/www.fondation-salomon.org\/fr\/organization\/youth-adventure-trust\/\">Read more<\/a><\/p><\/div><\/div>\n\n<\/li><li class=\"wp-block-post post-2123 organization type-organization status-publish has-post-thumbnail hentry organization-tag-autonomie organization-tag-diversite\">\n<figure style=\"aspect-ratio:3\/4;\" class=\"wp-block-post-featured-image\"><a href=\"https:\/\/www.fondation-salomon.org\/fr\/organization\/yambi-2\/\" target=\"_self\"  ><img decoding=\"async\" width=\"1439\" height=\"1799\" src=\"https:\/\/www.fondation-salomon.org\/app\/uploads\/2026\/04\/471988332_1095187112350709_7123670729971882_n.jpg\" class=\"attachment-post-thumbnail size-post-thumbnail wp-post-image\" alt=\"YAMBI\" style=\"width:100%;height:100%;object-fit:cover;\" srcset=\"https:\/\/www.fondation-salomon.org\/app\/uploads\/2026\/04\/471988332_1095187112350709_7123670729971882_n.jpg 1439w, https:\/\/www.fondation-salomon.org\/app\/uploads\/2026\/04\/471988332_1095187112350709_7123670729971882_n-240x300.jpg 240w, https:\/\/www.fondation-salomon.org\/app\/uploads\/2026\/04\/471988332_1095187112350709_7123670729971882_n-819x1024.jpg 819w, https:\/\/www.fondation-salomon.org\/app\/uploads\/2026\/04\/471988332_1095187112350709_7123670729971882_n-768x960.jpg 768w, https:\/\/www.fondation-salomon.org\/app\/uploads\/2026\/04\/471988332_1095187112350709_7123670729971882_n-1229x1536.jpg 1229w\" sizes=\"(max-width: 1439px) 100vw, 1439px\" \/><\/a><\/figure>\n\n\n<div class=\"wp-block-group is-vertical is-layout-flex wp-container-core-group-is-layout-8b35703c wp-block-group-is-layout-flex\" style=\"margin-top:0px;margin-bottom:0px;padding-top:var(--wp--preset--spacing--60);padding-right:var(--wp--preset--spacing--60);padding-left:var(--wp--preset--spacing--60)\"><h3 style=\"text-transform:none; padding-bottom:0px;padding-top:0px;margin-top:0px;margin-bottom:0px;\" class=\"wp-block-post-title has-medium-font-size\">YAMBI<\/h3>\n\n<div style=\"margin-top:0px;margin-bottom:0px\" class=\"taxonomy-organization-tag wp-block-post-terms\"><span>Autonomie<\/span><span class=\"wp-block-post-terms__separator\">, <\/span><span>Diversit\u00e9<\/span><\/div>\n\n<div style=\"margin-top:0px;margin-bottom:0px;\" class=\"wp-block-post-excerpt\"><p class=\"wp-block-post-excerpt__excerpt\">Accompagner des personnes r\u00e9fugi\u00e9es gr\u00e2ce aux activit\u00e9s de montagne, comme espace de lien et de reconstruction. Favoriser l\u2019int\u00e9gration, la confiance et de nouveaux parcours de vie.<\/p><p class=\"wp-block-post-excerpt__more-text\"><a class=\"wp-block-post-excerpt__more-link\" href=\"https:\/\/www.fondation-salomon.org\/fr\/organization\/yambi-2\/\">Read more<\/a><\/p><\/div><\/div>\n\n<\/li><li class=\"wp-block-post post-2110 organization type-organization status-publish has-post-thumbnail hentry organization-tag-diversite organization-tag-education organization-tag-inclusion\">\n<figure style=\"aspect-ratio:3\/4;\" class=\"wp-block-post-featured-image\"><a href=\"https:\/\/www.fondation-salomon.org\/fr\/organization\/sport-sans-frontieres\/\" target=\"_self\"  ><img decoding=\"async\" width=\"1500\" height=\"1001\" src=\"https:\/\/www.fondation-salomon.org\/app\/uploads\/2026\/04\/SSF1.jpg\" class=\"attachment-post-thumbnail size-post-thumbnail wp-post-image\" alt=\"Sport senza Frontiere\" style=\"width:100%;height:100%;object-fit:cover;\" srcset=\"https:\/\/www.fondation-salomon.org\/app\/uploads\/2026\/04\/SSF1.jpg 1500w, https:\/\/www.fondation-salomon.org\/app\/uploads\/2026\/04\/SSF1-300x200.jpg 300w, https:\/\/www.fondation-salomon.org\/app\/uploads\/2026\/04\/SSF1-1024x683.jpg 1024w, https:\/\/www.fondation-salomon.org\/app\/uploads\/2026\/04\/SSF1-768x513.jpg 768w\" sizes=\"(max-width: 1500px) 100vw, 1500px\" \/><\/a><\/figure>\n\n\n<div class=\"wp-block-group is-vertical is-layout-flex wp-container-core-group-is-layout-8b35703c wp-block-group-is-layout-flex\" style=\"margin-top:0px;margin-bottom:0px;padding-top:var(--wp--preset--spacing--60);padding-right:var(--wp--preset--spacing--60);padding-left:var(--wp--preset--spacing--60)\"><h3 style=\"text-transform:none; padding-bottom:0px;padding-top:0px;margin-top:0px;margin-bottom:0px;\" class=\"wp-block-post-title has-medium-font-size\">Sport senza Frontiere<\/h3>\n\n<div style=\"margin-top:0px;margin-bottom:0px\" class=\"taxonomy-organization-tag wp-block-post-terms\"><span>Diversit\u00e9<\/span><span class=\"wp-block-post-terms__separator\">, <\/span><span>\u00c9ducation<\/span><span class=\"wp-block-post-terms__separator\">, <\/span><span>Inclusion<\/span><\/div>\n\n<div style=\"margin-top:0px;margin-bottom:0px;\" class=\"wp-block-post-excerpt\"><p class=\"wp-block-post-excerpt__excerpt\">Utiliser le sport pour accompagner des jeunes en situation de fragilit\u00e9 et lutter contre les in\u00e9galit\u00e9s sociales en Italie. Favoriser l\u2019inclusion, l\u2019\u00e9ducation et l\u2019acc\u00e8s au sport pour un impact durable.<\/p><p class=\"wp-block-post-excerpt__more-text\"><a class=\"wp-block-post-excerpt__more-link\" href=\"https:\/\/www.fondation-salomon.org\/fr\/organization\/sport-sans-frontieres\/\">Read more<\/a><\/p><\/div><\/div>\n\n<\/li><li class=\"wp-block-post post-2133 organization type-organization status-publish has-post-thumbnail hentry organization-tag-diversite organization-tag-integration-sociale organization-tag-jeunesse\">\n<figure style=\"aspect-ratio:3\/4;\" class=\"wp-block-post-featured-image\"><a href=\"https:\/\/www.fondation-salomon.org\/fr\/organization\/sport-dans-la-ville-2\/\" target=\"_self\"  ><img decoding=\"async\" width=\"583\" height=\"663\" src=\"https:\/\/www.fondation-salomon.org\/app\/uploads\/2026\/04\/jeunes-ski.jpg\" class=\"attachment-post-thumbnail size-post-thumbnail wp-post-image\" alt=\"Sport dans la Ville\" style=\"width:100%;height:100%;object-fit:cover;\" srcset=\"https:\/\/www.fondation-salomon.org\/app\/uploads\/2026\/04\/jeunes-ski.jpg 583w, https:\/\/www.fondation-salomon.org\/app\/uploads\/2026\/04\/jeunes-ski-264x300.jpg 264w\" sizes=\"(max-width: 583px) 100vw, 583px\" \/><\/a><\/figure>\n\n\n<div class=\"wp-block-group is-vertical is-layout-flex wp-container-core-group-is-layout-8b35703c wp-block-group-is-layout-flex\" style=\"margin-top:0px;margin-bottom:0px;padding-top:var(--wp--preset--spacing--60);padding-right:var(--wp--preset--spacing--60);padding-left:var(--wp--preset--spacing--60)\"><h3 style=\"text-transform:none; padding-bottom:0px;padding-top:0px;margin-top:0px;margin-bottom:0px;\" class=\"wp-block-post-title has-medium-font-size\">Sport dans la Ville<\/h3>\n\n<div style=\"margin-top:0px;margin-bottom:0px\" class=\"taxonomy-organization-tag wp-block-post-terms\"><span>Diversit\u00e9<\/span><span class=\"wp-block-post-terms__separator\">, <\/span><span>int\u00e9gration sociale<\/span><span class=\"wp-block-post-terms__separator\">, <\/span><span>Jeunesse<\/span><\/div>\n\n<div style=\"margin-top:0px;margin-bottom:0px;\" class=\"wp-block-post-excerpt\"><p class=\"wp-block-post-excerpt__excerpt\">Accompagner des jeunes issus de quartiers prioritaires gr\u00e2ce au sport et \u00e0 un accompagnement personnalis\u00e9. Leur permettre de gagner en confiance, de nourrir leur ambition et d\u2019ouvrir de nouvelles perspectives pour leur avenir.<\/p><p class=\"wp-block-post-excerpt__more-text\"><a class=\"wp-block-post-excerpt__more-link\" href=\"https:\/\/www.fondation-salomon.org\/fr\/organization\/sport-dans-la-ville-2\/\">Read more<\/a><\/p><\/div><\/div>\n\n<\/li><li class=\"wp-block-post post-2120 organization type-organization status-publish has-post-thumbnail hentry organization-tag-autonomie organization-tag-handicap organization-tag-sante\">\n<figure style=\"aspect-ratio:3\/4;\" class=\"wp-block-post-featured-image\"><a href=\"https:\/\/www.fondation-salomon.org\/fr\/organization\/so-every-body-can-move\/\" target=\"_self\"  ><img decoding=\"async\" width=\"2048\" height=\"1366\" src=\"https:\/\/www.fondation-salomon.org\/app\/uploads\/2026\/04\/IMG_2050.jpg\" class=\"attachment-post-thumbnail size-post-thumbnail wp-post-image\" alt=\"So Every BODY Can Move\" style=\"width:100%;height:100%;object-fit:cover;\" srcset=\"https:\/\/www.fondation-salomon.org\/app\/uploads\/2026\/04\/IMG_2050.jpg 2048w, https:\/\/www.fondation-salomon.org\/app\/uploads\/2026\/04\/IMG_2050-300x200.jpg 300w, https:\/\/www.fondation-salomon.org\/app\/uploads\/2026\/04\/IMG_2050-1024x683.jpg 1024w, https:\/\/www.fondation-salomon.org\/app\/uploads\/2026\/04\/IMG_2050-768x512.jpg 768w, https:\/\/www.fondation-salomon.org\/app\/uploads\/2026\/04\/IMG_2050-1536x1025.jpg 1536w\" sizes=\"(max-width: 2048px) 100vw, 2048px\" \/><\/a><\/figure>\n\n\n<div class=\"wp-block-group is-vertical is-layout-flex wp-container-core-group-is-layout-8b35703c wp-block-group-is-layout-flex\" style=\"margin-top:0px;margin-bottom:0px;padding-top:var(--wp--preset--spacing--60);padding-right:var(--wp--preset--spacing--60);padding-left:var(--wp--preset--spacing--60)\"><h3 style=\"text-transform:none; padding-bottom:0px;padding-top:0px;margin-top:0px;margin-bottom:0px;\" class=\"wp-block-post-title has-medium-font-size\">So Every BODY Can Move<\/h3>\n\n<div style=\"margin-top:0px;margin-bottom:0px\" class=\"taxonomy-organization-tag wp-block-post-terms\"><span>Autonomie<\/span><span class=\"wp-block-post-terms__separator\">, <\/span><span>Handicap<\/span><span class=\"wp-block-post-terms__separator\">, <\/span><span>Sant\u00e9<\/span><\/div>\n\n<div style=\"margin-top:0px;margin-bottom:0px;\" class=\"wp-block-post-excerpt\"><p class=\"wp-block-post-excerpt__excerpt\">Agir pour un acc\u00e8s \u00e9quitable aux appareillages proth\u00e9tiques et orth\u00e9tiques aux \u00c9tats-Unis. Faire \u00e9voluer les politiques publiques pour garantir mobilit\u00e9, inclusion et qualit\u00e9 de vie.<\/p><p class=\"wp-block-post-excerpt__more-text\"><a class=\"wp-block-post-excerpt__more-link\" href=\"https:\/\/www.fondation-salomon.org\/fr\/organization\/so-every-body-can-move\/\">Read more<\/a><\/p><\/div><\/div>\n\n<\/li><li class=\"wp-block-post post-2118 organization type-organization status-publish has-post-thumbnail hentry organization-tag-autonomie organization-tag-diversite organization-tag-jeunesse\">\n<figure style=\"aspect-ratio:3\/4;\" class=\"wp-block-post-featured-image\"><a href=\"https:\/\/www.fondation-salomon.org\/fr\/organization\/snow-camp-2\/\" target=\"_self\"  ><img decoding=\"async\" width=\"2560\" height=\"1707\" src=\"https:\/\/www.fondation-salomon.org\/app\/uploads\/2026\/04\/Snow-Camp-Excel-Residential-Andorra-scaled.jpg\" class=\"attachment-post-thumbnail size-post-thumbnail wp-post-image\" alt=\"Snow Camp\" style=\"width:100%;height:100%;object-fit:cover;\" srcset=\"https:\/\/www.fondation-salomon.org\/app\/uploads\/2026\/04\/Snow-Camp-Excel-Residential-Andorra-scaled.jpg 2560w, https:\/\/www.fondation-salomon.org\/app\/uploads\/2026\/04\/Snow-Camp-Excel-Residential-Andorra-300x200.jpg 300w, https:\/\/www.fondation-salomon.org\/app\/uploads\/2026\/04\/Snow-Camp-Excel-Residential-Andorra-1024x683.jpg 1024w, https:\/\/www.fondation-salomon.org\/app\/uploads\/2026\/04\/Snow-Camp-Excel-Residential-Andorra-768x512.jpg 768w, https:\/\/www.fondation-salomon.org\/app\/uploads\/2026\/04\/Snow-Camp-Excel-Residential-Andorra-1536x1024.jpg 1536w, https:\/\/www.fondation-salomon.org\/app\/uploads\/2026\/04\/Snow-Camp-Excel-Residential-Andorra-2048x1365.jpg 2048w\" sizes=\"(max-width: 2560px) 100vw, 2560px\" \/><\/a><\/figure>\n\n\n<div class=\"wp-block-group is-vertical is-layout-flex wp-container-core-group-is-layout-8b35703c wp-block-group-is-layout-flex\" style=\"margin-top:0px;margin-bottom:0px;padding-top:var(--wp--preset--spacing--60);padding-right:var(--wp--preset--spacing--60);padding-left:var(--wp--preset--spacing--60)\"><h3 style=\"text-transform:none; padding-bottom:0px;padding-top:0px;margin-top:0px;margin-bottom:0px;\" class=\"wp-block-post-title has-medium-font-size\">Snow Camp<\/h3>\n\n<div style=\"margin-top:0px;margin-bottom:0px\" class=\"taxonomy-organization-tag wp-block-post-terms\"><span>Autonomie<\/span><span class=\"wp-block-post-terms__separator\">, <\/span><span>Diversit\u00e9<\/span><span class=\"wp-block-post-terms__separator\">, <\/span><span>Jeunesse<\/span><\/div>\n\n<div style=\"margin-top:0px;margin-bottom:0px;\" class=\"wp-block-post-excerpt\"><p class=\"wp-block-post-excerpt__excerpt\">Accompagner des jeunes issus de milieux d\u00e9favoris\u00e9s au Royaume-Uni \u00e0 travers les sports de glisse. D\u00e9velopper confiance, comp\u00e9tences et perspectives d\u2019avenir.<\/p><p class=\"wp-block-post-excerpt__more-text\"><a class=\"wp-block-post-excerpt__more-link\" href=\"https:\/\/www.fondation-salomon.org\/fr\/organization\/snow-camp-2\/\">Read more<\/a><\/p><\/div><\/div>\n\n<\/li><li class=\"wp-block-post post-2116 organization type-organization status-publish has-post-thumbnail hentry organization-tag-autonomie organization-tag-inclusion\">\n<figure style=\"aspect-ratio:3\/4;\" class=\"wp-block-post-featured-image\"><a href=\"https:\/\/www.fondation-salomon.org\/fr\/organization\/project-love-run-2\/\" target=\"_self\"  ><img decoding=\"async\" width=\"2560\" height=\"1920\" src=\"https:\/\/www.fondation-salomon.org\/app\/uploads\/2026\/04\/5aa441b6-15e0-4fa6-bce3-ee95169f152e-scaled.jpg\" class=\"attachment-post-thumbnail size-post-thumbnail wp-post-image\" alt=\"Project Love Run\" style=\"width:100%;height:100%;object-fit:cover;\" srcset=\"https:\/\/www.fondation-salomon.org\/app\/uploads\/2026\/04\/5aa441b6-15e0-4fa6-bce3-ee95169f152e-scaled.jpg 2560w, https:\/\/www.fondation-salomon.org\/app\/uploads\/2026\/04\/5aa441b6-15e0-4fa6-bce3-ee95169f152e-300x225.jpg 300w, https:\/\/www.fondation-salomon.org\/app\/uploads\/2026\/04\/5aa441b6-15e0-4fa6-bce3-ee95169f152e-1024x768.jpg 1024w, https:\/\/www.fondation-salomon.org\/app\/uploads\/2026\/04\/5aa441b6-15e0-4fa6-bce3-ee95169f152e-768x576.jpg 768w, https:\/\/www.fondation-salomon.org\/app\/uploads\/2026\/04\/5aa441b6-15e0-4fa6-bce3-ee95169f152e-1536x1152.jpg 1536w, https:\/\/www.fondation-salomon.org\/app\/uploads\/2026\/04\/5aa441b6-15e0-4fa6-bce3-ee95169f152e-2048x1536.jpg 2048w\" sizes=\"(max-width: 2560px) 100vw, 2560px\" \/><\/a><\/figure>\n\n\n<div class=\"wp-block-group is-vertical is-layout-flex wp-container-core-group-is-layout-8b35703c wp-block-group-is-layout-flex\" style=\"margin-top:0px;margin-bottom:0px;padding-top:var(--wp--preset--spacing--60);padding-right:var(--wp--preset--spacing--60);padding-left:var(--wp--preset--spacing--60)\"><h3 style=\"text-transform:none; padding-bottom:0px;padding-top:0px;margin-top:0px;margin-bottom:0px;\" class=\"wp-block-post-title has-medium-font-size\">Project Love Run<\/h3>\n\n<div style=\"margin-top:0px;margin-bottom:0px\" class=\"taxonomy-organization-tag wp-block-post-terms\"><span>Autonomie<\/span><span class=\"wp-block-post-terms__separator\">, <\/span><span>Inclusion<\/span><\/div>\n\n<div style=\"margin-top:0px;margin-bottom:0px;\" class=\"wp-block-post-excerpt\"><p class=\"wp-block-post-excerpt__excerpt\">Cr\u00e9er une communaut\u00e9 port\u00e9e par des femmes \u00e0 travers la course \u00e0 pied et des exp\u00e9riences partag\u00e9es. Favoriser le lien, la confiance et un nouveau rapport au mouvement.<\/p><p class=\"wp-block-post-excerpt__more-text\"><a class=\"wp-block-post-excerpt__more-link\" href=\"https:\/\/www.fondation-salomon.org\/fr\/organization\/project-love-run-2\/\">Read more<\/a><\/p><\/div><\/div>\n\n<\/li><li class=\"wp-block-post post-2112 organization type-organization status-publish has-post-thumbnail hentry organization-tag-diversite organization-tag-education organization-tag-integration-sociale\">\n<figure style=\"aspect-ratio:3\/4;\" class=\"wp-block-post-featured-image\"><a href=\"https:\/\/www.fondation-salomon.org\/fr\/organization\/passsport-pour-lemploi\/\" target=\"_self\"  ><img decoding=\"async\" width=\"1599\" height=\"733\" src=\"https:\/\/www.fondation-salomon.org\/app\/uploads\/2026\/04\/Gymnase.jpg\" class=\"attachment-post-thumbnail size-post-thumbnail wp-post-image\" alt=\"Pass\u2019Sport pour l\u2019Emploi\" style=\"width:100%;height:100%;object-fit:cover;\" srcset=\"https:\/\/www.fondation-salomon.org\/app\/uploads\/2026\/04\/Gymnase.jpg 1599w, https:\/\/www.fondation-salomon.org\/app\/uploads\/2026\/04\/Gymnase-300x138.jpg 300w, https:\/\/www.fondation-salomon.org\/app\/uploads\/2026\/04\/Gymnase-1024x469.jpg 1024w, https:\/\/www.fondation-salomon.org\/app\/uploads\/2026\/04\/Gymnase-768x352.jpg 768w, https:\/\/www.fondation-salomon.org\/app\/uploads\/2026\/04\/Gymnase-1536x704.jpg 1536w\" sizes=\"(max-width: 1599px) 100vw, 1599px\" \/><\/a><\/figure>\n\n\n<div class=\"wp-block-group is-vertical is-layout-flex wp-container-core-group-is-layout-8b35703c wp-block-group-is-layout-flex\" style=\"margin-top:0px;margin-bottom:0px;padding-top:var(--wp--preset--spacing--60);padding-right:var(--wp--preset--spacing--60);padding-left:var(--wp--preset--spacing--60)\"><h3 style=\"text-transform:none; padding-bottom:0px;padding-top:0px;margin-top:0px;margin-bottom:0px;\" class=\"wp-block-post-title has-medium-font-size\">Pass\u2019Sport pour l\u2019Emploi<\/h3>\n\n<div style=\"margin-top:0px;margin-bottom:0px\" class=\"taxonomy-organization-tag wp-block-post-terms\"><span>Diversit\u00e9<\/span><span class=\"wp-block-post-terms__separator\">, <\/span><span>\u00c9ducation<\/span><span class=\"wp-block-post-terms__separator\">, <\/span><span>int\u00e9gration sociale<\/span><\/div>\n\n<div style=\"margin-top:0px;margin-bottom:0px;\" class=\"wp-block-post-excerpt\"><p class=\"wp-block-post-excerpt__excerpt\">Utiliser le sport pour accompagner des personnes en situation de fragilit\u00e9 vers l\u2019emploi. D\u00e9velopper la confiance, la coop\u00e9ration et des comp\u00e9tences cl\u00e9s.<\/p><p class=\"wp-block-post-excerpt__more-text\"><a class=\"wp-block-post-excerpt__more-link\" href=\"https:\/\/www.fondation-salomon.org\/fr\/organization\/passsport-pour-lemploi\/\">Read more<\/a><\/p><\/div><\/div>\n\n<\/li><li class=\"wp-block-post post-2108 organization type-organization status-publish has-post-thumbnail hentry organization-tag-autonomie organization-tag-handicap\">\n<figure style=\"aspect-ratio:3\/4;\" class=\"wp-block-post-featured-image\"><a href=\"https:\/\/www.fondation-salomon.org\/fr\/organization\/ozmoov\/\" target=\"_self\"  ><img decoding=\"async\" width=\"1707\" height=\"2560\" src=\"https:\/\/www.fondation-salomon.org\/app\/uploads\/2026\/04\/DSCF9401-2-scaled.jpg\" class=\"attachment-post-thumbnail size-post-thumbnail wp-post-image\" alt=\"Oz&#8217;moov\" style=\"width:100%;height:100%;object-fit:cover;\" srcset=\"https:\/\/www.fondation-salomon.org\/app\/uploads\/2026\/04\/DSCF9401-2-scaled.jpg 1707w, https:\/\/www.fondation-salomon.org\/app\/uploads\/2026\/04\/DSCF9401-2-200x300.jpg 200w, https:\/\/www.fondation-salomon.org\/app\/uploads\/2026\/04\/DSCF9401-2-683x1024.jpg 683w, https:\/\/www.fondation-salomon.org\/app\/uploads\/2026\/04\/DSCF9401-2-768x1152.jpg 768w, https:\/\/www.fondation-salomon.org\/app\/uploads\/2026\/04\/DSCF9401-2-1024x1536.jpg 1024w, https:\/\/www.fondation-salomon.org\/app\/uploads\/2026\/04\/DSCF9401-2-1365x2048.jpg 1365w\" sizes=\"(max-width: 1707px) 100vw, 1707px\" \/><\/a><\/figure>\n\n\n<div class=\"wp-block-group is-vertical is-layout-flex wp-container-core-group-is-layout-8b35703c wp-block-group-is-layout-flex\" style=\"margin-top:0px;margin-bottom:0px;padding-top:var(--wp--preset--spacing--60);padding-right:var(--wp--preset--spacing--60);padding-left:var(--wp--preset--spacing--60)\"><h3 style=\"text-transform:none; padding-bottom:0px;padding-top:0px;margin-top:0px;margin-bottom:0px;\" class=\"wp-block-post-title has-medium-font-size\">Oz&#8217;moov<\/h3>\n\n<div style=\"margin-top:0px;margin-bottom:0px\" class=\"taxonomy-organization-tag wp-block-post-terms\"><span>Autonomie<\/span><span class=\"wp-block-post-terms__separator\">, <\/span><span>Handicap<\/span><\/div>\n\n<div style=\"margin-top:0px;margin-bottom:0px;\" class=\"wp-block-post-excerpt\"><p class=\"wp-block-post-excerpt__excerpt\">Rendre le sport accessible aux personnes amput\u00e9es. Favoriser l\u2019autonomie, la confiance et de nouvelles possibilit\u00e9s gr\u00e2ce au mouvement.<\/p><p class=\"wp-block-post-excerpt__more-text\"><a class=\"wp-block-post-excerpt__more-link\" href=\"https:\/\/www.fondation-salomon.org\/fr\/organization\/ozmoov\/\">Read more<\/a><\/p><\/div><\/div>\n\n<\/li><li class=\"wp-block-post post-2105 organization type-organization status-publish has-post-thumbnail hentry organization-tag-autonomie organization-tag-inclusion organization-tag-integration-sociale\">\n<figure style=\"aspect-ratio:3\/4;\" class=\"wp-block-post-featured-image\"><a href=\"https:\/\/www.fondation-salomon.org\/fr\/organization\/outo-2\/\" target=\"_self\"  ><img decoding=\"async\" width=\"2048\" height=\"1366\" src=\"https:\/\/www.fondation-salomon.org\/app\/uploads\/2026\/04\/1.-OUTO-ZINE-SELECT-1.jpg\" class=\"attachment-post-thumbnail size-post-thumbnail wp-post-image\" alt=\"OUTO\" style=\"width:100%;height:100%;object-fit:cover;\" srcset=\"https:\/\/www.fondation-salomon.org\/app\/uploads\/2026\/04\/1.-OUTO-ZINE-SELECT-1.jpg 2048w, https:\/\/www.fondation-salomon.org\/app\/uploads\/2026\/04\/1.-OUTO-ZINE-SELECT-1-300x200.jpg 300w, https:\/\/www.fondation-salomon.org\/app\/uploads\/2026\/04\/1.-OUTO-ZINE-SELECT-1-1024x683.jpg 1024w, https:\/\/www.fondation-salomon.org\/app\/uploads\/2026\/04\/1.-OUTO-ZINE-SELECT-1-768x512.jpg 768w, https:\/\/www.fondation-salomon.org\/app\/uploads\/2026\/04\/1.-OUTO-ZINE-SELECT-1-1536x1025.jpg 1536w\" sizes=\"(max-width: 2048px) 100vw, 2048px\" \/><\/a><\/figure>\n\n\n<div class=\"wp-block-group is-vertical is-layout-flex wp-container-core-group-is-layout-8b35703c wp-block-group-is-layout-flex\" style=\"margin-top:0px;margin-bottom:0px;padding-top:var(--wp--preset--spacing--60);padding-right:var(--wp--preset--spacing--60);padding-left:var(--wp--preset--spacing--60)\"><h3 style=\"text-transform:none; padding-bottom:0px;padding-top:0px;margin-top:0px;margin-bottom:0px;\" class=\"wp-block-post-title has-medium-font-size\">OUTO<\/h3>\n\n<div style=\"margin-top:0px;margin-bottom:0px\" class=\"taxonomy-organization-tag wp-block-post-terms\"><span>Autonomie<\/span><span class=\"wp-block-post-terms__separator\">, <\/span><span>Inclusion<\/span><span class=\"wp-block-post-terms__separator\">, <\/span><span>int\u00e9gration sociale<\/span><\/div>\n\n<div style=\"margin-top:0px;margin-bottom:0px;\" class=\"wp-block-post-excerpt\"><p class=\"wp-block-post-excerpt__excerpt\">Rendre l&#8217;outdoor inclusif et accessible en Europe. Agir pour un changement durable \u00e0 travers collaboration, recherche et formation.<\/p><p class=\"wp-block-post-excerpt__more-text\"><a class=\"wp-block-post-excerpt__more-link\" href=\"https:\/\/www.fondation-salomon.org\/fr\/organization\/outo-2\/\">Read more<\/a><\/p><\/div><\/div>\n\n<\/li><li class=\"wp-block-post post-2103 organization type-organization status-publish has-post-thumbnail hentry organization-tag-handicap organization-tag-inclusion\">\n<figure style=\"aspect-ratio:3\/4;\" class=\"wp-block-post-featured-image\"><a href=\"https:\/\/www.fondation-salomon.org\/fr\/organization\/loisirs-assis-evasion\/\" target=\"_self\"  ><img decoding=\"async\" width=\"2560\" height=\"1707\" src=\"https:\/\/www.fondation-salomon.org\/app\/uploads\/2026\/04\/Uniski-scaled.jpg\" class=\"attachment-post-thumbnail size-post-thumbnail wp-post-image\" alt=\"Loisirs Assis \u00c9vasion\" style=\"width:100%;height:100%;object-fit:cover;\" srcset=\"https:\/\/www.fondation-salomon.org\/app\/uploads\/2026\/04\/Uniski-scaled.jpg 2560w, https:\/\/www.fondation-salomon.org\/app\/uploads\/2026\/04\/Uniski-300x200.jpg 300w, https:\/\/www.fondation-salomon.org\/app\/uploads\/2026\/04\/Uniski-1024x683.jpg 1024w, https:\/\/www.fondation-salomon.org\/app\/uploads\/2026\/04\/Uniski-768x512.jpg 768w, https:\/\/www.fondation-salomon.org\/app\/uploads\/2026\/04\/Uniski-1536x1024.jpg 1536w, https:\/\/www.fondation-salomon.org\/app\/uploads\/2026\/04\/Uniski-2048x1365.jpg 2048w\" sizes=\"(max-width: 2560px) 100vw, 2560px\" \/><\/a><\/figure>\n\n\n<div class=\"wp-block-group is-vertical is-layout-flex wp-container-core-group-is-layout-8b35703c wp-block-group-is-layout-flex\" style=\"margin-top:0px;margin-bottom:0px;padding-top:var(--wp--preset--spacing--60);padding-right:var(--wp--preset--spacing--60);padding-left:var(--wp--preset--spacing--60)\"><h3 style=\"text-transform:none; padding-bottom:0px;padding-top:0px;margin-top:0px;margin-bottom:0px;\" class=\"wp-block-post-title has-medium-font-size\">Loisirs Assis \u00c9vasion<\/h3>\n\n<div style=\"margin-top:0px;margin-bottom:0px\" class=\"taxonomy-organization-tag wp-block-post-terms\"><span>Handicap<\/span><span class=\"wp-block-post-terms__separator\">, <\/span><span>Inclusion<\/span><\/div>\n\n<div style=\"margin-top:0px;margin-bottom:0px;\" class=\"wp-block-post-excerpt\"><p class=\"wp-block-post-excerpt__excerpt\">Rendre les activit\u00e9s de montagne accessibles aux personnes en situation de handicap. Favoriser l\u2019autonomie \u00e0 travers des exp\u00e9riences adapt\u00e9es, toute l\u2019ann\u00e9e.<\/p><p class=\"wp-block-post-excerpt__more-text\"><a class=\"wp-block-post-excerpt__more-link\" href=\"https:\/\/www.fondation-salomon.org\/fr\/organization\/loisirs-assis-evasion\/\">Read more<\/a><\/p><\/div><\/div>\n\n<\/li><li class=\"wp-block-post post-2101 organization type-organization status-publish has-post-thumbnail hentry organization-tag-diversite organization-tag-inclusion organization-tag-integration-sociale\">\n<figure style=\"aspect-ratio:3\/4;\" class=\"wp-block-post-featured-image\"><a href=\"https:\/\/www.fondation-salomon.org\/fr\/organization\/kah-2\/\" target=\"_self\"  ><img decoding=\"async\" width=\"1900\" height=\"2560\" src=\"https:\/\/www.fondation-salomon.org\/app\/uploads\/2026\/04\/IMG_0441-scaled.jpg\" class=\"attachment-post-thumbnail size-post-thumbnail wp-post-image\" alt=\"KAH\" style=\"width:100%;height:100%;object-fit:cover;\" srcset=\"https:\/\/www.fondation-salomon.org\/app\/uploads\/2026\/04\/IMG_0441-scaled.jpg 1900w, https:\/\/www.fondation-salomon.org\/app\/uploads\/2026\/04\/IMG_0441-223x300.jpg 223w, https:\/\/www.fondation-salomon.org\/app\/uploads\/2026\/04\/IMG_0441-760x1024.jpg 760w, https:\/\/www.fondation-salomon.org\/app\/uploads\/2026\/04\/IMG_0441-768x1035.jpg 768w, https:\/\/www.fondation-salomon.org\/app\/uploads\/2026\/04\/IMG_0441-1140x1536.jpg 1140w, https:\/\/www.fondation-salomon.org\/app\/uploads\/2026\/04\/IMG_0441-1520x2048.jpg 1520w\" sizes=\"(max-width: 1900px) 100vw, 1900px\" \/><\/a><\/figure>\n\n\n<div class=\"wp-block-group is-vertical is-layout-flex wp-container-core-group-is-layout-8b35703c wp-block-group-is-layout-flex\" style=\"margin-top:0px;margin-bottom:0px;padding-top:var(--wp--preset--spacing--60);padding-right:var(--wp--preset--spacing--60);padding-left:var(--wp--preset--spacing--60)\"><h3 style=\"text-transform:none; padding-bottom:0px;padding-top:0px;margin-top:0px;margin-bottom:0px;\" class=\"wp-block-post-title has-medium-font-size\">KAH<\/h3>\n\n<div style=\"margin-top:0px;margin-bottom:0px\" class=\"taxonomy-organization-tag wp-block-post-terms\"><span>Diversit\u00e9<\/span><span class=\"wp-block-post-terms__separator\">, <\/span><span>Inclusion<\/span><span class=\"wp-block-post-terms__separator\">, <\/span><span>int\u00e9gration sociale<\/span><\/div>\n\n<div style=\"margin-top:0px;margin-bottom:0px;\" class=\"wp-block-post-excerpt\"><p class=\"wp-block-post-excerpt__excerpt\">Rendre les activit\u00e9s de montagne accessibles aux personnes en situation de handicap. Favoriser l\u2019autonomie gr\u00e2ce \u00e0 des exp\u00e9riences de plein air adapt\u00e9es, toute l\u2019ann\u00e9e.<\/p><p class=\"wp-block-post-excerpt__more-text\"><a class=\"wp-block-post-excerpt__more-link\" href=\"https:\/\/www.fondation-salomon.org\/fr\/organization\/kah-2\/\">Read more<\/a><\/p><\/div><\/div>\n\n<\/li><li class=\"wp-block-post post-2099 organization type-organization status-publish has-post-thumbnail hentry organization-tag-diversite organization-tag-integration-sociale\">\n<figure style=\"aspect-ratio:3\/4;\" class=\"wp-block-post-featured-image\"><a href=\"https:\/\/www.fondation-salomon.org\/fr\/organization\/kabubu\/\" target=\"_self\"  ><img decoding=\"async\" width=\"2048\" height=\"1536\" src=\"https:\/\/www.fondation-salomon.org\/app\/uploads\/2026\/04\/Trail-enjambee-de-la-Mauldre-1.jpg\" class=\"attachment-post-thumbnail size-post-thumbnail wp-post-image\" alt=\"Kabubu\" style=\"width:100%;height:100%;object-fit:cover;\" srcset=\"https:\/\/www.fondation-salomon.org\/app\/uploads\/2026\/04\/Trail-enjambee-de-la-Mauldre-1.jpg 2048w, https:\/\/www.fondation-salomon.org\/app\/uploads\/2026\/04\/Trail-enjambee-de-la-Mauldre-1-300x225.jpg 300w, https:\/\/www.fondation-salomon.org\/app\/uploads\/2026\/04\/Trail-enjambee-de-la-Mauldre-1-1024x768.jpg 1024w, https:\/\/www.fondation-salomon.org\/app\/uploads\/2026\/04\/Trail-enjambee-de-la-Mauldre-1-768x576.jpg 768w, https:\/\/www.fondation-salomon.org\/app\/uploads\/2026\/04\/Trail-enjambee-de-la-Mauldre-1-1536x1152.jpg 1536w\" sizes=\"(max-width: 2048px) 100vw, 2048px\" \/><\/a><\/figure>\n\n\n<div class=\"wp-block-group is-vertical is-layout-flex wp-container-core-group-is-layout-8b35703c wp-block-group-is-layout-flex\" style=\"margin-top:0px;margin-bottom:0px;padding-top:var(--wp--preset--spacing--60);padding-right:var(--wp--preset--spacing--60);padding-left:var(--wp--preset--spacing--60)\"><h3 style=\"text-transform:none; padding-bottom:0px;padding-top:0px;margin-top:0px;margin-bottom:0px;\" class=\"wp-block-post-title has-medium-font-size\">Kabubu<\/h3>\n\n<div style=\"margin-top:0px;margin-bottom:0px\" class=\"taxonomy-organization-tag wp-block-post-terms\"><span>Diversit\u00e9<\/span><span class=\"wp-block-post-terms__separator\">, <\/span><span>int\u00e9gration sociale<\/span><\/div>\n\n<div style=\"margin-top:0px;margin-bottom:0px;\" class=\"wp-block-post-excerpt\"><p class=\"wp-block-post-excerpt__excerpt\">Favoriser l\u2019inclusion des personnes en exil gr\u00e2ce au sport. D\u00e9velopper le lien, les comp\u00e9tences et l\u2019acc\u00e8s aux opportunit\u00e9s.<\/p><p class=\"wp-block-post-excerpt__more-text\"><a class=\"wp-block-post-excerpt__more-link\" href=\"https:\/\/www.fondation-salomon.org\/fr\/organization\/kabubu\/\">Read more<\/a><\/p><\/div><\/div>\n\n<\/li><li class=\"wp-block-post post-2097 organization type-organization status-publish has-post-thumbnail hentry organization-tag-autonomie organization-tag-diversite organization-tag-inclusion\">\n<figure style=\"aspect-ratio:3\/4;\" class=\"wp-block-post-featured-image\"><a href=\"https:\/\/www.fondation-salomon.org\/fr\/organization\/indigenous-women-outdoors\/\" target=\"_self\"  ><img decoding=\"async\" width=\"1200\" height=\"798\" src=\"https:\/\/www.fondation-salomon.org\/app\/uploads\/2026\/04\/Indigenous-women-outdoors-merch-navy-long-sleeve-t-shirt-1200x800-4.jpg\" class=\"attachment-post-thumbnail size-post-thumbnail wp-post-image\" alt=\"Indigenous Women Outdoors\" style=\"width:100%;height:100%;object-fit:cover;\" srcset=\"https:\/\/www.fondation-salomon.org\/app\/uploads\/2026\/04\/Indigenous-women-outdoors-merch-navy-long-sleeve-t-shirt-1200x800-4.jpg 1200w, https:\/\/www.fondation-salomon.org\/app\/uploads\/2026\/04\/Indigenous-women-outdoors-merch-navy-long-sleeve-t-shirt-1200x800-4-300x200.jpg 300w, https:\/\/www.fondation-salomon.org\/app\/uploads\/2026\/04\/Indigenous-women-outdoors-merch-navy-long-sleeve-t-shirt-1200x800-4-1024x681.jpg 1024w, https:\/\/www.fondation-salomon.org\/app\/uploads\/2026\/04\/Indigenous-women-outdoors-merch-navy-long-sleeve-t-shirt-1200x800-4-768x511.jpg 768w\" sizes=\"(max-width: 1200px) 100vw, 1200px\" \/><\/a><\/figure>\n\n\n<div class=\"wp-block-group is-vertical is-layout-flex wp-container-core-group-is-layout-8b35703c wp-block-group-is-layout-flex\" style=\"margin-top:0px;margin-bottom:0px;padding-top:var(--wp--preset--spacing--60);padding-right:var(--wp--preset--spacing--60);padding-left:var(--wp--preset--spacing--60)\"><h3 style=\"text-transform:none; padding-bottom:0px;padding-top:0px;margin-top:0px;margin-bottom:0px;\" class=\"wp-block-post-title has-medium-font-size\">Indigenous Women Outdoors<\/h3>\n\n<div style=\"margin-top:0px;margin-bottom:0px\" class=\"taxonomy-organization-tag wp-block-post-terms\"><span>Autonomie<\/span><span class=\"wp-block-post-terms__separator\">, <\/span><span>Diversit\u00e9<\/span><span class=\"wp-block-post-terms__separator\">, <\/span><span>Inclusion<\/span><\/div>\n\n<div style=\"margin-top:0px;margin-bottom:0px;\" class=\"wp-block-post-excerpt\"><p class=\"wp-block-post-excerpt__excerpt\">Rassembler des femmes autochtones \u00e0 travers des exp\u00e9riences outdoor. Favoriser le lien, le bien-\u00eatre et la reconnexion \u00e0 la terre et aux cultures<\/p><p class=\"wp-block-post-excerpt__more-text\"><a class=\"wp-block-post-excerpt__more-link\" href=\"https:\/\/www.fondation-salomon.org\/fr\/organization\/indigenous-women-outdoors\/\">Read more<\/a><\/p><\/div><\/div>\n\n<\/li><li class=\"wp-block-post post-2092 organization type-organization status-publish has-post-thumbnail hentry organization-tag-education organization-tag-handicap organization-tag-jeunesse\">\n<figure style=\"aspect-ratio:3\/4;\" class=\"wp-block-post-featured-image\"><a href=\"https:\/\/www.fondation-salomon.org\/fr\/organization\/in-your-shoes-2\/\" target=\"_self\"  ><img decoding=\"async\" width=\"1707\" height=\"2560\" src=\"https:\/\/www.fondation-salomon.org\/app\/uploads\/2026\/04\/S2B5858-2-scaled.jpg\" class=\"attachment-post-thumbnail size-post-thumbnail wp-post-image\" alt=\"In your shoes\" style=\"width:100%;height:100%;object-fit:cover;\" srcset=\"https:\/\/www.fondation-salomon.org\/app\/uploads\/2026\/04\/S2B5858-2-scaled.jpg 1707w, https:\/\/www.fondation-salomon.org\/app\/uploads\/2026\/04\/S2B5858-2-200x300.jpg 200w, https:\/\/www.fondation-salomon.org\/app\/uploads\/2026\/04\/S2B5858-2-683x1024.jpg 683w, https:\/\/www.fondation-salomon.org\/app\/uploads\/2026\/04\/S2B5858-2-768x1152.jpg 768w, https:\/\/www.fondation-salomon.org\/app\/uploads\/2026\/04\/S2B5858-2-1024x1536.jpg 1024w, https:\/\/www.fondation-salomon.org\/app\/uploads\/2026\/04\/S2B5858-2-1365x2048.jpg 1365w\" sizes=\"(max-width: 1707px) 100vw, 1707px\" \/><\/a><\/figure>\n\n\n<div class=\"wp-block-group is-vertical is-layout-flex wp-container-core-group-is-layout-8b35703c wp-block-group-is-layout-flex\" style=\"margin-top:0px;margin-bottom:0px;padding-top:var(--wp--preset--spacing--60);padding-right:var(--wp--preset--spacing--60);padding-left:var(--wp--preset--spacing--60)\"><h3 style=\"text-transform:none; padding-bottom:0px;padding-top:0px;margin-top:0px;margin-bottom:0px;\" class=\"wp-block-post-title has-medium-font-size\">In your shoes<\/h3>\n\n<div style=\"margin-top:0px;margin-bottom:0px\" class=\"taxonomy-organization-tag wp-block-post-terms\"><span>\u00c9ducation<\/span><span class=\"wp-block-post-terms__separator\">, <\/span><span>Handicap<\/span><span class=\"wp-block-post-terms__separator\">, <\/span><span>Jeunesse<\/span><\/div>\n\n<div style=\"margin-top:0px;margin-bottom:0px;\" class=\"wp-block-post-excerpt\"><p class=\"wp-block-post-excerpt__excerpt\">Transformer des chaussures de course usag\u00e9es en opportunit\u00e9s pour de jeunes athl\u00e8tes au Kenya. Cr\u00e9er du lien, favoriser l\u2019acc\u00e8s \u00e0 l\u2019\u00e9ducation et ouvrir des perspectives gr\u00e2ce au sport.<\/p><p class=\"wp-block-post-excerpt__more-text\"><a class=\"wp-block-post-excerpt__more-link\" href=\"https:\/\/www.fondation-salomon.org\/fr\/organization\/in-your-shoes-2\/\">Read more<\/a><\/p><\/div><\/div>\n\n<\/li><li class=\"wp-block-post post-2091 organization type-organization status-publish has-post-thumbnail hentry organization-tag-autonomie organization-tag-diversite organization-tag-inclusion\">\n<figure style=\"aspect-ratio:3\/4;\" class=\"wp-block-post-featured-image\"><a href=\"https:\/\/www.fondation-salomon.org\/fr\/organization\/hikeish\/\" target=\"_self\"  ><img decoding=\"async\" width=\"2560\" height=\"1707\" src=\"https:\/\/www.fondation-salomon.org\/app\/uploads\/2026\/04\/Outlandish_Salomon_Fall23Hike_502_-scaled.jpg\" class=\"attachment-post-thumbnail size-post-thumbnail wp-post-image\" alt=\"Hikeish\" style=\"width:100%;height:100%;object-fit:cover;\" srcset=\"https:\/\/www.fondation-salomon.org\/app\/uploads\/2026\/04\/Outlandish_Salomon_Fall23Hike_502_-scaled.jpg 2560w, https:\/\/www.fondation-salomon.org\/app\/uploads\/2026\/04\/Outlandish_Salomon_Fall23Hike_502_-300x200.jpg 300w, https:\/\/www.fondation-salomon.org\/app\/uploads\/2026\/04\/Outlandish_Salomon_Fall23Hike_502_-1024x683.jpg 1024w, https:\/\/www.fondation-salomon.org\/app\/uploads\/2026\/04\/Outlandish_Salomon_Fall23Hike_502_-768x512.jpg 768w, https:\/\/www.fondation-salomon.org\/app\/uploads\/2026\/04\/Outlandish_Salomon_Fall23Hike_502_-1536x1024.jpg 1536w, https:\/\/www.fondation-salomon.org\/app\/uploads\/2026\/04\/Outlandish_Salomon_Fall23Hike_502_-2048x1365.jpg 2048w\" sizes=\"(max-width: 2560px) 100vw, 2560px\" \/><\/a><\/figure>\n\n\n<div class=\"wp-block-group is-vertical is-layout-flex wp-container-core-group-is-layout-8b35703c wp-block-group-is-layout-flex\" style=\"margin-top:0px;margin-bottom:0px;padding-top:var(--wp--preset--spacing--60);padding-right:var(--wp--preset--spacing--60);padding-left:var(--wp--preset--spacing--60)\"><h3 style=\"text-transform:none; padding-bottom:0px;padding-top:0px;margin-top:0px;margin-bottom:0px;\" class=\"wp-block-post-title has-medium-font-size\">Hikeish<\/h3>\n\n<div style=\"margin-top:0px;margin-bottom:0px\" class=\"taxonomy-organization-tag wp-block-post-terms\"><span>Autonomie<\/span><span class=\"wp-block-post-terms__separator\">, <\/span><span>Diversit\u00e9<\/span><span class=\"wp-block-post-terms__separator\">, <\/span><span>Inclusion<\/span><\/div>\n\n<div style=\"margin-top:0px;margin-bottom:0px;\" class=\"wp-block-post-excerpt\"><p class=\"wp-block-post-excerpt__excerpt\">Rendre la randonn\u00e9e plus accessible gr\u00e2ce \u00e0 des exp\u00e9riences guid\u00e9es en plein air. Favoriser l\u2019inclusion, l\u2019apprentissage et des pratiques responsables en nature.<\/p><p class=\"wp-block-post-excerpt__more-text\"><a class=\"wp-block-post-excerpt__more-link\" href=\"https:\/\/www.fondation-salomon.org\/fr\/organization\/hikeish\/\">Read more<\/a><\/p><\/div><\/div>\n\n<\/li><li class=\"wp-block-post post-2089 organization type-organization status-publish has-post-thumbnail hentry organization-tag-education organization-tag-inclusion organization-tag-jeunesse\">\n<figure style=\"aspect-ratio:3\/4;\" class=\"wp-block-post-featured-image\"><a href=\"https:\/\/www.fondation-salomon.org\/fr\/organization\/fondation-apprentis-dauteuil-2\/\" target=\"_self\"  ><img decoding=\"async\" width=\"1705\" height=\"1278\" src=\"https:\/\/www.fondation-salomon.org\/app\/uploads\/2026\/04\/Image1.jpg\" class=\"attachment-post-thumbnail size-post-thumbnail wp-post-image\" alt=\"Fondation Apprentis d&#8217;Auteuil\" style=\"width:100%;height:100%;object-fit:cover;\" srcset=\"https:\/\/www.fondation-salomon.org\/app\/uploads\/2026\/04\/Image1.jpg 1705w, https:\/\/www.fondation-salomon.org\/app\/uploads\/2026\/04\/Image1-300x225.jpg 300w, https:\/\/www.fondation-salomon.org\/app\/uploads\/2026\/04\/Image1-1024x768.jpg 1024w, https:\/\/www.fondation-salomon.org\/app\/uploads\/2026\/04\/Image1-768x576.jpg 768w, https:\/\/www.fondation-salomon.org\/app\/uploads\/2026\/04\/Image1-1536x1151.jpg 1536w\" sizes=\"(max-width: 1705px) 100vw, 1705px\" \/><\/a><\/figure>\n\n\n<div class=\"wp-block-group is-vertical is-layout-flex wp-container-core-group-is-layout-8b35703c wp-block-group-is-layout-flex\" style=\"margin-top:0px;margin-bottom:0px;padding-top:var(--wp--preset--spacing--60);padding-right:var(--wp--preset--spacing--60);padding-left:var(--wp--preset--spacing--60)\"><h3 style=\"text-transform:none; padding-bottom:0px;padding-top:0px;margin-top:0px;margin-bottom:0px;\" class=\"wp-block-post-title has-medium-font-size\">Fondation Apprentis d&#8217;Auteuil<\/h3>\n\n<div style=\"margin-top:0px;margin-bottom:0px\" class=\"taxonomy-organization-tag wp-block-post-terms\"><span>\u00c9ducation<\/span><span class=\"wp-block-post-terms__separator\">, <\/span><span>Inclusion<\/span><span class=\"wp-block-post-terms__separator\">, <\/span><span>Jeunesse<\/span><\/div>\n\n<div style=\"margin-top:0px;margin-bottom:0px;\" class=\"wp-block-post-excerpt\"><p class=\"wp-block-post-excerpt__excerpt\">Accompagner des jeunes et des familles en situation de fragilit\u00e9 \u00e0 travers des programmes \u00e9ducatifs et sociaux. Favoriser l\u2019autonomie, l\u2019inclusion et des parcours vers un avenir plus serein.<\/p><p class=\"wp-block-post-excerpt__more-text\"><a class=\"wp-block-post-excerpt__more-link\" href=\"https:\/\/www.fondation-salomon.org\/fr\/organization\/fondation-apprentis-dauteuil-2\/\">Read more<\/a><\/p><\/div><\/div>\n\n<\/li><li class=\"wp-block-post post-2087 organization type-organization status-publish has-post-thumbnail hentry organization-tag-education organization-tag-integration-sociale organization-tag-jeunesse\">\n<figure style=\"aspect-ratio:3\/4;\" class=\"wp-block-post-featured-image\"><a href=\"https:\/\/www.fondation-salomon.org\/fr\/organization\/enforma-inspira\/\" target=\"_self\"  ><img decoding=\"async\" width=\"1600\" height=\"1066\" src=\"https:\/\/www.fondation-salomon.org\/app\/uploads\/2026\/04\/WhatsApp-Image-2026-02-13-at-15.29.08.jpeg\" class=\"attachment-post-thumbnail size-post-thumbnail wp-post-image\" alt=\"Enforma Inspira\" style=\"width:100%;height:100%;object-fit:cover;\" srcset=\"https:\/\/www.fondation-salomon.org\/app\/uploads\/2026\/04\/WhatsApp-Image-2026-02-13-at-15.29.08.jpeg 1600w, https:\/\/www.fondation-salomon.org\/app\/uploads\/2026\/04\/WhatsApp-Image-2026-02-13-at-15.29.08-300x200.jpeg 300w, https:\/\/www.fondation-salomon.org\/app\/uploads\/2026\/04\/WhatsApp-Image-2026-02-13-at-15.29.08-1024x682.jpeg 1024w, https:\/\/www.fondation-salomon.org\/app\/uploads\/2026\/04\/WhatsApp-Image-2026-02-13-at-15.29.08-768x512.jpeg 768w, https:\/\/www.fondation-salomon.org\/app\/uploads\/2026\/04\/WhatsApp-Image-2026-02-13-at-15.29.08-1536x1023.jpeg 1536w\" sizes=\"(max-width: 1600px) 100vw, 1600px\" \/><\/a><\/figure>\n\n\n<div class=\"wp-block-group is-vertical is-layout-flex wp-container-core-group-is-layout-8b35703c wp-block-group-is-layout-flex\" style=\"margin-top:0px;margin-bottom:0px;padding-top:var(--wp--preset--spacing--60);padding-right:var(--wp--preset--spacing--60);padding-left:var(--wp--preset--spacing--60)\"><h3 style=\"text-transform:none; padding-bottom:0px;padding-top:0px;margin-top:0px;margin-bottom:0px;\" class=\"wp-block-post-title has-medium-font-size\">Enforma Inspira<\/h3>\n\n<div style=\"margin-top:0px;margin-bottom:0px\" class=\"taxonomy-organization-tag wp-block-post-terms\"><span>\u00c9ducation<\/span><span class=\"wp-block-post-terms__separator\">, <\/span><span>int\u00e9gration sociale<\/span><span class=\"wp-block-post-terms__separator\">, <\/span><span>Jeunesse<\/span><\/div>\n\n<div style=\"margin-top:0px;margin-bottom:0px;\" class=\"wp-block-post-excerpt\"><p class=\"wp-block-post-excerpt__excerpt\">Accompagner des jeunes en situation de fragilit\u00e9 \u00e0 Barcelone \u00e0 travers le sport et le collectif. Renforcer la confiance, le lien et ouvrir des parcours vers l\u2019\u00e9ducation et l\u2019emploi.<\/p><p class=\"wp-block-post-excerpt__more-text\"><a class=\"wp-block-post-excerpt__more-link\" href=\"https:\/\/www.fondation-salomon.org\/fr\/organization\/enforma-inspira\/\">Read more<\/a><\/p><\/div><\/div>\n\n<\/li><li class=\"wp-block-post post-2084 organization type-organization status-publish has-post-thumbnail hentry organization-tag-education organization-tag-jeunesse\">\n<figure style=\"aspect-ratio:3\/4;\" class=\"wp-block-post-featured-image\"><a href=\"https:\/\/www.fondation-salomon.org\/fr\/organization\/enfance-et-montagne\/\" target=\"_self\"  ><img decoding=\"async\" width=\"850\" height=\"567\" src=\"https:\/\/www.fondation-salomon.org\/app\/uploads\/2026\/04\/esf25-flem-mm-01-0262.jpg\" class=\"attachment-post-thumbnail size-post-thumbnail wp-post-image\" alt=\"Enfance et Montagne\" style=\"width:100%;height:100%;object-fit:cover;\" srcset=\"https:\/\/www.fondation-salomon.org\/app\/uploads\/2026\/04\/esf25-flem-mm-01-0262.jpg 850w, https:\/\/www.fondation-salomon.org\/app\/uploads\/2026\/04\/esf25-flem-mm-01-0262-300x200.jpg 300w, https:\/\/www.fondation-salomon.org\/app\/uploads\/2026\/04\/esf25-flem-mm-01-0262-768x512.jpg 768w\" sizes=\"(max-width: 850px) 100vw, 850px\" \/><\/a><\/figure>\n\n\n<div class=\"wp-block-group is-vertical is-layout-flex wp-container-core-group-is-layout-8b35703c wp-block-group-is-layout-flex\" style=\"margin-top:0px;margin-bottom:0px;padding-top:var(--wp--preset--spacing--60);padding-right:var(--wp--preset--spacing--60);padding-left:var(--wp--preset--spacing--60)\"><h3 style=\"text-transform:none; padding-bottom:0px;padding-top:0px;margin-top:0px;margin-bottom:0px;\" class=\"wp-block-post-title has-medium-font-size\">Enfance et Montagne<\/h3>\n\n<div style=\"margin-top:0px;margin-bottom:0px\" class=\"taxonomy-organization-tag wp-block-post-terms\"><span>\u00c9ducation<\/span><span class=\"wp-block-post-terms__separator\">, <\/span><span>Jeunesse<\/span><\/div>\n\n<div style=\"margin-top:0px;margin-bottom:0px;\" class=\"wp-block-post-excerpt\"><p class=\"wp-block-post-excerpt__excerpt\">Faire d\u00e9couvrir la montagne aux enfants \u00e0 travers des exp\u00e9riences \u00e9ducatives. Favoriser la d\u00e9couverte, le lien et l\u2019apprentissage collectif.<\/p><p class=\"wp-block-post-excerpt__more-text\"><a class=\"wp-block-post-excerpt__more-link\" href=\"https:\/\/www.fondation-salomon.org\/fr\/organization\/enfance-et-montagne\/\">Read more<\/a><\/p><\/div><\/div>\n\n<\/li><li class=\"wp-block-post post-2082 organization type-organization status-publish has-post-thumbnail hentry organization-tag-handicap organization-tag-inclusion organization-tag-integration-sociale\">\n<figure style=\"aspect-ratio:3\/4;\" class=\"wp-block-post-featured-image\"><a href=\"https:\/\/www.fondation-salomon.org\/fr\/organization\/downlaufen\/\" target=\"_self\"  ><img decoding=\"async\" width=\"2048\" height=\"1536\" src=\"https:\/\/www.fondation-salomon.org\/app\/uploads\/2026\/04\/laufgruppe_fuer_salomon_2.jpg\" class=\"attachment-post-thumbnail size-post-thumbnail wp-post-image\" alt=\"DownLaufen\" style=\"width:100%;height:100%;object-fit:cover;\" srcset=\"https:\/\/www.fondation-salomon.org\/app\/uploads\/2026\/04\/laufgruppe_fuer_salomon_2.jpg 2048w, https:\/\/www.fondation-salomon.org\/app\/uploads\/2026\/04\/laufgruppe_fuer_salomon_2-300x225.jpg 300w, https:\/\/www.fondation-salomon.org\/app\/uploads\/2026\/04\/laufgruppe_fuer_salomon_2-1024x768.jpg 1024w, https:\/\/www.fondation-salomon.org\/app\/uploads\/2026\/04\/laufgruppe_fuer_salomon_2-768x576.jpg 768w, https:\/\/www.fondation-salomon.org\/app\/uploads\/2026\/04\/laufgruppe_fuer_salomon_2-1536x1152.jpg 1536w\" sizes=\"(max-width: 2048px) 100vw, 2048px\" \/><\/a><\/figure>\n\n\n<div class=\"wp-block-group is-vertical is-layout-flex wp-container-core-group-is-layout-8b35703c wp-block-group-is-layout-flex\" style=\"margin-top:0px;margin-bottom:0px;padding-top:var(--wp--preset--spacing--60);padding-right:var(--wp--preset--spacing--60);padding-left:var(--wp--preset--spacing--60)\"><h3 style=\"text-transform:none; padding-bottom:0px;padding-top:0px;margin-top:0px;margin-bottom:0px;\" class=\"wp-block-post-title has-medium-font-size\">DownLaufen<\/h3>\n\n<div style=\"margin-top:0px;margin-bottom:0px\" class=\"taxonomy-organization-tag wp-block-post-terms\"><span>Handicap<\/span><span class=\"wp-block-post-terms__separator\">, <\/span><span>Inclusion<\/span><span class=\"wp-block-post-terms__separator\">, <\/span><span>int\u00e9gration sociale<\/span><\/div>\n\n<div style=\"margin-top:0px;margin-bottom:0px;\" class=\"wp-block-post-excerpt\"><p class=\"wp-block-post-excerpt__excerpt\">Rassembler autour de la course \u00e0 pied et d\u2019exp\u00e9riences inclusives. Favoriser la confiance, le lien et le sentiment d\u2019appartenance pour toutes les capacit\u00e9s.<\/p><p class=\"wp-block-post-excerpt__more-text\"><a class=\"wp-block-post-excerpt__more-link\" href=\"https:\/\/www.fondation-salomon.org\/fr\/organization\/downlaufen\/\">Read more<\/a><\/p><\/div><\/div>\n\n<\/li><li class=\"wp-block-post post-2079 organization type-organization status-publish has-post-thumbnail hentry organization-tag-autonomie organization-tag-diversite organization-tag-integration-sociale\">\n<figure style=\"aspect-ratio:3\/4;\" class=\"wp-block-post-featured-image\"><a href=\"https:\/\/www.fondation-salomon.org\/fr\/organization\/crown-athletics-club\/\" target=\"_self\"  ><img decoding=\"async\" width=\"2200\" height=\"1650\" src=\"https:\/\/www.fondation-salomon.org\/app\/uploads\/2026\/04\/philippon_antsirabe_20250924_3708.jpg\" class=\"attachment-post-thumbnail size-post-thumbnail wp-post-image\" alt=\"Crown Athletics Club\" style=\"width:100%;height:100%;object-fit:cover;\" srcset=\"https:\/\/www.fondation-salomon.org\/app\/uploads\/2026\/04\/philippon_antsirabe_20250924_3708.jpg 2200w, https:\/\/www.fondation-salomon.org\/app\/uploads\/2026\/04\/philippon_antsirabe_20250924_3708-300x225.jpg 300w, https:\/\/www.fondation-salomon.org\/app\/uploads\/2026\/04\/philippon_antsirabe_20250924_3708-1024x768.jpg 1024w, https:\/\/www.fondation-salomon.org\/app\/uploads\/2026\/04\/philippon_antsirabe_20250924_3708-768x576.jpg 768w, https:\/\/www.fondation-salomon.org\/app\/uploads\/2026\/04\/philippon_antsirabe_20250924_3708-1536x1152.jpg 1536w, https:\/\/www.fondation-salomon.org\/app\/uploads\/2026\/04\/philippon_antsirabe_20250924_3708-2048x1536.jpg 2048w\" sizes=\"(max-width: 2200px) 100vw, 2200px\" \/><\/a><\/figure>\n\n\n<div class=\"wp-block-group is-vertical is-layout-flex wp-container-core-group-is-layout-8b35703c wp-block-group-is-layout-flex\" style=\"margin-top:0px;margin-bottom:0px;padding-top:var(--wp--preset--spacing--60);padding-right:var(--wp--preset--spacing--60);padding-left:var(--wp--preset--spacing--60)\"><h3 style=\"text-transform:none; padding-bottom:0px;padding-top:0px;margin-top:0px;margin-bottom:0px;\" class=\"wp-block-post-title has-medium-font-size\">Crown Athletics Club<\/h3>\n\n<div style=\"margin-top:0px;margin-bottom:0px\" class=\"taxonomy-organization-tag wp-block-post-terms\"><span>Autonomie<\/span><span class=\"wp-block-post-terms__separator\">, <\/span><span>Diversit\u00e9<\/span><span class=\"wp-block-post-terms__separator\">, <\/span><span>int\u00e9gration sociale<\/span><\/div>\n\n<div style=\"margin-top:0px;margin-bottom:0px;\" class=\"wp-block-post-excerpt\"><p class=\"wp-block-post-excerpt__excerpt\">Utiliser l\u2019athl\u00e9tisme pour accompagner des pousse-pousseurs \u00e0 Madagascar. Renforcer la r\u00e9silience, d\u00e9velopper des comp\u00e9tences et ouvrir de nouvelles perspectives gr\u00e2ce au sport.<\/p><p class=\"wp-block-post-excerpt__more-text\"><a class=\"wp-block-post-excerpt__more-link\" href=\"https:\/\/www.fondation-salomon.org\/fr\/organization\/crown-athletics-club\/\">Read more<\/a><\/p><\/div><\/div>\n\n<\/li><li class=\"wp-block-post post-2077 organization type-organization status-publish has-post-thumbnail hentry organization-tag-autonomie organization-tag-handicap\">\n<figure style=\"aspect-ratio:3\/4;\" class=\"wp-block-post-featured-image\"><a href=\"https:\/\/www.fondation-salomon.org\/fr\/organization\/comme-les-autres-2\/\" target=\"_self\"  ><img decoding=\"async\" width=\"1600\" height=\"1066\" src=\"https:\/\/www.fondation-salomon.org\/app\/uploads\/2026\/04\/60746596db242f6e8ff29c51_COMME-LES-AUTRES-\u00a9-NICOLAS-JACQUEMIN-500-p-1600.jpeg\" class=\"attachment-post-thumbnail size-post-thumbnail wp-post-image\" alt=\"Comme les autres\" style=\"width:100%;height:100%;object-fit:cover;\" srcset=\"https:\/\/www.fondation-salomon.org\/app\/uploads\/2026\/04\/60746596db242f6e8ff29c51_COMME-LES-AUTRES-\u00a9-NICOLAS-JACQUEMIN-500-p-1600.jpeg 1600w, https:\/\/www.fondation-salomon.org\/app\/uploads\/2026\/04\/60746596db242f6e8ff29c51_COMME-LES-AUTRES-\u00a9-NICOLAS-JACQUEMIN-500-p-1600-300x200.jpeg 300w, https:\/\/www.fondation-salomon.org\/app\/uploads\/2026\/04\/60746596db242f6e8ff29c51_COMME-LES-AUTRES-\u00a9-NICOLAS-JACQUEMIN-500-p-1600-1024x682.jpeg 1024w, https:\/\/www.fondation-salomon.org\/app\/uploads\/2026\/04\/60746596db242f6e8ff29c51_COMME-LES-AUTRES-\u00a9-NICOLAS-JACQUEMIN-500-p-1600-768x512.jpeg 768w, https:\/\/www.fondation-salomon.org\/app\/uploads\/2026\/04\/60746596db242f6e8ff29c51_COMME-LES-AUTRES-\u00a9-NICOLAS-JACQUEMIN-500-p-1600-1536x1023.jpeg 1536w\" sizes=\"(max-width: 1600px) 100vw, 1600px\" \/><\/a><\/figure>\n\n\n<div class=\"wp-block-group is-vertical is-layout-flex wp-container-core-group-is-layout-8b35703c wp-block-group-is-layout-flex\" style=\"margin-top:0px;margin-bottom:0px;padding-top:var(--wp--preset--spacing--60);padding-right:var(--wp--preset--spacing--60);padding-left:var(--wp--preset--spacing--60)\"><h3 style=\"text-transform:none; padding-bottom:0px;padding-top:0px;margin-top:0px;margin-bottom:0px;\" class=\"wp-block-post-title has-medium-font-size\">Comme les autres<\/h3>\n\n<div style=\"margin-top:0px;margin-bottom:0px\" class=\"taxonomy-organization-tag wp-block-post-terms\"><span>Autonomie<\/span><span class=\"wp-block-post-terms__separator\">, <\/span><span>Handicap<\/span><\/div>\n\n<div style=\"margin-top:0px;margin-bottom:0px;\" class=\"wp-block-post-excerpt\"><p class=\"wp-block-post-excerpt__excerpt\">Accompagner des personnes en situation de handicap moteur \u00e0 travers le sport et un accompagnement social. Favoriser la reconstruction, l\u2019autonomie et le retour \u00e0 une vie active.<\/p><p class=\"wp-block-post-excerpt__more-text\"><a class=\"wp-block-post-excerpt__more-link\" href=\"https:\/\/www.fondation-salomon.org\/fr\/organization\/comme-les-autres-2\/\">Read more<\/a><\/p><\/div><\/div>\n\n<\/li><li class=\"wp-block-post post-2075 organization type-organization status-publish has-post-thumbnail hentry organization-tag-autonomie organization-tag-jeunesse organization-tag-sante\">\n<figure style=\"aspect-ratio:3\/4;\" class=\"wp-block-post-featured-image\"><a href=\"https:\/\/www.fondation-salomon.org\/fr\/organization\/cimas-de-la-esperanza\/\" target=\"_self\"  ><img decoding=\"async\" width=\"2048\" height=\"2560\" src=\"https:\/\/www.fondation-salomon.org\/app\/uploads\/2026\/04\/JeanHacquart_Cimas_128-scaled.jpg\" class=\"attachment-post-thumbnail size-post-thumbnail wp-post-image\" alt=\"Cimas de la Esperanza\" style=\"width:100%;height:100%;object-fit:cover;\" srcset=\"https:\/\/www.fondation-salomon.org\/app\/uploads\/2026\/04\/JeanHacquart_Cimas_128-scaled.jpg 2048w, https:\/\/www.fondation-salomon.org\/app\/uploads\/2026\/04\/JeanHacquart_Cimas_128-240x300.jpg 240w, https:\/\/www.fondation-salomon.org\/app\/uploads\/2026\/04\/JeanHacquart_Cimas_128-819x1024.jpg 819w, https:\/\/www.fondation-salomon.org\/app\/uploads\/2026\/04\/JeanHacquart_Cimas_128-768x960.jpg 768w, https:\/\/www.fondation-salomon.org\/app\/uploads\/2026\/04\/JeanHacquart_Cimas_128-1229x1536.jpg 1229w, https:\/\/www.fondation-salomon.org\/app\/uploads\/2026\/04\/JeanHacquart_Cimas_128-1638x2048.jpg 1638w\" sizes=\"(max-width: 2048px) 100vw, 2048px\" \/><\/a><\/figure>\n\n\n<div class=\"wp-block-group is-vertical is-layout-flex wp-container-core-group-is-layout-8b35703c wp-block-group-is-layout-flex\" style=\"margin-top:0px;margin-bottom:0px;padding-top:var(--wp--preset--spacing--60);padding-right:var(--wp--preset--spacing--60);padding-left:var(--wp--preset--spacing--60)\"><h3 style=\"text-transform:none; padding-bottom:0px;padding-top:0px;margin-top:0px;margin-bottom:0px;\" class=\"wp-block-post-title has-medium-font-size\">Cimas de la Esperanza<\/h3>\n\n<div style=\"margin-top:0px;margin-bottom:0px\" class=\"taxonomy-organization-tag wp-block-post-terms\"><span>Autonomie<\/span><span class=\"wp-block-post-terms__separator\">, <\/span><span>Jeunesse<\/span><span class=\"wp-block-post-terms__separator\">, <\/span><span>Sant\u00e9<\/span><\/div>\n\n<div style=\"margin-top:0px;margin-bottom:0px;\" class=\"wp-block-post-excerpt\"><p class=\"wp-block-post-excerpt__excerpt\">Accompagner des personnes touch\u00e9es par le cancer \u00e0 travers des exp\u00e9riences en montagne. Renforcer la r\u00e9silience, la confiance et l\u2019espoir au-del\u00e0 de la maladie.<\/p><p class=\"wp-block-post-excerpt__more-text\"><a class=\"wp-block-post-excerpt__more-link\" href=\"https:\/\/www.fondation-salomon.org\/fr\/organization\/cimas-de-la-esperanza\/\">Read more<\/a><\/p><\/div><\/div>\n\n<\/li><li class=\"wp-block-post post-2072 organization type-organization status-publish has-post-thumbnail hentry organization-tag-autonomie organization-tag-diversite organization-tag-education\">\n<figure style=\"aspect-ratio:3\/4;\" class=\"wp-block-post-featured-image\"><a href=\"https:\/\/www.fondation-salomon.org\/fr\/organization\/change-the-game\/\" target=\"_self\"  ><img decoding=\"async\" width=\"2048\" height=\"1536\" src=\"https:\/\/www.fondation-salomon.org\/app\/uploads\/2026\/04\/image002.jpg\" class=\"attachment-post-thumbnail size-post-thumbnail wp-post-image\" alt=\"Change The Game\" style=\"width:100%;height:100%;object-fit:cover;\" srcset=\"https:\/\/www.fondation-salomon.org\/app\/uploads\/2026\/04\/image002.jpg 2048w, https:\/\/www.fondation-salomon.org\/app\/uploads\/2026\/04\/image002-300x225.jpg 300w, https:\/\/www.fondation-salomon.org\/app\/uploads\/2026\/04\/image002-1024x768.jpg 1024w, https:\/\/www.fondation-salomon.org\/app\/uploads\/2026\/04\/image002-768x576.jpg 768w, https:\/\/www.fondation-salomon.org\/app\/uploads\/2026\/04\/image002-1536x1152.jpg 1536w\" sizes=\"(max-width: 2048px) 100vw, 2048px\" \/><\/a><\/figure>\n\n\n<div class=\"wp-block-group is-vertical is-layout-flex wp-container-core-group-is-layout-8b35703c wp-block-group-is-layout-flex\" style=\"margin-top:0px;margin-bottom:0px;padding-top:var(--wp--preset--spacing--60);padding-right:var(--wp--preset--spacing--60);padding-left:var(--wp--preset--spacing--60)\"><h3 style=\"text-transform:none; padding-bottom:0px;padding-top:0px;margin-top:0px;margin-bottom:0px;\" class=\"wp-block-post-title has-medium-font-size\">Change The Game<\/h3>\n\n<div style=\"margin-top:0px;margin-bottom:0px\" class=\"taxonomy-organization-tag wp-block-post-terms\"><span>Autonomie<\/span><span class=\"wp-block-post-terms__separator\">, <\/span><span>Diversit\u00e9<\/span><span class=\"wp-block-post-terms__separator\">, <\/span><span>\u00c9ducation<\/span><\/div>\n\n<div style=\"margin-top:0px;margin-bottom:0px;\" class=\"wp-block-post-excerpt\"><p class=\"wp-block-post-excerpt__excerpt\">Fond\u00e9e en 2020, ChangeTheGame agit pour lutter contre les violences dans le milieu sportif.<\/p><p class=\"wp-block-post-excerpt__more-text\"><a class=\"wp-block-post-excerpt__more-link\" href=\"https:\/\/www.fondation-salomon.org\/fr\/organization\/change-the-game\/\">Read more<\/a><\/p><\/div><\/div>\n\n<\/li><li class=\"wp-block-post post-2070 organization type-organization status-publish has-post-thumbnail hentry organization-tag-autonomie\">\n<figure style=\"aspect-ratio:3\/4;\" class=\"wp-block-post-featured-image\"><a href=\"https:\/\/www.fondation-salomon.org\/fr\/organization\/bivouac-et-moi-2\/\" target=\"_self\"  ><img decoding=\"async\" width=\"2048\" height=\"2048\" src=\"https:\/\/www.fondation-salomon.org\/app\/uploads\/2026\/04\/bem_2025_06_18__004.jpg\" class=\"attachment-post-thumbnail size-post-thumbnail wp-post-image\" alt=\"Bivouac et Moi\" style=\"width:100%;height:100%;object-fit:cover;\" srcset=\"https:\/\/www.fondation-salomon.org\/app\/uploads\/2026\/04\/bem_2025_06_18__004.jpg 2048w, https:\/\/www.fondation-salomon.org\/app\/uploads\/2026\/04\/bem_2025_06_18__004-300x300.jpg 300w, https:\/\/www.fondation-salomon.org\/app\/uploads\/2026\/04\/bem_2025_06_18__004-1024x1024.jpg 1024w, https:\/\/www.fondation-salomon.org\/app\/uploads\/2026\/04\/bem_2025_06_18__004-150x150.jpg 150w, https:\/\/www.fondation-salomon.org\/app\/uploads\/2026\/04\/bem_2025_06_18__004-768x768.jpg 768w, https:\/\/www.fondation-salomon.org\/app\/uploads\/2026\/04\/bem_2025_06_18__004-1536x1536.jpg 1536w\" sizes=\"(max-width: 2048px) 100vw, 2048px\" \/><\/a><\/figure>\n\n\n<div class=\"wp-block-group is-vertical is-layout-flex wp-container-core-group-is-layout-8b35703c wp-block-group-is-layout-flex\" style=\"margin-top:0px;margin-bottom:0px;padding-top:var(--wp--preset--spacing--60);padding-right:var(--wp--preset--spacing--60);padding-left:var(--wp--preset--spacing--60)\"><h3 style=\"text-transform:none; padding-bottom:0px;padding-top:0px;margin-top:0px;margin-bottom:0px;\" class=\"wp-block-post-title has-medium-font-size\">Bivouac et Moi<\/h3>\n\n<div style=\"margin-top:0px;margin-bottom:0px\" class=\"taxonomy-organization-tag wp-block-post-terms\"><span>Autonomie<\/span><\/div>\n\n<div style=\"margin-top:0px;margin-bottom:0px;\" class=\"wp-block-post-excerpt\"><p class=\"wp-block-post-excerpt__excerpt\">Proposer des s\u00e9jours en montagne \u00e0 des personnes touch\u00e9es par le cancer ou une maladie chronique. Favoriser la reconnexion, le bien-\u00eatre et des exp\u00e9riences partag\u00e9es en nature.<\/p><p class=\"wp-block-post-excerpt__more-text\"><a class=\"wp-block-post-excerpt__more-link\" href=\"https:\/\/www.fondation-salomon.org\/fr\/organization\/bivouac-et-moi-2\/\">Read more<\/a><\/p><\/div><\/div>\n\n<\/li><li class=\"wp-block-post post-2068 organization type-organization status-publish has-post-thumbnail hentry organization-tag-diversite\">\n<figure style=\"aspect-ratio:3\/4;\" class=\"wp-block-post-featured-image\"><a href=\"https:\/\/www.fondation-salomon.org\/fr\/organization\/apart-2\/\" target=\"_self\"  ><img decoding=\"async\" width=\"1600\" height=\"900\" src=\"https:\/\/www.fondation-salomon.org\/app\/uploads\/2026\/04\/APART-au-sommet.jpeg\" class=\"attachment-post-thumbnail size-post-thumbnail wp-post-image\" alt=\"APART\" style=\"width:100%;height:100%;object-fit:cover;\" srcset=\"https:\/\/www.fondation-salomon.org\/app\/uploads\/2026\/04\/APART-au-sommet.jpeg 1600w, https:\/\/www.fondation-salomon.org\/app\/uploads\/2026\/04\/APART-au-sommet-300x169.jpeg 300w, https:\/\/www.fondation-salomon.org\/app\/uploads\/2026\/04\/APART-au-sommet-1024x576.jpeg 1024w, https:\/\/www.fondation-salomon.org\/app\/uploads\/2026\/04\/APART-au-sommet-768x432.jpeg 768w, https:\/\/www.fondation-salomon.org\/app\/uploads\/2026\/04\/APART-au-sommet-1536x864.jpeg 1536w\" sizes=\"(max-width: 1600px) 100vw, 1600px\" \/><\/a><\/figure>\n\n\n<div class=\"wp-block-group is-vertical is-layout-flex wp-container-core-group-is-layout-8b35703c wp-block-group-is-layout-flex\" style=\"margin-top:0px;margin-bottom:0px;padding-top:var(--wp--preset--spacing--60);padding-right:var(--wp--preset--spacing--60);padding-left:var(--wp--preset--spacing--60)\"><h3 style=\"text-transform:none; padding-bottom:0px;padding-top:0px;margin-top:0px;margin-bottom:0px;\" class=\"wp-block-post-title has-medium-font-size\">APART<\/h3>\n\n<div style=\"margin-top:0px;margin-bottom:0px\" class=\"taxonomy-organization-tag wp-block-post-terms\"><span>Diversit\u00e9<\/span><\/div>\n\n<div style=\"margin-top:0px;margin-bottom:0px;\" class=\"wp-block-post-excerpt\"><p class=\"wp-block-post-excerpt__excerpt\">Fond\u00e9e en 2004, APART est aujourd\u2019hui un acteur cl\u00e9 de l\u2019insertion des jeunes en Seine-Saint-Denis, avec plus de 20 ans d\u2019exp\u00e9rience.<\/p><p class=\"wp-block-post-excerpt__more-text\"><a class=\"wp-block-post-excerpt__more-link\" href=\"https:\/\/www.fondation-salomon.org\/fr\/organization\/apart-2\/\">Read more<\/a><\/p><\/div><\/div>\n\n<\/li><li class=\"wp-block-post post-2064 organization type-organization status-publish has-post-thumbnail hentry organization-tag-autonomie organization-tag-handicap\">\n<figure style=\"aspect-ratio:3\/4;\" class=\"wp-block-post-featured-image\"><a href=\"https:\/\/www.fondation-salomon.org\/fr\/organization\/adaptive-ski-academy-2\/\" target=\"_self\"  ><img decoding=\"async\" width=\"950\" height=\"709\" src=\"https:\/\/www.fondation-salomon.org\/app\/uploads\/2026\/04\/GROUP-PICTURE-ADAPTIVE-SKI-ACADEMY.png\" class=\"attachment-post-thumbnail size-post-thumbnail wp-post-image\" alt=\"Adaptive Ski Academy\" style=\"width:100%;height:100%;object-fit:cover;\" srcset=\"https:\/\/www.fondation-salomon.org\/app\/uploads\/2026\/04\/GROUP-PICTURE-ADAPTIVE-SKI-ACADEMY.png 950w, https:\/\/www.fondation-salomon.org\/app\/uploads\/2026\/04\/GROUP-PICTURE-ADAPTIVE-SKI-ACADEMY-300x224.png 300w, https:\/\/www.fondation-salomon.org\/app\/uploads\/2026\/04\/GROUP-PICTURE-ADAPTIVE-SKI-ACADEMY-768x573.png 768w\" sizes=\"(max-width: 950px) 100vw, 950px\" \/><\/a><\/figure>\n\n\n<div class=\"wp-block-group is-vertical is-layout-flex wp-container-core-group-is-layout-8b35703c wp-block-group-is-layout-flex\" style=\"margin-top:0px;margin-bottom:0px;padding-top:var(--wp--preset--spacing--60);padding-right:var(--wp--preset--spacing--60);padding-left:var(--wp--preset--spacing--60)\"><h3 style=\"text-transform:none; padding-bottom:0px;padding-top:0px;margin-top:0px;margin-bottom:0px;\" class=\"wp-block-post-title has-medium-font-size\">Adaptive Ski Academy<\/h3>\n\n<div style=\"margin-top:0px;margin-bottom:0px\" class=\"taxonomy-organization-tag wp-block-post-terms\"><span>Autonomie<\/span><span class=\"wp-block-post-terms__separator\">, <\/span><span>Handicap<\/span><\/div>\n\n<div style=\"margin-top:0px;margin-bottom:0px;\" class=\"wp-block-post-excerpt\"><p class=\"wp-block-post-excerpt__excerpt\">Rendre le ski accessible aux personnes en situation de handicap ou vivant avec une maladie. Soutenir la confiance, l\u2019autonomie et le plaisir du mouvement.<\/p><p class=\"wp-block-post-excerpt__more-text\"><a class=\"wp-block-post-excerpt__more-link\" href=\"https:\/\/www.fondation-salomon.org\/fr\/organization\/adaptive-ski-academy-2\/\">Read more<\/a><\/p><\/div><\/div>\n\n<\/li><li class=\"wp-block-post post-2061 organization type-organization status-publish has-post-thumbnail hentry organization-tag-autonomie organization-tag-handicap\">\n<figure style=\"aspect-ratio:3\/4;\" class=\"wp-block-post-featured-image\"><a href=\"https:\/\/www.fondation-salomon.org\/fr\/organization\/les-coureurs-amputes\/\" target=\"_self\"  ><img decoding=\"async\" width=\"1920\" height=\"2560\" src=\"https:\/\/www.fondation-salomon.org\/app\/uploads\/2026\/04\/20250412_171504-scaled-e1775551499792.jpg\" class=\"attachment-post-thumbnail size-post-thumbnail wp-post-image\" alt=\"Amputee Blade Runners\" style=\"width:100%;height:100%;object-fit:cover;\" srcset=\"https:\/\/www.fondation-salomon.org\/app\/uploads\/2026\/04\/20250412_171504-scaled-e1775551499792.jpg 1920w, https:\/\/www.fondation-salomon.org\/app\/uploads\/2026\/04\/20250412_171504-scaled-e1775551499792-225x300.jpg 225w, https:\/\/www.fondation-salomon.org\/app\/uploads\/2026\/04\/20250412_171504-scaled-e1775551499792-768x1024.jpg 768w, https:\/\/www.fondation-salomon.org\/app\/uploads\/2026\/04\/20250412_171504-scaled-e1775551499792-1152x1536.jpg 1152w, https:\/\/www.fondation-salomon.org\/app\/uploads\/2026\/04\/20250412_171504-scaled-e1775551499792-1536x2048.jpg 1536w\" sizes=\"(max-width: 1920px) 100vw, 1920px\" \/><\/a><\/figure>\n\n\n<div class=\"wp-block-group is-vertical is-layout-flex wp-container-core-group-is-layout-8b35703c wp-block-group-is-layout-flex\" style=\"margin-top:0px;margin-bottom:0px;padding-top:var(--wp--preset--spacing--60);padding-right:var(--wp--preset--spacing--60);padding-left:var(--wp--preset--spacing--60)\"><h3 style=\"text-transform:none; padding-bottom:0px;padding-top:0px;margin-top:0px;margin-bottom:0px;\" class=\"wp-block-post-title has-medium-font-size\">Amputee Blade Runners<\/h3>\n\n<div style=\"margin-top:0px;margin-bottom:0px\" class=\"taxonomy-organization-tag wp-block-post-terms\"><span>Autonomie<\/span><span class=\"wp-block-post-terms__separator\">, <\/span><span>Handicap<\/span><\/div>\n\n<div style=\"margin-top:0px;margin-bottom:0px;\" class=\"wp-block-post-excerpt\"><p class=\"wp-block-post-excerpt__excerpt\">Aider les personnes amput\u00e9es \u00e0 reprendre le sport et une vie active. Fournir de l&#8217;\u00e9quipement, du soutien et des solutions vers la confiance et la performance.<\/p><p class=\"wp-block-post-excerpt__more-text\"><a class=\"wp-block-post-excerpt__more-link\" href=\"https:\/\/www.fondation-salomon.org\/fr\/organization\/les-coureurs-amputes\/\">Read more<\/a><\/p><\/div><\/div>\n\n<\/li><\/ul><\/div>\n\n<\/section>\n<\/div>\n\n\n\n<div class=\"wp-block-group swiper-content-block is-layout-flow wp-block-group-is-layout-flow\" style=\"margin-top:0px;margin-bottom:0px\"><section class=\"wp-block-grdnrs-swiper\" data-swiper-type=\"query\" data-swiper-style=\"slider\" >\n\t\n\n<div data-qllm-query-region=\"2\" class=\"wp-block-query is-layout-flow wp-block-query-is-layout-flow\"><ul style=\"padding-bottom:var(--wp--preset--spacing--45);\" class=\"wp-block-post-template is-layout-flow wp-block-post-template-is-layout-flow\"><li class=\"wp-block-post post-2128 organization type-organization status-publish has-post-thumbnail hentry organization-tag-autonomie organization-tag-handicap organization-tag-integration-sociale\">\n<figure style=\"aspect-ratio:3\/4;\" class=\"wp-block-post-featured-image\"><a href=\"https:\/\/www.fondation-salomon.org\/fr\/organization\/accueil-savoie-handicap\/\" target=\"_self\"  ><img decoding=\"async\" width=\"1204\" height=\"902\" src=\"https:\/\/www.fondation-salomon.org\/app\/uploads\/2026\/04\/Accueil-Savoie-Handicap-Fondation-Salomon.png\" class=\"attachment-post-thumbnail size-post-thumbnail wp-post-image\" alt=\"Accueil Savoie Handicap\" style=\"width:100%;height:100%;object-fit:cover;\" srcset=\"https:\/\/www.fondation-salomon.org\/app\/uploads\/2026\/04\/Accueil-Savoie-Handicap-Fondation-Salomon.png 1204w, https:\/\/www.fondation-salomon.org\/app\/uploads\/2026\/04\/Accueil-Savoie-Handicap-Fondation-Salomon-300x225.png 300w, https:\/\/www.fondation-salomon.org\/app\/uploads\/2026\/04\/Accueil-Savoie-Handicap-Fondation-Salomon-1024x767.png 1024w, https:\/\/www.fondation-salomon.org\/app\/uploads\/2026\/04\/Accueil-Savoie-Handicap-Fondation-Salomon-768x575.png 768w\" sizes=\"(max-width: 1204px) 100vw, 1204px\" \/><\/a><\/figure>\n\n\n<div class=\"wp-block-group is-vertical is-layout-flex wp-container-core-group-is-layout-8b35703c wp-block-group-is-layout-flex\" style=\"margin-top:0px;margin-bottom:0px;padding-top:var(--wp--preset--spacing--60);padding-right:var(--wp--preset--spacing--60);padding-left:var(--wp--preset--spacing--60)\"><h3 style=\"text-transform:none; padding-bottom:0px;padding-top:0px;margin-top:0px;margin-bottom:0px;\" class=\"wp-block-post-title has-medium-font-size\">Accueil Savoie Handicap<\/h3>\n\n<div style=\"margin-top:0px;margin-bottom:0px\" class=\"taxonomy-organization-tag wp-block-post-terms\"><span>Autonomie<\/span><span class=\"wp-block-post-terms__separator\">, <\/span><span>Handicap<\/span><span class=\"wp-block-post-terms__separator\">, <\/span><span>int\u00e9gration sociale<\/span><\/div>\n\n<div style=\"margin-top:0px;margin-bottom:0px;\" class=\"wp-block-post-excerpt\"><p class=\"wp-block-post-excerpt__excerpt\">Accompagnement de personnes en situation de handicap, \u00e0 la fois sur le plan m\u00e9dical et social. Pr\u00e8s de 400 personnes accompagn\u00e9es vers l\u2019autonomie et l\u2019inclusion.<\/p><p class=\"wp-block-post-excerpt__more-text\"><a class=\"wp-block-post-excerpt__more-link\" href=\"https:\/\/www.fondation-salomon.org\/fr\/organization\/accueil-savoie-handicap\/\">Read more<\/a><\/p><\/div><\/div>\n\n<\/li><li class=\"wp-block-post post-2120 organization type-organization status-publish has-post-thumbnail hentry organization-tag-autonomie organization-tag-handicap organization-tag-sante\">\n<figure style=\"aspect-ratio:3\/4;\" class=\"wp-block-post-featured-image\"><a href=\"https:\/\/www.fondation-salomon.org\/fr\/organization\/so-every-body-can-move\/\" target=\"_self\"  ><img decoding=\"async\" width=\"2048\" height=\"1366\" src=\"https:\/\/www.fondation-salomon.org\/app\/uploads\/2026\/04\/IMG_2050.jpg\" class=\"attachment-post-thumbnail size-post-thumbnail wp-post-image\" alt=\"So Every BODY Can Move\" style=\"width:100%;height:100%;object-fit:cover;\" srcset=\"https:\/\/www.fondation-salomon.org\/app\/uploads\/2026\/04\/IMG_2050.jpg 2048w, https:\/\/www.fondation-salomon.org\/app\/uploads\/2026\/04\/IMG_2050-300x200.jpg 300w, https:\/\/www.fondation-salomon.org\/app\/uploads\/2026\/04\/IMG_2050-1024x683.jpg 1024w, https:\/\/www.fondation-salomon.org\/app\/uploads\/2026\/04\/IMG_2050-768x512.jpg 768w, https:\/\/www.fondation-salomon.org\/app\/uploads\/2026\/04\/IMG_2050-1536x1025.jpg 1536w\" sizes=\"(max-width: 2048px) 100vw, 2048px\" \/><\/a><\/figure>\n\n\n<div class=\"wp-block-group is-vertical is-layout-flex wp-container-core-group-is-layout-8b35703c wp-block-group-is-layout-flex\" style=\"margin-top:0px;margin-bottom:0px;padding-top:var(--wp--preset--spacing--60);padding-right:var(--wp--preset--spacing--60);padding-left:var(--wp--preset--spacing--60)\"><h3 style=\"text-transform:none; padding-bottom:0px;padding-top:0px;margin-top:0px;margin-bottom:0px;\" class=\"wp-block-post-title has-medium-font-size\">So Every BODY Can Move<\/h3>\n\n<div style=\"margin-top:0px;margin-bottom:0px\" class=\"taxonomy-organization-tag wp-block-post-terms\"><span>Autonomie<\/span><span class=\"wp-block-post-terms__separator\">, <\/span><span>Handicap<\/span><span class=\"wp-block-post-terms__separator\">, <\/span><span>Sant\u00e9<\/span><\/div>\n\n<div style=\"margin-top:0px;margin-bottom:0px;\" class=\"wp-block-post-excerpt\"><p class=\"wp-block-post-excerpt__excerpt\">Agir pour un acc\u00e8s \u00e9quitable aux appareillages proth\u00e9tiques et orth\u00e9tiques aux \u00c9tats-Unis. Faire \u00e9voluer les politiques publiques pour garantir mobilit\u00e9, inclusion et qualit\u00e9 de vie.<\/p><p class=\"wp-block-post-excerpt__more-text\"><a class=\"wp-block-post-excerpt__more-link\" href=\"https:\/\/www.fondation-salomon.org\/fr\/organization\/so-every-body-can-move\/\">Read more<\/a><\/p><\/div><\/div>\n\n<\/li><li class=\"wp-block-post post-2108 organization type-organization status-publish has-post-thumbnail hentry organization-tag-autonomie organization-tag-handicap\">\n<figure style=\"aspect-ratio:3\/4;\" class=\"wp-block-post-featured-image\"><a href=\"https:\/\/www.fondation-salomon.org\/fr\/organization\/ozmoov\/\" target=\"_self\"  ><img decoding=\"async\" width=\"1707\" height=\"2560\" src=\"https:\/\/www.fondation-salomon.org\/app\/uploads\/2026\/04\/DSCF9401-2-scaled.jpg\" class=\"attachment-post-thumbnail size-post-thumbnail wp-post-image\" alt=\"Oz&#8217;moov\" style=\"width:100%;height:100%;object-fit:cover;\" srcset=\"https:\/\/www.fondation-salomon.org\/app\/uploads\/2026\/04\/DSCF9401-2-scaled.jpg 1707w, https:\/\/www.fondation-salomon.org\/app\/uploads\/2026\/04\/DSCF9401-2-200x300.jpg 200w, https:\/\/www.fondation-salomon.org\/app\/uploads\/2026\/04\/DSCF9401-2-683x1024.jpg 683w, https:\/\/www.fondation-salomon.org\/app\/uploads\/2026\/04\/DSCF9401-2-768x1152.jpg 768w, https:\/\/www.fondation-salomon.org\/app\/uploads\/2026\/04\/DSCF9401-2-1024x1536.jpg 1024w, https:\/\/www.fondation-salomon.org\/app\/uploads\/2026\/04\/DSCF9401-2-1365x2048.jpg 1365w\" sizes=\"(max-width: 1707px) 100vw, 1707px\" \/><\/a><\/figure>\n\n\n<div class=\"wp-block-group is-vertical is-layout-flex wp-container-core-group-is-layout-8b35703c wp-block-group-is-layout-flex\" style=\"margin-top:0px;margin-bottom:0px;padding-top:var(--wp--preset--spacing--60);padding-right:var(--wp--preset--spacing--60);padding-left:var(--wp--preset--spacing--60)\"><h3 style=\"text-transform:none; padding-bottom:0px;padding-top:0px;margin-top:0px;margin-bottom:0px;\" class=\"wp-block-post-title has-medium-font-size\">Oz&#8217;moov<\/h3>\n\n<div style=\"margin-top:0px;margin-bottom:0px\" class=\"taxonomy-organization-tag wp-block-post-terms\"><span>Autonomie<\/span><span class=\"wp-block-post-terms__separator\">, <\/span><span>Handicap<\/span><\/div>\n\n<div style=\"margin-top:0px;margin-bottom:0px;\" class=\"wp-block-post-excerpt\"><p class=\"wp-block-post-excerpt__excerpt\">Rendre le sport accessible aux personnes amput\u00e9es. Favoriser l\u2019autonomie, la confiance et de nouvelles possibilit\u00e9s gr\u00e2ce au mouvement.<\/p><p class=\"wp-block-post-excerpt__more-text\"><a class=\"wp-block-post-excerpt__more-link\" href=\"https:\/\/www.fondation-salomon.org\/fr\/organization\/ozmoov\/\">Read more<\/a><\/p><\/div><\/div>\n\n<\/li><li class=\"wp-block-post post-2103 organization type-organization status-publish has-post-thumbnail hentry organization-tag-handicap organization-tag-inclusion\">\n<figure style=\"aspect-ratio:3\/4;\" class=\"wp-block-post-featured-image\"><a href=\"https:\/\/www.fondation-salomon.org\/fr\/organization\/loisirs-assis-evasion\/\" target=\"_self\"  ><img decoding=\"async\" width=\"2560\" height=\"1707\" src=\"https:\/\/www.fondation-salomon.org\/app\/uploads\/2026\/04\/Uniski-scaled.jpg\" class=\"attachment-post-thumbnail size-post-thumbnail wp-post-image\" alt=\"Loisirs Assis \u00c9vasion\" style=\"width:100%;height:100%;object-fit:cover;\" srcset=\"https:\/\/www.fondation-salomon.org\/app\/uploads\/2026\/04\/Uniski-scaled.jpg 2560w, https:\/\/www.fondation-salomon.org\/app\/uploads\/2026\/04\/Uniski-300x200.jpg 300w, https:\/\/www.fondation-salomon.org\/app\/uploads\/2026\/04\/Uniski-1024x683.jpg 1024w, https:\/\/www.fondation-salomon.org\/app\/uploads\/2026\/04\/Uniski-768x512.jpg 768w, https:\/\/www.fondation-salomon.org\/app\/uploads\/2026\/04\/Uniski-1536x1024.jpg 1536w, https:\/\/www.fondation-salomon.org\/app\/uploads\/2026\/04\/Uniski-2048x1365.jpg 2048w\" sizes=\"(max-width: 2560px) 100vw, 2560px\" \/><\/a><\/figure>\n\n\n<div class=\"wp-block-group is-vertical is-layout-flex wp-container-core-group-is-layout-8b35703c wp-block-group-is-layout-flex\" style=\"margin-top:0px;margin-bottom:0px;padding-top:var(--wp--preset--spacing--60);padding-right:var(--wp--preset--spacing--60);padding-left:var(--wp--preset--spacing--60)\"><h3 style=\"text-transform:none; padding-bottom:0px;padding-top:0px;margin-top:0px;margin-bottom:0px;\" class=\"wp-block-post-title has-medium-font-size\">Loisirs Assis \u00c9vasion<\/h3>\n\n<div style=\"margin-top:0px;margin-bottom:0px\" class=\"taxonomy-organization-tag wp-block-post-terms\"><span>Handicap<\/span><span class=\"wp-block-post-terms__separator\">, <\/span><span>Inclusion<\/span><\/div>\n\n<div style=\"margin-top:0px;margin-bottom:0px;\" class=\"wp-block-post-excerpt\"><p class=\"wp-block-post-excerpt__excerpt\">Rendre les activit\u00e9s de montagne accessibles aux personnes en situation de handicap. Favoriser l\u2019autonomie \u00e0 travers des exp\u00e9riences adapt\u00e9es, toute l\u2019ann\u00e9e.<\/p><p class=\"wp-block-post-excerpt__more-text\"><a class=\"wp-block-post-excerpt__more-link\" href=\"https:\/\/www.fondation-salomon.org\/fr\/organization\/loisirs-assis-evasion\/\">Read more<\/a><\/p><\/div><\/div>\n\n<\/li><li class=\"wp-block-post post-2092 organization type-organization status-publish has-post-thumbnail hentry organization-tag-education organization-tag-handicap organization-tag-jeunesse\">\n<figure style=\"aspect-ratio:3\/4;\" class=\"wp-block-post-featured-image\"><a href=\"https:\/\/www.fondation-salomon.org\/fr\/organization\/in-your-shoes-2\/\" target=\"_self\"  ><img decoding=\"async\" width=\"1707\" height=\"2560\" src=\"https:\/\/www.fondation-salomon.org\/app\/uploads\/2026\/04\/S2B5858-2-scaled.jpg\" class=\"attachment-post-thumbnail size-post-thumbnail wp-post-image\" alt=\"In your shoes\" style=\"width:100%;height:100%;object-fit:cover;\" srcset=\"https:\/\/www.fondation-salomon.org\/app\/uploads\/2026\/04\/S2B5858-2-scaled.jpg 1707w, https:\/\/www.fondation-salomon.org\/app\/uploads\/2026\/04\/S2B5858-2-200x300.jpg 200w, https:\/\/www.fondation-salomon.org\/app\/uploads\/2026\/04\/S2B5858-2-683x1024.jpg 683w, https:\/\/www.fondation-salomon.org\/app\/uploads\/2026\/04\/S2B5858-2-768x1152.jpg 768w, https:\/\/www.fondation-salomon.org\/app\/uploads\/2026\/04\/S2B5858-2-1024x1536.jpg 1024w, https:\/\/www.fondation-salomon.org\/app\/uploads\/2026\/04\/S2B5858-2-1365x2048.jpg 1365w\" sizes=\"(max-width: 1707px) 100vw, 1707px\" \/><\/a><\/figure>\n\n\n<div class=\"wp-block-group is-vertical is-layout-flex wp-container-core-group-is-layout-8b35703c wp-block-group-is-layout-flex\" style=\"margin-top:0px;margin-bottom:0px;padding-top:var(--wp--preset--spacing--60);padding-right:var(--wp--preset--spacing--60);padding-left:var(--wp--preset--spacing--60)\"><h3 style=\"text-transform:none; padding-bottom:0px;padding-top:0px;margin-top:0px;margin-bottom:0px;\" class=\"wp-block-post-title has-medium-font-size\">In your shoes<\/h3>\n\n<div style=\"margin-top:0px;margin-bottom:0px\" class=\"taxonomy-organization-tag wp-block-post-terms\"><span>\u00c9ducation<\/span><span class=\"wp-block-post-terms__separator\">, <\/span><span>Handicap<\/span><span class=\"wp-block-post-terms__separator\">, <\/span><span>Jeunesse<\/span><\/div>\n\n<div style=\"margin-top:0px;margin-bottom:0px;\" class=\"wp-block-post-excerpt\"><p class=\"wp-block-post-excerpt__excerpt\">Transformer des chaussures de course usag\u00e9es en opportunit\u00e9s pour de jeunes athl\u00e8tes au Kenya. Cr\u00e9er du lien, favoriser l\u2019acc\u00e8s \u00e0 l\u2019\u00e9ducation et ouvrir des perspectives gr\u00e2ce au sport.<\/p><p class=\"wp-block-post-excerpt__more-text\"><a class=\"wp-block-post-excerpt__more-link\" href=\"https:\/\/www.fondation-salomon.org\/fr\/organization\/in-your-shoes-2\/\">Read more<\/a><\/p><\/div><\/div>\n\n<\/li><li class=\"wp-block-post post-2082 organization type-organization status-publish has-post-thumbnail hentry organization-tag-handicap organization-tag-inclusion organization-tag-integration-sociale\">\n<figure style=\"aspect-ratio:3\/4;\" class=\"wp-block-post-featured-image\"><a href=\"https:\/\/www.fondation-salomon.org\/fr\/organization\/downlaufen\/\" target=\"_self\"  ><img decoding=\"async\" width=\"2048\" height=\"1536\" src=\"https:\/\/www.fondation-salomon.org\/app\/uploads\/2026\/04\/laufgruppe_fuer_salomon_2.jpg\" class=\"attachment-post-thumbnail size-post-thumbnail wp-post-image\" alt=\"DownLaufen\" style=\"width:100%;height:100%;object-fit:cover;\" srcset=\"https:\/\/www.fondation-salomon.org\/app\/uploads\/2026\/04\/laufgruppe_fuer_salomon_2.jpg 2048w, https:\/\/www.fondation-salomon.org\/app\/uploads\/2026\/04\/laufgruppe_fuer_salomon_2-300x225.jpg 300w, https:\/\/www.fondation-salomon.org\/app\/uploads\/2026\/04\/laufgruppe_fuer_salomon_2-1024x768.jpg 1024w, https:\/\/www.fondation-salomon.org\/app\/uploads\/2026\/04\/laufgruppe_fuer_salomon_2-768x576.jpg 768w, https:\/\/www.fondation-salomon.org\/app\/uploads\/2026\/04\/laufgruppe_fuer_salomon_2-1536x1152.jpg 1536w\" sizes=\"(max-width: 2048px) 100vw, 2048px\" \/><\/a><\/figure>\n\n\n<div class=\"wp-block-group is-vertical is-layout-flex wp-container-core-group-is-layout-8b35703c wp-block-group-is-layout-flex\" style=\"margin-top:0px;margin-bottom:0px;padding-top:var(--wp--preset--spacing--60);padding-right:var(--wp--preset--spacing--60);padding-left:var(--wp--preset--spacing--60)\"><h3 style=\"text-transform:none; padding-bottom:0px;padding-top:0px;margin-top:0px;margin-bottom:0px;\" class=\"wp-block-post-title has-medium-font-size\">DownLaufen<\/h3>\n\n<div style=\"margin-top:0px;margin-bottom:0px\" class=\"taxonomy-organization-tag wp-block-post-terms\"><span>Handicap<\/span><span class=\"wp-block-post-terms__separator\">, <\/span><span>Inclusion<\/span><span class=\"wp-block-post-terms__separator\">, <\/span><span>int\u00e9gration sociale<\/span><\/div>\n\n<div style=\"margin-top:0px;margin-bottom:0px;\" class=\"wp-block-post-excerpt\"><p class=\"wp-block-post-excerpt__excerpt\">Rassembler autour de la course \u00e0 pied et d\u2019exp\u00e9riences inclusives. Favoriser la confiance, le lien et le sentiment d\u2019appartenance pour toutes les capacit\u00e9s.<\/p><p class=\"wp-block-post-excerpt__more-text\"><a class=\"wp-block-post-excerpt__more-link\" href=\"https:\/\/www.fondation-salomon.org\/fr\/organization\/downlaufen\/\">Read more<\/a><\/p><\/div><\/div>\n\n<\/li><li class=\"wp-block-post post-2077 organization type-organization status-publish has-post-thumbnail hentry organization-tag-autonomie organization-tag-handicap\">\n<figure style=\"aspect-ratio:3\/4;\" class=\"wp-block-post-featured-image\"><a href=\"https:\/\/www.fondation-salomon.org\/fr\/organization\/comme-les-autres-2\/\" target=\"_self\"  ><img decoding=\"async\" width=\"1600\" height=\"1066\" src=\"https:\/\/www.fondation-salomon.org\/app\/uploads\/2026\/04\/60746596db242f6e8ff29c51_COMME-LES-AUTRES-\u00a9-NICOLAS-JACQUEMIN-500-p-1600.jpeg\" class=\"attachment-post-thumbnail size-post-thumbnail wp-post-image\" alt=\"Comme les autres\" style=\"width:100%;height:100%;object-fit:cover;\" srcset=\"https:\/\/www.fondation-salomon.org\/app\/uploads\/2026\/04\/60746596db242f6e8ff29c51_COMME-LES-AUTRES-\u00a9-NICOLAS-JACQUEMIN-500-p-1600.jpeg 1600w, https:\/\/www.fondation-salomon.org\/app\/uploads\/2026\/04\/60746596db242f6e8ff29c51_COMME-LES-AUTRES-\u00a9-NICOLAS-JACQUEMIN-500-p-1600-300x200.jpeg 300w, https:\/\/www.fondation-salomon.org\/app\/uploads\/2026\/04\/60746596db242f6e8ff29c51_COMME-LES-AUTRES-\u00a9-NICOLAS-JACQUEMIN-500-p-1600-1024x682.jpeg 1024w, https:\/\/www.fondation-salomon.org\/app\/uploads\/2026\/04\/60746596db242f6e8ff29c51_COMME-LES-AUTRES-\u00a9-NICOLAS-JACQUEMIN-500-p-1600-768x512.jpeg 768w, https:\/\/www.fondation-salomon.org\/app\/uploads\/2026\/04\/60746596db242f6e8ff29c51_COMME-LES-AUTRES-\u00a9-NICOLAS-JACQUEMIN-500-p-1600-1536x1023.jpeg 1536w\" sizes=\"(max-width: 1600px) 100vw, 1600px\" \/><\/a><\/figure>\n\n\n<div class=\"wp-block-group is-vertical is-layout-flex wp-container-core-group-is-layout-8b35703c wp-block-group-is-layout-flex\" style=\"margin-top:0px;margin-bottom:0px;padding-top:var(--wp--preset--spacing--60);padding-right:var(--wp--preset--spacing--60);padding-left:var(--wp--preset--spacing--60)\"><h3 style=\"text-transform:none; padding-bottom:0px;padding-top:0px;margin-top:0px;margin-bottom:0px;\" class=\"wp-block-post-title has-medium-font-size\">Comme les autres<\/h3>\n\n<div style=\"margin-top:0px;margin-bottom:0px\" class=\"taxonomy-organization-tag wp-block-post-terms\"><span>Autonomie<\/span><span class=\"wp-block-post-terms__separator\">, <\/span><span>Handicap<\/span><\/div>\n\n<div style=\"margin-top:0px;margin-bottom:0px;\" class=\"wp-block-post-excerpt\"><p class=\"wp-block-post-excerpt__excerpt\">Accompagner des personnes en situation de handicap moteur \u00e0 travers le sport et un accompagnement social. Favoriser la reconstruction, l\u2019autonomie et le retour \u00e0 une vie active.<\/p><p class=\"wp-block-post-excerpt__more-text\"><a class=\"wp-block-post-excerpt__more-link\" href=\"https:\/\/www.fondation-salomon.org\/fr\/organization\/comme-les-autres-2\/\">Read more<\/a><\/p><\/div><\/div>\n\n<\/li><li class=\"wp-block-post post-2075 organization type-organization status-publish has-post-thumbnail hentry organization-tag-autonomie organization-tag-jeunesse organization-tag-sante\">\n<figure style=\"aspect-ratio:3\/4;\" class=\"wp-block-post-featured-image\"><a href=\"https:\/\/www.fondation-salomon.org\/fr\/organization\/cimas-de-la-esperanza\/\" target=\"_self\"  ><img decoding=\"async\" width=\"2048\" height=\"2560\" src=\"https:\/\/www.fondation-salomon.org\/app\/uploads\/2026\/04\/JeanHacquart_Cimas_128-scaled.jpg\" class=\"attachment-post-thumbnail size-post-thumbnail wp-post-image\" alt=\"Cimas de la Esperanza\" style=\"width:100%;height:100%;object-fit:cover;\" srcset=\"https:\/\/www.fondation-salomon.org\/app\/uploads\/2026\/04\/JeanHacquart_Cimas_128-scaled.jpg 2048w, https:\/\/www.fondation-salomon.org\/app\/uploads\/2026\/04\/JeanHacquart_Cimas_128-240x300.jpg 240w, https:\/\/www.fondation-salomon.org\/app\/uploads\/2026\/04\/JeanHacquart_Cimas_128-819x1024.jpg 819w, https:\/\/www.fondation-salomon.org\/app\/uploads\/2026\/04\/JeanHacquart_Cimas_128-768x960.jpg 768w, https:\/\/www.fondation-salomon.org\/app\/uploads\/2026\/04\/JeanHacquart_Cimas_128-1229x1536.jpg 1229w, https:\/\/www.fondation-salomon.org\/app\/uploads\/2026\/04\/JeanHacquart_Cimas_128-1638x2048.jpg 1638w\" sizes=\"(max-width: 2048px) 100vw, 2048px\" \/><\/a><\/figure>\n\n\n<div class=\"wp-block-group is-vertical is-layout-flex wp-container-core-group-is-layout-8b35703c wp-block-group-is-layout-flex\" style=\"margin-top:0px;margin-bottom:0px;padding-top:var(--wp--preset--spacing--60);padding-right:var(--wp--preset--spacing--60);padding-left:var(--wp--preset--spacing--60)\"><h3 style=\"text-transform:none; padding-bottom:0px;padding-top:0px;margin-top:0px;margin-bottom:0px;\" class=\"wp-block-post-title has-medium-font-size\">Cimas de la Esperanza<\/h3>\n\n<div style=\"margin-top:0px;margin-bottom:0px\" class=\"taxonomy-organization-tag wp-block-post-terms\"><span>Autonomie<\/span><span class=\"wp-block-post-terms__separator\">, <\/span><span>Jeunesse<\/span><span class=\"wp-block-post-terms__separator\">, <\/span><span>Sant\u00e9<\/span><\/div>\n\n<div style=\"margin-top:0px;margin-bottom:0px;\" class=\"wp-block-post-excerpt\"><p class=\"wp-block-post-excerpt__excerpt\">Accompagner des personnes touch\u00e9es par le cancer \u00e0 travers des exp\u00e9riences en montagne. Renforcer la r\u00e9silience, la confiance et l\u2019espoir au-del\u00e0 de la maladie.<\/p><p class=\"wp-block-post-excerpt__more-text\"><a class=\"wp-block-post-excerpt__more-link\" href=\"https:\/\/www.fondation-salomon.org\/fr\/organization\/cimas-de-la-esperanza\/\">Read more<\/a><\/p><\/div><\/div>\n\n<\/li><li class=\"wp-block-post post-2064 organization type-organization status-publish has-post-thumbnail hentry organization-tag-autonomie organization-tag-handicap\">\n<figure style=\"aspect-ratio:3\/4;\" class=\"wp-block-post-featured-image\"><a href=\"https:\/\/www.fondation-salomon.org\/fr\/organization\/adaptive-ski-academy-2\/\" target=\"_self\"  ><img decoding=\"async\" width=\"950\" height=\"709\" src=\"https:\/\/www.fondation-salomon.org\/app\/uploads\/2026\/04\/GROUP-PICTURE-ADAPTIVE-SKI-ACADEMY.png\" class=\"attachment-post-thumbnail size-post-thumbnail wp-post-image\" alt=\"Adaptive Ski Academy\" style=\"width:100%;height:100%;object-fit:cover;\" srcset=\"https:\/\/www.fondation-salomon.org\/app\/uploads\/2026\/04\/GROUP-PICTURE-ADAPTIVE-SKI-ACADEMY.png 950w, https:\/\/www.fondation-salomon.org\/app\/uploads\/2026\/04\/GROUP-PICTURE-ADAPTIVE-SKI-ACADEMY-300x224.png 300w, https:\/\/www.fondation-salomon.org\/app\/uploads\/2026\/04\/GROUP-PICTURE-ADAPTIVE-SKI-ACADEMY-768x573.png 768w\" sizes=\"(max-width: 950px) 100vw, 950px\" \/><\/a><\/figure>\n\n\n<div class=\"wp-block-group is-vertical is-layout-flex wp-container-core-group-is-layout-8b35703c wp-block-group-is-layout-flex\" style=\"margin-top:0px;margin-bottom:0px;padding-top:var(--wp--preset--spacing--60);padding-right:var(--wp--preset--spacing--60);padding-left:var(--wp--preset--spacing--60)\"><h3 style=\"text-transform:none; padding-bottom:0px;padding-top:0px;margin-top:0px;margin-bottom:0px;\" class=\"wp-block-post-title has-medium-font-size\">Adaptive Ski Academy<\/h3>\n\n<div style=\"margin-top:0px;margin-bottom:0px\" class=\"taxonomy-organization-tag wp-block-post-terms\"><span>Autonomie<\/span><span class=\"wp-block-post-terms__separator\">, <\/span><span>Handicap<\/span><\/div>\n\n<div style=\"margin-top:0px;margin-bottom:0px;\" class=\"wp-block-post-excerpt\"><p class=\"wp-block-post-excerpt__excerpt\">Rendre le ski accessible aux personnes en situation de handicap ou vivant avec une maladie. Soutenir la confiance, l\u2019autonomie et le plaisir du mouvement.<\/p><p class=\"wp-block-post-excerpt__more-text\"><a class=\"wp-block-post-excerpt__more-link\" href=\"https:\/\/www.fondation-salomon.org\/fr\/organization\/adaptive-ski-academy-2\/\">Read more<\/a><\/p><\/div><\/div>\n\n<\/li><li class=\"wp-block-post post-2061 organization type-organization status-publish has-post-thumbnail hentry organization-tag-autonomie organization-tag-handicap\">\n<figure style=\"aspect-ratio:3\/4;\" class=\"wp-block-post-featured-image\"><a href=\"https:\/\/www.fondation-salomon.org\/fr\/organization\/les-coureurs-amputes\/\" target=\"_self\"  ><img decoding=\"async\" width=\"1920\" height=\"2560\" src=\"https:\/\/www.fondation-salomon.org\/app\/uploads\/2026\/04\/20250412_171504-scaled-e1775551499792.jpg\" class=\"attachment-post-thumbnail size-post-thumbnail wp-post-image\" alt=\"Amputee Blade Runners\" style=\"width:100%;height:100%;object-fit:cover;\" srcset=\"https:\/\/www.fondation-salomon.org\/app\/uploads\/2026\/04\/20250412_171504-scaled-e1775551499792.jpg 1920w, https:\/\/www.fondation-salomon.org\/app\/uploads\/2026\/04\/20250412_171504-scaled-e1775551499792-225x300.jpg 225w, https:\/\/www.fondation-salomon.org\/app\/uploads\/2026\/04\/20250412_171504-scaled-e1775551499792-768x1024.jpg 768w, https:\/\/www.fondation-salomon.org\/app\/uploads\/2026\/04\/20250412_171504-scaled-e1775551499792-1152x1536.jpg 1152w, https:\/\/www.fondation-salomon.org\/app\/uploads\/2026\/04\/20250412_171504-scaled-e1775551499792-1536x2048.jpg 1536w\" sizes=\"(max-width: 1920px) 100vw, 1920px\" \/><\/a><\/figure>\n\n\n<div class=\"wp-block-group is-vertical is-layout-flex wp-container-core-group-is-layout-8b35703c wp-block-group-is-layout-flex\" style=\"margin-top:0px;margin-bottom:0px;padding-top:var(--wp--preset--spacing--60);padding-right:var(--wp--preset--spacing--60);padding-left:var(--wp--preset--spacing--60)\"><h3 style=\"text-transform:none; padding-bottom:0px;padding-top:0px;margin-top:0px;margin-bottom:0px;\" class=\"wp-block-post-title has-medium-font-size\">Amputee Blade Runners<\/h3>\n\n<div style=\"margin-top:0px;margin-bottom:0px\" class=\"taxonomy-organization-tag wp-block-post-terms\"><span>Autonomie<\/span><span class=\"wp-block-post-terms__separator\">, <\/span><span>Handicap<\/span><\/div>\n\n<div style=\"margin-top:0px;margin-bottom:0px;\" class=\"wp-block-post-excerpt\"><p class=\"wp-block-post-excerpt__excerpt\">Aider les personnes amput\u00e9es \u00e0 reprendre le sport et une vie active. Fournir de l&#8217;\u00e9quipement, du soutien et des solutions vers la confiance et la performance.<\/p><p class=\"wp-block-post-excerpt__more-text\"><a class=\"wp-block-post-excerpt__more-link\" href=\"https:\/\/www.fondation-salomon.org\/fr\/organization\/les-coureurs-amputes\/\">Read more<\/a><\/p><\/div><\/div>\n\n<\/li><li class=\"wp-block-post post-2058 organization type-organization status-publish hentry organization-tag-handicap\">\n\n\n\n<div class=\"wp-block-group is-vertical is-layout-flex wp-container-core-group-is-layout-8b35703c wp-block-group-is-layout-flex\" style=\"margin-top:0px;margin-bottom:0px;padding-top:var(--wp--preset--spacing--60);padding-right:var(--wp--preset--spacing--60);padding-left:var(--wp--preset--spacing--60)\"><h3 style=\"text-transform:none; padding-bottom:0px;padding-top:0px;margin-top:0px;margin-bottom:0px;\" class=\"wp-block-post-title has-medium-font-size\">Casiopeea<\/h3>\n\n<div style=\"margin-top:0px;margin-bottom:0px\" class=\"taxonomy-organization-tag wp-block-post-terms\"><span>Handicap<\/span><\/div>\n\n<div style=\"margin-top:0px;margin-bottom:0px;\" class=\"wp-block-post-excerpt\"><p class=\"wp-block-post-excerpt__excerpt\">Casiopeea accompagne des initiatives sport-sant\u00e9 pour aider les femmes touch\u00e9es par la maladie \u00e0 reprendre une activit\u00e9 physique.<\/p><p class=\"wp-block-post-excerpt__more-text\"><a class=\"wp-block-post-excerpt__more-link\" href=\"https:\/\/www.fondation-salomon.org\/fr\/organization\/casiopeea-2\/\">Read more<\/a><\/p><\/div><\/div>\n\n<\/li><\/ul><\/div>\n\n<\/section>\n<\/div>\n\n\n\n<div class=\"wp-block-group hidden swiper-content-block is-layout-flow wp-block-group-is-layout-flow\" style=\"margin-top:0px;margin-bottom:0px\"><section class=\"wp-block-grdnrs-swiper\" data-swiper-type=\"query\" data-swiper-style=\"slider\" >\n\t\n\n<div data-qllm-query-region=\"3\" class=\"wp-block-query is-layout-flow wp-block-query-is-layout-flow\"><ul style=\"padding-bottom:var(--wp--preset--spacing--45);\" class=\"wp-block-post-template is-layout-flow wp-block-post-template-is-layout-flow\"><li class=\"wp-block-post post-2126 organization type-organization status-publish has-post-thumbnail hentry organization-tag-autonomie organization-tag-diversite organization-tag-education\">\n<figure style=\"aspect-ratio:3\/4;\" class=\"wp-block-post-featured-image\"><a href=\"https:\/\/www.fondation-salomon.org\/fr\/organization\/youth-adventure-trust\/\" target=\"_self\"  ><img decoding=\"async\" width=\"1600\" height=\"1200\" src=\"https:\/\/www.fondation-salomon.org\/app\/uploads\/2026\/04\/LBRR7946.jpg\" class=\"attachment-post-thumbnail size-post-thumbnail wp-post-image\" alt=\"Youth Adventure Trust\" style=\"width:100%;height:100%;object-fit:cover;\" srcset=\"https:\/\/www.fondation-salomon.org\/app\/uploads\/2026\/04\/LBRR7946.jpg 1600w, https:\/\/www.fondation-salomon.org\/app\/uploads\/2026\/04\/LBRR7946-300x225.jpg 300w, https:\/\/www.fondation-salomon.org\/app\/uploads\/2026\/04\/LBRR7946-1024x768.jpg 1024w, https:\/\/www.fondation-salomon.org\/app\/uploads\/2026\/04\/LBRR7946-768x576.jpg 768w, https:\/\/www.fondation-salomon.org\/app\/uploads\/2026\/04\/LBRR7946-1536x1152.jpg 1536w\" sizes=\"(max-width: 1600px) 100vw, 1600px\" \/><\/a><\/figure>\n\n\n<div class=\"wp-block-group is-vertical is-layout-flex wp-container-core-group-is-layout-8b35703c wp-block-group-is-layout-flex\" style=\"margin-top:0px;margin-bottom:0px;padding-top:var(--wp--preset--spacing--60);padding-right:var(--wp--preset--spacing--60);padding-left:var(--wp--preset--spacing--60)\"><h3 style=\"text-transform:none; padding-bottom:0px;padding-top:0px;margin-top:0px;margin-bottom:0px;\" class=\"wp-block-post-title has-medium-font-size\">Youth Adventure Trust<\/h3>\n\n<div style=\"margin-top:0px;margin-bottom:0px\" class=\"taxonomy-organization-tag wp-block-post-terms\"><span>Autonomie<\/span><span class=\"wp-block-post-terms__separator\">, <\/span><span>Diversit\u00e9<\/span><span class=\"wp-block-post-terms__separator\">, <\/span><span>\u00c9ducation<\/span><\/div>\n\n<div style=\"margin-top:0px;margin-bottom:0px;\" class=\"wp-block-post-excerpt\"><p class=\"wp-block-post-excerpt__excerpt\">Accompagner des jeunes en situation de fragilit\u00e9 au Royaume-Uni gr\u00e2ce \u00e0 des programmes d\u2019aventure en pleine nature. Renforcer la confiance, la r\u00e9silience et les comp\u00e9tences de vie pour un impact durable.<\/p><p class=\"wp-block-post-excerpt__more-text\"><a class=\"wp-block-post-excerpt__more-link\" href=\"https:\/\/www.fondation-salomon.org\/fr\/organization\/youth-adventure-trust\/\">Read more<\/a><\/p><\/div><\/div>\n\n<\/li><li class=\"wp-block-post post-2123 organization type-organization status-publish has-post-thumbnail hentry organization-tag-autonomie organization-tag-diversite\">\n<figure style=\"aspect-ratio:3\/4;\" class=\"wp-block-post-featured-image\"><a href=\"https:\/\/www.fondation-salomon.org\/fr\/organization\/yambi-2\/\" target=\"_self\"  ><img decoding=\"async\" width=\"1439\" height=\"1799\" src=\"https:\/\/www.fondation-salomon.org\/app\/uploads\/2026\/04\/471988332_1095187112350709_7123670729971882_n.jpg\" class=\"attachment-post-thumbnail size-post-thumbnail wp-post-image\" alt=\"YAMBI\" style=\"width:100%;height:100%;object-fit:cover;\" srcset=\"https:\/\/www.fondation-salomon.org\/app\/uploads\/2026\/04\/471988332_1095187112350709_7123670729971882_n.jpg 1439w, https:\/\/www.fondation-salomon.org\/app\/uploads\/2026\/04\/471988332_1095187112350709_7123670729971882_n-240x300.jpg 240w, https:\/\/www.fondation-salomon.org\/app\/uploads\/2026\/04\/471988332_1095187112350709_7123670729971882_n-819x1024.jpg 819w, https:\/\/www.fondation-salomon.org\/app\/uploads\/2026\/04\/471988332_1095187112350709_7123670729971882_n-768x960.jpg 768w, https:\/\/www.fondation-salomon.org\/app\/uploads\/2026\/04\/471988332_1095187112350709_7123670729971882_n-1229x1536.jpg 1229w\" sizes=\"(max-width: 1439px) 100vw, 1439px\" \/><\/a><\/figure>\n\n\n<div class=\"wp-block-group is-vertical is-layout-flex wp-container-core-group-is-layout-8b35703c wp-block-group-is-layout-flex\" style=\"margin-top:0px;margin-bottom:0px;padding-top:var(--wp--preset--spacing--60);padding-right:var(--wp--preset--spacing--60);padding-left:var(--wp--preset--spacing--60)\"><h3 style=\"text-transform:none; padding-bottom:0px;padding-top:0px;margin-top:0px;margin-bottom:0px;\" class=\"wp-block-post-title has-medium-font-size\">YAMBI<\/h3>\n\n<div style=\"margin-top:0px;margin-bottom:0px\" class=\"taxonomy-organization-tag wp-block-post-terms\"><span>Autonomie<\/span><span class=\"wp-block-post-terms__separator\">, <\/span><span>Diversit\u00e9<\/span><\/div>\n\n<div style=\"margin-top:0px;margin-bottom:0px;\" class=\"wp-block-post-excerpt\"><p class=\"wp-block-post-excerpt__excerpt\">Accompagner des personnes r\u00e9fugi\u00e9es gr\u00e2ce aux activit\u00e9s de montagne, comme espace de lien et de reconstruction. Favoriser l\u2019int\u00e9gration, la confiance et de nouveaux parcours de vie.<\/p><p class=\"wp-block-post-excerpt__more-text\"><a class=\"wp-block-post-excerpt__more-link\" href=\"https:\/\/www.fondation-salomon.org\/fr\/organization\/yambi-2\/\">Read more<\/a><\/p><\/div><\/div>\n\n<\/li><li class=\"wp-block-post post-2110 organization type-organization status-publish has-post-thumbnail hentry organization-tag-diversite organization-tag-education organization-tag-inclusion\">\n<figure style=\"aspect-ratio:3\/4;\" class=\"wp-block-post-featured-image\"><a href=\"https:\/\/www.fondation-salomon.org\/fr\/organization\/sport-sans-frontieres\/\" target=\"_self\"  ><img decoding=\"async\" width=\"1500\" height=\"1001\" src=\"https:\/\/www.fondation-salomon.org\/app\/uploads\/2026\/04\/SSF1.jpg\" class=\"attachment-post-thumbnail size-post-thumbnail wp-post-image\" alt=\"Sport senza Frontiere\" style=\"width:100%;height:100%;object-fit:cover;\" srcset=\"https:\/\/www.fondation-salomon.org\/app\/uploads\/2026\/04\/SSF1.jpg 1500w, https:\/\/www.fondation-salomon.org\/app\/uploads\/2026\/04\/SSF1-300x200.jpg 300w, https:\/\/www.fondation-salomon.org\/app\/uploads\/2026\/04\/SSF1-1024x683.jpg 1024w, https:\/\/www.fondation-salomon.org\/app\/uploads\/2026\/04\/SSF1-768x513.jpg 768w\" sizes=\"(max-width: 1500px) 100vw, 1500px\" \/><\/a><\/figure>\n\n\n<div class=\"wp-block-group is-vertical is-layout-flex wp-container-core-group-is-layout-8b35703c wp-block-group-is-layout-flex\" style=\"margin-top:0px;margin-bottom:0px;padding-top:var(--wp--preset--spacing--60);padding-right:var(--wp--preset--spacing--60);padding-left:var(--wp--preset--spacing--60)\"><h3 style=\"text-transform:none; padding-bottom:0px;padding-top:0px;margin-top:0px;margin-bottom:0px;\" class=\"wp-block-post-title has-medium-font-size\">Sport senza Frontiere<\/h3>\n\n<div style=\"margin-top:0px;margin-bottom:0px\" class=\"taxonomy-organization-tag wp-block-post-terms\"><span>Diversit\u00e9<\/span><span class=\"wp-block-post-terms__separator\">, <\/span><span>\u00c9ducation<\/span><span class=\"wp-block-post-terms__separator\">, <\/span><span>Inclusion<\/span><\/div>\n\n<div style=\"margin-top:0px;margin-bottom:0px;\" class=\"wp-block-post-excerpt\"><p class=\"wp-block-post-excerpt__excerpt\">Utiliser le sport pour accompagner des jeunes en situation de fragilit\u00e9 et lutter contre les in\u00e9galit\u00e9s sociales en Italie. Favoriser l\u2019inclusion, l\u2019\u00e9ducation et l\u2019acc\u00e8s au sport pour un impact durable.<\/p><p class=\"wp-block-post-excerpt__more-text\"><a class=\"wp-block-post-excerpt__more-link\" href=\"https:\/\/www.fondation-salomon.org\/fr\/organization\/sport-sans-frontieres\/\">Read more<\/a><\/p><\/div><\/div>\n\n<\/li><li class=\"wp-block-post post-2133 organization type-organization status-publish has-post-thumbnail hentry organization-tag-diversite organization-tag-integration-sociale organization-tag-jeunesse\">\n<figure style=\"aspect-ratio:3\/4;\" class=\"wp-block-post-featured-image\"><a href=\"https:\/\/www.fondation-salomon.org\/fr\/organization\/sport-dans-la-ville-2\/\" target=\"_self\"  ><img decoding=\"async\" width=\"583\" height=\"663\" src=\"https:\/\/www.fondation-salomon.org\/app\/uploads\/2026\/04\/jeunes-ski.jpg\" class=\"attachment-post-thumbnail size-post-thumbnail wp-post-image\" alt=\"Sport dans la Ville\" style=\"width:100%;height:100%;object-fit:cover;\" srcset=\"https:\/\/www.fondation-salomon.org\/app\/uploads\/2026\/04\/jeunes-ski.jpg 583w, https:\/\/www.fondation-salomon.org\/app\/uploads\/2026\/04\/jeunes-ski-264x300.jpg 264w\" sizes=\"(max-width: 583px) 100vw, 583px\" \/><\/a><\/figure>\n\n\n<div class=\"wp-block-group is-vertical is-layout-flex wp-container-core-group-is-layout-8b35703c wp-block-group-is-layout-flex\" style=\"margin-top:0px;margin-bottom:0px;padding-top:var(--wp--preset--spacing--60);padding-right:var(--wp--preset--spacing--60);padding-left:var(--wp--preset--spacing--60)\"><h3 style=\"text-transform:none; padding-bottom:0px;padding-top:0px;margin-top:0px;margin-bottom:0px;\" class=\"wp-block-post-title has-medium-font-size\">Sport dans la Ville<\/h3>\n\n<div style=\"margin-top:0px;margin-bottom:0px\" class=\"taxonomy-organization-tag wp-block-post-terms\"><span>Diversit\u00e9<\/span><span class=\"wp-block-post-terms__separator\">, <\/span><span>int\u00e9gration sociale<\/span><span class=\"wp-block-post-terms__separator\">, <\/span><span>Jeunesse<\/span><\/div>\n\n<div style=\"margin-top:0px;margin-bottom:0px;\" class=\"wp-block-post-excerpt\"><p class=\"wp-block-post-excerpt__excerpt\">Accompagner des jeunes issus de quartiers prioritaires gr\u00e2ce au sport et \u00e0 un accompagnement personnalis\u00e9. Leur permettre de gagner en confiance, de nourrir leur ambition et d\u2019ouvrir de nouvelles perspectives pour leur avenir.<\/p><p class=\"wp-block-post-excerpt__more-text\"><a class=\"wp-block-post-excerpt__more-link\" href=\"https:\/\/www.fondation-salomon.org\/fr\/organization\/sport-dans-la-ville-2\/\">Read more<\/a><\/p><\/div><\/div>\n\n<\/li><li class=\"wp-block-post post-2118 organization type-organization status-publish has-post-thumbnail hentry organization-tag-autonomie organization-tag-diversite organization-tag-jeunesse\">\n<figure style=\"aspect-ratio:3\/4;\" class=\"wp-block-post-featured-image\"><a href=\"https:\/\/www.fondation-salomon.org\/fr\/organization\/snow-camp-2\/\" target=\"_self\"  ><img decoding=\"async\" width=\"2560\" height=\"1707\" src=\"https:\/\/www.fondation-salomon.org\/app\/uploads\/2026\/04\/Snow-Camp-Excel-Residential-Andorra-scaled.jpg\" class=\"attachment-post-thumbnail size-post-thumbnail wp-post-image\" alt=\"Snow Camp\" style=\"width:100%;height:100%;object-fit:cover;\" srcset=\"https:\/\/www.fondation-salomon.org\/app\/uploads\/2026\/04\/Snow-Camp-Excel-Residential-Andorra-scaled.jpg 2560w, https:\/\/www.fondation-salomon.org\/app\/uploads\/2026\/04\/Snow-Camp-Excel-Residential-Andorra-300x200.jpg 300w, https:\/\/www.fondation-salomon.org\/app\/uploads\/2026\/04\/Snow-Camp-Excel-Residential-Andorra-1024x683.jpg 1024w, https:\/\/www.fondation-salomon.org\/app\/uploads\/2026\/04\/Snow-Camp-Excel-Residential-Andorra-768x512.jpg 768w, https:\/\/www.fondation-salomon.org\/app\/uploads\/2026\/04\/Snow-Camp-Excel-Residential-Andorra-1536x1024.jpg 1536w, https:\/\/www.fondation-salomon.org\/app\/uploads\/2026\/04\/Snow-Camp-Excel-Residential-Andorra-2048x1365.jpg 2048w\" sizes=\"(max-width: 2560px) 100vw, 2560px\" \/><\/a><\/figure>\n\n\n<div class=\"wp-block-group is-vertical is-layout-flex wp-container-core-group-is-layout-8b35703c wp-block-group-is-layout-flex\" style=\"margin-top:0px;margin-bottom:0px;padding-top:var(--wp--preset--spacing--60);padding-right:var(--wp--preset--spacing--60);padding-left:var(--wp--preset--spacing--60)\"><h3 style=\"text-transform:none; padding-bottom:0px;padding-top:0px;margin-top:0px;margin-bottom:0px;\" class=\"wp-block-post-title has-medium-font-size\">Snow Camp<\/h3>\n\n<div style=\"margin-top:0px;margin-bottom:0px\" class=\"taxonomy-organization-tag wp-block-post-terms\"><span>Autonomie<\/span><span class=\"wp-block-post-terms__separator\">, <\/span><span>Diversit\u00e9<\/span><span class=\"wp-block-post-terms__separator\">, <\/span><span>Jeunesse<\/span><\/div>\n\n<div style=\"margin-top:0px;margin-bottom:0px;\" class=\"wp-block-post-excerpt\"><p class=\"wp-block-post-excerpt__excerpt\">Accompagner des jeunes issus de milieux d\u00e9favoris\u00e9s au Royaume-Uni \u00e0 travers les sports de glisse. D\u00e9velopper confiance, comp\u00e9tences et perspectives d\u2019avenir.<\/p><p class=\"wp-block-post-excerpt__more-text\"><a class=\"wp-block-post-excerpt__more-link\" href=\"https:\/\/www.fondation-salomon.org\/fr\/organization\/snow-camp-2\/\">Read more<\/a><\/p><\/div><\/div>\n\n<\/li><li class=\"wp-block-post post-2112 organization type-organization status-publish has-post-thumbnail hentry organization-tag-diversite organization-tag-education organization-tag-integration-sociale\">\n<figure style=\"aspect-ratio:3\/4;\" class=\"wp-block-post-featured-image\"><a href=\"https:\/\/www.fondation-salomon.org\/fr\/organization\/passsport-pour-lemploi\/\" target=\"_self\"  ><img decoding=\"async\" width=\"1599\" height=\"733\" src=\"https:\/\/www.fondation-salomon.org\/app\/uploads\/2026\/04\/Gymnase.jpg\" class=\"attachment-post-thumbnail size-post-thumbnail wp-post-image\" alt=\"Pass\u2019Sport pour l\u2019Emploi\" style=\"width:100%;height:100%;object-fit:cover;\" srcset=\"https:\/\/www.fondation-salomon.org\/app\/uploads\/2026\/04\/Gymnase.jpg 1599w, https:\/\/www.fondation-salomon.org\/app\/uploads\/2026\/04\/Gymnase-300x138.jpg 300w, https:\/\/www.fondation-salomon.org\/app\/uploads\/2026\/04\/Gymnase-1024x469.jpg 1024w, https:\/\/www.fondation-salomon.org\/app\/uploads\/2026\/04\/Gymnase-768x352.jpg 768w, https:\/\/www.fondation-salomon.org\/app\/uploads\/2026\/04\/Gymnase-1536x704.jpg 1536w\" sizes=\"(max-width: 1599px) 100vw, 1599px\" \/><\/a><\/figure>\n\n\n<div class=\"wp-block-group is-vertical is-layout-flex wp-container-core-group-is-layout-8b35703c wp-block-group-is-layout-flex\" style=\"margin-top:0px;margin-bottom:0px;padding-top:var(--wp--preset--spacing--60);padding-right:var(--wp--preset--spacing--60);padding-left:var(--wp--preset--spacing--60)\"><h3 style=\"text-transform:none; padding-bottom:0px;padding-top:0px;margin-top:0px;margin-bottom:0px;\" class=\"wp-block-post-title has-medium-font-size\">Pass\u2019Sport pour l\u2019Emploi<\/h3>\n\n<div style=\"margin-top:0px;margin-bottom:0px\" class=\"taxonomy-organization-tag wp-block-post-terms\"><span>Diversit\u00e9<\/span><span class=\"wp-block-post-terms__separator\">, <\/span><span>\u00c9ducation<\/span><span class=\"wp-block-post-terms__separator\">, <\/span><span>int\u00e9gration sociale<\/span><\/div>\n\n<div style=\"margin-top:0px;margin-bottom:0px;\" class=\"wp-block-post-excerpt\"><p class=\"wp-block-post-excerpt__excerpt\">Utiliser le sport pour accompagner des personnes en situation de fragilit\u00e9 vers l\u2019emploi. D\u00e9velopper la confiance, la coop\u00e9ration et des comp\u00e9tences cl\u00e9s.<\/p><p class=\"wp-block-post-excerpt__more-text\"><a class=\"wp-block-post-excerpt__more-link\" href=\"https:\/\/www.fondation-salomon.org\/fr\/organization\/passsport-pour-lemploi\/\">Read more<\/a><\/p><\/div><\/div>\n\n<\/li><li class=\"wp-block-post post-2101 organization type-organization status-publish has-post-thumbnail hentry organization-tag-diversite organization-tag-inclusion organization-tag-integration-sociale\">\n<figure style=\"aspect-ratio:3\/4;\" class=\"wp-block-post-featured-image\"><a href=\"https:\/\/www.fondation-salomon.org\/fr\/organization\/kah-2\/\" target=\"_self\"  ><img decoding=\"async\" width=\"1900\" height=\"2560\" src=\"https:\/\/www.fondation-salomon.org\/app\/uploads\/2026\/04\/IMG_0441-scaled.jpg\" class=\"attachment-post-thumbnail size-post-thumbnail wp-post-image\" alt=\"KAH\" style=\"width:100%;height:100%;object-fit:cover;\" srcset=\"https:\/\/www.fondation-salomon.org\/app\/uploads\/2026\/04\/IMG_0441-scaled.jpg 1900w, https:\/\/www.fondation-salomon.org\/app\/uploads\/2026\/04\/IMG_0441-223x300.jpg 223w, https:\/\/www.fondation-salomon.org\/app\/uploads\/2026\/04\/IMG_0441-760x1024.jpg 760w, https:\/\/www.fondation-salomon.org\/app\/uploads\/2026\/04\/IMG_0441-768x1035.jpg 768w, https:\/\/www.fondation-salomon.org\/app\/uploads\/2026\/04\/IMG_0441-1140x1536.jpg 1140w, https:\/\/www.fondation-salomon.org\/app\/uploads\/2026\/04\/IMG_0441-1520x2048.jpg 1520w\" sizes=\"(max-width: 1900px) 100vw, 1900px\" \/><\/a><\/figure>\n\n\n<div class=\"wp-block-group is-vertical is-layout-flex wp-container-core-group-is-layout-8b35703c wp-block-group-is-layout-flex\" style=\"margin-top:0px;margin-bottom:0px;padding-top:var(--wp--preset--spacing--60);padding-right:var(--wp--preset--spacing--60);padding-left:var(--wp--preset--spacing--60)\"><h3 style=\"text-transform:none; padding-bottom:0px;padding-top:0px;margin-top:0px;margin-bottom:0px;\" class=\"wp-block-post-title has-medium-font-size\">KAH<\/h3>\n\n<div style=\"margin-top:0px;margin-bottom:0px\" class=\"taxonomy-organization-tag wp-block-post-terms\"><span>Diversit\u00e9<\/span><span class=\"wp-block-post-terms__separator\">, <\/span><span>Inclusion<\/span><span class=\"wp-block-post-terms__separator\">, <\/span><span>int\u00e9gration sociale<\/span><\/div>\n\n<div style=\"margin-top:0px;margin-bottom:0px;\" class=\"wp-block-post-excerpt\"><p class=\"wp-block-post-excerpt__excerpt\">Rendre les activit\u00e9s de montagne accessibles aux personnes en situation de handicap. Favoriser l\u2019autonomie gr\u00e2ce \u00e0 des exp\u00e9riences de plein air adapt\u00e9es, toute l\u2019ann\u00e9e.<\/p><p class=\"wp-block-post-excerpt__more-text\"><a class=\"wp-block-post-excerpt__more-link\" href=\"https:\/\/www.fondation-salomon.org\/fr\/organization\/kah-2\/\">Read more<\/a><\/p><\/div><\/div>\n\n<\/li><li class=\"wp-block-post post-2099 organization type-organization status-publish has-post-thumbnail hentry organization-tag-diversite organization-tag-integration-sociale\">\n<figure style=\"aspect-ratio:3\/4;\" class=\"wp-block-post-featured-image\"><a href=\"https:\/\/www.fondation-salomon.org\/fr\/organization\/kabubu\/\" target=\"_self\"  ><img decoding=\"async\" width=\"2048\" height=\"1536\" src=\"https:\/\/www.fondation-salomon.org\/app\/uploads\/2026\/04\/Trail-enjambee-de-la-Mauldre-1.jpg\" class=\"attachment-post-thumbnail size-post-thumbnail wp-post-image\" alt=\"Kabubu\" style=\"width:100%;height:100%;object-fit:cover;\" srcset=\"https:\/\/www.fondation-salomon.org\/app\/uploads\/2026\/04\/Trail-enjambee-de-la-Mauldre-1.jpg 2048w, https:\/\/www.fondation-salomon.org\/app\/uploads\/2026\/04\/Trail-enjambee-de-la-Mauldre-1-300x225.jpg 300w, https:\/\/www.fondation-salomon.org\/app\/uploads\/2026\/04\/Trail-enjambee-de-la-Mauldre-1-1024x768.jpg 1024w, https:\/\/www.fondation-salomon.org\/app\/uploads\/2026\/04\/Trail-enjambee-de-la-Mauldre-1-768x576.jpg 768w, https:\/\/www.fondation-salomon.org\/app\/uploads\/2026\/04\/Trail-enjambee-de-la-Mauldre-1-1536x1152.jpg 1536w\" sizes=\"(max-width: 2048px) 100vw, 2048px\" \/><\/a><\/figure>\n\n\n<div class=\"wp-block-group is-vertical is-layout-flex wp-container-core-group-is-layout-8b35703c wp-block-group-is-layout-flex\" style=\"margin-top:0px;margin-bottom:0px;padding-top:var(--wp--preset--spacing--60);padding-right:var(--wp--preset--spacing--60);padding-left:var(--wp--preset--spacing--60)\"><h3 style=\"text-transform:none; padding-bottom:0px;padding-top:0px;margin-top:0px;margin-bottom:0px;\" class=\"wp-block-post-title has-medium-font-size\">Kabubu<\/h3>\n\n<div style=\"margin-top:0px;margin-bottom:0px\" class=\"taxonomy-organization-tag wp-block-post-terms\"><span>Diversit\u00e9<\/span><span class=\"wp-block-post-terms__separator\">, <\/span><span>int\u00e9gration sociale<\/span><\/div>\n\n<div style=\"margin-top:0px;margin-bottom:0px;\" class=\"wp-block-post-excerpt\"><p class=\"wp-block-post-excerpt__excerpt\">Favoriser l\u2019inclusion des personnes en exil gr\u00e2ce au sport. D\u00e9velopper le lien, les comp\u00e9tences et l\u2019acc\u00e8s aux opportunit\u00e9s.<\/p><p class=\"wp-block-post-excerpt__more-text\"><a class=\"wp-block-post-excerpt__more-link\" href=\"https:\/\/www.fondation-salomon.org\/fr\/organization\/kabubu\/\">Read more<\/a><\/p><\/div><\/div>\n\n<\/li><li class=\"wp-block-post post-2097 organization type-organization status-publish has-post-thumbnail hentry organization-tag-autonomie organization-tag-diversite organization-tag-inclusion\">\n<figure style=\"aspect-ratio:3\/4;\" class=\"wp-block-post-featured-image\"><a href=\"https:\/\/www.fondation-salomon.org\/fr\/organization\/indigenous-women-outdoors\/\" target=\"_self\"  ><img decoding=\"async\" width=\"1200\" height=\"798\" src=\"https:\/\/www.fondation-salomon.org\/app\/uploads\/2026\/04\/Indigenous-women-outdoors-merch-navy-long-sleeve-t-shirt-1200x800-4.jpg\" class=\"attachment-post-thumbnail size-post-thumbnail wp-post-image\" alt=\"Indigenous Women Outdoors\" style=\"width:100%;height:100%;object-fit:cover;\" srcset=\"https:\/\/www.fondation-salomon.org\/app\/uploads\/2026\/04\/Indigenous-women-outdoors-merch-navy-long-sleeve-t-shirt-1200x800-4.jpg 1200w, https:\/\/www.fondation-salomon.org\/app\/uploads\/2026\/04\/Indigenous-women-outdoors-merch-navy-long-sleeve-t-shirt-1200x800-4-300x200.jpg 300w, https:\/\/www.fondation-salomon.org\/app\/uploads\/2026\/04\/Indigenous-women-outdoors-merch-navy-long-sleeve-t-shirt-1200x800-4-1024x681.jpg 1024w, https:\/\/www.fondation-salomon.org\/app\/uploads\/2026\/04\/Indigenous-women-outdoors-merch-navy-long-sleeve-t-shirt-1200x800-4-768x511.jpg 768w\" sizes=\"(max-width: 1200px) 100vw, 1200px\" \/><\/a><\/figure>\n\n\n<div class=\"wp-block-group is-vertical is-layout-flex wp-container-core-group-is-layout-8b35703c wp-block-group-is-layout-flex\" style=\"margin-top:0px;margin-bottom:0px;padding-top:var(--wp--preset--spacing--60);padding-right:var(--wp--preset--spacing--60);padding-left:var(--wp--preset--spacing--60)\"><h3 style=\"text-transform:none; padding-bottom:0px;padding-top:0px;margin-top:0px;margin-bottom:0px;\" class=\"wp-block-post-title has-medium-font-size\">Indigenous Women Outdoors<\/h3>\n\n<div style=\"margin-top:0px;margin-bottom:0px\" class=\"taxonomy-organization-tag wp-block-post-terms\"><span>Autonomie<\/span><span class=\"wp-block-post-terms__separator\">, <\/span><span>Diversit\u00e9<\/span><span class=\"wp-block-post-terms__separator\">, <\/span><span>Inclusion<\/span><\/div>\n\n<div style=\"margin-top:0px;margin-bottom:0px;\" class=\"wp-block-post-excerpt\"><p class=\"wp-block-post-excerpt__excerpt\">Rassembler des femmes autochtones \u00e0 travers des exp\u00e9riences outdoor. Favoriser le lien, le bien-\u00eatre et la reconnexion \u00e0 la terre et aux cultures<\/p><p class=\"wp-block-post-excerpt__more-text\"><a class=\"wp-block-post-excerpt__more-link\" href=\"https:\/\/www.fondation-salomon.org\/fr\/organization\/indigenous-women-outdoors\/\">Read more<\/a><\/p><\/div><\/div>\n\n<\/li><li class=\"wp-block-post post-2091 organization type-organization status-publish has-post-thumbnail hentry organization-tag-autonomie organization-tag-diversite organization-tag-inclusion\">\n<figure style=\"aspect-ratio:3\/4;\" class=\"wp-block-post-featured-image\"><a href=\"https:\/\/www.fondation-salomon.org\/fr\/organization\/hikeish\/\" target=\"_self\"  ><img decoding=\"async\" width=\"2560\" height=\"1707\" src=\"https:\/\/www.fondation-salomon.org\/app\/uploads\/2026\/04\/Outlandish_Salomon_Fall23Hike_502_-scaled.jpg\" class=\"attachment-post-thumbnail size-post-thumbnail wp-post-image\" alt=\"Hikeish\" style=\"width:100%;height:100%;object-fit:cover;\" srcset=\"https:\/\/www.fondation-salomon.org\/app\/uploads\/2026\/04\/Outlandish_Salomon_Fall23Hike_502_-scaled.jpg 2560w, https:\/\/www.fondation-salomon.org\/app\/uploads\/2026\/04\/Outlandish_Salomon_Fall23Hike_502_-300x200.jpg 300w, https:\/\/www.fondation-salomon.org\/app\/uploads\/2026\/04\/Outlandish_Salomon_Fall23Hike_502_-1024x683.jpg 1024w, https:\/\/www.fondation-salomon.org\/app\/uploads\/2026\/04\/Outlandish_Salomon_Fall23Hike_502_-768x512.jpg 768w, https:\/\/www.fondation-salomon.org\/app\/uploads\/2026\/04\/Outlandish_Salomon_Fall23Hike_502_-1536x1024.jpg 1536w, https:\/\/www.fondation-salomon.org\/app\/uploads\/2026\/04\/Outlandish_Salomon_Fall23Hike_502_-2048x1365.jpg 2048w\" sizes=\"(max-width: 2560px) 100vw, 2560px\" \/><\/a><\/figure>\n\n\n<div class=\"wp-block-group is-vertical is-layout-flex wp-container-core-group-is-layout-8b35703c wp-block-group-is-layout-flex\" style=\"margin-top:0px;margin-bottom:0px;padding-top:var(--wp--preset--spacing--60);padding-right:var(--wp--preset--spacing--60);padding-left:var(--wp--preset--spacing--60)\"><h3 style=\"text-transform:none; padding-bottom:0px;padding-top:0px;margin-top:0px;margin-bottom:0px;\" class=\"wp-block-post-title has-medium-font-size\">Hikeish<\/h3>\n\n<div style=\"margin-top:0px;margin-bottom:0px\" class=\"taxonomy-organization-tag wp-block-post-terms\"><span>Autonomie<\/span><span class=\"wp-block-post-terms__separator\">, <\/span><span>Diversit\u00e9<\/span><span class=\"wp-block-post-terms__separator\">, <\/span><span>Inclusion<\/span><\/div>\n\n<div style=\"margin-top:0px;margin-bottom:0px;\" class=\"wp-block-post-excerpt\"><p class=\"wp-block-post-excerpt__excerpt\">Rendre la randonn\u00e9e plus accessible gr\u00e2ce \u00e0 des exp\u00e9riences guid\u00e9es en plein air. Favoriser l\u2019inclusion, l\u2019apprentissage et des pratiques responsables en nature.<\/p><p class=\"wp-block-post-excerpt__more-text\"><a class=\"wp-block-post-excerpt__more-link\" href=\"https:\/\/www.fondation-salomon.org\/fr\/organization\/hikeish\/\">Read more<\/a><\/p><\/div><\/div>\n\n<\/li><li class=\"wp-block-post post-2079 organization type-organization status-publish has-post-thumbnail hentry organization-tag-autonomie organization-tag-diversite organization-tag-integration-sociale\">\n<figure style=\"aspect-ratio:3\/4;\" class=\"wp-block-post-featured-image\"><a href=\"https:\/\/www.fondation-salomon.org\/fr\/organization\/crown-athletics-club\/\" target=\"_self\"  ><img decoding=\"async\" width=\"2200\" height=\"1650\" src=\"https:\/\/www.fondation-salomon.org\/app\/uploads\/2026\/04\/philippon_antsirabe_20250924_3708.jpg\" class=\"attachment-post-thumbnail size-post-thumbnail wp-post-image\" alt=\"Crown Athletics Club\" style=\"width:100%;height:100%;object-fit:cover;\" srcset=\"https:\/\/www.fondation-salomon.org\/app\/uploads\/2026\/04\/philippon_antsirabe_20250924_3708.jpg 2200w, https:\/\/www.fondation-salomon.org\/app\/uploads\/2026\/04\/philippon_antsirabe_20250924_3708-300x225.jpg 300w, https:\/\/www.fondation-salomon.org\/app\/uploads\/2026\/04\/philippon_antsirabe_20250924_3708-1024x768.jpg 1024w, https:\/\/www.fondation-salomon.org\/app\/uploads\/2026\/04\/philippon_antsirabe_20250924_3708-768x576.jpg 768w, https:\/\/www.fondation-salomon.org\/app\/uploads\/2026\/04\/philippon_antsirabe_20250924_3708-1536x1152.jpg 1536w, https:\/\/www.fondation-salomon.org\/app\/uploads\/2026\/04\/philippon_antsirabe_20250924_3708-2048x1536.jpg 2048w\" sizes=\"(max-width: 2200px) 100vw, 2200px\" \/><\/a><\/figure>\n\n\n<div class=\"wp-block-group is-vertical is-layout-flex wp-container-core-group-is-layout-8b35703c wp-block-group-is-layout-flex\" style=\"margin-top:0px;margin-bottom:0px;padding-top:var(--wp--preset--spacing--60);padding-right:var(--wp--preset--spacing--60);padding-left:var(--wp--preset--spacing--60)\"><h3 style=\"text-transform:none; padding-bottom:0px;padding-top:0px;margin-top:0px;margin-bottom:0px;\" class=\"wp-block-post-title has-medium-font-size\">Crown Athletics Club<\/h3>\n\n<div style=\"margin-top:0px;margin-bottom:0px\" class=\"taxonomy-organization-tag wp-block-post-terms\"><span>Autonomie<\/span><span class=\"wp-block-post-terms__separator\">, <\/span><span>Diversit\u00e9<\/span><span class=\"wp-block-post-terms__separator\">, <\/span><span>int\u00e9gration sociale<\/span><\/div>\n\n<div style=\"margin-top:0px;margin-bottom:0px;\" class=\"wp-block-post-excerpt\"><p class=\"wp-block-post-excerpt__excerpt\">Utiliser l\u2019athl\u00e9tisme pour accompagner des pousse-pousseurs \u00e0 Madagascar. Renforcer la r\u00e9silience, d\u00e9velopper des comp\u00e9tences et ouvrir de nouvelles perspectives gr\u00e2ce au sport.<\/p><p class=\"wp-block-post-excerpt__more-text\"><a class=\"wp-block-post-excerpt__more-link\" href=\"https:\/\/www.fondation-salomon.org\/fr\/organization\/crown-athletics-club\/\">Read more<\/a><\/p><\/div><\/div>\n\n<\/li><li class=\"wp-block-post post-2072 organization type-organization status-publish has-post-thumbnail hentry organization-tag-autonomie organization-tag-diversite organization-tag-education\">\n<figure style=\"aspect-ratio:3\/4;\" class=\"wp-block-post-featured-image\"><a href=\"https:\/\/www.fondation-salomon.org\/fr\/organization\/change-the-game\/\" target=\"_self\"  ><img decoding=\"async\" width=\"2048\" height=\"1536\" src=\"https:\/\/www.fondation-salomon.org\/app\/uploads\/2026\/04\/image002.jpg\" class=\"attachment-post-thumbnail size-post-thumbnail wp-post-image\" alt=\"Change The Game\" style=\"width:100%;height:100%;object-fit:cover;\" srcset=\"https:\/\/www.fondation-salomon.org\/app\/uploads\/2026\/04\/image002.jpg 2048w, https:\/\/www.fondation-salomon.org\/app\/uploads\/2026\/04\/image002-300x225.jpg 300w, https:\/\/www.fondation-salomon.org\/app\/uploads\/2026\/04\/image002-1024x768.jpg 1024w, https:\/\/www.fondation-salomon.org\/app\/uploads\/2026\/04\/image002-768x576.jpg 768w, https:\/\/www.fondation-salomon.org\/app\/uploads\/2026\/04\/image002-1536x1152.jpg 1536w\" sizes=\"(max-width: 2048px) 100vw, 2048px\" \/><\/a><\/figure>\n\n\n<div class=\"wp-block-group is-vertical is-layout-flex wp-container-core-group-is-layout-8b35703c wp-block-group-is-layout-flex\" style=\"margin-top:0px;margin-bottom:0px;padding-top:var(--wp--preset--spacing--60);padding-right:var(--wp--preset--spacing--60);padding-left:var(--wp--preset--spacing--60)\"><h3 style=\"text-transform:none; padding-bottom:0px;padding-top:0px;margin-top:0px;margin-bottom:0px;\" class=\"wp-block-post-title has-medium-font-size\">Change The Game<\/h3>\n\n<div style=\"margin-top:0px;margin-bottom:0px\" class=\"taxonomy-organization-tag wp-block-post-terms\"><span>Autonomie<\/span><span class=\"wp-block-post-terms__separator\">, <\/span><span>Diversit\u00e9<\/span><span class=\"wp-block-post-terms__separator\">, <\/span><span>\u00c9ducation<\/span><\/div>\n\n<div style=\"margin-top:0px;margin-bottom:0px;\" class=\"wp-block-post-excerpt\"><p class=\"wp-block-post-excerpt__excerpt\">Fond\u00e9e en 2020, ChangeTheGame agit pour lutter contre les violences dans le milieu sportif.<\/p><p class=\"wp-block-post-excerpt__more-text\"><a class=\"wp-block-post-excerpt__more-link\" href=\"https:\/\/www.fondation-salomon.org\/fr\/organization\/change-the-game\/\">Read more<\/a><\/p><\/div><\/div>\n\n<\/li><li class=\"wp-block-post post-2068 organization type-organization status-publish has-post-thumbnail hentry organization-tag-diversite\">\n<figure style=\"aspect-ratio:3\/4;\" class=\"wp-block-post-featured-image\"><a href=\"https:\/\/www.fondation-salomon.org\/fr\/organization\/apart-2\/\" target=\"_self\"  ><img decoding=\"async\" width=\"1600\" height=\"900\" src=\"https:\/\/www.fondation-salomon.org\/app\/uploads\/2026\/04\/APART-au-sommet.jpeg\" class=\"attachment-post-thumbnail size-post-thumbnail wp-post-image\" alt=\"APART\" style=\"width:100%;height:100%;object-fit:cover;\" srcset=\"https:\/\/www.fondation-salomon.org\/app\/uploads\/2026\/04\/APART-au-sommet.jpeg 1600w, https:\/\/www.fondation-salomon.org\/app\/uploads\/2026\/04\/APART-au-sommet-300x169.jpeg 300w, https:\/\/www.fondation-salomon.org\/app\/uploads\/2026\/04\/APART-au-sommet-1024x576.jpeg 1024w, https:\/\/www.fondation-salomon.org\/app\/uploads\/2026\/04\/APART-au-sommet-768x432.jpeg 768w, https:\/\/www.fondation-salomon.org\/app\/uploads\/2026\/04\/APART-au-sommet-1536x864.jpeg 1536w\" sizes=\"(max-width: 1600px) 100vw, 1600px\" \/><\/a><\/figure>\n\n\n<div class=\"wp-block-group is-vertical is-layout-flex wp-container-core-group-is-layout-8b35703c wp-block-group-is-layout-flex\" style=\"margin-top:0px;margin-bottom:0px;padding-top:var(--wp--preset--spacing--60);padding-right:var(--wp--preset--spacing--60);padding-left:var(--wp--preset--spacing--60)\"><h3 style=\"text-transform:none; padding-bottom:0px;padding-top:0px;margin-top:0px;margin-bottom:0px;\" class=\"wp-block-post-title has-medium-font-size\">APART<\/h3>\n\n<div style=\"margin-top:0px;margin-bottom:0px\" class=\"taxonomy-organization-tag wp-block-post-terms\"><span>Diversit\u00e9<\/span><\/div>\n\n<div style=\"margin-top:0px;margin-bottom:0px;\" class=\"wp-block-post-excerpt\"><p class=\"wp-block-post-excerpt__excerpt\">Fond\u00e9e en 2004, APART est aujourd\u2019hui un acteur cl\u00e9 de l\u2019insertion des jeunes en Seine-Saint-Denis, avec plus de 20 ans d\u2019exp\u00e9rience.<\/p><p class=\"wp-block-post-excerpt__more-text\"><a class=\"wp-block-post-excerpt__more-link\" href=\"https:\/\/www.fondation-salomon.org\/fr\/organization\/apart-2\/\">Read more<\/a><\/p><\/div><\/div>\n\n<\/li><li class=\"wp-block-post post-2059 organization type-organization status-publish has-post-thumbnail hentry organization-tag-diversite\">\n<figure style=\"aspect-ratio:3\/4;\" class=\"wp-block-post-featured-image\"><a href=\"https:\/\/www.fondation-salomon.org\/fr\/organization\/snowboarders-de-la-solidarite\/\" target=\"_self\"  ><img decoding=\"async\" width=\"2200\" height=\"1775\" src=\"https:\/\/www.fondation-salomon.org\/app\/uploads\/2026\/03\/000111620005_Tanon_P67_Afghan_Snowboard_Team_Avoriaz_group_pic_low.jpg\" class=\"attachment-post-thumbnail size-post-thumbnail wp-post-image\" alt=\"Snowboarders of Solidarity\" style=\"width:100%;height:100%;object-fit:cover;\" srcset=\"https:\/\/www.fondation-salomon.org\/app\/uploads\/2026\/03\/000111620005_Tanon_P67_Afghan_Snowboard_Team_Avoriaz_group_pic_low.jpg 2200w, https:\/\/www.fondation-salomon.org\/app\/uploads\/2026\/03\/000111620005_Tanon_P67_Afghan_Snowboard_Team_Avoriaz_group_pic_low-300x242.jpg 300w, https:\/\/www.fondation-salomon.org\/app\/uploads\/2026\/03\/000111620005_Tanon_P67_Afghan_Snowboard_Team_Avoriaz_group_pic_low-1024x826.jpg 1024w, https:\/\/www.fondation-salomon.org\/app\/uploads\/2026\/03\/000111620005_Tanon_P67_Afghan_Snowboard_Team_Avoriaz_group_pic_low-768x620.jpg 768w, https:\/\/www.fondation-salomon.org\/app\/uploads\/2026\/03\/000111620005_Tanon_P67_Afghan_Snowboard_Team_Avoriaz_group_pic_low-1536x1239.jpg 1536w, https:\/\/www.fondation-salomon.org\/app\/uploads\/2026\/03\/000111620005_Tanon_P67_Afghan_Snowboard_Team_Avoriaz_group_pic_low-2048x1652.jpg 2048w\" sizes=\"(max-width: 2200px) 100vw, 2200px\" \/><\/a><\/figure>\n\n\n<div class=\"wp-block-group is-vertical is-layout-flex wp-container-core-group-is-layout-8b35703c wp-block-group-is-layout-flex\" style=\"margin-top:0px;margin-bottom:0px;padding-top:var(--wp--preset--spacing--60);padding-right:var(--wp--preset--spacing--60);padding-left:var(--wp--preset--spacing--60)\"><h3 style=\"text-transform:none; padding-bottom:0px;padding-top:0px;margin-top:0px;margin-bottom:0px;\" class=\"wp-block-post-title has-medium-font-size\">Snowboarders of Solidarity<\/h3>\n\n<div style=\"margin-top:0px;margin-bottom:0px\" class=\"taxonomy-organization-tag wp-block-post-terms\"><span>Diversit\u00e9<\/span><\/div>\n\n<div style=\"margin-top:0px;margin-bottom:0px;\" class=\"wp-block-post-excerpt\"><p class=\"wp-block-post-excerpt__excerpt\">Accompagner des snowboardeurs et snowboardeuses en situation d\u2019exil pour poursuivre leur parcours sportif et \u00e9ducatif. Favoriser l\u2019int\u00e9gration gr\u00e2ce \u00e0 la solidarit\u00e9 et \u00e0 la force du collectif.<\/p><p class=\"wp-block-post-excerpt__more-text\"><a class=\"wp-block-post-excerpt__more-link\" href=\"https:\/\/www.fondation-salomon.org\/fr\/organization\/snowboarders-de-la-solidarite\/\">Read more<\/a><\/p><\/div><\/div>\n\n<\/li><\/ul><\/div>\n\n<\/section>\n<\/div>\n\n\n\n<div class=\"wp-block-group hidden swiper-content-block is-layout-flow wp-block-group-is-layout-flow\" style=\"margin-top:0px;margin-bottom:0px\"><section class=\"wp-block-grdnrs-swiper\" data-swiper-type=\"query\" data-swiper-style=\"slider\" >\n\t\n\n<div data-qllm-query-region=\"4\" class=\"wp-block-query is-layout-flow wp-block-query-is-layout-flow\"><ul style=\"padding-bottom:var(--wp--preset--spacing--45);\" class=\"wp-block-post-template is-layout-flow wp-block-post-template-is-layout-flow\"><li class=\"wp-block-post post-1634 organization type-organization status-publish has-post-thumbnail hentry organization-tag-autonomie organization-tag-education\">\n<figure style=\"aspect-ratio:3\/4;\" class=\"wp-block-post-featured-image\"><a href=\"https:\/\/www.fondation-salomon.org\/fr\/organization\/zom-connection\/\" target=\"_self\"  ><img decoding=\"async\" width=\"1920\" height=\"1535\" src=\"https:\/\/www.fondation-salomon.org\/app\/uploads\/2026\/04\/Photo-Zom.png\" class=\"attachment-post-thumbnail size-post-thumbnail wp-post-image\" alt=\"Zom Connection\" style=\"width:100%;height:100%;object-fit:cover;\" srcset=\"https:\/\/www.fondation-salomon.org\/app\/uploads\/2026\/04\/Photo-Zom.png 1920w, https:\/\/www.fondation-salomon.org\/app\/uploads\/2026\/04\/Photo-Zom-300x240.png 300w, https:\/\/www.fondation-salomon.org\/app\/uploads\/2026\/04\/Photo-Zom-1024x819.png 1024w, https:\/\/www.fondation-salomon.org\/app\/uploads\/2026\/04\/Photo-Zom-768x614.png 768w, https:\/\/www.fondation-salomon.org\/app\/uploads\/2026\/04\/Photo-Zom-1536x1228.png 1536w\" sizes=\"(max-width: 1920px) 100vw, 1920px\" \/><\/a><\/figure>\n\n\n<div class=\"wp-block-group is-vertical is-layout-flex wp-container-core-group-is-layout-8b35703c wp-block-group-is-layout-flex\" style=\"margin-top:0px;margin-bottom:0px;padding-top:var(--wp--preset--spacing--60);padding-right:var(--wp--preset--spacing--60);padding-left:var(--wp--preset--spacing--60)\"><h3 style=\"text-transform:none; padding-bottom:0px;padding-top:0px;margin-top:0px;margin-bottom:0px;\" class=\"wp-block-post-title has-medium-font-size\">Zom Connection<\/h3>\n\n<div style=\"margin-top:0px;margin-bottom:0px\" class=\"taxonomy-organization-tag wp-block-post-terms\"><span>Autonomie<\/span><span class=\"wp-block-post-terms__separator\">, <\/span><span>\u00c9ducation<\/span><\/div>\n\n<div style=\"margin-top:0px;margin-bottom:0px;\" class=\"wp-block-post-excerpt\"><p class=\"wp-block-post-excerpt__excerpt\">Zom Connection accompagne des communaut\u00e9s isol\u00e9es du nord du Pakistan, en faisant des sports de montagne un levier d\u2019action pour le climat et l\u2019\u00e9conomie locale.<\/p><p class=\"wp-block-post-excerpt__more-text\"><a class=\"wp-block-post-excerpt__more-link\" href=\"https:\/\/www.fondation-salomon.org\/fr\/organization\/zom-connection\/\">Read more<\/a><\/p><\/div><\/div>\n\n<\/li><li class=\"wp-block-post post-2126 organization type-organization status-publish has-post-thumbnail hentry organization-tag-autonomie organization-tag-diversite organization-tag-education\">\n<figure style=\"aspect-ratio:3\/4;\" class=\"wp-block-post-featured-image\"><a href=\"https:\/\/www.fondation-salomon.org\/fr\/organization\/youth-adventure-trust\/\" target=\"_self\"  ><img decoding=\"async\" width=\"1600\" height=\"1200\" src=\"https:\/\/www.fondation-salomon.org\/app\/uploads\/2026\/04\/LBRR7946.jpg\" class=\"attachment-post-thumbnail size-post-thumbnail wp-post-image\" alt=\"Youth Adventure Trust\" style=\"width:100%;height:100%;object-fit:cover;\" srcset=\"https:\/\/www.fondation-salomon.org\/app\/uploads\/2026\/04\/LBRR7946.jpg 1600w, https:\/\/www.fondation-salomon.org\/app\/uploads\/2026\/04\/LBRR7946-300x225.jpg 300w, https:\/\/www.fondation-salomon.org\/app\/uploads\/2026\/04\/LBRR7946-1024x768.jpg 1024w, https:\/\/www.fondation-salomon.org\/app\/uploads\/2026\/04\/LBRR7946-768x576.jpg 768w, https:\/\/www.fondation-salomon.org\/app\/uploads\/2026\/04\/LBRR7946-1536x1152.jpg 1536w\" sizes=\"(max-width: 1600px) 100vw, 1600px\" \/><\/a><\/figure>\n\n\n<div class=\"wp-block-group is-vertical is-layout-flex wp-container-core-group-is-layout-8b35703c wp-block-group-is-layout-flex\" style=\"margin-top:0px;margin-bottom:0px;padding-top:var(--wp--preset--spacing--60);padding-right:var(--wp--preset--spacing--60);padding-left:var(--wp--preset--spacing--60)\"><h3 style=\"text-transform:none; padding-bottom:0px;padding-top:0px;margin-top:0px;margin-bottom:0px;\" class=\"wp-block-post-title has-medium-font-size\">Youth Adventure Trust<\/h3>\n\n<div style=\"margin-top:0px;margin-bottom:0px\" class=\"taxonomy-organization-tag wp-block-post-terms\"><span>Autonomie<\/span><span class=\"wp-block-post-terms__separator\">, <\/span><span>Diversit\u00e9<\/span><span class=\"wp-block-post-terms__separator\">, <\/span><span>\u00c9ducation<\/span><\/div>\n\n<div style=\"margin-top:0px;margin-bottom:0px;\" class=\"wp-block-post-excerpt\"><p class=\"wp-block-post-excerpt__excerpt\">Accompagner des jeunes en situation de fragilit\u00e9 au Royaume-Uni gr\u00e2ce \u00e0 des programmes d\u2019aventure en pleine nature. Renforcer la confiance, la r\u00e9silience et les comp\u00e9tences de vie pour un impact durable.<\/p><p class=\"wp-block-post-excerpt__more-text\"><a class=\"wp-block-post-excerpt__more-link\" href=\"https:\/\/www.fondation-salomon.org\/fr\/organization\/youth-adventure-trust\/\">Read more<\/a><\/p><\/div><\/div>\n\n<\/li><li class=\"wp-block-post post-2110 organization type-organization status-publish has-post-thumbnail hentry organization-tag-diversite organization-tag-education organization-tag-inclusion\">\n<figure style=\"aspect-ratio:3\/4;\" class=\"wp-block-post-featured-image\"><a href=\"https:\/\/www.fondation-salomon.org\/fr\/organization\/sport-sans-frontieres\/\" target=\"_self\"  ><img decoding=\"async\" width=\"1500\" height=\"1001\" src=\"https:\/\/www.fondation-salomon.org\/app\/uploads\/2026\/04\/SSF1.jpg\" class=\"attachment-post-thumbnail size-post-thumbnail wp-post-image\" alt=\"Sport senza Frontiere\" style=\"width:100%;height:100%;object-fit:cover;\" srcset=\"https:\/\/www.fondation-salomon.org\/app\/uploads\/2026\/04\/SSF1.jpg 1500w, https:\/\/www.fondation-salomon.org\/app\/uploads\/2026\/04\/SSF1-300x200.jpg 300w, https:\/\/www.fondation-salomon.org\/app\/uploads\/2026\/04\/SSF1-1024x683.jpg 1024w, https:\/\/www.fondation-salomon.org\/app\/uploads\/2026\/04\/SSF1-768x513.jpg 768w\" sizes=\"(max-width: 1500px) 100vw, 1500px\" \/><\/a><\/figure>\n\n\n<div class=\"wp-block-group is-vertical is-layout-flex wp-container-core-group-is-layout-8b35703c wp-block-group-is-layout-flex\" style=\"margin-top:0px;margin-bottom:0px;padding-top:var(--wp--preset--spacing--60);padding-right:var(--wp--preset--spacing--60);padding-left:var(--wp--preset--spacing--60)\"><h3 style=\"text-transform:none; padding-bottom:0px;padding-top:0px;margin-top:0px;margin-bottom:0px;\" class=\"wp-block-post-title has-medium-font-size\">Sport senza Frontiere<\/h3>\n\n<div style=\"margin-top:0px;margin-bottom:0px\" class=\"taxonomy-organization-tag wp-block-post-terms\"><span>Diversit\u00e9<\/span><span class=\"wp-block-post-terms__separator\">, <\/span><span>\u00c9ducation<\/span><span class=\"wp-block-post-terms__separator\">, <\/span><span>Inclusion<\/span><\/div>\n\n<div style=\"margin-top:0px;margin-bottom:0px;\" class=\"wp-block-post-excerpt\"><p class=\"wp-block-post-excerpt__excerpt\">Utiliser le sport pour accompagner des jeunes en situation de fragilit\u00e9 et lutter contre les in\u00e9galit\u00e9s sociales en Italie. Favoriser l\u2019inclusion, l\u2019\u00e9ducation et l\u2019acc\u00e8s au sport pour un impact durable.<\/p><p class=\"wp-block-post-excerpt__more-text\"><a class=\"wp-block-post-excerpt__more-link\" href=\"https:\/\/www.fondation-salomon.org\/fr\/organization\/sport-sans-frontieres\/\">Read more<\/a><\/p><\/div><\/div>\n\n<\/li><li class=\"wp-block-post post-2112 organization type-organization status-publish has-post-thumbnail hentry organization-tag-diversite organization-tag-education organization-tag-integration-sociale\">\n<figure style=\"aspect-ratio:3\/4;\" class=\"wp-block-post-featured-image\"><a href=\"https:\/\/www.fondation-salomon.org\/fr\/organization\/passsport-pour-lemploi\/\" target=\"_self\"  ><img decoding=\"async\" width=\"1599\" height=\"733\" src=\"https:\/\/www.fondation-salomon.org\/app\/uploads\/2026\/04\/Gymnase.jpg\" class=\"attachment-post-thumbnail size-post-thumbnail wp-post-image\" alt=\"Pass\u2019Sport pour l\u2019Emploi\" style=\"width:100%;height:100%;object-fit:cover;\" srcset=\"https:\/\/www.fondation-salomon.org\/app\/uploads\/2026\/04\/Gymnase.jpg 1599w, https:\/\/www.fondation-salomon.org\/app\/uploads\/2026\/04\/Gymnase-300x138.jpg 300w, https:\/\/www.fondation-salomon.org\/app\/uploads\/2026\/04\/Gymnase-1024x469.jpg 1024w, https:\/\/www.fondation-salomon.org\/app\/uploads\/2026\/04\/Gymnase-768x352.jpg 768w, https:\/\/www.fondation-salomon.org\/app\/uploads\/2026\/04\/Gymnase-1536x704.jpg 1536w\" sizes=\"(max-width: 1599px) 100vw, 1599px\" \/><\/a><\/figure>\n\n\n<div class=\"wp-block-group is-vertical is-layout-flex wp-container-core-group-is-layout-8b35703c wp-block-group-is-layout-flex\" style=\"margin-top:0px;margin-bottom:0px;padding-top:var(--wp--preset--spacing--60);padding-right:var(--wp--preset--spacing--60);padding-left:var(--wp--preset--spacing--60)\"><h3 style=\"text-transform:none; padding-bottom:0px;padding-top:0px;margin-top:0px;margin-bottom:0px;\" class=\"wp-block-post-title has-medium-font-size\">Pass\u2019Sport pour l\u2019Emploi<\/h3>\n\n<div style=\"margin-top:0px;margin-bottom:0px\" class=\"taxonomy-organization-tag wp-block-post-terms\"><span>Diversit\u00e9<\/span><span class=\"wp-block-post-terms__separator\">, <\/span><span>\u00c9ducation<\/span><span class=\"wp-block-post-terms__separator\">, <\/span><span>int\u00e9gration sociale<\/span><\/div>\n\n<div style=\"margin-top:0px;margin-bottom:0px;\" class=\"wp-block-post-excerpt\"><p class=\"wp-block-post-excerpt__excerpt\">Utiliser le sport pour accompagner des personnes en situation de fragilit\u00e9 vers l\u2019emploi. D\u00e9velopper la confiance, la coop\u00e9ration et des comp\u00e9tences cl\u00e9s.<\/p><p class=\"wp-block-post-excerpt__more-text\"><a class=\"wp-block-post-excerpt__more-link\" href=\"https:\/\/www.fondation-salomon.org\/fr\/organization\/passsport-pour-lemploi\/\">Read more<\/a><\/p><\/div><\/div>\n\n<\/li><li class=\"wp-block-post post-2092 organization type-organization status-publish has-post-thumbnail hentry organization-tag-education organization-tag-handicap organization-tag-jeunesse\">\n<figure style=\"aspect-ratio:3\/4;\" class=\"wp-block-post-featured-image\"><a href=\"https:\/\/www.fondation-salomon.org\/fr\/organization\/in-your-shoes-2\/\" target=\"_self\"  ><img decoding=\"async\" width=\"1707\" height=\"2560\" src=\"https:\/\/www.fondation-salomon.org\/app\/uploads\/2026\/04\/S2B5858-2-scaled.jpg\" class=\"attachment-post-thumbnail size-post-thumbnail wp-post-image\" alt=\"In your shoes\" style=\"width:100%;height:100%;object-fit:cover;\" srcset=\"https:\/\/www.fondation-salomon.org\/app\/uploads\/2026\/04\/S2B5858-2-scaled.jpg 1707w, https:\/\/www.fondation-salomon.org\/app\/uploads\/2026\/04\/S2B5858-2-200x300.jpg 200w, https:\/\/www.fondation-salomon.org\/app\/uploads\/2026\/04\/S2B5858-2-683x1024.jpg 683w, https:\/\/www.fondation-salomon.org\/app\/uploads\/2026\/04\/S2B5858-2-768x1152.jpg 768w, https:\/\/www.fondation-salomon.org\/app\/uploads\/2026\/04\/S2B5858-2-1024x1536.jpg 1024w, https:\/\/www.fondation-salomon.org\/app\/uploads\/2026\/04\/S2B5858-2-1365x2048.jpg 1365w\" sizes=\"(max-width: 1707px) 100vw, 1707px\" \/><\/a><\/figure>\n\n\n<div class=\"wp-block-group is-vertical is-layout-flex wp-container-core-group-is-layout-8b35703c wp-block-group-is-layout-flex\" style=\"margin-top:0px;margin-bottom:0px;padding-top:var(--wp--preset--spacing--60);padding-right:var(--wp--preset--spacing--60);padding-left:var(--wp--preset--spacing--60)\"><h3 style=\"text-transform:none; padding-bottom:0px;padding-top:0px;margin-top:0px;margin-bottom:0px;\" class=\"wp-block-post-title has-medium-font-size\">In your shoes<\/h3>\n\n<div style=\"margin-top:0px;margin-bottom:0px\" class=\"taxonomy-organization-tag wp-block-post-terms\"><span>\u00c9ducation<\/span><span class=\"wp-block-post-terms__separator\">, <\/span><span>Handicap<\/span><span class=\"wp-block-post-terms__separator\">, <\/span><span>Jeunesse<\/span><\/div>\n\n<div style=\"margin-top:0px;margin-bottom:0px;\" class=\"wp-block-post-excerpt\"><p class=\"wp-block-post-excerpt__excerpt\">Transformer des chaussures de course usag\u00e9es en opportunit\u00e9s pour de jeunes athl\u00e8tes au Kenya. Cr\u00e9er du lien, favoriser l\u2019acc\u00e8s \u00e0 l\u2019\u00e9ducation et ouvrir des perspectives gr\u00e2ce au sport.<\/p><p class=\"wp-block-post-excerpt__more-text\"><a class=\"wp-block-post-excerpt__more-link\" href=\"https:\/\/www.fondation-salomon.org\/fr\/organization\/in-your-shoes-2\/\">Read more<\/a><\/p><\/div><\/div>\n\n<\/li><li class=\"wp-block-post post-2089 organization type-organization status-publish has-post-thumbnail hentry organization-tag-education organization-tag-inclusion organization-tag-jeunesse\">\n<figure style=\"aspect-ratio:3\/4;\" class=\"wp-block-post-featured-image\"><a href=\"https:\/\/www.fondation-salomon.org\/fr\/organization\/fondation-apprentis-dauteuil-2\/\" target=\"_self\"  ><img decoding=\"async\" width=\"1705\" height=\"1278\" src=\"https:\/\/www.fondation-salomon.org\/app\/uploads\/2026\/04\/Image1.jpg\" class=\"attachment-post-thumbnail size-post-thumbnail wp-post-image\" alt=\"Fondation Apprentis d&#8217;Auteuil\" style=\"width:100%;height:100%;object-fit:cover;\" srcset=\"https:\/\/www.fondation-salomon.org\/app\/uploads\/2026\/04\/Image1.jpg 1705w, https:\/\/www.fondation-salomon.org\/app\/uploads\/2026\/04\/Image1-300x225.jpg 300w, https:\/\/www.fondation-salomon.org\/app\/uploads\/2026\/04\/Image1-1024x768.jpg 1024w, https:\/\/www.fondation-salomon.org\/app\/uploads\/2026\/04\/Image1-768x576.jpg 768w, https:\/\/www.fondation-salomon.org\/app\/uploads\/2026\/04\/Image1-1536x1151.jpg 1536w\" sizes=\"(max-width: 1705px) 100vw, 1705px\" \/><\/a><\/figure>\n\n\n<div class=\"wp-block-group is-vertical is-layout-flex wp-container-core-group-is-layout-8b35703c wp-block-group-is-layout-flex\" style=\"margin-top:0px;margin-bottom:0px;padding-top:var(--wp--preset--spacing--60);padding-right:var(--wp--preset--spacing--60);padding-left:var(--wp--preset--spacing--60)\"><h3 style=\"text-transform:none; padding-bottom:0px;padding-top:0px;margin-top:0px;margin-bottom:0px;\" class=\"wp-block-post-title has-medium-font-size\">Fondation Apprentis d&#8217;Auteuil<\/h3>\n\n<div style=\"margin-top:0px;margin-bottom:0px\" class=\"taxonomy-organization-tag wp-block-post-terms\"><span>\u00c9ducation<\/span><span class=\"wp-block-post-terms__separator\">, <\/span><span>Inclusion<\/span><span class=\"wp-block-post-terms__separator\">, <\/span><span>Jeunesse<\/span><\/div>\n\n<div style=\"margin-top:0px;margin-bottom:0px;\" class=\"wp-block-post-excerpt\"><p class=\"wp-block-post-excerpt__excerpt\">Accompagner des jeunes et des familles en situation de fragilit\u00e9 \u00e0 travers des programmes \u00e9ducatifs et sociaux. Favoriser l\u2019autonomie, l\u2019inclusion et des parcours vers un avenir plus serein.<\/p><p class=\"wp-block-post-excerpt__more-text\"><a class=\"wp-block-post-excerpt__more-link\" href=\"https:\/\/www.fondation-salomon.org\/fr\/organization\/fondation-apprentis-dauteuil-2\/\">Read more<\/a><\/p><\/div><\/div>\n\n<\/li><li class=\"wp-block-post post-2087 organization type-organization status-publish has-post-thumbnail hentry organization-tag-education organization-tag-integration-sociale organization-tag-jeunesse\">\n<figure style=\"aspect-ratio:3\/4;\" class=\"wp-block-post-featured-image\"><a href=\"https:\/\/www.fondation-salomon.org\/fr\/organization\/enforma-inspira\/\" target=\"_self\"  ><img decoding=\"async\" width=\"1600\" height=\"1066\" src=\"https:\/\/www.fondation-salomon.org\/app\/uploads\/2026\/04\/WhatsApp-Image-2026-02-13-at-15.29.08.jpeg\" class=\"attachment-post-thumbnail size-post-thumbnail wp-post-image\" alt=\"Enforma Inspira\" style=\"width:100%;height:100%;object-fit:cover;\" srcset=\"https:\/\/www.fondation-salomon.org\/app\/uploads\/2026\/04\/WhatsApp-Image-2026-02-13-at-15.29.08.jpeg 1600w, https:\/\/www.fondation-salomon.org\/app\/uploads\/2026\/04\/WhatsApp-Image-2026-02-13-at-15.29.08-300x200.jpeg 300w, https:\/\/www.fondation-salomon.org\/app\/uploads\/2026\/04\/WhatsApp-Image-2026-02-13-at-15.29.08-1024x682.jpeg 1024w, https:\/\/www.fondation-salomon.org\/app\/uploads\/2026\/04\/WhatsApp-Image-2026-02-13-at-15.29.08-768x512.jpeg 768w, https:\/\/www.fondation-salomon.org\/app\/uploads\/2026\/04\/WhatsApp-Image-2026-02-13-at-15.29.08-1536x1023.jpeg 1536w\" sizes=\"(max-width: 1600px) 100vw, 1600px\" \/><\/a><\/figure>\n\n\n<div class=\"wp-block-group is-vertical is-layout-flex wp-container-core-group-is-layout-8b35703c wp-block-group-is-layout-flex\" style=\"margin-top:0px;margin-bottom:0px;padding-top:var(--wp--preset--spacing--60);padding-right:var(--wp--preset--spacing--60);padding-left:var(--wp--preset--spacing--60)\"><h3 style=\"text-transform:none; padding-bottom:0px;padding-top:0px;margin-top:0px;margin-bottom:0px;\" class=\"wp-block-post-title has-medium-font-size\">Enforma Inspira<\/h3>\n\n<div style=\"margin-top:0px;margin-bottom:0px\" class=\"taxonomy-organization-tag wp-block-post-terms\"><span>\u00c9ducation<\/span><span class=\"wp-block-post-terms__separator\">, <\/span><span>int\u00e9gration sociale<\/span><span class=\"wp-block-post-terms__separator\">, <\/span><span>Jeunesse<\/span><\/div>\n\n<div style=\"margin-top:0px;margin-bottom:0px;\" class=\"wp-block-post-excerpt\"><p class=\"wp-block-post-excerpt__excerpt\">Accompagner des jeunes en situation de fragilit\u00e9 \u00e0 Barcelone \u00e0 travers le sport et le collectif. Renforcer la confiance, le lien et ouvrir des parcours vers l\u2019\u00e9ducation et l\u2019emploi.<\/p><p class=\"wp-block-post-excerpt__more-text\"><a class=\"wp-block-post-excerpt__more-link\" href=\"https:\/\/www.fondation-salomon.org\/fr\/organization\/enforma-inspira\/\">Read more<\/a><\/p><\/div><\/div>\n\n<\/li><li class=\"wp-block-post post-2084 organization type-organization status-publish has-post-thumbnail hentry organization-tag-education organization-tag-jeunesse\">\n<figure style=\"aspect-ratio:3\/4;\" class=\"wp-block-post-featured-image\"><a href=\"https:\/\/www.fondation-salomon.org\/fr\/organization\/enfance-et-montagne\/\" target=\"_self\"  ><img decoding=\"async\" width=\"850\" height=\"567\" src=\"https:\/\/www.fondation-salomon.org\/app\/uploads\/2026\/04\/esf25-flem-mm-01-0262.jpg\" class=\"attachment-post-thumbnail size-post-thumbnail wp-post-image\" alt=\"Enfance et Montagne\" style=\"width:100%;height:100%;object-fit:cover;\" srcset=\"https:\/\/www.fondation-salomon.org\/app\/uploads\/2026\/04\/esf25-flem-mm-01-0262.jpg 850w, https:\/\/www.fondation-salomon.org\/app\/uploads\/2026\/04\/esf25-flem-mm-01-0262-300x200.jpg 300w, https:\/\/www.fondation-salomon.org\/app\/uploads\/2026\/04\/esf25-flem-mm-01-0262-768x512.jpg 768w\" sizes=\"(max-width: 850px) 100vw, 850px\" \/><\/a><\/figure>\n\n\n<div class=\"wp-block-group is-vertical is-layout-flex wp-container-core-group-is-layout-8b35703c wp-block-group-is-layout-flex\" style=\"margin-top:0px;margin-bottom:0px;padding-top:var(--wp--preset--spacing--60);padding-right:var(--wp--preset--spacing--60);padding-left:var(--wp--preset--spacing--60)\"><h3 style=\"text-transform:none; padding-bottom:0px;padding-top:0px;margin-top:0px;margin-bottom:0px;\" class=\"wp-block-post-title has-medium-font-size\">Enfance et Montagne<\/h3>\n\n<div style=\"margin-top:0px;margin-bottom:0px\" class=\"taxonomy-organization-tag wp-block-post-terms\"><span>\u00c9ducation<\/span><span class=\"wp-block-post-terms__separator\">, <\/span><span>Jeunesse<\/span><\/div>\n\n<div style=\"margin-top:0px;margin-bottom:0px;\" class=\"wp-block-post-excerpt\"><p class=\"wp-block-post-excerpt__excerpt\">Faire d\u00e9couvrir la montagne aux enfants \u00e0 travers des exp\u00e9riences \u00e9ducatives. Favoriser la d\u00e9couverte, le lien et l\u2019apprentissage collectif.<\/p><p class=\"wp-block-post-excerpt__more-text\"><a class=\"wp-block-post-excerpt__more-link\" href=\"https:\/\/www.fondation-salomon.org\/fr\/organization\/enfance-et-montagne\/\">Read more<\/a><\/p><\/div><\/div>\n\n<\/li><li class=\"wp-block-post post-2072 organization type-organization status-publish has-post-thumbnail hentry organization-tag-autonomie organization-tag-diversite organization-tag-education\">\n<figure style=\"aspect-ratio:3\/4;\" class=\"wp-block-post-featured-image\"><a href=\"https:\/\/www.fondation-salomon.org\/fr\/organization\/change-the-game\/\" target=\"_self\"  ><img decoding=\"async\" width=\"2048\" height=\"1536\" src=\"https:\/\/www.fondation-salomon.org\/app\/uploads\/2026\/04\/image002.jpg\" class=\"attachment-post-thumbnail size-post-thumbnail wp-post-image\" alt=\"Change The Game\" style=\"width:100%;height:100%;object-fit:cover;\" srcset=\"https:\/\/www.fondation-salomon.org\/app\/uploads\/2026\/04\/image002.jpg 2048w, https:\/\/www.fondation-salomon.org\/app\/uploads\/2026\/04\/image002-300x225.jpg 300w, https:\/\/www.fondation-salomon.org\/app\/uploads\/2026\/04\/image002-1024x768.jpg 1024w, https:\/\/www.fondation-salomon.org\/app\/uploads\/2026\/04\/image002-768x576.jpg 768w, https:\/\/www.fondation-salomon.org\/app\/uploads\/2026\/04\/image002-1536x1152.jpg 1536w\" sizes=\"(max-width: 2048px) 100vw, 2048px\" \/><\/a><\/figure>\n\n\n<div class=\"wp-block-group is-vertical is-layout-flex wp-container-core-group-is-layout-8b35703c wp-block-group-is-layout-flex\" style=\"margin-top:0px;margin-bottom:0px;padding-top:var(--wp--preset--spacing--60);padding-right:var(--wp--preset--spacing--60);padding-left:var(--wp--preset--spacing--60)\"><h3 style=\"text-transform:none; padding-bottom:0px;padding-top:0px;margin-top:0px;margin-bottom:0px;\" class=\"wp-block-post-title has-medium-font-size\">Change The Game<\/h3>\n\n<div style=\"margin-top:0px;margin-bottom:0px\" class=\"taxonomy-organization-tag wp-block-post-terms\"><span>Autonomie<\/span><span class=\"wp-block-post-terms__separator\">, <\/span><span>Diversit\u00e9<\/span><span class=\"wp-block-post-terms__separator\">, <\/span><span>\u00c9ducation<\/span><\/div>\n\n<div style=\"margin-top:0px;margin-bottom:0px;\" class=\"wp-block-post-excerpt\"><p class=\"wp-block-post-excerpt__excerpt\">Fond\u00e9e en 2020, ChangeTheGame agit pour lutter contre les violences dans le milieu sportif.<\/p><p class=\"wp-block-post-excerpt__more-text\"><a class=\"wp-block-post-excerpt__more-link\" href=\"https:\/\/www.fondation-salomon.org\/fr\/organization\/change-the-game\/\">Read more<\/a><\/p><\/div><\/div>\n\n<\/li><\/ul><\/div>\n\n<\/section>\n<\/div>\n<\/div>\n<\/div>\n","protected":false},"excerpt":{"rendered":"Notre engagement La Salomon Foundation repose sur deux piliers : accompagner les professionnel\u00b7les de la montagne dans les \u00e9preuves les plus marquantes de leur vie, et soutenir des associations qui font de la montagne un puissant levier d\u2019inclusion dans 13 pays. ASSOCIATIONS SOUTENUES Ensemble, nous soutenons des associations qui \u0153uvrent \u00e0 rendre la montagne plus [&hellip;]","protected":false},"author":1,"featured_media":1036,"parent":0,"menu_order":0,"comment_status":"closed","ping_status":"closed","template":"","meta":{"inline_featured_image":false,"footnotes":""},"class_list":["post-1035","page","type-page","status-publish","has-post-thumbnail","hentry"],"yoast_head":"<!-- This site is optimized with the Yoast SEO plugin v27.2 - https:\/\/yoast.com\/product\/yoast-seo-wordpress\/ -->\n<title>DEPUIS LES SOMMETS, JUSQU\u2019\u00c0 VOUS. - fondation salomon<\/title>\n<meta name=\"robots\" content=\"index, follow, max-snippet:-1, max-image-preview:large, max-video-preview:-1\" \/>\n<link rel=\"canonical\" href=\"https:\/\/www.fondation-salomon.org\/fr\/nos-engagements\/\" \/>\n<meta property=\"og:locale\" content=\"fr_FR\" \/>\n<meta property=\"og:type\" content=\"article\" \/>\n<meta property=\"og:title\" content=\"DEPUIS LES SOMMETS, JUSQU\u2019\u00c0 VOUS. - fondation salomon\" \/>\n<meta property=\"og:description\" content=\"Notre engagement La Salomon Foundation repose sur deux piliers : accompagner les professionnel\u00b7les de la montagne dans les \u00e9preuves les plus marquantes de leur vie, et soutenir des associations qui font de la montagne un puissant levier d\u2019inclusion dans 13 pays. ASSOCIATIONS SOUTENUES Ensemble, nous soutenons des associations qui \u0153uvrent \u00e0 rendre la montagne plus [&hellip;]\" \/>\n<meta property=\"og:url\" content=\"https:\/\/www.fondation-salomon.org\/fr\/nos-engagements\/\" \/>\n<meta property=\"og:site_name\" content=\"fondation salomon\" \/>\n<meta property=\"article:publisher\" content=\"https:\/\/www.facebook.com\/Salomon\/?locale=fr_FR\" \/>\n<meta property=\"article:modified_time\" content=\"2026-04-28T09:31:01+00:00\" \/>\n<meta property=\"og:image\" content=\"https:\/\/www.fondation-salomon.org\/app\/uploads\/2026\/03\/image-6-1.png\" \/>\n\t<meta property=\"og:image:width\" content=\"1860\" \/>\n\t<meta property=\"og:image:height\" content=\"800\" \/>\n\t<meta property=\"og:image:type\" content=\"image\/png\" \/>\n<meta name=\"twitter:card\" content=\"summary_large_image\" \/>\n<meta name=\"twitter:label1\" content=\"Dur\u00e9e de lecture estim\u00e9e\" \/>\n\t<meta name=\"twitter:data1\" content=\"2 minutes\" \/>\n<script type=\"application\/ld+json\" class=\"yoast-schema-graph\">{\"@context\":\"https:\/\/schema.org\",\"@graph\":[{\"@type\":\"WebPage\",\"@id\":\"https:\/\/www.fondation-salomon.org\/fr\/nos-engagements\/\",\"url\":\"https:\/\/www.fondation-salomon.org\/fr\/nos-engagements\/\",\"name\":\"DEPUIS LES SOMMETS, JUSQU\u2019\u00c0 VOUS. - fondation salomon\",\"isPartOf\":{\"@id\":\"https:\/\/www.fondation-salomon.org\/#website\"},\"primaryImageOfPage\":{\"@id\":\"https:\/\/www.fondation-salomon.org\/fr\/nos-engagements\/#primaryimage\"},\"image\":{\"@id\":\"https:\/\/www.fondation-salomon.org\/fr\/nos-engagements\/#primaryimage\"},\"thumbnailUrl\":\"https:\/\/www.fondation-salomon.org\/app\/uploads\/2026\/03\/image-6-1.png\",\"datePublished\":\"2026-02-20T07:44:32+00:00\",\"dateModified\":\"2026-04-28T09:31:01+00:00\",\"breadcrumb\":{\"@id\":\"https:\/\/www.fondation-salomon.org\/fr\/nos-engagements\/#breadcrumb\"},\"inLanguage\":\"fr-FR\",\"potentialAction\":[{\"@type\":\"ReadAction\",\"target\":[\"https:\/\/www.fondation-salomon.org\/fr\/nos-engagements\/\"]}]},{\"@type\":\"ImageObject\",\"inLanguage\":\"fr-FR\",\"@id\":\"https:\/\/www.fondation-salomon.org\/fr\/nos-engagements\/#primaryimage\",\"url\":\"https:\/\/www.fondation-salomon.org\/app\/uploads\/2026\/03\/image-6-1.png\",\"contentUrl\":\"https:\/\/www.fondation-salomon.org\/app\/uploads\/2026\/03\/image-6-1.png\",\"width\":1860,\"height\":800},{\"@type\":\"BreadcrumbList\",\"@id\":\"https:\/\/www.fondation-salomon.org\/fr\/nos-engagements\/#breadcrumb\",\"itemListElement\":[{\"@type\":\"ListItem\",\"position\":1,\"name\":\"Home\",\"item\":\"https:\/\/www.fondation-salomon.org\/fr\/\"},{\"@type\":\"ListItem\",\"position\":2,\"name\":\"DEPUIS LES SOMMETS, JUSQU\u2019\u00c0 VOUS.\"}]},{\"@type\":\"WebSite\",\"@id\":\"https:\/\/www.fondation-salomon.org\/#website\",\"url\":\"https:\/\/www.fondation-salomon.org\/\",\"name\":\"fondation salomon\",\"description\":\"\",\"publisher\":{\"@id\":\"https:\/\/www.fondation-salomon.org\/#organization\"},\"potentialAction\":[{\"@type\":\"SearchAction\",\"target\":{\"@type\":\"EntryPoint\",\"urlTemplate\":\"https:\/\/www.fondation-salomon.org\/?s={search_term_string}\"},\"query-input\":{\"@type\":\"PropertyValueSpecification\",\"valueRequired\":true,\"valueName\":\"search_term_string\"}}],\"inLanguage\":\"fr-FR\"},{\"@type\":\"Organization\",\"@id\":\"https:\/\/www.fondation-salomon.org\/#organization\",\"name\":\"fondation salomon\",\"url\":\"https:\/\/www.fondation-salomon.org\/\",\"logo\":{\"@type\":\"ImageObject\",\"inLanguage\":\"fr-FR\",\"@id\":\"https:\/\/www.fondation-salomon.org\/#\/schema\/logo\/image\/\",\"url\":\"https:\/\/www.fondation-salomon.org\/app\/uploads\/2026\/03\/SalomonFoundation_LOGO_Horizontal_Noir_SF-scaled.png\",\"contentUrl\":\"https:\/\/www.fondation-salomon.org\/app\/uploads\/2026\/03\/SalomonFoundation_LOGO_Horizontal_Noir_SF-scaled.png\",\"width\":2560,\"height\":569,\"caption\":\"fondation salomon\"},\"image\":{\"@id\":\"https:\/\/www.fondation-salomon.org\/#\/schema\/logo\/image\/\"},\"sameAs\":[\"https:\/\/www.facebook.com\/Salomon\/?locale=fr_FR\",\"https:\/\/www.instagram.com\/salomon_france\/\",\"https:\/\/www.youtube.com\/channel\/UCCH7Ny59oLRGfw3imhL0d7A\"]}]}<\/script>\n<!-- \/ Yoast SEO plugin. -->","yoast_head_json":{"title":"DEPUIS LES SOMMETS, JUSQU\u2019\u00c0 VOUS. - fondation salomon","robots":{"index":"index","follow":"follow","max-snippet":"max-snippet:-1","max-image-preview":"max-image-preview:large","max-video-preview":"max-video-preview:-1"},"canonical":"https:\/\/www.fondation-salomon.org\/fr\/nos-engagements\/","og_locale":"fr_FR","og_type":"article","og_title":"DEPUIS LES SOMMETS, JUSQU\u2019\u00c0 VOUS. - fondation salomon","og_description":"Notre engagement La Salomon Foundation repose sur deux piliers : accompagner les professionnel\u00b7les de la montagne dans les \u00e9preuves les plus marquantes de leur vie, et soutenir des associations qui font de la montagne un puissant levier d\u2019inclusion dans 13 pays. ASSOCIATIONS SOUTENUES Ensemble, nous soutenons des associations qui \u0153uvrent \u00e0 rendre la montagne plus [&hellip;]","og_url":"https:\/\/www.fondation-salomon.org\/fr\/nos-engagements\/","og_site_name":"fondation salomon","article_publisher":"https:\/\/www.facebook.com\/Salomon\/?locale=fr_FR","article_modified_time":"2026-04-28T09:31:01+00:00","og_image":[{"width":1860,"height":800,"url":"https:\/\/www.fondation-salomon.org\/app\/uploads\/2026\/03\/image-6-1.png","type":"image\/png"}],"twitter_card":"summary_large_image","twitter_misc":{"Dur\u00e9e de lecture estim\u00e9e":"2 minutes"},"schema":{"@context":"https:\/\/schema.org","@graph":[{"@type":"WebPage","@id":"https:\/\/www.fondation-salomon.org\/fr\/nos-engagements\/","url":"https:\/\/www.fondation-salomon.org\/fr\/nos-engagements\/","name":"DEPUIS LES SOMMETS, JUSQU\u2019\u00c0 VOUS. - fondation salomon","isPartOf":{"@id":"https:\/\/www.fondation-salomon.org\/#website"},"primaryImageOfPage":{"@id":"https:\/\/www.fondation-salomon.org\/fr\/nos-engagements\/#primaryimage"},"image":{"@id":"https:\/\/www.fondation-salomon.org\/fr\/nos-engagements\/#primaryimage"},"thumbnailUrl":"https:\/\/www.fondation-salomon.org\/app\/uploads\/2026\/03\/image-6-1.png","datePublished":"2026-02-20T07:44:32+00:00","dateModified":"2026-04-28T09:31:01+00:00","breadcrumb":{"@id":"https:\/\/www.fondation-salomon.org\/fr\/nos-engagements\/#breadcrumb"},"inLanguage":"fr-FR","potentialAction":[{"@type":"ReadAction","target":["https:\/\/www.fondation-salomon.org\/fr\/nos-engagements\/"]}]},{"@type":"ImageObject","inLanguage":"fr-FR","@id":"https:\/\/www.fondation-salomon.org\/fr\/nos-engagements\/#primaryimage","url":"https:\/\/www.fondation-salomon.org\/app\/uploads\/2026\/03\/image-6-1.png","contentUrl":"https:\/\/www.fondation-salomon.org\/app\/uploads\/2026\/03\/image-6-1.png","width":1860,"height":800},{"@type":"BreadcrumbList","@id":"https:\/\/www.fondation-salomon.org\/fr\/nos-engagements\/#breadcrumb","itemListElement":[{"@type":"ListItem","position":1,"name":"Home","item":"https:\/\/www.fondation-salomon.org\/fr\/"},{"@type":"ListItem","position":2,"name":"DEPUIS LES SOMMETS, JUSQU\u2019\u00c0 VOUS."}]},{"@type":"WebSite","@id":"https:\/\/www.fondation-salomon.org\/#website","url":"https:\/\/www.fondation-salomon.org\/","name":"fondation salomon","description":"","publisher":{"@id":"https:\/\/www.fondation-salomon.org\/#organization"},"potentialAction":[{"@type":"SearchAction","target":{"@type":"EntryPoint","urlTemplate":"https:\/\/www.fondation-salomon.org\/?s={search_term_string}"},"query-input":{"@type":"PropertyValueSpecification","valueRequired":true,"valueName":"search_term_string"}}],"inLanguage":"fr-FR"},{"@type":"Organization","@id":"https:\/\/www.fondation-salomon.org\/#organization","name":"fondation salomon","url":"https:\/\/www.fondation-salomon.org\/","logo":{"@type":"ImageObject","inLanguage":"fr-FR","@id":"https:\/\/www.fondation-salomon.org\/#\/schema\/logo\/image\/","url":"https:\/\/www.fondation-salomon.org\/app\/uploads\/2026\/03\/SalomonFoundation_LOGO_Horizontal_Noir_SF-scaled.png","contentUrl":"https:\/\/www.fondation-salomon.org\/app\/uploads\/2026\/03\/SalomonFoundation_LOGO_Horizontal_Noir_SF-scaled.png","width":2560,"height":569,"caption":"fondation salomon"},"image":{"@id":"https:\/\/www.fondation-salomon.org\/#\/schema\/logo\/image\/"},"sameAs":["https:\/\/www.facebook.com\/Salomon\/?locale=fr_FR","https:\/\/www.instagram.com\/salomon_france\/","https:\/\/www.youtube.com\/channel\/UCCH7Ny59oLRGfw3imhL0d7A"]}]}},"_links":{"self":[{"href":"https:\/\/www.fondation-salomon.org\/fr\/wp-json\/wp\/v2\/pages\/1035","targetHints":{"allow":["GET"]}}],"collection":[{"href":"https:\/\/www.fondation-salomon.org\/fr\/wp-json\/wp\/v2\/pages"}],"about":[{"href":"https:\/\/www.fondation-salomon.org\/fr\/wp-json\/wp\/v2\/types\/page"}],"author":[{"embeddable":true,"href":"https:\/\/www.fondation-salomon.org\/fr\/wp-json\/wp\/v2\/users\/1"}],"replies":[{"embeddable":true,"href":"https:\/\/www.fondation-salomon.org\/fr\/wp-json\/wp\/v2\/comments?post=1035"}],"version-history":[{"count":17,"href":"https:\/\/www.fondation-salomon.org\/fr\/wp-json\/wp\/v2\/pages\/1035\/revisions"}],"predecessor-version":[{"id":2332,"href":"https:\/\/www.fondation-salomon.org\/fr\/wp-json\/wp\/v2\/pages\/1035\/revisions\/2332"}],"wp:featuredmedia":[{"embeddable":true,"href":"https:\/\/www.fondation-salomon.org\/fr\/wp-json\/wp\/v2\/media\/1036"}],"wp:attachment":[{"href":"https:\/\/www.fondation-salomon.org\/fr\/wp-json\/wp\/v2\/media?parent=1035"}],"curies":[{"name":"wp","href":"https:\/\/api.w.org\/{rel}","templated":true}]}}