{"id":2128,"date":"2026-04-17T10:18:57","date_gmt":"2026-04-17T10:18:57","guid":{"rendered":"https:\/\/www.fondation-salomon.org\/organization\/accueil-savoie-handicap\/"},"modified":"2026-04-24T10:40:35","modified_gmt":"2026-04-24T10:40:35","slug":"accueil-savoie-handicap","status":"publish","type":"organization","link":"https:\/\/www.fondation-salomon.org\/fr\/organization\/accueil-savoie-handicap\/","title":{"rendered":"Accueil Savoie Handicap"},"content":{"rendered":"\n<div class=\"wp-block-group alignfull has-global-padding is-layout-constrained wp-container-core-group-is-layout-ae1ce1f8 wp-block-group-is-layout-constrained\">\n<div class=\"wp-block-group alignwide is-content-justification-space-between is-layout-flex wp-container-core-group-is-layout-e5edad21 wp-block-group-is-layout-flex\">\n<h3 class=\"wp-block-heading\"><strong><strong>\u00e0 Propos<\/strong><\/strong><\/h3>\n\n\n\n<div class=\"wp-block-group has-global-padding is-layout-constrained wp-container-core-group-is-layout-715153ea wp-block-group-is-layout-constrained\">\n<p><strong>Accueil Savoie Handicap (ASH), association d\u2019int\u00e9r\u00eat g\u00e9n\u00e9ral, accompagne depuis plus de 100 ans des enfants, des adolescents et des adultes en situation de handicap.<\/strong><\/p>\n\n\n\n<p>Acteur majeur du secteur m\u00e9dico-social, l\u2019association propose un accompagnement global, \u00e0 la fois m\u00e9dical et social, gr\u00e2ce \u00e0 des \u00e9quipes pluridisciplinaires.<\/p>\n\n\n\n<p>Implant\u00e9e en r\u00e9gion Rh\u00f4ne-Alpes, elle accompagne pr\u00e8s de 400 personnes vers davantage d\u2019autonomie et d\u2019inclusion, en lien \u00e9troit avec les acteurs locaux.<\/p>\n<\/div>\n<\/div>\n<\/div>\n\n\n\n<div class=\"wp-block-group alignwide pattern-hero is-style-line-watch is-vertical is-content-justification-left is-nowrap is-layout-flex wp-container-core-group-is-layout-b9305f23 wp-block-group-is-layout-flex\">\n<div class=\"wp-block-group is-nowrap is-layout-flex wp-container-core-group-is-layout-6c531013 wp-block-group-is-layout-flex\">\n<div class=\"wp-block-group is-vertical is-layout-flex wp-container-core-group-is-layout-fe9cc265 wp-block-group-is-layout-flex\">\n<h3 class=\"wp-block-heading\"><strong>T\u00e9moignage<\/strong><\/h3>\n\n\n\n<p class=\"has-inter-font-family\"><em>\u00ab La Fondation Salomon a accueilli notre projet avec enthousiasme, en parfaite r\u00e9sonance avec ses valeurs. Cette collaboration se traduit par un apport en mat\u00e9riel adapt\u00e9, des temps de partage favorisant le lien et l\u2019inclusion, ainsi qu\u2019un travail commun de d\u00e9veloppement de solutions techniques pour rendre les activit\u00e9s accessibles \u00e0 toutes et tous. \u00bb<\/em><\/p>\n\n\n\n<p><a href=\"https:\/\/www.ash73.com\/\" type=\"link\" id=\"https:\/\/www.zomconnection.org\/\">Site Web<\/a><\/p>\n<\/div>\n<\/div>\n\n\n\n<figure class=\"wp-block-image size-large\"><img decoding=\"async\" width=\"1024\" height=\"1024\" src=\"https:\/\/www.fondation-salomon.org\/app\/uploads\/2026\/04\/ASH-logo--1024x1024.jpg\" alt=\"\" class=\"wp-image-1671\" srcset=\"https:\/\/www.fondation-salomon.org\/app\/uploads\/2026\/04\/ASH-logo--1024x1024.jpg 1024w, https:\/\/www.fondation-salomon.org\/app\/uploads\/2026\/04\/ASH-logo--300x300.jpg 300w, https:\/\/www.fondation-salomon.org\/app\/uploads\/2026\/04\/ASH-logo--150x150.jpg 150w, https:\/\/www.fondation-salomon.org\/app\/uploads\/2026\/04\/ASH-logo--768x768.jpg 768w, https:\/\/www.fondation-salomon.org\/app\/uploads\/2026\/04\/ASH-logo-.jpg 1136w\" sizes=\"(max-width: 1024px) 100vw, 1024px\" \/><\/figure>\n<\/div>\n\n\n\n<div class=\"wp-block-group alignwide key-figure is-style-line-watch has-base-background-color has-background has-global-padding is-layout-constrained wp-block-group-is-layout-constrained\" style=\"margin-top:var(--wp--preset--spacing--100);margin-bottom:0px;padding-top:var(--wp--preset--spacing--70);padding-bottom:var(--wp--preset--spacing--100)\">\n<p class=\"has-text-align-center has-salomon-sans-font-family has-small-font-size\" style=\"text-transform:uppercase\">Notre soutien<\/p>\n<\/div>\n\n\n\n<div class=\"wp-block-group alignwide pattern-numbers has-global-padding is-layout-constrained wp-block-group-is-layout-constrained\" style=\"margin-top:0px;margin-bottom:0px\">\n<div class=\"wp-block-group alignwide item has-base-background-color has-background has-global-padding is-layout-constrained wp-block-group-is-layout-constrained\" style=\"border-bottom-color:var(--wp--preset--color--contrast);border-bottom-style:solid;border-bottom-width:1px\">\n<div class=\"wp-block-group alignwide has-inter-font-family has-xl-large-font-size is-content-justification-space-between is-nowrap is-layout-flex wp-container-core-group-is-layout-59860764 wp-block-group-is-layout-flex\" style=\"padding-top:var(--wp--preset--spacing--60);padding-bottom:var(--wp--preset--spacing--60)\">\n<p class=\"has-inter-font-family has-xl-large-font-size\" style=\"line-height:0.7\">2026<\/p>\n\n\n\n<p class=\"has-inter-font-family has-medium-font-size\">D\u00e9but de notre collaboration<\/p>\n<\/div>\n<\/div>\n\n\n\n<div class=\"wp-block-group alignwide item has-base-background-color has-background has-global-padding is-layout-constrained wp-block-group-is-layout-constrained\" style=\"border-bottom-color:var(--wp--preset--color--contrast);border-bottom-style:solid;border-bottom-width:1px\">\n<div class=\"wp-block-group alignwide has-inter-font-family has-xl-large-font-size is-content-justification-space-between is-nowrap is-layout-flex wp-container-core-group-is-layout-59860764 wp-block-group-is-layout-flex\" style=\"padding-top:var(--wp--preset--spacing--60);padding-bottom:var(--wp--preset--spacing--60)\">\n<p class=\"has-inter-font-family has-xl-large-font-size\" style=\"line-height:0.7\">14 000\u20ac<\/p>\n\n\n\n<p class=\"has-inter-font-family has-medium-font-size\">Soutien financier<\/p>\n<\/div>\n<\/div>\n<\/div>\n\n\n\n<div class=\"wp-block-group alignwide key-figure is-style-line-watch has-base-background-color has-background has-global-padding is-layout-constrained wp-block-group-is-layout-constrained\" style=\"margin-top:var(--wp--preset--spacing--100);margin-bottom:0px;padding-top:var(--wp--preset--spacing--70);padding-bottom:var(--wp--preset--spacing--70)\">\n<p class=\"has-text-align-center has-salomon-sans-font-family has-small-font-size\" style=\"text-transform:uppercase\">Suivez-les<\/p>\n<\/div>\n\n\n\n<div class=\"wp-block-group pattern-social has-base-background-color has-background is-content-justification-center is-nowrap is-layout-flex wp-container-core-group-is-layout-2a56187a wp-block-group-is-layout-flex\" style=\"margin-top:0px;margin-bottom:0px;padding-bottom:var(--wp--preset--spacing--100)\">\n<div class=\"wp-block-grdnrs-svg-link\"><a href=\"https:\/\/www.facebook.com\/p\/ASH-Accueil-Savoie-Handicap-100063647226258\/\" target=\"_blank\" class=\"svg-link\"><svg width=\"50\" height=\"50\" viewBox=\"0 0 50 50\" fill=\"none\" xmlns=\"http:\/\/www.w3.org\/2000\/svg\">\n<circle cx=\"25\" cy=\"25\" r=\"24.5\" stroke=\"black\"\/>\n<g clip-path=\"url(#clip0_838_1591)\">\n<path d=\"M26.4178 20.3484V18.4841C26.3411 17.9463 26.7437 17.4533 27.3092 17.3816C27.3763 17.3816 27.4434 17.3727 27.5105 17.3816H30.2996V13.3931H26.4561C22.1813 13.3931 21.2325 16.3419 21.2325 18.251V20.3394H18.75V24.9912H21.2516V36.6074H26.2261V24.9912H29.9067L30.0696 23.1628L30.3667 20.3394H26.4178V20.3484Z\" fill=\"black\"\/>\n<\/g>\n<defs>\n<clipPath id=\"clip0_838_1591\">\n<rect width=\"11.6071\" height=\"23.2143\" fill=\"white\" transform=\"translate(18.75 13.3931)\"\/>\n<\/clipPath>\n<\/defs>\n<\/svg><\/a><\/div>\n\n\n\n<div class=\"wp-block-grdnrs-svg-link\"><a href=\"https:\/\/www.linkedin.com\/company\/accueil-savoie-handicap-ash\/?originalSubdomain=fr\" target=\"_blank\" class=\"svg-link\"><svg id=\"linkedin\" xmlns=\"http:\/\/www.w3.org\/2000\/svg\" width=\"50\" height=\"50\" viewBox=\"0 0 50 50\">\n    <circle cx=\"25\" cy=\"25\" r=\"24.5\" stroke=\"black\" fill=\"none\"\/>\n    <g id=\"Groupe_18\" data-name=\"Groupe 18\" transform=\"translate(15.9 15.9) scale(1.0)\" fill=\"black\">\n        <path id=\"Trace_25\" data-name=\"Trace 25\" d=\"M410.028,351.943a4.033,4.033,0,0,0-3.231-1.3,4.336,4.336,0,0,0-3.826,2.179h-.08l-.237-2.6h-3.076c.052,1.3,0,12.989,0,12.989h3.9V355.08a1.92,1.92,0,0,1,1.975-1.514c1.277,0,1.921.9,1.921,2.709v6.939h3.9v-7.336A5.62,5.62,0,0,0,410.028,351.943Z\" transform=\"translate(-393.034 -345.029)\"\/>\n        <rect id=\"Rectangle_29\" data-name=\"Rectangle 29\" width=\"3.897\" height=\"12.989\" transform=\"translate(0.048 5.196)\"\/>\n        <path id=\"Trace_26\" data-name=\"Trace 26\" d=\"M396.383,346.09a1.949,1.949,0,1,0,2.013,1.949A1.981,1.981,0,0,0,396.383,346.09Z\" transform=\"translate(-394.37 -346.09)\"\/>\n    <\/g>\n<\/svg><\/a><\/div>\n<\/div>\n\n\n\n<p><\/p>\n","protected":false},"excerpt":{"rendered":"Accompagnement de personnes en situation de handicap, \u00e0 la fois sur le plan m\u00e9dical et social.\nPr\u00e8s de 400 personnes accompagn\u00e9es vers l\u2019autonomie et l\u2019inclusion.","protected":false},"featured_media":2129,"template":"","meta":{"inline_featured_image":false},"organization-tag":[47,30,55],"class_list":["post-2128","organization","type-organization","status-publish","has-post-thumbnail","hentry","organization-tag-autonomie","organization-tag-handicap","organization-tag-integration-sociale"],"yoast_head":"<!-- This site is optimized with the Yoast SEO plugin v27.2 - https:\/\/yoast.com\/product\/yoast-seo-wordpress\/ -->\n<title>Accueil Savoie Handicap - fondation salomon<\/title>\n<meta name=\"robots\" content=\"index, follow, max-snippet:-1, max-image-preview:large, max-video-preview:-1\" \/>\n<link rel=\"canonical\" href=\"https:\/\/www.fondation-salomon.org\/fr\/organization\/accueil-savoie-handicap\/\" \/>\n<meta property=\"og:locale\" content=\"fr_FR\" \/>\n<meta property=\"og:type\" content=\"article\" \/>\n<meta property=\"og:title\" content=\"Accueil Savoie Handicap - fondation salomon\" \/>\n<meta property=\"og:description\" content=\"Accompagnement de personnes en situation de handicap, \u00e0 la fois sur le plan m\u00e9dical et social. Pr\u00e8s de 400 personnes accompagn\u00e9es vers l\u2019autonomie et l\u2019inclusion.\" \/>\n<meta property=\"og:url\" content=\"https:\/\/www.fondation-salomon.org\/fr\/organization\/accueil-savoie-handicap\/\" \/>\n<meta property=\"og:site_name\" content=\"fondation salomon\" \/>\n<meta property=\"article:publisher\" content=\"https:\/\/www.facebook.com\/Salomon\/?locale=fr_FR\" \/>\n<meta property=\"article:modified_time\" content=\"2026-04-24T10:40:35+00:00\" \/>\n<meta property=\"og:image\" content=\"https:\/\/www.fondation-salomon.org\/app\/uploads\/2026\/04\/Accueil-Savoie-Handicap-Fondation-Salomon.png\" \/>\n\t<meta property=\"og:image:width\" content=\"1204\" \/>\n\t<meta property=\"og:image:height\" content=\"902\" \/>\n\t<meta property=\"og:image:type\" content=\"image\/png\" \/>\n<meta name=\"twitter:card\" content=\"summary_large_image\" \/>\n<meta name=\"twitter:label1\" content=\"Dur\u00e9e de lecture estim\u00e9e\" \/>\n\t<meta name=\"twitter:data1\" content=\"1 minute\" \/>\n<script type=\"application\/ld+json\" class=\"yoast-schema-graph\">{\"@context\":\"https:\/\/schema.org\",\"@graph\":[{\"@type\":\"WebPage\",\"@id\":\"https:\/\/www.fondation-salomon.org\/fr\/organization\/accueil-savoie-handicap\/\",\"url\":\"https:\/\/www.fondation-salomon.org\/fr\/organization\/accueil-savoie-handicap\/\",\"name\":\"Accueil Savoie Handicap - fondation salomon\",\"isPartOf\":{\"@id\":\"https:\/\/www.fondation-salomon.org\/#website\"},\"primaryImageOfPage\":{\"@id\":\"https:\/\/www.fondation-salomon.org\/fr\/organization\/accueil-savoie-handicap\/#primaryimage\"},\"image\":{\"@id\":\"https:\/\/www.fondation-salomon.org\/fr\/organization\/accueil-savoie-handicap\/#primaryimage\"},\"thumbnailUrl\":\"https:\/\/www.fondation-salomon.org\/app\/uploads\/2026\/04\/Accueil-Savoie-Handicap-Fondation-Salomon.png\",\"datePublished\":\"2026-04-17T10:18:57+00:00\",\"dateModified\":\"2026-04-24T10:40:35+00:00\",\"breadcrumb\":{\"@id\":\"https:\/\/www.fondation-salomon.org\/fr\/organization\/accueil-savoie-handicap\/#breadcrumb\"},\"inLanguage\":\"fr-FR\",\"potentialAction\":[{\"@type\":\"ReadAction\",\"target\":[\"https:\/\/www.fondation-salomon.org\/fr\/organization\/accueil-savoie-handicap\/\"]}]},{\"@type\":\"ImageObject\",\"inLanguage\":\"fr-FR\",\"@id\":\"https:\/\/www.fondation-salomon.org\/fr\/organization\/accueil-savoie-handicap\/#primaryimage\",\"url\":\"https:\/\/www.fondation-salomon.org\/app\/uploads\/2026\/04\/Accueil-Savoie-Handicap-Fondation-Salomon.png\",\"contentUrl\":\"https:\/\/www.fondation-salomon.org\/app\/uploads\/2026\/04\/Accueil-Savoie-Handicap-Fondation-Salomon.png\",\"width\":1204,\"height\":902},{\"@type\":\"BreadcrumbList\",\"@id\":\"https:\/\/www.fondation-salomon.org\/fr\/organization\/accueil-savoie-handicap\/#breadcrumb\",\"itemListElement\":[{\"@type\":\"ListItem\",\"position\":1,\"name\":\"Home\",\"item\":\"https:\/\/www.fondation-salomon.org\/fr\/\"},{\"@type\":\"ListItem\",\"position\":2,\"name\":\"Accueil Savoie Handicap\"}]},{\"@type\":\"WebSite\",\"@id\":\"https:\/\/www.fondation-salomon.org\/#website\",\"url\":\"https:\/\/www.fondation-salomon.org\/\",\"name\":\"fondation salomon\",\"description\":\"\",\"publisher\":{\"@id\":\"https:\/\/www.fondation-salomon.org\/#organization\"},\"potentialAction\":[{\"@type\":\"SearchAction\",\"target\":{\"@type\":\"EntryPoint\",\"urlTemplate\":\"https:\/\/www.fondation-salomon.org\/?s={search_term_string}\"},\"query-input\":{\"@type\":\"PropertyValueSpecification\",\"valueRequired\":true,\"valueName\":\"search_term_string\"}}],\"inLanguage\":\"fr-FR\"},{\"@type\":\"Organization\",\"@id\":\"https:\/\/www.fondation-salomon.org\/#organization\",\"name\":\"fondation salomon\",\"url\":\"https:\/\/www.fondation-salomon.org\/\",\"logo\":{\"@type\":\"ImageObject\",\"inLanguage\":\"fr-FR\",\"@id\":\"https:\/\/www.fondation-salomon.org\/#\/schema\/logo\/image\/\",\"url\":\"https:\/\/www.fondation-salomon.org\/app\/uploads\/2026\/03\/SalomonFoundation_LOGO_Horizontal_Noir_SF-scaled.png\",\"contentUrl\":\"https:\/\/www.fondation-salomon.org\/app\/uploads\/2026\/03\/SalomonFoundation_LOGO_Horizontal_Noir_SF-scaled.png\",\"width\":2560,\"height\":569,\"caption\":\"fondation salomon\"},\"image\":{\"@id\":\"https:\/\/www.fondation-salomon.org\/#\/schema\/logo\/image\/\"},\"sameAs\":[\"https:\/\/www.facebook.com\/Salomon\/?locale=fr_FR\",\"https:\/\/www.instagram.com\/salomon_france\/\",\"https:\/\/www.youtube.com\/channel\/UCCH7Ny59oLRGfw3imhL0d7A\"]}]}<\/script>\n<!-- \/ Yoast SEO plugin. -->","yoast_head_json":{"title":"Accueil Savoie Handicap - fondation salomon","robots":{"index":"index","follow":"follow","max-snippet":"max-snippet:-1","max-image-preview":"max-image-preview:large","max-video-preview":"max-video-preview:-1"},"canonical":"https:\/\/www.fondation-salomon.org\/fr\/organization\/accueil-savoie-handicap\/","og_locale":"fr_FR","og_type":"article","og_title":"Accueil Savoie Handicap - fondation salomon","og_description":"Accompagnement de personnes en situation de handicap, \u00e0 la fois sur le plan m\u00e9dical et social. Pr\u00e8s de 400 personnes accompagn\u00e9es vers l\u2019autonomie et l\u2019inclusion.","og_url":"https:\/\/www.fondation-salomon.org\/fr\/organization\/accueil-savoie-handicap\/","og_site_name":"fondation salomon","article_publisher":"https:\/\/www.facebook.com\/Salomon\/?locale=fr_FR","article_modified_time":"2026-04-24T10:40:35+00:00","og_image":[{"width":1204,"height":902,"url":"https:\/\/www.fondation-salomon.org\/app\/uploads\/2026\/04\/Accueil-Savoie-Handicap-Fondation-Salomon.png","type":"image\/png"}],"twitter_card":"summary_large_image","twitter_misc":{"Dur\u00e9e de lecture estim\u00e9e":"1 minute"},"schema":{"@context":"https:\/\/schema.org","@graph":[{"@type":"WebPage","@id":"https:\/\/www.fondation-salomon.org\/fr\/organization\/accueil-savoie-handicap\/","url":"https:\/\/www.fondation-salomon.org\/fr\/organization\/accueil-savoie-handicap\/","name":"Accueil Savoie Handicap - fondation salomon","isPartOf":{"@id":"https:\/\/www.fondation-salomon.org\/#website"},"primaryImageOfPage":{"@id":"https:\/\/www.fondation-salomon.org\/fr\/organization\/accueil-savoie-handicap\/#primaryimage"},"image":{"@id":"https:\/\/www.fondation-salomon.org\/fr\/organization\/accueil-savoie-handicap\/#primaryimage"},"thumbnailUrl":"https:\/\/www.fondation-salomon.org\/app\/uploads\/2026\/04\/Accueil-Savoie-Handicap-Fondation-Salomon.png","datePublished":"2026-04-17T10:18:57+00:00","dateModified":"2026-04-24T10:40:35+00:00","breadcrumb":{"@id":"https:\/\/www.fondation-salomon.org\/fr\/organization\/accueil-savoie-handicap\/#breadcrumb"},"inLanguage":"fr-FR","potentialAction":[{"@type":"ReadAction","target":["https:\/\/www.fondation-salomon.org\/fr\/organization\/accueil-savoie-handicap\/"]}]},{"@type":"ImageObject","inLanguage":"fr-FR","@id":"https:\/\/www.fondation-salomon.org\/fr\/organization\/accueil-savoie-handicap\/#primaryimage","url":"https:\/\/www.fondation-salomon.org\/app\/uploads\/2026\/04\/Accueil-Savoie-Handicap-Fondation-Salomon.png","contentUrl":"https:\/\/www.fondation-salomon.org\/app\/uploads\/2026\/04\/Accueil-Savoie-Handicap-Fondation-Salomon.png","width":1204,"height":902},{"@type":"BreadcrumbList","@id":"https:\/\/www.fondation-salomon.org\/fr\/organization\/accueil-savoie-handicap\/#breadcrumb","itemListElement":[{"@type":"ListItem","position":1,"name":"Home","item":"https:\/\/www.fondation-salomon.org\/fr\/"},{"@type":"ListItem","position":2,"name":"Accueil Savoie Handicap"}]},{"@type":"WebSite","@id":"https:\/\/www.fondation-salomon.org\/#website","url":"https:\/\/www.fondation-salomon.org\/","name":"fondation salomon","description":"","publisher":{"@id":"https:\/\/www.fondation-salomon.org\/#organization"},"potentialAction":[{"@type":"SearchAction","target":{"@type":"EntryPoint","urlTemplate":"https:\/\/www.fondation-salomon.org\/?s={search_term_string}"},"query-input":{"@type":"PropertyValueSpecification","valueRequired":true,"valueName":"search_term_string"}}],"inLanguage":"fr-FR"},{"@type":"Organization","@id":"https:\/\/www.fondation-salomon.org\/#organization","name":"fondation salomon","url":"https:\/\/www.fondation-salomon.org\/","logo":{"@type":"ImageObject","inLanguage":"fr-FR","@id":"https:\/\/www.fondation-salomon.org\/#\/schema\/logo\/image\/","url":"https:\/\/www.fondation-salomon.org\/app\/uploads\/2026\/03\/SalomonFoundation_LOGO_Horizontal_Noir_SF-scaled.png","contentUrl":"https:\/\/www.fondation-salomon.org\/app\/uploads\/2026\/03\/SalomonFoundation_LOGO_Horizontal_Noir_SF-scaled.png","width":2560,"height":569,"caption":"fondation salomon"},"image":{"@id":"https:\/\/www.fondation-salomon.org\/#\/schema\/logo\/image\/"},"sameAs":["https:\/\/www.facebook.com\/Salomon\/?locale=fr_FR","https:\/\/www.instagram.com\/salomon_france\/","https:\/\/www.youtube.com\/channel\/UCCH7Ny59oLRGfw3imhL0d7A"]}]}},"_links":{"self":[{"href":"https:\/\/www.fondation-salomon.org\/fr\/wp-json\/wp\/v2\/organization\/2128","targetHints":{"allow":["GET"]}}],"collection":[{"href":"https:\/\/www.fondation-salomon.org\/fr\/wp-json\/wp\/v2\/organization"}],"about":[{"href":"https:\/\/www.fondation-salomon.org\/fr\/wp-json\/wp\/v2\/types\/organization"}],"wp:featuredmedia":[{"embeddable":true,"href":"https:\/\/www.fondation-salomon.org\/fr\/wp-json\/wp\/v2\/media\/2129"}],"wp:attachment":[{"href":"https:\/\/www.fondation-salomon.org\/fr\/wp-json\/wp\/v2\/media?parent=2128"}],"wp:term":[{"taxonomy":"organization-tag","embeddable":true,"href":"https:\/\/www.fondation-salomon.org\/fr\/wp-json\/wp\/v2\/organization-tag?post=2128"}],"curies":[{"name":"wp","href":"https:\/\/api.w.org\/{rel}","templated":true}]}}