{"id":2089,"date":"2026-04-07T11:08:02","date_gmt":"2026-04-07T11:08:02","guid":{"rendered":"https:\/\/www.fondation-salomon.org\/organization\/fondation-apprentis-dauteuil-2\/"},"modified":"2026-04-24T10:48:26","modified_gmt":"2026-04-24T10:48:26","slug":"fondation-apprentis-dauteuil-2","status":"publish","type":"organization","link":"https:\/\/www.fondation-salomon.org\/fr\/organization\/fondation-apprentis-dauteuil-2\/","title":{"rendered":"Fondation Apprentis d&#8217;Auteuil"},"content":{"rendered":"\n<div class=\"wp-block-group alignfull has-global-padding is-layout-constrained wp-container-core-group-is-layout-ae1ce1f8 wp-block-group-is-layout-constrained\">\n<div class=\"wp-block-group alignwide is-content-justification-space-between is-layout-flex wp-container-core-group-is-layout-e5edad21 wp-block-group-is-layout-flex\">\n<h3 class=\"wp-block-heading\"><strong><strong>\u00e0 Propos<\/strong><\/strong><\/h3>\n\n\n\n<div class=\"wp-block-group has-global-padding is-layout-constrained wp-container-core-group-is-layout-715153ea wp-block-group-is-layout-constrained\">\n<p><strong>Apprentis d\u2019Auteuil est une fondation fran\u00e7aise reconnue d\u2019utilit\u00e9 publique, qui accompagne depuis pr\u00e8s de 160 ans des jeunes et des familles en difficult\u00e9.<\/strong><\/p>\n\n\n\n<p>Chaque ann\u00e9e, elle soutient des milliers de personnes \u00e0 travers des programmes d\u00e9di\u00e9s \u00e0 l\u2019accompagnement, \u00e0 l\u2019\u00e9ducation, \u00e0 la formation et \u00e0 l\u2019insertion sociale et professionnelle, avec pour objectif de permettre \u00e0 chacun\u00b7e de trouver sa place dans la soci\u00e9t\u00e9.<\/p>\n\n\n\n<p>Ses actions couvrent la protection de l\u2019enfance, la scolarit\u00e9, la formation professionnelle, le soutien aux familles et le d\u00e9veloppement de l\u2019autonomie des jeunes en situation de fragilit\u00e9, en France et \u00e0 l\u2019international.<\/p>\n<\/div>\n<\/div>\n<\/div>\n\n\n\n<div class=\"wp-block-group alignwide pattern-hero is-style-line-watch is-vertical is-content-justification-left is-nowrap is-layout-flex wp-container-core-group-is-layout-b9305f23 wp-block-group-is-layout-flex\">\n<div class=\"wp-block-group is-nowrap is-layout-flex wp-container-core-group-is-layout-6c531013 wp-block-group-is-layout-flex\">\n<div class=\"wp-block-group is-vertical is-layout-flex wp-container-core-group-is-layout-fe9cc265 wp-block-group-is-layout-flex\">\n<h3 class=\"wp-block-heading\"><strong>Enjeux &amp; impact<\/strong><\/h3>\n\n\n\n<p class=\"has-inter-font-family\"><strong>Grandir sans stabilit\u00e9, sans soutien ou sans acc\u00e8s \u00e0 l\u2019\u00e9ducation peut profond\u00e9ment affecter l\u2019avenir d\u2019un\u00b7e jeune. En proposant un accompagnement dans la dur\u00e9e, l\u2019acc\u00e8s \u00e0 l\u2019\u00e9ducation et des parcours vers l\u2019emploi, Apprentis d\u2019Auteuil contribue \u00e0 rompre les m\u00e9canismes d\u2019exclusion et de vuln\u00e9rabilit\u00e9.<\/strong><\/p>\n\n\n\n<p class=\"has-inter-font-family\">Au-del\u00e0 de l\u2019aide imm\u00e9diate, la fondation cr\u00e9e les conditions d\u2019une autonomie durable, de la dignit\u00e9 et d\u2019une r\u00e9elle insertion dans la soci\u00e9t\u00e9. Dans un contexte o\u00f9 les in\u00e9galit\u00e9s continuent de peser sur les parcours de vie, elle joue un r\u00f4le essentiel pour permettre aux jeunes et aux familles de se reconstruire, de s\u2019\u00e9panouir et de trouver leur place.<\/p>\n\n\n\n<p><a href=\"https:\/\/donner.apprentis-auteuil.org\" type=\"link\" id=\"https:\/\/donner.apprentis-auteuil.org\/determinisme-social\/~mon-don?ns_ira_cr_arg=IyMjIyMjIyMjIyMjIyMjIyMjIyMjIyMjIyMjIyMjIyNCWqtctTQmVt3504VCWwLi3Gu_WAz8yRK8XpcOIJfYf39QaShmTrCRIeTplF88RnwEscI9cA8zIKB9eK29fKcUbSOEIWjxRBBjohj6ngI3no8nNSdskuaN4Bm358U-0oMvKjegN6PpOprcbwh2ExKZQjHK9v7PHfxBRbjmbmllHKnfuTfqdo0xgLxJuO8NaaO6QxTvVe1l_opRwXSU0gxyWNHEjPu6MCUDpiYMCOE2ZkfkmbzEqZvFwyqOYxiOMdeaLrGFfiHizeCex6FobevO06mpYTy9R7s040b5q4iJv814cfBZSgYaOgAm75-CNvYEBpZPaB0ZGnHk-iNbi2FUfxHd5qHZl7cpf_h3P3Yu1gmCMidntV39D2dRHSsmUmQCYtC3e96REYPz9Q7FUPYuRTJ7ibaccRyiNw1jyIdpwo8QxOHuVszrDpU7W8ZWueXJ-0trZx4GwvaILisRFpTjk_-3C0uyc-VbiYbjtLj5jeP5m_oHkebMrJQZ2kAMBEk&amp;mtm_source=orixa&amp;mtm_medium=google&amp;mtm_campaign=+marque_190326&amp;mtm_content=film_proces_intention_15s&amp;mtm_term=marque&amp;gad_source=1&amp;gad_campaignid=22661206975&amp;gbraid=0AAAAADqe45ZYwmS0gIKyYejjb9t4tcqjd&amp;gclid=CjwKCAjw1tLOBhAMEiwAiPkRHrS8S0ORO8AoYdQLpBOHhP4gzVVA4HjGW42jRUeqKbAcFdIcm3PaUxoCFvMQAvD_BwE&amp;_cv=1\">Site web<\/a><\/p>\n<\/div>\n<\/div>\n\n\n\n<figure class=\"wp-block-image size-full\"><img decoding=\"async\" width=\"532\" height=\"538\" src=\"https:\/\/www.fondation-salomon.org\/app\/uploads\/2026\/04\/Image4.jpg\" alt=\"\" class=\"wp-image-1342\" srcset=\"https:\/\/www.fondation-salomon.org\/app\/uploads\/2026\/04\/Image4.jpg 532w, https:\/\/www.fondation-salomon.org\/app\/uploads\/2026\/04\/Image4-297x300.jpg 297w\" sizes=\"(max-width: 532px) 100vw, 532px\" \/><\/figure>\n<\/div>\n\n\n\n<div class=\"wp-block-group alignwide key-figure is-style-line-watch has-base-background-color has-background has-global-padding is-layout-constrained wp-block-group-is-layout-constrained\" style=\"margin-top:var(--wp--preset--spacing--100);margin-bottom:0px;padding-top:var(--wp--preset--spacing--70);padding-bottom:var(--wp--preset--spacing--100)\">\n<p class=\"has-text-align-center has-salomon-sans-font-family has-small-font-size\" style=\"text-transform:uppercase\">Notre soutien<\/p>\n<\/div>\n\n\n\n<div class=\"wp-block-group alignwide pattern-numbers has-global-padding is-layout-constrained wp-block-group-is-layout-constrained\" style=\"margin-top:0px;margin-bottom:0px\">\n<div class=\"wp-block-group alignwide item has-base-background-color has-background has-global-padding is-layout-constrained wp-block-group-is-layout-constrained\" style=\"border-bottom-color:var(--wp--preset--color--contrast);border-bottom-style:solid;border-bottom-width:1px\">\n<div class=\"wp-block-group alignwide has-inter-font-family has-xl-large-font-size is-content-justification-space-between is-nowrap is-layout-flex wp-container-core-group-is-layout-59860764 wp-block-group-is-layout-flex\" style=\"padding-top:var(--wp--preset--spacing--60);padding-bottom:var(--wp--preset--spacing--60)\">\n<p class=\"has-inter-font-family has-xl-large-font-size\" style=\"line-height:0.7\">2024<\/p>\n\n\n\n<p class=\"has-inter-font-family has-medium-font-size\">D\u00e9but de notre collaboration<\/p>\n<\/div>\n<\/div>\n\n\n\n<div class=\"wp-block-group alignwide item has-base-background-color has-background has-global-padding is-layout-constrained wp-block-group-is-layout-constrained\" style=\"border-bottom-color:var(--wp--preset--color--contrast);border-bottom-style:solid;border-bottom-width:1px\">\n<div class=\"wp-block-group alignwide has-inter-font-family has-xl-large-font-size is-content-justification-space-between is-nowrap is-layout-flex wp-container-core-group-is-layout-59860764 wp-block-group-is-layout-flex\" style=\"padding-top:var(--wp--preset--spacing--60);padding-bottom:var(--wp--preset--spacing--60)\">\n<p class=\"has-inter-font-family has-xl-large-font-size\" style=\"line-height:0.7\">5 000\u20ac<\/p>\n\n\n\n<p class=\"has-inter-font-family has-medium-font-size\">Soutien financier<\/p>\n<\/div>\n<\/div>\n<\/div>\n\n\n\n<div class=\"wp-block-group alignwide key-figure is-style-line-watch has-base-background-color has-background has-global-padding is-layout-constrained wp-block-group-is-layout-constrained\" style=\"margin-top:var(--wp--preset--spacing--100);margin-bottom:0px;padding-top:var(--wp--preset--spacing--70);padding-bottom:var(--wp--preset--spacing--70)\">\n<p class=\"has-text-align-center has-salomon-sans-font-family has-small-font-size\" style=\"text-transform:uppercase\">Suivez-les<\/p>\n<\/div>\n\n\n\n<div class=\"wp-block-group pattern-social has-base-background-color has-background is-content-justification-center is-nowrap is-layout-flex wp-container-core-group-is-layout-2a56187a wp-block-group-is-layout-flex\" style=\"margin-top:0px;margin-bottom:0px;padding-bottom:var(--wp--preset--spacing--100)\">\n<div class=\"wp-block-grdnrs-svg-link\"><a href=\"https:\/\/www.facebook.com\/ApprentisdAuteuil\" target=\"_blank\" class=\"svg-link\"><svg width=\"50\" height=\"50\" viewBox=\"0 0 50 50\" fill=\"none\" xmlns=\"http:\/\/www.w3.org\/2000\/svg\">\n<circle cx=\"25\" cy=\"25\" r=\"24.5\" stroke=\"black\"\/>\n<g clip-path=\"url(#clip0_838_1591)\">\n<path d=\"M26.4178 20.3484V18.4841C26.3411 17.9463 26.7437 17.4533 27.3092 17.3816C27.3763 17.3816 27.4434 17.3727 27.5105 17.3816H30.2996V13.3931H26.4561C22.1813 13.3931 21.2325 16.3419 21.2325 18.251V20.3394H18.75V24.9912H21.2516V36.6074H26.2261V24.9912H29.9067L30.0696 23.1628L30.3667 20.3394H26.4178V20.3484Z\" fill=\"black\"\/>\n<\/g>\n<defs>\n<clipPath id=\"clip0_838_1591\">\n<rect width=\"11.6071\" height=\"23.2143\" fill=\"white\" transform=\"translate(18.75 13.3931)\"\/>\n<\/clipPath>\n<\/defs>\n<\/svg><\/a><\/div>\n\n\n\n<div class=\"wp-block-grdnrs-svg-link\"><a href=\"https:\/\/www.instagram.com\/apprentis_d_auteuil\/\" target=\"_blank\" class=\"svg-link\"><svg width=\"50\" height=\"50\" viewBox=\"0 0 50 50\" fill=\"none\" xmlns=\"http:\/\/www.w3.org\/2000\/svg\">\n<circle cx=\"25\" cy=\"25\" r=\"24.5\" stroke=\"black\"\/>\n<g clip-path=\"url(#clip0_838_1592)\">\n<path d=\"M25.4455 19.4277C22.274 19.4277 19.707 21.9003 19.707 24.9551C19.707 28.0099 22.274 30.4824 25.4455 30.4824C28.617 30.4824 31.184 28.0099 31.184 24.9551C31.184 21.9003 28.6077 19.4277 25.4455 19.4277ZM25.4455 28.5474C23.418 28.5474 21.7718 26.9618 21.7718 25.0088C21.7718 23.0559 23.418 21.4703 25.4455 21.4703C27.473 21.4703 29.1192 23.0559 29.1192 25.0088C29.1192 26.9618 27.473 28.5474 25.4455 28.5474Z\" fill=\"black\"\/>\n<path d=\"M31.4359 18.0391C32.1707 18.0391 32.7566 18.6124 32.7566 19.3112C32.7566 20.0099 32.1614 20.5833 31.4359 20.5833C30.7105 20.5833 30.1152 20.0099 30.1152 19.3112C30.1152 18.6034 30.7105 18.0391 31.4359 18.0391Z\" fill=\"black\"\/>\n<path d=\"M34.7844 16.0505C33.5381 14.868 31.8268 14.232 30.0783 14.2947H20.8242C17.4388 14.0886 14.5184 16.5701 14.2952 19.831C14.2766 20.0729 14.2766 20.3058 14.2952 20.5477V29.4165C14.2208 31.1455 14.909 32.8207 16.1925 34.0301C17.4574 35.1499 19.1408 35.7501 20.8614 35.7053H30.0318C31.771 35.768 33.4637 35.1678 34.7379 34.0301C35.9749 32.8118 36.6538 31.1634 36.598 29.4523V20.5477C36.6538 18.8724 35.9935 17.251 34.7844 16.0505ZM34.6263 29.4971C34.6821 30.6796 34.1985 31.8263 33.3056 32.6415C32.4035 33.3941 31.2409 33.7882 30.0411 33.7524H20.8614C19.6616 33.8061 18.4991 33.403 17.5969 32.6415C16.7599 31.7815 16.332 30.6349 16.3971 29.4613V20.5477C16.3413 19.3831 16.7692 18.2543 17.5969 17.4032C18.4898 16.6418 19.6616 16.2387 20.8614 16.2924H30.1155C31.3246 16.2387 32.4965 16.6507 33.38 17.448C34.1706 18.2991 34.5984 19.4099 34.5798 20.5477V29.4971H34.617H34.6263Z\" fill=\"black\"\/>\n<\/g>\n<defs>\n<clipPath id=\"clip0_838_1592\">\n<rect width=\"22.3214\" height=\"21.4286\" fill=\"white\" transform=\"translate(14.2852 14.2856)\"\/>\n<\/clipPath>\n<\/defs>\n<\/svg><\/a><\/div>\n\n\n\n<div class=\"wp-block-grdnrs-svg-link\"><a href=\"https:\/\/www.linkedin.com\/company\/apprentis-d%27auteuil\/?originalSubdomain=fr\" target=\"_blank\" class=\"svg-link\"><svg id=\"linkedin\" xmlns=\"http:\/\/www.w3.org\/2000\/svg\" width=\"50\" height=\"50\" viewBox=\"0 0 50 50\">\n    <circle cx=\"25\" cy=\"25\" r=\"24.5\" stroke=\"black\" fill=\"none\"\/>\n    <g id=\"Groupe_18\" data-name=\"Groupe 18\" transform=\"translate(15.9 15.9) scale(1.0)\" fill=\"black\">\n        <path id=\"Trace_25\" data-name=\"Trace 25\" d=\"M410.028,351.943a4.033,4.033,0,0,0-3.231-1.3,4.336,4.336,0,0,0-3.826,2.179h-.08l-.237-2.6h-3.076c.052,1.3,0,12.989,0,12.989h3.9V355.08a1.92,1.92,0,0,1,1.975-1.514c1.277,0,1.921.9,1.921,2.709v6.939h3.9v-7.336A5.62,5.62,0,0,0,410.028,351.943Z\" transform=\"translate(-393.034 -345.029)\"\/>\n        <rect id=\"Rectangle_29\" data-name=\"Rectangle 29\" width=\"3.897\" height=\"12.989\" transform=\"translate(0.048 5.196)\"\/>\n        <path id=\"Trace_26\" data-name=\"Trace 26\" d=\"M396.383,346.09a1.949,1.949,0,1,0,2.013,1.949A1.981,1.981,0,0,0,396.383,346.09Z\" transform=\"translate(-394.37 -346.09)\"\/>\n    <\/g>\n<\/svg><\/a><\/div>\n\n\n\n<div class=\"wp-block-grdnrs-svg-link\"><a href=\"https:\/\/www.youtube.com\/user\/ApprentisAuteuil\" target=\"_blank\" class=\"svg-link\"><svg xmlns=\"http:\/\/www.w3.org\/2000\/svg\" width=\"50\" height=\"50\" viewBox=\"0 0 50 50\">\n\t<circle cx=\"25\" cy=\"25\" r=\"24.5\" stroke=\"black\" fill=\"none\"\/>\n\t<g transform=\"translate(11.5 11.5) scale(0.3)\" fill=\"black\">\n\t\t<path d=\"M 88.119 23.338 c -1.035 -3.872 -4.085 -6.922 -7.957 -7.957 C 73.144 13.5 45 13.5 45 13.5 s -28.144 0 -35.162 1.881 c -3.872 1.035 -6.922 4.085 -7.957 7.957 C 0 30.356 0 45 0 45 s 0 14.644 1.881 21.662 c 1.035 3.872 4.085 6.922 7.957 7.957 C 16.856 76.5 45 76.5 45 76.5 s 28.144 0 35.162 -1.881 c 3.872 -1.035 6.922 -4.085 7.957 -7.957 C 90 59.644 90 45 90 45 S 90 30.356 88.119 23.338 z M 36 58.5 v -27 L 59.382 45 L 36 58.5 z\"\/>\n\t<\/g>\n<\/svg>\n<\/a><\/div>\n<\/div>\n\n\n\n<p><\/p>\n","protected":false},"excerpt":{"rendered":"Accompagner des jeunes et des familles en situation de fragilit\u00e9 \u00e0 travers des programmes \u00e9ducatifs et sociaux.\nFavoriser l\u2019autonomie, l\u2019inclusion et des parcours vers un avenir plus serein.","protected":false},"featured_media":2090,"template":"","meta":{"inline_featured_image":false},"organization-tag":[46,56,53],"class_list":["post-2089","organization","type-organization","status-publish","has-post-thumbnail","hentry","organization-tag-education","organization-tag-inclusion","organization-tag-jeunesse"],"yoast_head":"<!-- This site is optimized with the Yoast SEO plugin v27.2 - https:\/\/yoast.com\/product\/yoast-seo-wordpress\/ -->\n<title>Fondation Apprentis d&#039;Auteuil - fondation salomon<\/title>\n<meta name=\"robots\" content=\"index, follow, max-snippet:-1, max-image-preview:large, max-video-preview:-1\" \/>\n<link rel=\"canonical\" href=\"https:\/\/www.fondation-salomon.org\/fr\/organization\/fondation-apprentis-dauteuil-2\/\" \/>\n<meta property=\"og:locale\" content=\"fr_FR\" \/>\n<meta property=\"og:type\" content=\"article\" \/>\n<meta property=\"og:title\" content=\"Fondation Apprentis d&#039;Auteuil - fondation salomon\" \/>\n<meta property=\"og:description\" content=\"Accompagner des jeunes et des familles en situation de fragilit\u00e9 \u00e0 travers des programmes \u00e9ducatifs et sociaux. Favoriser l\u2019autonomie, l\u2019inclusion et des parcours vers un avenir plus serein.\" \/>\n<meta property=\"og:url\" content=\"https:\/\/www.fondation-salomon.org\/fr\/organization\/fondation-apprentis-dauteuil-2\/\" \/>\n<meta property=\"og:site_name\" content=\"fondation salomon\" \/>\n<meta property=\"article:publisher\" content=\"https:\/\/www.facebook.com\/Salomon\/?locale=fr_FR\" \/>\n<meta property=\"article:modified_time\" content=\"2026-04-24T10:48:26+00:00\" \/>\n<meta property=\"og:image\" content=\"https:\/\/www.fondation-salomon.org\/app\/uploads\/2026\/04\/Image1.jpg\" \/>\n\t<meta property=\"og:image:width\" content=\"1705\" \/>\n\t<meta property=\"og:image:height\" content=\"1278\" \/>\n\t<meta property=\"og:image:type\" content=\"image\/jpeg\" \/>\n<meta name=\"twitter:card\" content=\"summary_large_image\" \/>\n<meta name=\"twitter:label1\" content=\"Dur\u00e9e de lecture estim\u00e9e\" \/>\n\t<meta name=\"twitter:data1\" content=\"2 minutes\" \/>\n<script type=\"application\/ld+json\" class=\"yoast-schema-graph\">{\"@context\":\"https:\/\/schema.org\",\"@graph\":[{\"@type\":\"WebPage\",\"@id\":\"https:\/\/www.fondation-salomon.org\/fr\/organization\/fondation-apprentis-dauteuil-2\/\",\"url\":\"https:\/\/www.fondation-salomon.org\/fr\/organization\/fondation-apprentis-dauteuil-2\/\",\"name\":\"Fondation Apprentis d'Auteuil - fondation salomon\",\"isPartOf\":{\"@id\":\"https:\/\/www.fondation-salomon.org\/#website\"},\"primaryImageOfPage\":{\"@id\":\"https:\/\/www.fondation-salomon.org\/fr\/organization\/fondation-apprentis-dauteuil-2\/#primaryimage\"},\"image\":{\"@id\":\"https:\/\/www.fondation-salomon.org\/fr\/organization\/fondation-apprentis-dauteuil-2\/#primaryimage\"},\"thumbnailUrl\":\"https:\/\/www.fondation-salomon.org\/app\/uploads\/2026\/04\/Image1.jpg\",\"datePublished\":\"2026-04-07T11:08:02+00:00\",\"dateModified\":\"2026-04-24T10:48:26+00:00\",\"breadcrumb\":{\"@id\":\"https:\/\/www.fondation-salomon.org\/fr\/organization\/fondation-apprentis-dauteuil-2\/#breadcrumb\"},\"inLanguage\":\"fr-FR\",\"potentialAction\":[{\"@type\":\"ReadAction\",\"target\":[\"https:\/\/www.fondation-salomon.org\/fr\/organization\/fondation-apprentis-dauteuil-2\/\"]}]},{\"@type\":\"ImageObject\",\"inLanguage\":\"fr-FR\",\"@id\":\"https:\/\/www.fondation-salomon.org\/fr\/organization\/fondation-apprentis-dauteuil-2\/#primaryimage\",\"url\":\"https:\/\/www.fondation-salomon.org\/app\/uploads\/2026\/04\/Image1.jpg\",\"contentUrl\":\"https:\/\/www.fondation-salomon.org\/app\/uploads\/2026\/04\/Image1.jpg\",\"width\":1705,\"height\":1278},{\"@type\":\"BreadcrumbList\",\"@id\":\"https:\/\/www.fondation-salomon.org\/fr\/organization\/fondation-apprentis-dauteuil-2\/#breadcrumb\",\"itemListElement\":[{\"@type\":\"ListItem\",\"position\":1,\"name\":\"Home\",\"item\":\"https:\/\/www.fondation-salomon.org\/fr\/\"},{\"@type\":\"ListItem\",\"position\":2,\"name\":\"Fondation Apprentis d&#8217;Auteuil\"}]},{\"@type\":\"WebSite\",\"@id\":\"https:\/\/www.fondation-salomon.org\/#website\",\"url\":\"https:\/\/www.fondation-salomon.org\/\",\"name\":\"fondation salomon\",\"description\":\"\",\"publisher\":{\"@id\":\"https:\/\/www.fondation-salomon.org\/#organization\"},\"potentialAction\":[{\"@type\":\"SearchAction\",\"target\":{\"@type\":\"EntryPoint\",\"urlTemplate\":\"https:\/\/www.fondation-salomon.org\/?s={search_term_string}\"},\"query-input\":{\"@type\":\"PropertyValueSpecification\",\"valueRequired\":true,\"valueName\":\"search_term_string\"}}],\"inLanguage\":\"fr-FR\"},{\"@type\":\"Organization\",\"@id\":\"https:\/\/www.fondation-salomon.org\/#organization\",\"name\":\"fondation salomon\",\"url\":\"https:\/\/www.fondation-salomon.org\/\",\"logo\":{\"@type\":\"ImageObject\",\"inLanguage\":\"fr-FR\",\"@id\":\"https:\/\/www.fondation-salomon.org\/#\/schema\/logo\/image\/\",\"url\":\"https:\/\/www.fondation-salomon.org\/app\/uploads\/2026\/03\/SalomonFoundation_LOGO_Horizontal_Noir_SF-scaled.png\",\"contentUrl\":\"https:\/\/www.fondation-salomon.org\/app\/uploads\/2026\/03\/SalomonFoundation_LOGO_Horizontal_Noir_SF-scaled.png\",\"width\":2560,\"height\":569,\"caption\":\"fondation salomon\"},\"image\":{\"@id\":\"https:\/\/www.fondation-salomon.org\/#\/schema\/logo\/image\/\"},\"sameAs\":[\"https:\/\/www.facebook.com\/Salomon\/?locale=fr_FR\",\"https:\/\/www.instagram.com\/salomon_france\/\",\"https:\/\/www.youtube.com\/channel\/UCCH7Ny59oLRGfw3imhL0d7A\"]}]}<\/script>\n<!-- \/ Yoast SEO plugin. -->","yoast_head_json":{"title":"Fondation Apprentis d'Auteuil - fondation salomon","robots":{"index":"index","follow":"follow","max-snippet":"max-snippet:-1","max-image-preview":"max-image-preview:large","max-video-preview":"max-video-preview:-1"},"canonical":"https:\/\/www.fondation-salomon.org\/fr\/organization\/fondation-apprentis-dauteuil-2\/","og_locale":"fr_FR","og_type":"article","og_title":"Fondation Apprentis d'Auteuil - fondation salomon","og_description":"Accompagner des jeunes et des familles en situation de fragilit\u00e9 \u00e0 travers des programmes \u00e9ducatifs et sociaux. Favoriser l\u2019autonomie, l\u2019inclusion et des parcours vers un avenir plus serein.","og_url":"https:\/\/www.fondation-salomon.org\/fr\/organization\/fondation-apprentis-dauteuil-2\/","og_site_name":"fondation salomon","article_publisher":"https:\/\/www.facebook.com\/Salomon\/?locale=fr_FR","article_modified_time":"2026-04-24T10:48:26+00:00","og_image":[{"width":1705,"height":1278,"url":"https:\/\/www.fondation-salomon.org\/app\/uploads\/2026\/04\/Image1.jpg","type":"image\/jpeg"}],"twitter_card":"summary_large_image","twitter_misc":{"Dur\u00e9e de lecture estim\u00e9e":"2 minutes"},"schema":{"@context":"https:\/\/schema.org","@graph":[{"@type":"WebPage","@id":"https:\/\/www.fondation-salomon.org\/fr\/organization\/fondation-apprentis-dauteuil-2\/","url":"https:\/\/www.fondation-salomon.org\/fr\/organization\/fondation-apprentis-dauteuil-2\/","name":"Fondation Apprentis d'Auteuil - fondation salomon","isPartOf":{"@id":"https:\/\/www.fondation-salomon.org\/#website"},"primaryImageOfPage":{"@id":"https:\/\/www.fondation-salomon.org\/fr\/organization\/fondation-apprentis-dauteuil-2\/#primaryimage"},"image":{"@id":"https:\/\/www.fondation-salomon.org\/fr\/organization\/fondation-apprentis-dauteuil-2\/#primaryimage"},"thumbnailUrl":"https:\/\/www.fondation-salomon.org\/app\/uploads\/2026\/04\/Image1.jpg","datePublished":"2026-04-07T11:08:02+00:00","dateModified":"2026-04-24T10:48:26+00:00","breadcrumb":{"@id":"https:\/\/www.fondation-salomon.org\/fr\/organization\/fondation-apprentis-dauteuil-2\/#breadcrumb"},"inLanguage":"fr-FR","potentialAction":[{"@type":"ReadAction","target":["https:\/\/www.fondation-salomon.org\/fr\/organization\/fondation-apprentis-dauteuil-2\/"]}]},{"@type":"ImageObject","inLanguage":"fr-FR","@id":"https:\/\/www.fondation-salomon.org\/fr\/organization\/fondation-apprentis-dauteuil-2\/#primaryimage","url":"https:\/\/www.fondation-salomon.org\/app\/uploads\/2026\/04\/Image1.jpg","contentUrl":"https:\/\/www.fondation-salomon.org\/app\/uploads\/2026\/04\/Image1.jpg","width":1705,"height":1278},{"@type":"BreadcrumbList","@id":"https:\/\/www.fondation-salomon.org\/fr\/organization\/fondation-apprentis-dauteuil-2\/#breadcrumb","itemListElement":[{"@type":"ListItem","position":1,"name":"Home","item":"https:\/\/www.fondation-salomon.org\/fr\/"},{"@type":"ListItem","position":2,"name":"Fondation Apprentis d&#8217;Auteuil"}]},{"@type":"WebSite","@id":"https:\/\/www.fondation-salomon.org\/#website","url":"https:\/\/www.fondation-salomon.org\/","name":"fondation salomon","description":"","publisher":{"@id":"https:\/\/www.fondation-salomon.org\/#organization"},"potentialAction":[{"@type":"SearchAction","target":{"@type":"EntryPoint","urlTemplate":"https:\/\/www.fondation-salomon.org\/?s={search_term_string}"},"query-input":{"@type":"PropertyValueSpecification","valueRequired":true,"valueName":"search_term_string"}}],"inLanguage":"fr-FR"},{"@type":"Organization","@id":"https:\/\/www.fondation-salomon.org\/#organization","name":"fondation salomon","url":"https:\/\/www.fondation-salomon.org\/","logo":{"@type":"ImageObject","inLanguage":"fr-FR","@id":"https:\/\/www.fondation-salomon.org\/#\/schema\/logo\/image\/","url":"https:\/\/www.fondation-salomon.org\/app\/uploads\/2026\/03\/SalomonFoundation_LOGO_Horizontal_Noir_SF-scaled.png","contentUrl":"https:\/\/www.fondation-salomon.org\/app\/uploads\/2026\/03\/SalomonFoundation_LOGO_Horizontal_Noir_SF-scaled.png","width":2560,"height":569,"caption":"fondation salomon"},"image":{"@id":"https:\/\/www.fondation-salomon.org\/#\/schema\/logo\/image\/"},"sameAs":["https:\/\/www.facebook.com\/Salomon\/?locale=fr_FR","https:\/\/www.instagram.com\/salomon_france\/","https:\/\/www.youtube.com\/channel\/UCCH7Ny59oLRGfw3imhL0d7A"]}]}},"_links":{"self":[{"href":"https:\/\/www.fondation-salomon.org\/fr\/wp-json\/wp\/v2\/organization\/2089","targetHints":{"allow":["GET"]}}],"collection":[{"href":"https:\/\/www.fondation-salomon.org\/fr\/wp-json\/wp\/v2\/organization"}],"about":[{"href":"https:\/\/www.fondation-salomon.org\/fr\/wp-json\/wp\/v2\/types\/organization"}],"wp:featuredmedia":[{"embeddable":true,"href":"https:\/\/www.fondation-salomon.org\/fr\/wp-json\/wp\/v2\/media\/2090"}],"wp:attachment":[{"href":"https:\/\/www.fondation-salomon.org\/fr\/wp-json\/wp\/v2\/media?parent=2089"}],"wp:term":[{"taxonomy":"organization-tag","embeddable":true,"href":"https:\/\/www.fondation-salomon.org\/fr\/wp-json\/wp\/v2\/organization-tag?post=2089"}],"curies":[{"name":"wp","href":"https:\/\/api.w.org\/{rel}","templated":true}]}}