{"id":2084,"date":"2026-04-07T10:49:39","date_gmt":"2026-04-07T10:49:39","guid":{"rendered":"https:\/\/www.fondation-salomon.org\/organization\/enfance-et-montagne\/"},"modified":"2026-04-24T10:49:02","modified_gmt":"2026-04-24T10:49:02","slug":"enfance-et-montagne","status":"publish","type":"organization","link":"https:\/\/www.fondation-salomon.org\/fr\/organization\/enfance-et-montagne\/","title":{"rendered":"Enfance et Montagne"},"content":{"rendered":"\n<div class=\"wp-block-group alignfull has-global-padding is-layout-constrained wp-container-core-group-is-layout-ae1ce1f8 wp-block-group-is-layout-constrained\">\n<div class=\"wp-block-group alignwide is-content-justification-space-between is-layout-flex wp-container-core-group-is-layout-e5edad21 wp-block-group-is-layout-flex\">\n<h3 class=\"wp-block-heading\"><strong><strong>\u00e0 propos<\/strong><\/strong><\/h3>\n\n\n\n<div class=\"wp-block-group has-global-padding is-layout-constrained wp-container-core-group-is-layout-715153ea wp-block-group-is-layout-constrained\">\n<p><strong>Enfance et Montagne est le fonds de dotation de l\u2019ESF d\u00e9di\u00e9 \u00e0 l\u2019\u00e9ducation et \u00e0 la d\u00e9couverte de la montagne. Il accompagne des classes de primaire dans l\u2019organisation de s\u00e9jours en montagne tout au long de l\u2019ann\u00e9e.<\/strong><\/p>\n\n\n\n<p>Ces exp\u00e9riences permettent aux enfants de mieux comprendre cet environnement singulier, de rencontrer celles et ceux qui le font vivre et d\u2019en d\u00e9couvrir toute la richesse.<\/p>\n\n\n\n<p>L\u2019objectif est d\u2019offrir au plus grand nombre une premi\u00e8re exp\u00e9rience marquante de la montagne et de la vie en collectif.<\/p>\n<\/div>\n<\/div>\n<\/div>\n\n\n\n<div class=\"wp-block-group alignwide pattern-hero is-style-line-watch is-vertical is-content-justification-left is-nowrap is-layout-flex wp-container-core-group-is-layout-b9305f23 wp-block-group-is-layout-flex\">\n<div class=\"wp-block-group is-nowrap is-layout-flex wp-container-core-group-is-layout-6c531013 wp-block-group-is-layout-flex\">\n<div class=\"wp-block-group is-vertical is-layout-flex wp-container-core-group-is-layout-fe9cc265 wp-block-group-is-layout-flex\">\n<h3 class=\"wp-block-heading\"><strong>T\u00e9moignage<\/strong><\/h3>\n\n\n\n<p class=\"has-inter-font-family\"><em>\u00ab Au c\u0153ur du monde du ski, il y a Marie, avec son \u00e9nergie singuli\u00e8re et sa personnalit\u00e9 naturellement rayonnante. Notre premi\u00e8re rencontre a eu comme un air de premi\u00e8re page, ouvrant un dialogue riche autour du partage et de l\u2019accessibilit\u00e9 de la montagne. Depuis, les id\u00e9es \u00e9mergent et l\u2019histoire continue de s\u2019\u00e9crire.<\/em>*<\/p>\n\n\n\n<p class=\"has-inter-font-family\">*<em>Nous nous retrouvons particuli\u00e8rement autour de la question du handicap, et je me r\u00e9jouis de voir ces nouvelles pages se construire avec toujours plus d\u2019engagement et de conviction. \u00bb<\/em><\/p>\n\n\n\n<p><a href=\"https:\/\/www.enfanceetmontagne.fr\" type=\"link\" id=\"https:\/\/www.enfanceetmontagne.fr\">Site web<\/a><\/p>\n<\/div>\n<\/div>\n\n\n\n<figure class=\"wp-block-image size-full\"><img decoding=\"async\" width=\"1000\" height=\"1000\" src=\"https:\/\/www.fondation-salomon.org\/app\/uploads\/2026\/04\/ESF-ENFANCE-ET-MONTAGNE-LOGO.jpg\" alt=\"\" class=\"wp-image-1335\" srcset=\"https:\/\/www.fondation-salomon.org\/app\/uploads\/2026\/04\/ESF-ENFANCE-ET-MONTAGNE-LOGO.jpg 1000w, https:\/\/www.fondation-salomon.org\/app\/uploads\/2026\/04\/ESF-ENFANCE-ET-MONTAGNE-LOGO-300x300.jpg 300w, https:\/\/www.fondation-salomon.org\/app\/uploads\/2026\/04\/ESF-ENFANCE-ET-MONTAGNE-LOGO-150x150.jpg 150w, https:\/\/www.fondation-salomon.org\/app\/uploads\/2026\/04\/ESF-ENFANCE-ET-MONTAGNE-LOGO-768x768.jpg 768w\" sizes=\"(max-width: 1000px) 100vw, 1000px\" \/><\/figure>\n<\/div>\n\n\n\n<div class=\"wp-block-group alignwide key-figure is-style-line-watch has-base-background-color has-background has-global-padding is-layout-constrained wp-block-group-is-layout-constrained\" style=\"margin-top:var(--wp--preset--spacing--100);margin-bottom:0px;padding-top:var(--wp--preset--spacing--70);padding-bottom:var(--wp--preset--spacing--100)\">\n<p class=\"has-text-align-center has-salomon-sans-font-family has-small-font-size\" style=\"text-transform:uppercase\">Notre soutien<\/p>\n<\/div>\n\n\n\n<div class=\"wp-block-group alignwide pattern-numbers has-global-padding is-layout-constrained wp-block-group-is-layout-constrained\" style=\"margin-top:0px;margin-bottom:0px\">\n<div class=\"wp-block-group alignwide item has-base-background-color has-background has-global-padding is-layout-constrained wp-block-group-is-layout-constrained\" style=\"border-bottom-color:var(--wp--preset--color--contrast);border-bottom-style:solid;border-bottom-width:1px\">\n<div class=\"wp-block-group alignwide has-inter-font-family has-xl-large-font-size is-content-justification-space-between is-nowrap is-layout-flex wp-container-core-group-is-layout-59860764 wp-block-group-is-layout-flex\" style=\"padding-top:var(--wp--preset--spacing--60);padding-bottom:var(--wp--preset--spacing--60)\">\n<p class=\"has-inter-font-family has-xl-large-font-size\" style=\"line-height:0.7\">2024<\/p>\n\n\n\n<p class=\"has-inter-font-family has-medium-font-size\">D\u00e9but de notre collaboration<\/p>\n<\/div>\n<\/div>\n\n\n\n<div class=\"wp-block-group alignwide item has-base-background-color has-background has-global-padding is-layout-constrained wp-block-group-is-layout-constrained\" style=\"border-bottom-color:var(--wp--preset--color--contrast);border-bottom-style:solid;border-bottom-width:1px\">\n<div class=\"wp-block-group alignwide has-inter-font-family has-xl-large-font-size is-content-justification-space-between is-nowrap is-layout-flex wp-container-core-group-is-layout-59860764 wp-block-group-is-layout-flex\" style=\"padding-top:var(--wp--preset--spacing--60);padding-bottom:var(--wp--preset--spacing--60)\">\n<p class=\"has-inter-font-family has-xl-large-font-size\" style=\"line-height:0.7\">7 500\u20ac<\/p>\n\n\n\n<p class=\"has-inter-font-family has-medium-font-size\">Soutien financier<\/p>\n<\/div>\n<\/div>\n<\/div>\n\n\n\n<p><\/p>\n\n\n\n<p><\/p>\n\n\n\n<p><\/p>\n","protected":false},"excerpt":{"rendered":"Faire d\u00e9couvrir la montagne aux enfants \u00e0 travers des exp\u00e9riences \u00e9ducatives.\nFavoriser la d\u00e9couverte, le lien et l\u2019apprentissage collectif.","protected":false},"featured_media":2086,"template":"","meta":{"inline_featured_image":false},"organization-tag":[46,53],"class_list":["post-2084","organization","type-organization","status-publish","has-post-thumbnail","hentry","organization-tag-education","organization-tag-jeunesse"],"yoast_head":"<!-- This site is optimized with the Yoast SEO plugin v27.2 - https:\/\/yoast.com\/product\/yoast-seo-wordpress\/ -->\n<title>Enfance et Montagne - fondation salomon<\/title>\n<meta name=\"robots\" content=\"index, follow, max-snippet:-1, max-image-preview:large, max-video-preview:-1\" \/>\n<link rel=\"canonical\" href=\"https:\/\/www.fondation-salomon.org\/fr\/organization\/enfance-et-montagne\/\" \/>\n<meta property=\"og:locale\" content=\"fr_FR\" \/>\n<meta property=\"og:type\" content=\"article\" \/>\n<meta property=\"og:title\" content=\"Enfance et Montagne - fondation salomon\" \/>\n<meta property=\"og:description\" content=\"Faire d\u00e9couvrir la montagne aux enfants \u00e0 travers des exp\u00e9riences \u00e9ducatives. Favoriser la d\u00e9couverte, le lien et l\u2019apprentissage collectif.\" \/>\n<meta property=\"og:url\" content=\"https:\/\/www.fondation-salomon.org\/fr\/organization\/enfance-et-montagne\/\" \/>\n<meta property=\"og:site_name\" content=\"fondation salomon\" \/>\n<meta property=\"article:publisher\" content=\"https:\/\/www.facebook.com\/Salomon\/?locale=fr_FR\" \/>\n<meta property=\"article:modified_time\" content=\"2026-04-24T10:49:02+00:00\" \/>\n<meta property=\"og:image\" content=\"https:\/\/www.fondation-salomon.org\/app\/uploads\/2026\/04\/esf25-flem-mm-01-0262.jpg\" \/>\n\t<meta property=\"og:image:width\" content=\"850\" \/>\n\t<meta property=\"og:image:height\" content=\"567\" \/>\n\t<meta property=\"og:image:type\" content=\"image\/jpeg\" \/>\n<meta name=\"twitter:card\" content=\"summary_large_image\" \/>\n<meta name=\"twitter:label1\" content=\"Dur\u00e9e de lecture estim\u00e9e\" \/>\n\t<meta name=\"twitter:data1\" content=\"2 minutes\" \/>\n<script type=\"application\/ld+json\" class=\"yoast-schema-graph\">{\"@context\":\"https:\/\/schema.org\",\"@graph\":[{\"@type\":\"WebPage\",\"@id\":\"https:\/\/www.fondation-salomon.org\/fr\/organization\/enfance-et-montagne\/\",\"url\":\"https:\/\/www.fondation-salomon.org\/fr\/organization\/enfance-et-montagne\/\",\"name\":\"Enfance et Montagne - fondation salomon\",\"isPartOf\":{\"@id\":\"https:\/\/www.fondation-salomon.org\/#website\"},\"primaryImageOfPage\":{\"@id\":\"https:\/\/www.fondation-salomon.org\/fr\/organization\/enfance-et-montagne\/#primaryimage\"},\"image\":{\"@id\":\"https:\/\/www.fondation-salomon.org\/fr\/organization\/enfance-et-montagne\/#primaryimage\"},\"thumbnailUrl\":\"https:\/\/www.fondation-salomon.org\/app\/uploads\/2026\/04\/esf25-flem-mm-01-0262.jpg\",\"datePublished\":\"2026-04-07T10:49:39+00:00\",\"dateModified\":\"2026-04-24T10:49:02+00:00\",\"breadcrumb\":{\"@id\":\"https:\/\/www.fondation-salomon.org\/fr\/organization\/enfance-et-montagne\/#breadcrumb\"},\"inLanguage\":\"fr-FR\",\"potentialAction\":[{\"@type\":\"ReadAction\",\"target\":[\"https:\/\/www.fondation-salomon.org\/fr\/organization\/enfance-et-montagne\/\"]}]},{\"@type\":\"ImageObject\",\"inLanguage\":\"fr-FR\",\"@id\":\"https:\/\/www.fondation-salomon.org\/fr\/organization\/enfance-et-montagne\/#primaryimage\",\"url\":\"https:\/\/www.fondation-salomon.org\/app\/uploads\/2026\/04\/esf25-flem-mm-01-0262.jpg\",\"contentUrl\":\"https:\/\/www.fondation-salomon.org\/app\/uploads\/2026\/04\/esf25-flem-mm-01-0262.jpg\",\"width\":850,\"height\":567},{\"@type\":\"BreadcrumbList\",\"@id\":\"https:\/\/www.fondation-salomon.org\/fr\/organization\/enfance-et-montagne\/#breadcrumb\",\"itemListElement\":[{\"@type\":\"ListItem\",\"position\":1,\"name\":\"Home\",\"item\":\"https:\/\/www.fondation-salomon.org\/fr\/\"},{\"@type\":\"ListItem\",\"position\":2,\"name\":\"Enfance et Montagne\"}]},{\"@type\":\"WebSite\",\"@id\":\"https:\/\/www.fondation-salomon.org\/#website\",\"url\":\"https:\/\/www.fondation-salomon.org\/\",\"name\":\"fondation salomon\",\"description\":\"\",\"publisher\":{\"@id\":\"https:\/\/www.fondation-salomon.org\/#organization\"},\"potentialAction\":[{\"@type\":\"SearchAction\",\"target\":{\"@type\":\"EntryPoint\",\"urlTemplate\":\"https:\/\/www.fondation-salomon.org\/?s={search_term_string}\"},\"query-input\":{\"@type\":\"PropertyValueSpecification\",\"valueRequired\":true,\"valueName\":\"search_term_string\"}}],\"inLanguage\":\"fr-FR\"},{\"@type\":\"Organization\",\"@id\":\"https:\/\/www.fondation-salomon.org\/#organization\",\"name\":\"fondation salomon\",\"url\":\"https:\/\/www.fondation-salomon.org\/\",\"logo\":{\"@type\":\"ImageObject\",\"inLanguage\":\"fr-FR\",\"@id\":\"https:\/\/www.fondation-salomon.org\/#\/schema\/logo\/image\/\",\"url\":\"https:\/\/www.fondation-salomon.org\/app\/uploads\/2026\/03\/SalomonFoundation_LOGO_Horizontal_Noir_SF-scaled.png\",\"contentUrl\":\"https:\/\/www.fondation-salomon.org\/app\/uploads\/2026\/03\/SalomonFoundation_LOGO_Horizontal_Noir_SF-scaled.png\",\"width\":2560,\"height\":569,\"caption\":\"fondation salomon\"},\"image\":{\"@id\":\"https:\/\/www.fondation-salomon.org\/#\/schema\/logo\/image\/\"},\"sameAs\":[\"https:\/\/www.facebook.com\/Salomon\/?locale=fr_FR\",\"https:\/\/www.instagram.com\/salomon_france\/\",\"https:\/\/www.youtube.com\/channel\/UCCH7Ny59oLRGfw3imhL0d7A\"]}]}<\/script>\n<!-- \/ Yoast SEO plugin. -->","yoast_head_json":{"title":"Enfance et Montagne - fondation salomon","robots":{"index":"index","follow":"follow","max-snippet":"max-snippet:-1","max-image-preview":"max-image-preview:large","max-video-preview":"max-video-preview:-1"},"canonical":"https:\/\/www.fondation-salomon.org\/fr\/organization\/enfance-et-montagne\/","og_locale":"fr_FR","og_type":"article","og_title":"Enfance et Montagne - fondation salomon","og_description":"Faire d\u00e9couvrir la montagne aux enfants \u00e0 travers des exp\u00e9riences \u00e9ducatives. Favoriser la d\u00e9couverte, le lien et l\u2019apprentissage collectif.","og_url":"https:\/\/www.fondation-salomon.org\/fr\/organization\/enfance-et-montagne\/","og_site_name":"fondation salomon","article_publisher":"https:\/\/www.facebook.com\/Salomon\/?locale=fr_FR","article_modified_time":"2026-04-24T10:49:02+00:00","og_image":[{"width":850,"height":567,"url":"https:\/\/www.fondation-salomon.org\/app\/uploads\/2026\/04\/esf25-flem-mm-01-0262.jpg","type":"image\/jpeg"}],"twitter_card":"summary_large_image","twitter_misc":{"Dur\u00e9e de lecture estim\u00e9e":"2 minutes"},"schema":{"@context":"https:\/\/schema.org","@graph":[{"@type":"WebPage","@id":"https:\/\/www.fondation-salomon.org\/fr\/organization\/enfance-et-montagne\/","url":"https:\/\/www.fondation-salomon.org\/fr\/organization\/enfance-et-montagne\/","name":"Enfance et Montagne - fondation salomon","isPartOf":{"@id":"https:\/\/www.fondation-salomon.org\/#website"},"primaryImageOfPage":{"@id":"https:\/\/www.fondation-salomon.org\/fr\/organization\/enfance-et-montagne\/#primaryimage"},"image":{"@id":"https:\/\/www.fondation-salomon.org\/fr\/organization\/enfance-et-montagne\/#primaryimage"},"thumbnailUrl":"https:\/\/www.fondation-salomon.org\/app\/uploads\/2026\/04\/esf25-flem-mm-01-0262.jpg","datePublished":"2026-04-07T10:49:39+00:00","dateModified":"2026-04-24T10:49:02+00:00","breadcrumb":{"@id":"https:\/\/www.fondation-salomon.org\/fr\/organization\/enfance-et-montagne\/#breadcrumb"},"inLanguage":"fr-FR","potentialAction":[{"@type":"ReadAction","target":["https:\/\/www.fondation-salomon.org\/fr\/organization\/enfance-et-montagne\/"]}]},{"@type":"ImageObject","inLanguage":"fr-FR","@id":"https:\/\/www.fondation-salomon.org\/fr\/organization\/enfance-et-montagne\/#primaryimage","url":"https:\/\/www.fondation-salomon.org\/app\/uploads\/2026\/04\/esf25-flem-mm-01-0262.jpg","contentUrl":"https:\/\/www.fondation-salomon.org\/app\/uploads\/2026\/04\/esf25-flem-mm-01-0262.jpg","width":850,"height":567},{"@type":"BreadcrumbList","@id":"https:\/\/www.fondation-salomon.org\/fr\/organization\/enfance-et-montagne\/#breadcrumb","itemListElement":[{"@type":"ListItem","position":1,"name":"Home","item":"https:\/\/www.fondation-salomon.org\/fr\/"},{"@type":"ListItem","position":2,"name":"Enfance et Montagne"}]},{"@type":"WebSite","@id":"https:\/\/www.fondation-salomon.org\/#website","url":"https:\/\/www.fondation-salomon.org\/","name":"fondation salomon","description":"","publisher":{"@id":"https:\/\/www.fondation-salomon.org\/#organization"},"potentialAction":[{"@type":"SearchAction","target":{"@type":"EntryPoint","urlTemplate":"https:\/\/www.fondation-salomon.org\/?s={search_term_string}"},"query-input":{"@type":"PropertyValueSpecification","valueRequired":true,"valueName":"search_term_string"}}],"inLanguage":"fr-FR"},{"@type":"Organization","@id":"https:\/\/www.fondation-salomon.org\/#organization","name":"fondation salomon","url":"https:\/\/www.fondation-salomon.org\/","logo":{"@type":"ImageObject","inLanguage":"fr-FR","@id":"https:\/\/www.fondation-salomon.org\/#\/schema\/logo\/image\/","url":"https:\/\/www.fondation-salomon.org\/app\/uploads\/2026\/03\/SalomonFoundation_LOGO_Horizontal_Noir_SF-scaled.png","contentUrl":"https:\/\/www.fondation-salomon.org\/app\/uploads\/2026\/03\/SalomonFoundation_LOGO_Horizontal_Noir_SF-scaled.png","width":2560,"height":569,"caption":"fondation salomon"},"image":{"@id":"https:\/\/www.fondation-salomon.org\/#\/schema\/logo\/image\/"},"sameAs":["https:\/\/www.facebook.com\/Salomon\/?locale=fr_FR","https:\/\/www.instagram.com\/salomon_france\/","https:\/\/www.youtube.com\/channel\/UCCH7Ny59oLRGfw3imhL0d7A"]}]}},"_links":{"self":[{"href":"https:\/\/www.fondation-salomon.org\/fr\/wp-json\/wp\/v2\/organization\/2084","targetHints":{"allow":["GET"]}}],"collection":[{"href":"https:\/\/www.fondation-salomon.org\/fr\/wp-json\/wp\/v2\/organization"}],"about":[{"href":"https:\/\/www.fondation-salomon.org\/fr\/wp-json\/wp\/v2\/types\/organization"}],"wp:featuredmedia":[{"embeddable":true,"href":"https:\/\/www.fondation-salomon.org\/fr\/wp-json\/wp\/v2\/media\/2086"}],"wp:attachment":[{"href":"https:\/\/www.fondation-salomon.org\/fr\/wp-json\/wp\/v2\/media?parent=2084"}],"wp:term":[{"taxonomy":"organization-tag","embeddable":true,"href":"https:\/\/www.fondation-salomon.org\/fr\/wp-json\/wp\/v2\/organization-tag?post=2084"}],"curies":[{"name":"wp","href":"https:\/\/api.w.org\/{rel}","templated":true}]}}