{"id":2070,"date":"2026-04-07T09:27:43","date_gmt":"2026-04-07T09:27:43","guid":{"rendered":"https:\/\/www.fondation-salomon.org\/organization\/bivouac-et-moi-2\/"},"modified":"2026-04-24T10:22:09","modified_gmt":"2026-04-24T10:22:09","slug":"bivouac-et-moi-2","status":"publish","type":"organization","link":"https:\/\/www.fondation-salomon.org\/fr\/organization\/bivouac-et-moi-2\/","title":{"rendered":"Bivouac et Moi"},"content":{"rendered":"\n<div class=\"wp-block-group alignfull has-global-padding is-layout-constrained wp-container-core-group-is-layout-ae1ce1f8 wp-block-group-is-layout-constrained\">\n<div class=\"wp-block-group alignwide is-content-justification-space-between is-layout-flex wp-container-core-group-is-layout-e5edad21 wp-block-group-is-layout-flex\">\n<h3 class=\"wp-block-heading\"><strong><strong>\u00e0 Propos<\/strong><\/strong><\/h3>\n\n\n\n<div class=\"wp-block-group has-global-padding is-layout-constrained wp-container-core-group-is-layout-715153ea wp-block-group-is-layout-constrained\">\n<p><strong>Bivouac et Moi est une association qui propose des s\u00e9jours en montagne \u00e0 des personnes touch\u00e9es par un cancer ou une maladie chronique. \u00c0 travers des exp\u00e9riences immersives de courte dur\u00e9e, elle offre des temps pour marcher, respirer et partager, loin du cadre m\u00e9dical.<\/strong><\/p>\n\n\n\n<p>Encadr\u00e9s par des professionnel\u00b7les de la montagne et de la sant\u00e9, ces s\u00e9jours sont accessibles \u00e0 tous les niveaux et mettent l\u2019accent sur l\u2019activit\u00e9 physique adapt\u00e9e, la solidarit\u00e9 et le lien humain, plut\u00f4t que sur la performance.<\/p>\n\n\n\n<p>La montagne devient ainsi un espace pour se reconnecter \u00e0 soi, aux autres et \u00e0 ses propres capacit\u00e9s.<\/p>\n<\/div>\n<\/div>\n<\/div>\n\n\n\n<div class=\"wp-block-group alignwide pattern-hero is-style-line-watch is-vertical is-content-justification-left is-nowrap is-layout-flex wp-container-core-group-is-layout-b9305f23 wp-block-group-is-layout-flex\">\n<div class=\"wp-block-group is-vertical is-layout-flex wp-container-core-group-is-layout-fe9cc265 wp-block-group-is-layout-flex\">\n<h3 class=\"wp-block-heading\"><strong>T\u00e9moignage<\/strong><\/h3>\n\n\n\n<p class=\"has-inter-font-family\"><em>\u00ab Depuis 2023, la Fondation Salomon soutient Bivouac et Moi, dans un partenariat n\u00e9 de valeurs communes autour de la reconnexion \u00e0 la nature, de la solidarit\u00e9 et de l\u2019acc\u00e8s \u00e0 la montagne.<\/em><\/p>\n\n\n\n<p><strong>Ce soutien, \u00e0 la fois financier et mat\u00e9riel, est essentiel au d\u00e9veloppement de notre projet, profond\u00e9ment centr\u00e9 sur l\u2019humain. Notre collaboration s\u2019est construite au fil d\u2019\u00e9changes \u00e9troits et de moments partag\u00e9s en montagne.<\/strong><\/p>\n\n\n\n<p class=\"has-inter-font-family\"><em>Merci \u00e0 la Fondation Salomon de nous accompagner aux c\u00f4t\u00e9s des personnes touch\u00e9es par le cancer, sur leur chemin vers les sommets. \u00bb<\/em><\/p>\n\n\n\n<p><strong><a href=\"http:\/\/www.bivouacetmoi.fr\/\" type=\"link\" id=\"http:\/\/www.bivouacetmoi.fr\/\">Visit the website<\/a><\/strong><\/p>\n<\/div>\n\n\n\n<figure class=\"wp-block-image size-full\"><img decoding=\"async\" width=\"400\" height=\"400\" src=\"https:\/\/www.fondation-salomon.org\/app\/uploads\/2026\/04\/Logo-Bivouac-et-moi.jpg\" alt=\"\" class=\"wp-image-1310\" srcset=\"https:\/\/www.fondation-salomon.org\/app\/uploads\/2026\/04\/Logo-Bivouac-et-moi.jpg 400w, https:\/\/www.fondation-salomon.org\/app\/uploads\/2026\/04\/Logo-Bivouac-et-moi-300x300.jpg 300w, https:\/\/www.fondation-salomon.org\/app\/uploads\/2026\/04\/Logo-Bivouac-et-moi-150x150.jpg 150w\" sizes=\"(max-width: 400px) 100vw, 400px\" \/><\/figure>\n<\/div>\n\n\n\n<div class=\"wp-block-group alignwide key-figure is-style-line-watch has-base-background-color has-background has-global-padding is-layout-constrained wp-block-group-is-layout-constrained\" style=\"margin-top:var(--wp--preset--spacing--100);margin-bottom:0px;padding-top:var(--wp--preset--spacing--70);padding-bottom:var(--wp--preset--spacing--100)\">\n<p class=\"has-text-align-center has-salomon-sans-font-family has-small-font-size\" style=\"text-transform:uppercase\">Notre soutien<\/p>\n<\/div>\n\n\n\n<div class=\"wp-block-group alignwide pattern-numbers has-global-padding is-layout-constrained wp-block-group-is-layout-constrained\" style=\"margin-top:0px;margin-bottom:0px\">\n<div class=\"wp-block-group alignwide item has-base-background-color has-background has-global-padding is-layout-constrained wp-block-group-is-layout-constrained\" style=\"border-bottom-color:var(--wp--preset--color--contrast);border-bottom-style:solid;border-bottom-width:1px\">\n<div class=\"wp-block-group alignwide has-inter-font-family has-xl-large-font-size is-content-justification-space-between is-nowrap is-layout-flex wp-container-core-group-is-layout-59860764 wp-block-group-is-layout-flex\" style=\"padding-top:var(--wp--preset--spacing--60);padding-bottom:var(--wp--preset--spacing--60)\">\n<p class=\"has-inter-font-family has-xl-large-font-size\" style=\"line-height:0.7\">2023<\/p>\n\n\n\n<p class=\"has-inter-font-family has-medium-font-size\">D\u00e9but de notre collaboration<\/p>\n<\/div>\n<\/div>\n\n\n\n<div class=\"wp-block-group alignwide item has-base-background-color has-background has-global-padding is-layout-constrained wp-block-group-is-layout-constrained\" style=\"border-bottom-color:var(--wp--preset--color--contrast);border-bottom-style:solid;border-bottom-width:1px\">\n<div class=\"wp-block-group alignwide has-inter-font-family has-xl-large-font-size is-content-justification-space-between is-nowrap is-layout-flex wp-container-core-group-is-layout-59860764 wp-block-group-is-layout-flex\" style=\"padding-top:var(--wp--preset--spacing--60);padding-bottom:var(--wp--preset--spacing--60)\">\n<p class=\"has-inter-font-family has-xl-large-font-size\" style=\"line-height:0.7\">9 000\u20ac<\/p>\n\n\n\n<p class=\"has-inter-font-family has-medium-font-size\">Soutien financier<\/p>\n<\/div>\n<\/div>\n<\/div>\n\n\n\n<div class=\"wp-block-group alignwide key-figure is-style-line-watch has-base-background-color has-background has-global-padding is-layout-constrained wp-block-group-is-layout-constrained\" style=\"margin-top:var(--wp--preset--spacing--100);margin-bottom:0px;padding-top:var(--wp--preset--spacing--70);padding-bottom:var(--wp--preset--spacing--70)\">\n<p class=\"has-text-align-center has-salomon-sans-font-family has-small-font-size\" style=\"text-transform:uppercase\">suivez-les<\/p>\n<\/div>\n\n\n\n<div class=\"wp-block-group pattern-social has-base-background-color has-background is-content-justification-center is-nowrap is-layout-flex wp-container-core-group-is-layout-2a56187a wp-block-group-is-layout-flex\" style=\"margin-top:0px;margin-bottom:0px;padding-bottom:var(--wp--preset--spacing--100)\">\n<div class=\"wp-block-columns is-layout-flex wp-container-core-columns-is-layout-28f84493 wp-block-columns-is-layout-flex\">\n<div class=\"wp-block-column is-layout-flow wp-block-column-is-layout-flow\" style=\"flex-basis:100%\">\n<div class=\"wp-block-grdnrs-svg-link\"><a href=\"https:\/\/www.facebook.com\/www.bivouacetmoi.fr\" target=\"_blank\" class=\"svg-link\"><svg width=\"50\" height=\"50\" viewBox=\"0 0 50 50\" fill=\"none\" xmlns=\"http:\/\/www.w3.org\/2000\/svg\">\n<circle cx=\"25\" cy=\"25\" r=\"24.5\" stroke=\"black\"\/>\n<g clip-path=\"url(#clip0_838_1591)\">\n<path d=\"M26.4178 20.3484V18.4841C26.3411 17.9463 26.7437 17.4533 27.3092 17.3816C27.3763 17.3816 27.4434 17.3727 27.5105 17.3816H30.2996V13.3931H26.4561C22.1813 13.3931 21.2325 16.3419 21.2325 18.251V20.3394H18.75V24.9912H21.2516V36.6074H26.2261V24.9912H29.9067L30.0696 23.1628L30.3667 20.3394H26.4178V20.3484Z\" fill=\"black\"\/>\n<\/g>\n<defs>\n<clipPath id=\"clip0_838_1591\">\n<rect width=\"11.6071\" height=\"23.2143\" fill=\"white\" transform=\"translate(18.75 13.3931)\"\/>\n<\/clipPath>\n<\/defs>\n<\/svg><\/a><\/div>\n<\/div>\n<\/div>\n\n\n\n<div class=\"wp-block-grdnrs-svg-link\"><a href=\"https:\/\/www.instagram.com\/bivouacetmoi\/\" target=\"_blank\" class=\"svg-link\"><svg width=\"50\" height=\"50\" viewBox=\"0 0 50 50\" fill=\"none\" xmlns=\"http:\/\/www.w3.org\/2000\/svg\">\n<circle cx=\"25\" cy=\"25\" r=\"24.5\" stroke=\"black\"\/>\n<g clip-path=\"url(#clip0_838_1592)\">\n<path d=\"M25.4455 19.4277C22.274 19.4277 19.707 21.9003 19.707 24.9551C19.707 28.0099 22.274 30.4824 25.4455 30.4824C28.617 30.4824 31.184 28.0099 31.184 24.9551C31.184 21.9003 28.6077 19.4277 25.4455 19.4277ZM25.4455 28.5474C23.418 28.5474 21.7718 26.9618 21.7718 25.0088C21.7718 23.0559 23.418 21.4703 25.4455 21.4703C27.473 21.4703 29.1192 23.0559 29.1192 25.0088C29.1192 26.9618 27.473 28.5474 25.4455 28.5474Z\" fill=\"black\"\/>\n<path d=\"M31.4359 18.0391C32.1707 18.0391 32.7566 18.6124 32.7566 19.3112C32.7566 20.0099 32.1614 20.5833 31.4359 20.5833C30.7105 20.5833 30.1152 20.0099 30.1152 19.3112C30.1152 18.6034 30.7105 18.0391 31.4359 18.0391Z\" fill=\"black\"\/>\n<path d=\"M34.7844 16.0505C33.5381 14.868 31.8268 14.232 30.0783 14.2947H20.8242C17.4388 14.0886 14.5184 16.5701 14.2952 19.831C14.2766 20.0729 14.2766 20.3058 14.2952 20.5477V29.4165C14.2208 31.1455 14.909 32.8207 16.1925 34.0301C17.4574 35.1499 19.1408 35.7501 20.8614 35.7053H30.0318C31.771 35.768 33.4637 35.1678 34.7379 34.0301C35.9749 32.8118 36.6538 31.1634 36.598 29.4523V20.5477C36.6538 18.8724 35.9935 17.251 34.7844 16.0505ZM34.6263 29.4971C34.6821 30.6796 34.1985 31.8263 33.3056 32.6415C32.4035 33.3941 31.2409 33.7882 30.0411 33.7524H20.8614C19.6616 33.8061 18.4991 33.403 17.5969 32.6415C16.7599 31.7815 16.332 30.6349 16.3971 29.4613V20.5477C16.3413 19.3831 16.7692 18.2543 17.5969 17.4032C18.4898 16.6418 19.6616 16.2387 20.8614 16.2924H30.1155C31.3246 16.2387 32.4965 16.6507 33.38 17.448C34.1706 18.2991 34.5984 19.4099 34.5798 20.5477V29.4971H34.617H34.6263Z\" fill=\"black\"\/>\n<\/g>\n<defs>\n<clipPath id=\"clip0_838_1592\">\n<rect width=\"22.3214\" height=\"21.4286\" fill=\"white\" transform=\"translate(14.2852 14.2856)\"\/>\n<\/clipPath>\n<\/defs>\n<\/svg><\/a><\/div>\n\n\n\n<div class=\"wp-block-grdnrs-svg-link\"><a href=\"https:\/\/www.linkedin.com\/company\/association-bivouac-moi\/\" target=\"_blank\" class=\"svg-link\"><svg id=\"linkedin\" xmlns=\"http:\/\/www.w3.org\/2000\/svg\" width=\"50\" height=\"50\" viewBox=\"0 0 50 50\">\n    <circle cx=\"25\" cy=\"25\" r=\"24.5\" stroke=\"black\" fill=\"none\"\/>\n    <g id=\"Groupe_18\" data-name=\"Groupe 18\" transform=\"translate(15.9 15.9) scale(1.0)\" fill=\"black\">\n        <path id=\"Trace_25\" data-name=\"Trace 25\" d=\"M410.028,351.943a4.033,4.033,0,0,0-3.231-1.3,4.336,4.336,0,0,0-3.826,2.179h-.08l-.237-2.6h-3.076c.052,1.3,0,12.989,0,12.989h3.9V355.08a1.92,1.92,0,0,1,1.975-1.514c1.277,0,1.921.9,1.921,2.709v6.939h3.9v-7.336A5.62,5.62,0,0,0,410.028,351.943Z\" transform=\"translate(-393.034 -345.029)\"\/>\n        <rect id=\"Rectangle_29\" data-name=\"Rectangle 29\" width=\"3.897\" height=\"12.989\" transform=\"translate(0.048 5.196)\"\/>\n        <path id=\"Trace_26\" data-name=\"Trace 26\" d=\"M396.383,346.09a1.949,1.949,0,1,0,2.013,1.949A1.981,1.981,0,0,0,396.383,346.09Z\" transform=\"translate(-394.37 -346.09)\"\/>\n    <\/g>\n<\/svg><\/a><\/div>\n<\/div>\n\n\n\n<p><\/p>\n","protected":false},"excerpt":{"rendered":"Proposer des s\u00e9jours en montagne \u00e0 des personnes touch\u00e9es par le cancer ou une maladie chronique.\nFavoriser la reconnexion, le bien-\u00eatre et des exp\u00e9riences partag\u00e9es en nature.","protected":false},"featured_media":2071,"template":"","meta":{"inline_featured_image":false},"organization-tag":[47],"class_list":["post-2070","organization","type-organization","status-publish","has-post-thumbnail","hentry","organization-tag-autonomie"],"yoast_head":"<!-- This site is optimized with the Yoast SEO plugin v27.2 - https:\/\/yoast.com\/product\/yoast-seo-wordpress\/ -->\n<title>Bivouac et Moi - fondation salomon<\/title>\n<meta name=\"robots\" content=\"index, follow, max-snippet:-1, max-image-preview:large, max-video-preview:-1\" \/>\n<link rel=\"canonical\" href=\"https:\/\/www.fondation-salomon.org\/fr\/organization\/bivouac-et-moi-2\/\" \/>\n<meta property=\"og:locale\" content=\"fr_FR\" \/>\n<meta property=\"og:type\" content=\"article\" \/>\n<meta property=\"og:title\" content=\"Bivouac et Moi - fondation salomon\" \/>\n<meta property=\"og:description\" content=\"Proposer des s\u00e9jours en montagne \u00e0 des personnes touch\u00e9es par le cancer ou une maladie chronique. Favoriser la reconnexion, le bien-\u00eatre et des exp\u00e9riences partag\u00e9es en nature.\" \/>\n<meta property=\"og:url\" content=\"https:\/\/www.fondation-salomon.org\/fr\/organization\/bivouac-et-moi-2\/\" \/>\n<meta property=\"og:site_name\" content=\"fondation salomon\" \/>\n<meta property=\"article:publisher\" content=\"https:\/\/www.facebook.com\/Salomon\/?locale=fr_FR\" \/>\n<meta property=\"article:modified_time\" content=\"2026-04-24T10:22:09+00:00\" \/>\n<meta property=\"og:image\" content=\"https:\/\/www.fondation-salomon.org\/app\/uploads\/2026\/04\/bem_2025_06_18__004.jpg\" \/>\n\t<meta property=\"og:image:width\" content=\"2048\" \/>\n\t<meta property=\"og:image:height\" content=\"2048\" \/>\n\t<meta property=\"og:image:type\" content=\"image\/jpeg\" \/>\n<meta name=\"twitter:card\" content=\"summary_large_image\" \/>\n<meta name=\"twitter:label1\" content=\"Dur\u00e9e de lecture estim\u00e9e\" \/>\n\t<meta name=\"twitter:data1\" content=\"2 minutes\" \/>\n<script type=\"application\/ld+json\" class=\"yoast-schema-graph\">{\"@context\":\"https:\/\/schema.org\",\"@graph\":[{\"@type\":\"WebPage\",\"@id\":\"https:\/\/www.fondation-salomon.org\/fr\/organization\/bivouac-et-moi-2\/\",\"url\":\"https:\/\/www.fondation-salomon.org\/fr\/organization\/bivouac-et-moi-2\/\",\"name\":\"Bivouac et Moi - fondation salomon\",\"isPartOf\":{\"@id\":\"https:\/\/www.fondation-salomon.org\/#website\"},\"primaryImageOfPage\":{\"@id\":\"https:\/\/www.fondation-salomon.org\/fr\/organization\/bivouac-et-moi-2\/#primaryimage\"},\"image\":{\"@id\":\"https:\/\/www.fondation-salomon.org\/fr\/organization\/bivouac-et-moi-2\/#primaryimage\"},\"thumbnailUrl\":\"https:\/\/www.fondation-salomon.org\/app\/uploads\/2026\/04\/bem_2025_06_18__004.jpg\",\"datePublished\":\"2026-04-07T09:27:43+00:00\",\"dateModified\":\"2026-04-24T10:22:09+00:00\",\"breadcrumb\":{\"@id\":\"https:\/\/www.fondation-salomon.org\/fr\/organization\/bivouac-et-moi-2\/#breadcrumb\"},\"inLanguage\":\"fr-FR\",\"potentialAction\":[{\"@type\":\"ReadAction\",\"target\":[\"https:\/\/www.fondation-salomon.org\/fr\/organization\/bivouac-et-moi-2\/\"]}]},{\"@type\":\"ImageObject\",\"inLanguage\":\"fr-FR\",\"@id\":\"https:\/\/www.fondation-salomon.org\/fr\/organization\/bivouac-et-moi-2\/#primaryimage\",\"url\":\"https:\/\/www.fondation-salomon.org\/app\/uploads\/2026\/04\/bem_2025_06_18__004.jpg\",\"contentUrl\":\"https:\/\/www.fondation-salomon.org\/app\/uploads\/2026\/04\/bem_2025_06_18__004.jpg\",\"width\":2048,\"height\":2048},{\"@type\":\"BreadcrumbList\",\"@id\":\"https:\/\/www.fondation-salomon.org\/fr\/organization\/bivouac-et-moi-2\/#breadcrumb\",\"itemListElement\":[{\"@type\":\"ListItem\",\"position\":1,\"name\":\"Home\",\"item\":\"https:\/\/www.fondation-salomon.org\/fr\/\"},{\"@type\":\"ListItem\",\"position\":2,\"name\":\"Bivouac et Moi\"}]},{\"@type\":\"WebSite\",\"@id\":\"https:\/\/www.fondation-salomon.org\/#website\",\"url\":\"https:\/\/www.fondation-salomon.org\/\",\"name\":\"fondation salomon\",\"description\":\"\",\"publisher\":{\"@id\":\"https:\/\/www.fondation-salomon.org\/#organization\"},\"potentialAction\":[{\"@type\":\"SearchAction\",\"target\":{\"@type\":\"EntryPoint\",\"urlTemplate\":\"https:\/\/www.fondation-salomon.org\/?s={search_term_string}\"},\"query-input\":{\"@type\":\"PropertyValueSpecification\",\"valueRequired\":true,\"valueName\":\"search_term_string\"}}],\"inLanguage\":\"fr-FR\"},{\"@type\":\"Organization\",\"@id\":\"https:\/\/www.fondation-salomon.org\/#organization\",\"name\":\"fondation salomon\",\"url\":\"https:\/\/www.fondation-salomon.org\/\",\"logo\":{\"@type\":\"ImageObject\",\"inLanguage\":\"fr-FR\",\"@id\":\"https:\/\/www.fondation-salomon.org\/#\/schema\/logo\/image\/\",\"url\":\"https:\/\/www.fondation-salomon.org\/app\/uploads\/2026\/03\/SalomonFoundation_LOGO_Horizontal_Noir_SF-scaled.png\",\"contentUrl\":\"https:\/\/www.fondation-salomon.org\/app\/uploads\/2026\/03\/SalomonFoundation_LOGO_Horizontal_Noir_SF-scaled.png\",\"width\":2560,\"height\":569,\"caption\":\"fondation salomon\"},\"image\":{\"@id\":\"https:\/\/www.fondation-salomon.org\/#\/schema\/logo\/image\/\"},\"sameAs\":[\"https:\/\/www.facebook.com\/Salomon\/?locale=fr_FR\",\"https:\/\/www.instagram.com\/salomon_france\/\",\"https:\/\/www.youtube.com\/channel\/UCCH7Ny59oLRGfw3imhL0d7A\"]}]}<\/script>\n<!-- \/ Yoast SEO plugin. -->","yoast_head_json":{"title":"Bivouac et Moi - fondation salomon","robots":{"index":"index","follow":"follow","max-snippet":"max-snippet:-1","max-image-preview":"max-image-preview:large","max-video-preview":"max-video-preview:-1"},"canonical":"https:\/\/www.fondation-salomon.org\/fr\/organization\/bivouac-et-moi-2\/","og_locale":"fr_FR","og_type":"article","og_title":"Bivouac et Moi - fondation salomon","og_description":"Proposer des s\u00e9jours en montagne \u00e0 des personnes touch\u00e9es par le cancer ou une maladie chronique. Favoriser la reconnexion, le bien-\u00eatre et des exp\u00e9riences partag\u00e9es en nature.","og_url":"https:\/\/www.fondation-salomon.org\/fr\/organization\/bivouac-et-moi-2\/","og_site_name":"fondation salomon","article_publisher":"https:\/\/www.facebook.com\/Salomon\/?locale=fr_FR","article_modified_time":"2026-04-24T10:22:09+00:00","og_image":[{"width":2048,"height":2048,"url":"https:\/\/www.fondation-salomon.org\/app\/uploads\/2026\/04\/bem_2025_06_18__004.jpg","type":"image\/jpeg"}],"twitter_card":"summary_large_image","twitter_misc":{"Dur\u00e9e de lecture estim\u00e9e":"2 minutes"},"schema":{"@context":"https:\/\/schema.org","@graph":[{"@type":"WebPage","@id":"https:\/\/www.fondation-salomon.org\/fr\/organization\/bivouac-et-moi-2\/","url":"https:\/\/www.fondation-salomon.org\/fr\/organization\/bivouac-et-moi-2\/","name":"Bivouac et Moi - fondation salomon","isPartOf":{"@id":"https:\/\/www.fondation-salomon.org\/#website"},"primaryImageOfPage":{"@id":"https:\/\/www.fondation-salomon.org\/fr\/organization\/bivouac-et-moi-2\/#primaryimage"},"image":{"@id":"https:\/\/www.fondation-salomon.org\/fr\/organization\/bivouac-et-moi-2\/#primaryimage"},"thumbnailUrl":"https:\/\/www.fondation-salomon.org\/app\/uploads\/2026\/04\/bem_2025_06_18__004.jpg","datePublished":"2026-04-07T09:27:43+00:00","dateModified":"2026-04-24T10:22:09+00:00","breadcrumb":{"@id":"https:\/\/www.fondation-salomon.org\/fr\/organization\/bivouac-et-moi-2\/#breadcrumb"},"inLanguage":"fr-FR","potentialAction":[{"@type":"ReadAction","target":["https:\/\/www.fondation-salomon.org\/fr\/organization\/bivouac-et-moi-2\/"]}]},{"@type":"ImageObject","inLanguage":"fr-FR","@id":"https:\/\/www.fondation-salomon.org\/fr\/organization\/bivouac-et-moi-2\/#primaryimage","url":"https:\/\/www.fondation-salomon.org\/app\/uploads\/2026\/04\/bem_2025_06_18__004.jpg","contentUrl":"https:\/\/www.fondation-salomon.org\/app\/uploads\/2026\/04\/bem_2025_06_18__004.jpg","width":2048,"height":2048},{"@type":"BreadcrumbList","@id":"https:\/\/www.fondation-salomon.org\/fr\/organization\/bivouac-et-moi-2\/#breadcrumb","itemListElement":[{"@type":"ListItem","position":1,"name":"Home","item":"https:\/\/www.fondation-salomon.org\/fr\/"},{"@type":"ListItem","position":2,"name":"Bivouac et Moi"}]},{"@type":"WebSite","@id":"https:\/\/www.fondation-salomon.org\/#website","url":"https:\/\/www.fondation-salomon.org\/","name":"fondation salomon","description":"","publisher":{"@id":"https:\/\/www.fondation-salomon.org\/#organization"},"potentialAction":[{"@type":"SearchAction","target":{"@type":"EntryPoint","urlTemplate":"https:\/\/www.fondation-salomon.org\/?s={search_term_string}"},"query-input":{"@type":"PropertyValueSpecification","valueRequired":true,"valueName":"search_term_string"}}],"inLanguage":"fr-FR"},{"@type":"Organization","@id":"https:\/\/www.fondation-salomon.org\/#organization","name":"fondation salomon","url":"https:\/\/www.fondation-salomon.org\/","logo":{"@type":"ImageObject","inLanguage":"fr-FR","@id":"https:\/\/www.fondation-salomon.org\/#\/schema\/logo\/image\/","url":"https:\/\/www.fondation-salomon.org\/app\/uploads\/2026\/03\/SalomonFoundation_LOGO_Horizontal_Noir_SF-scaled.png","contentUrl":"https:\/\/www.fondation-salomon.org\/app\/uploads\/2026\/03\/SalomonFoundation_LOGO_Horizontal_Noir_SF-scaled.png","width":2560,"height":569,"caption":"fondation salomon"},"image":{"@id":"https:\/\/www.fondation-salomon.org\/#\/schema\/logo\/image\/"},"sameAs":["https:\/\/www.facebook.com\/Salomon\/?locale=fr_FR","https:\/\/www.instagram.com\/salomon_france\/","https:\/\/www.youtube.com\/channel\/UCCH7Ny59oLRGfw3imhL0d7A"]}]}},"_links":{"self":[{"href":"https:\/\/www.fondation-salomon.org\/fr\/wp-json\/wp\/v2\/organization\/2070","targetHints":{"allow":["GET"]}}],"collection":[{"href":"https:\/\/www.fondation-salomon.org\/fr\/wp-json\/wp\/v2\/organization"}],"about":[{"href":"https:\/\/www.fondation-salomon.org\/fr\/wp-json\/wp\/v2\/types\/organization"}],"wp:featuredmedia":[{"embeddable":true,"href":"https:\/\/www.fondation-salomon.org\/fr\/wp-json\/wp\/v2\/media\/2071"}],"wp:attachment":[{"href":"https:\/\/www.fondation-salomon.org\/fr\/wp-json\/wp\/v2\/media?parent=2070"}],"wp:term":[{"taxonomy":"organization-tag","embeddable":true,"href":"https:\/\/www.fondation-salomon.org\/fr\/wp-json\/wp\/v2\/organization-tag?post=2070"}],"curies":[{"name":"wp","href":"https:\/\/api.w.org\/{rel}","templated":true}]}}