{"id":2064,"date":"2026-04-07T09:01:43","date_gmt":"2026-04-07T09:01:43","guid":{"rendered":"https:\/\/www.fondation-salomon.org\/organization\/adaptive-ski-academy-2\/"},"modified":"2026-04-24T10:27:10","modified_gmt":"2026-04-24T10:27:10","slug":"adaptive-ski-academy-2","status":"publish","type":"organization","link":"https:\/\/www.fondation-salomon.org\/fr\/organization\/adaptive-ski-academy-2\/","title":{"rendered":"Adaptive Ski Academy"},"content":{"rendered":"\n<div class=\"wp-block-group alignfull has-global-padding is-layout-constrained wp-container-core-group-is-layout-ae1ce1f8 wp-block-group-is-layout-constrained\">\n<div class=\"wp-block-group alignwide is-content-justification-space-between is-layout-flex wp-container-core-group-is-layout-e5edad21 wp-block-group-is-layout-flex\">\n<h3 class=\"wp-block-heading\"><strong><strong>\u00e0 Propos <\/strong><\/strong><\/h3>\n\n\n\n<div class=\"wp-block-group has-global-padding is-layout-constrained wp-container-core-group-is-layout-715153ea wp-block-group-is-layout-constrained\">\n<p><strong>Adaptive Ski Academy repose sur une conviction simple : chacun\u00b7e peut skier. L\u2019organisation \u0153uvre pour un acc\u00e8s \u00e9quitable aux sports d\u2019hiver pour les personnes vivant avec une maladie ou en situation de handicap.<\/strong><\/p>\n\n\n\n<p>En d\u00e9veloppant des solutions individualis\u00e9es, en accompagnant les pratiquant\u00b7es et en facilitant leur pr\u00e9sence sur les pistes, Adaptive Ski Academy aide \u00e0 d\u00e9passer les doutes, \u00e0 repousser ses limites et \u00e0 retrouver le plaisir de skier.<\/p>\n<\/div>\n<\/div>\n<\/div>\n\n\n\n<div class=\"wp-block-group alignwide pattern-hero is-style-line-watch is-vertical is-content-justification-left is-nowrap is-layout-flex wp-container-core-group-is-layout-b9305f23 wp-block-group-is-layout-flex\">\n<div class=\"wp-block-group is-vertical is-layout-flex wp-container-core-group-is-layout-fe9cc265 wp-block-group-is-layout-flex\">\n<h3 class=\"wp-block-heading\"><strong>T\u00e9moignage<\/strong><\/h3>\n\n\n\n<p class=\"has-inter-font-family\"><em>\u00ab Le premier contact, en 2025, a \u00e9t\u00e9 inattendu. Depuis l\u2019hiver 2026, la Fondation Salomon soutient nos actions aupr\u00e8s d\u2019enfants et d\u2019adultes en situation de handicap dans les sports d\u2019hiver.<\/em><\/p>\n\n\n\n<p class=\"has-inter-font-family\"><em>Nous sommes reconnaissant\u00b7es pour cette collaboration \u00e0 la fois chaleureuse, humaine et constructive, ainsi que pour le soutien financier et les dons d\u2019\u00e9quipements de ski. Merci \u00e0 la Fondation Salomon. \u00bb<\/em><\/p>\n\n\n\n<p><a href=\"https:\/\/www.adaptive-ski-academy.eu\" type=\"link\" id=\"amputeebladerunners.com\">Site web<\/a><\/p>\n<\/div>\n\n\n\n<figure class=\"wp-block-image size-full\"><img decoding=\"async\" width=\"500\" height=\"500\" src=\"https:\/\/www.fondation-salomon.org\/app\/uploads\/2026\/04\/Adaptive-ohne-pfeil-001.png\" alt=\"\" class=\"wp-image-1301\" srcset=\"https:\/\/www.fondation-salomon.org\/app\/uploads\/2026\/04\/Adaptive-ohne-pfeil-001.png 500w, https:\/\/www.fondation-salomon.org\/app\/uploads\/2026\/04\/Adaptive-ohne-pfeil-001-300x300.png 300w, https:\/\/www.fondation-salomon.org\/app\/uploads\/2026\/04\/Adaptive-ohne-pfeil-001-150x150.png 150w\" sizes=\"(max-width: 500px) 100vw, 500px\" \/><\/figure>\n<\/div>\n\n\n\n<div class=\"wp-block-group alignwide key-figure is-style-line-watch has-base-background-color has-background has-global-padding is-layout-constrained wp-block-group-is-layout-constrained\" style=\"margin-top:var(--wp--preset--spacing--100);margin-bottom:0px;padding-top:var(--wp--preset--spacing--70);padding-bottom:var(--wp--preset--spacing--100)\">\n<p class=\"has-text-align-center has-salomon-sans-font-family has-small-font-size\" style=\"text-transform:uppercase\">Notre soutien<\/p>\n<\/div>\n\n\n\n<div class=\"wp-block-group alignwide pattern-numbers has-global-padding is-layout-constrained wp-block-group-is-layout-constrained\" style=\"margin-top:0px;margin-bottom:0px\">\n<div class=\"wp-block-group alignwide item has-base-background-color has-background has-global-padding is-layout-constrained wp-block-group-is-layout-constrained\" style=\"border-bottom-color:var(--wp--preset--color--contrast);border-bottom-style:solid;border-bottom-width:1px\">\n<div class=\"wp-block-group alignwide has-inter-font-family has-xl-large-font-size is-content-justification-space-between is-nowrap is-layout-flex wp-container-core-group-is-layout-59860764 wp-block-group-is-layout-flex\" style=\"padding-top:var(--wp--preset--spacing--60);padding-bottom:var(--wp--preset--spacing--60)\">\n<p class=\"has-inter-font-family has-xl-large-font-size\" style=\"line-height:0.7\">2026<\/p>\n\n\n\n<p class=\"has-inter-font-family has-medium-font-size\">D\u00e9but de notre collaboration<\/p>\n<\/div>\n<\/div>\n\n\n\n<div class=\"wp-block-group alignwide item has-base-background-color has-background has-global-padding is-layout-constrained wp-block-group-is-layout-constrained\" style=\"border-bottom-color:var(--wp--preset--color--contrast);border-bottom-style:solid;border-bottom-width:1px\">\n<div class=\"wp-block-group alignwide has-inter-font-family has-xl-large-font-size is-content-justification-space-between is-nowrap is-layout-flex wp-container-core-group-is-layout-59860764 wp-block-group-is-layout-flex\" style=\"padding-top:var(--wp--preset--spacing--60);padding-bottom:var(--wp--preset--spacing--60)\">\n<p class=\"has-inter-font-family has-xl-large-font-size\" style=\"line-height:0.7\">17 000\u20ac<\/p>\n\n\n\n<p class=\"has-inter-font-family has-medium-font-size\">Soutien financier<\/p>\n<\/div>\n<\/div>\n<\/div>\n\n\n\n<p><\/p>\n","protected":false},"excerpt":{"rendered":"Rendre le ski accessible aux personnes en situation de handicap ou vivant avec une maladie.\nSoutenir la confiance, l\u2019autonomie et le plaisir du mouvement.","protected":false},"featured_media":2067,"template":"","meta":{"inline_featured_image":false},"organization-tag":[47,30],"class_list":["post-2064","organization","type-organization","status-publish","has-post-thumbnail","hentry","organization-tag-autonomie","organization-tag-handicap"],"yoast_head":"<!-- This site is optimized with the Yoast SEO plugin v27.2 - https:\/\/yoast.com\/product\/yoast-seo-wordpress\/ -->\n<title>Adaptive Ski Academy - fondation salomon<\/title>\n<meta name=\"robots\" content=\"index, follow, max-snippet:-1, max-image-preview:large, max-video-preview:-1\" \/>\n<link rel=\"canonical\" href=\"https:\/\/www.fondation-salomon.org\/fr\/organization\/adaptive-ski-academy-2\/\" \/>\n<meta property=\"og:locale\" content=\"fr_FR\" \/>\n<meta property=\"og:type\" content=\"article\" \/>\n<meta property=\"og:title\" content=\"Adaptive Ski Academy - fondation salomon\" \/>\n<meta property=\"og:description\" content=\"Rendre le ski accessible aux personnes en situation de handicap ou vivant avec une maladie. Soutenir la confiance, l\u2019autonomie et le plaisir du mouvement.\" \/>\n<meta property=\"og:url\" content=\"https:\/\/www.fondation-salomon.org\/fr\/organization\/adaptive-ski-academy-2\/\" \/>\n<meta property=\"og:site_name\" content=\"fondation salomon\" \/>\n<meta property=\"article:publisher\" content=\"https:\/\/www.facebook.com\/Salomon\/?locale=fr_FR\" \/>\n<meta property=\"article:modified_time\" content=\"2026-04-24T10:27:10+00:00\" \/>\n<meta property=\"og:image\" content=\"https:\/\/www.fondation-salomon.org\/app\/uploads\/2026\/04\/GROUP-PICTURE-ADAPTIVE-SKI-ACADEMY.png\" \/>\n\t<meta property=\"og:image:width\" content=\"950\" \/>\n\t<meta property=\"og:image:height\" content=\"709\" \/>\n\t<meta property=\"og:image:type\" content=\"image\/png\" \/>\n<meta name=\"twitter:card\" content=\"summary_large_image\" \/>\n<meta name=\"twitter:label1\" content=\"Dur\u00e9e de lecture estim\u00e9e\" \/>\n\t<meta name=\"twitter:data1\" content=\"2 minutes\" \/>\n<script type=\"application\/ld+json\" class=\"yoast-schema-graph\">{\"@context\":\"https:\/\/schema.org\",\"@graph\":[{\"@type\":\"WebPage\",\"@id\":\"https:\/\/www.fondation-salomon.org\/fr\/organization\/adaptive-ski-academy-2\/\",\"url\":\"https:\/\/www.fondation-salomon.org\/fr\/organization\/adaptive-ski-academy-2\/\",\"name\":\"Adaptive Ski Academy - fondation salomon\",\"isPartOf\":{\"@id\":\"https:\/\/www.fondation-salomon.org\/#website\"},\"primaryImageOfPage\":{\"@id\":\"https:\/\/www.fondation-salomon.org\/fr\/organization\/adaptive-ski-academy-2\/#primaryimage\"},\"image\":{\"@id\":\"https:\/\/www.fondation-salomon.org\/fr\/organization\/adaptive-ski-academy-2\/#primaryimage\"},\"thumbnailUrl\":\"https:\/\/www.fondation-salomon.org\/app\/uploads\/2026\/04\/GROUP-PICTURE-ADAPTIVE-SKI-ACADEMY.png\",\"datePublished\":\"2026-04-07T09:01:43+00:00\",\"dateModified\":\"2026-04-24T10:27:10+00:00\",\"breadcrumb\":{\"@id\":\"https:\/\/www.fondation-salomon.org\/fr\/organization\/adaptive-ski-academy-2\/#breadcrumb\"},\"inLanguage\":\"fr-FR\",\"potentialAction\":[{\"@type\":\"ReadAction\",\"target\":[\"https:\/\/www.fondation-salomon.org\/fr\/organization\/adaptive-ski-academy-2\/\"]}]},{\"@type\":\"ImageObject\",\"inLanguage\":\"fr-FR\",\"@id\":\"https:\/\/www.fondation-salomon.org\/fr\/organization\/adaptive-ski-academy-2\/#primaryimage\",\"url\":\"https:\/\/www.fondation-salomon.org\/app\/uploads\/2026\/04\/GROUP-PICTURE-ADAPTIVE-SKI-ACADEMY.png\",\"contentUrl\":\"https:\/\/www.fondation-salomon.org\/app\/uploads\/2026\/04\/GROUP-PICTURE-ADAPTIVE-SKI-ACADEMY.png\",\"width\":950,\"height\":709},{\"@type\":\"BreadcrumbList\",\"@id\":\"https:\/\/www.fondation-salomon.org\/fr\/organization\/adaptive-ski-academy-2\/#breadcrumb\",\"itemListElement\":[{\"@type\":\"ListItem\",\"position\":1,\"name\":\"Home\",\"item\":\"https:\/\/www.fondation-salomon.org\/fr\/\"},{\"@type\":\"ListItem\",\"position\":2,\"name\":\"Adaptive Ski Academy\"}]},{\"@type\":\"WebSite\",\"@id\":\"https:\/\/www.fondation-salomon.org\/#website\",\"url\":\"https:\/\/www.fondation-salomon.org\/\",\"name\":\"fondation salomon\",\"description\":\"\",\"publisher\":{\"@id\":\"https:\/\/www.fondation-salomon.org\/#organization\"},\"potentialAction\":[{\"@type\":\"SearchAction\",\"target\":{\"@type\":\"EntryPoint\",\"urlTemplate\":\"https:\/\/www.fondation-salomon.org\/?s={search_term_string}\"},\"query-input\":{\"@type\":\"PropertyValueSpecification\",\"valueRequired\":true,\"valueName\":\"search_term_string\"}}],\"inLanguage\":\"fr-FR\"},{\"@type\":\"Organization\",\"@id\":\"https:\/\/www.fondation-salomon.org\/#organization\",\"name\":\"fondation salomon\",\"url\":\"https:\/\/www.fondation-salomon.org\/\",\"logo\":{\"@type\":\"ImageObject\",\"inLanguage\":\"fr-FR\",\"@id\":\"https:\/\/www.fondation-salomon.org\/#\/schema\/logo\/image\/\",\"url\":\"https:\/\/www.fondation-salomon.org\/app\/uploads\/2026\/03\/SalomonFoundation_LOGO_Horizontal_Noir_SF-scaled.png\",\"contentUrl\":\"https:\/\/www.fondation-salomon.org\/app\/uploads\/2026\/03\/SalomonFoundation_LOGO_Horizontal_Noir_SF-scaled.png\",\"width\":2560,\"height\":569,\"caption\":\"fondation salomon\"},\"image\":{\"@id\":\"https:\/\/www.fondation-salomon.org\/#\/schema\/logo\/image\/\"},\"sameAs\":[\"https:\/\/www.facebook.com\/Salomon\/?locale=fr_FR\",\"https:\/\/www.instagram.com\/salomon_france\/\",\"https:\/\/www.youtube.com\/channel\/UCCH7Ny59oLRGfw3imhL0d7A\"]}]}<\/script>\n<!-- \/ Yoast SEO plugin. -->","yoast_head_json":{"title":"Adaptive Ski Academy - fondation salomon","robots":{"index":"index","follow":"follow","max-snippet":"max-snippet:-1","max-image-preview":"max-image-preview:large","max-video-preview":"max-video-preview:-1"},"canonical":"https:\/\/www.fondation-salomon.org\/fr\/organization\/adaptive-ski-academy-2\/","og_locale":"fr_FR","og_type":"article","og_title":"Adaptive Ski Academy - fondation salomon","og_description":"Rendre le ski accessible aux personnes en situation de handicap ou vivant avec une maladie. Soutenir la confiance, l\u2019autonomie et le plaisir du mouvement.","og_url":"https:\/\/www.fondation-salomon.org\/fr\/organization\/adaptive-ski-academy-2\/","og_site_name":"fondation salomon","article_publisher":"https:\/\/www.facebook.com\/Salomon\/?locale=fr_FR","article_modified_time":"2026-04-24T10:27:10+00:00","og_image":[{"width":950,"height":709,"url":"https:\/\/www.fondation-salomon.org\/app\/uploads\/2026\/04\/GROUP-PICTURE-ADAPTIVE-SKI-ACADEMY.png","type":"image\/png"}],"twitter_card":"summary_large_image","twitter_misc":{"Dur\u00e9e de lecture estim\u00e9e":"2 minutes"},"schema":{"@context":"https:\/\/schema.org","@graph":[{"@type":"WebPage","@id":"https:\/\/www.fondation-salomon.org\/fr\/organization\/adaptive-ski-academy-2\/","url":"https:\/\/www.fondation-salomon.org\/fr\/organization\/adaptive-ski-academy-2\/","name":"Adaptive Ski Academy - fondation salomon","isPartOf":{"@id":"https:\/\/www.fondation-salomon.org\/#website"},"primaryImageOfPage":{"@id":"https:\/\/www.fondation-salomon.org\/fr\/organization\/adaptive-ski-academy-2\/#primaryimage"},"image":{"@id":"https:\/\/www.fondation-salomon.org\/fr\/organization\/adaptive-ski-academy-2\/#primaryimage"},"thumbnailUrl":"https:\/\/www.fondation-salomon.org\/app\/uploads\/2026\/04\/GROUP-PICTURE-ADAPTIVE-SKI-ACADEMY.png","datePublished":"2026-04-07T09:01:43+00:00","dateModified":"2026-04-24T10:27:10+00:00","breadcrumb":{"@id":"https:\/\/www.fondation-salomon.org\/fr\/organization\/adaptive-ski-academy-2\/#breadcrumb"},"inLanguage":"fr-FR","potentialAction":[{"@type":"ReadAction","target":["https:\/\/www.fondation-salomon.org\/fr\/organization\/adaptive-ski-academy-2\/"]}]},{"@type":"ImageObject","inLanguage":"fr-FR","@id":"https:\/\/www.fondation-salomon.org\/fr\/organization\/adaptive-ski-academy-2\/#primaryimage","url":"https:\/\/www.fondation-salomon.org\/app\/uploads\/2026\/04\/GROUP-PICTURE-ADAPTIVE-SKI-ACADEMY.png","contentUrl":"https:\/\/www.fondation-salomon.org\/app\/uploads\/2026\/04\/GROUP-PICTURE-ADAPTIVE-SKI-ACADEMY.png","width":950,"height":709},{"@type":"BreadcrumbList","@id":"https:\/\/www.fondation-salomon.org\/fr\/organization\/adaptive-ski-academy-2\/#breadcrumb","itemListElement":[{"@type":"ListItem","position":1,"name":"Home","item":"https:\/\/www.fondation-salomon.org\/fr\/"},{"@type":"ListItem","position":2,"name":"Adaptive Ski Academy"}]},{"@type":"WebSite","@id":"https:\/\/www.fondation-salomon.org\/#website","url":"https:\/\/www.fondation-salomon.org\/","name":"fondation salomon","description":"","publisher":{"@id":"https:\/\/www.fondation-salomon.org\/#organization"},"potentialAction":[{"@type":"SearchAction","target":{"@type":"EntryPoint","urlTemplate":"https:\/\/www.fondation-salomon.org\/?s={search_term_string}"},"query-input":{"@type":"PropertyValueSpecification","valueRequired":true,"valueName":"search_term_string"}}],"inLanguage":"fr-FR"},{"@type":"Organization","@id":"https:\/\/www.fondation-salomon.org\/#organization","name":"fondation salomon","url":"https:\/\/www.fondation-salomon.org\/","logo":{"@type":"ImageObject","inLanguage":"fr-FR","@id":"https:\/\/www.fondation-salomon.org\/#\/schema\/logo\/image\/","url":"https:\/\/www.fondation-salomon.org\/app\/uploads\/2026\/03\/SalomonFoundation_LOGO_Horizontal_Noir_SF-scaled.png","contentUrl":"https:\/\/www.fondation-salomon.org\/app\/uploads\/2026\/03\/SalomonFoundation_LOGO_Horizontal_Noir_SF-scaled.png","width":2560,"height":569,"caption":"fondation salomon"},"image":{"@id":"https:\/\/www.fondation-salomon.org\/#\/schema\/logo\/image\/"},"sameAs":["https:\/\/www.facebook.com\/Salomon\/?locale=fr_FR","https:\/\/www.instagram.com\/salomon_france\/","https:\/\/www.youtube.com\/channel\/UCCH7Ny59oLRGfw3imhL0d7A"]}]}},"_links":{"self":[{"href":"https:\/\/www.fondation-salomon.org\/fr\/wp-json\/wp\/v2\/organization\/2064","targetHints":{"allow":["GET"]}}],"collection":[{"href":"https:\/\/www.fondation-salomon.org\/fr\/wp-json\/wp\/v2\/organization"}],"about":[{"href":"https:\/\/www.fondation-salomon.org\/fr\/wp-json\/wp\/v2\/types\/organization"}],"wp:featuredmedia":[{"embeddable":true,"href":"https:\/\/www.fondation-salomon.org\/fr\/wp-json\/wp\/v2\/media\/2067"}],"wp:attachment":[{"href":"https:\/\/www.fondation-salomon.org\/fr\/wp-json\/wp\/v2\/media?parent=2064"}],"wp:term":[{"taxonomy":"organization-tag","embeddable":true,"href":"https:\/\/www.fondation-salomon.org\/fr\/wp-json\/wp\/v2\/organization-tag?post=2064"}],"curies":[{"name":"wp","href":"https:\/\/api.w.org\/{rel}","templated":true}]}}