{"id":2059,"date":"2026-03-05T14:11:36","date_gmt":"2026-03-05T14:11:36","guid":{"rendered":"https:\/\/www.fondation-salomon.org\/organization\/snowboarders-de-la-solidarite\/"},"modified":"2026-04-24T10:36:26","modified_gmt":"2026-04-24T10:36:26","slug":"snowboarders-de-la-solidarite","status":"publish","type":"organization","link":"https:\/\/www.fondation-salomon.org\/fr\/organization\/snowboarders-de-la-solidarite\/","title":{"rendered":"Snowboarders of Solidarity"},"content":{"rendered":"\n<div class=\"wp-block-group alignfull has-global-padding is-layout-constrained wp-container-core-group-is-layout-ae1ce1f8 wp-block-group-is-layout-constrained\">\n<div class=\"wp-block-group alignwide is-content-justification-space-between is-layout-flex wp-container-core-group-is-layout-e5edad21 wp-block-group-is-layout-flex\">\n<h3 class=\"wp-block-heading\"><strong><strong>\u00e0 Propos<\/strong><\/strong><\/h3>\n\n\n\n<div class=\"wp-block-group has-global-padding is-layout-constrained wp-container-core-group-is-layout-715153ea wp-block-group-is-layout-constrained\">\n<p><strong>Snowboarders of Solidarity (SOS) est une organisation qui soutient des snowboardeurs et snowboardeuses r\u00e9fugi\u00e9\u00b7es, d\u00e9plac\u00e9\u00b7es ou pers\u00e9cut\u00e9\u00b7es, en leur permettant de poursuivre leur pratique sportive et leur parcours \u00e9ducatif.<\/strong><\/p>\n\n\n\n<p>Port\u00e9e par la solidarit\u00e9 de la communaut\u00e9 internationale du snowboard, elle contribue \u00e9galement \u00e0 leur int\u00e9gration sociale.<\/p>\n<\/div>\n<\/div>\n<\/div>\n\n\n\n<div class=\"wp-block-group alignwide pattern-hero is-style-line-watch is-vertical is-content-justification-left is-nowrap is-layout-flex wp-container-core-group-is-layout-b9305f23 wp-block-group-is-layout-flex\">\n<div class=\"wp-block-group is-vertical is-layout-flex wp-container-core-group-is-layout-fe9cc265 wp-block-group-is-layout-flex\">\n<h3 class=\"wp-block-heading\"><strong>Enjeux &amp; imapacts<\/strong><\/h3>\n\n\n\n<p class=\"has-inter-font-family\"><strong>\u00c0 travers le monde, de nombreux snowboardeurs et snowboardeuses sont contraint\u00b7es de tout quitter en raison de conflits, de pers\u00e9cutions ou de d\u00e9placements.<br>Snowboarders of Solidarity agit pour leur permettre de continuer \u00e0 avancer, gr\u00e2ce au sport, \u00e0 l\u2019\u00e9ducation et \u00e0 la force d\u2019une communaut\u00e9 internationale.<\/strong><\/p>\n\n\n\n<p><a href=\"https:\/\/snowboarders-of-solidarity.com\" type=\"link\" id=\"https:\/\/snowboarders-of-solidarity.com\">Site web<\/a><\/p>\n<\/div>\n\n\n\n<figure class=\"wp-block-image size-full\"><img decoding=\"async\" width=\"2354\" height=\"1673\" src=\"https:\/\/www.fondation-salomon.org\/app\/uploads\/2026\/03\/Snowboard-of-solidarity.jpg\" alt=\"\" class=\"wp-image-1705\" srcset=\"https:\/\/www.fondation-salomon.org\/app\/uploads\/2026\/03\/Snowboard-of-solidarity.jpg 2354w, https:\/\/www.fondation-salomon.org\/app\/uploads\/2026\/03\/Snowboard-of-solidarity-300x213.jpg 300w, https:\/\/www.fondation-salomon.org\/app\/uploads\/2026\/03\/Snowboard-of-solidarity-1024x728.jpg 1024w, https:\/\/www.fondation-salomon.org\/app\/uploads\/2026\/03\/Snowboard-of-solidarity-768x546.jpg 768w, https:\/\/www.fondation-salomon.org\/app\/uploads\/2026\/03\/Snowboard-of-solidarity-1536x1092.jpg 1536w, https:\/\/www.fondation-salomon.org\/app\/uploads\/2026\/03\/Snowboard-of-solidarity-2048x1456.jpg 2048w\" sizes=\"(max-width: 2354px) 100vw, 2354px\" \/><\/figure>\n<\/div>\n\n\n\n<div class=\"wp-block-group alignwide key-figure is-style-line-watch has-base-background-color has-background has-global-padding is-layout-constrained wp-block-group-is-layout-constrained\" style=\"margin-top:var(--wp--preset--spacing--100);margin-bottom:0px;padding-top:var(--wp--preset--spacing--70);padding-bottom:var(--wp--preset--spacing--100)\">\n<p class=\"has-text-align-center has-salomon-sans-font-family has-small-font-size\" style=\"text-transform:uppercase\">notre soutien<\/p>\n<\/div>\n\n\n\n<div class=\"wp-block-group alignwide pattern-numbers has-global-padding is-layout-constrained wp-block-group-is-layout-constrained\" style=\"margin-top:0px;margin-bottom:0px\">\n<div class=\"wp-block-group alignwide item has-base-background-color has-background has-global-padding is-layout-constrained wp-block-group-is-layout-constrained\" style=\"border-bottom-color:var(--wp--preset--color--contrast);border-bottom-style:solid;border-bottom-width:1px\">\n<div class=\"wp-block-group alignwide has-inter-font-family has-xl-large-font-size is-content-justification-space-between is-nowrap is-layout-flex wp-container-core-group-is-layout-59860764 wp-block-group-is-layout-flex\" style=\"padding-top:var(--wp--preset--spacing--60);padding-bottom:var(--wp--preset--spacing--60)\">\n<p class=\"has-inter-font-family has-xl-large-font-size\" style=\"line-height:0.7\">2023<\/p>\n\n\n\n<p class=\"has-inter-font-family has-medium-font-size\">D\u00e9but de notre collaboration<\/p>\n<\/div>\n<\/div>\n\n\n\n<div class=\"wp-block-group alignwide item has-base-background-color has-background has-global-padding is-layout-constrained wp-block-group-is-layout-constrained\" style=\"border-bottom-color:var(--wp--preset--color--contrast);border-bottom-style:solid;border-bottom-width:1px\">\n<div class=\"wp-block-group alignwide has-inter-font-family has-xl-large-font-size is-content-justification-space-between is-nowrap is-layout-flex wp-container-core-group-is-layout-59860764 wp-block-group-is-layout-flex\" style=\"padding-top:var(--wp--preset--spacing--60);padding-bottom:var(--wp--preset--spacing--60)\">\n<p class=\"has-inter-font-family has-xl-large-font-size\" style=\"line-height:0.7\">12 500\u20ac<\/p>\n\n\n\n<p class=\"has-inter-font-family has-medium-font-size\">Soutien financier<\/p>\n<\/div>\n<\/div>\n<\/div>\n","protected":false},"excerpt":{"rendered":"Accompagner des snowboardeurs et snowboardeuses en situation d\u2019exil pour poursuivre leur parcours sportif et \u00e9ducatif.\nFavoriser l\u2019int\u00e9gration gr\u00e2ce \u00e0 la solidarit\u00e9 et \u00e0 la force du collectif.","protected":false},"featured_media":1288,"template":"","meta":{"inline_featured_image":false},"organization-tag":[52],"class_list":["post-2059","organization","type-organization","status-publish","has-post-thumbnail","hentry","organization-tag-diversite"],"yoast_head":"<!-- This site is optimized with the Yoast SEO plugin v27.2 - https:\/\/yoast.com\/product\/yoast-seo-wordpress\/ -->\n<title>Snowboarders of Solidarity - fondation salomon<\/title>\n<meta name=\"robots\" content=\"index, follow, max-snippet:-1, max-image-preview:large, max-video-preview:-1\" \/>\n<link rel=\"canonical\" href=\"https:\/\/www.fondation-salomon.org\/fr\/organization\/snowboarders-de-la-solidarite\/\" \/>\n<meta property=\"og:locale\" content=\"fr_FR\" \/>\n<meta property=\"og:type\" content=\"article\" \/>\n<meta property=\"og:title\" content=\"Snowboarders of Solidarity - fondation salomon\" \/>\n<meta property=\"og:description\" content=\"Accompagner des snowboardeurs et snowboardeuses en situation d\u2019exil pour poursuivre leur parcours sportif et \u00e9ducatif. Favoriser l\u2019int\u00e9gration gr\u00e2ce \u00e0 la solidarit\u00e9 et \u00e0 la force du collectif.\" \/>\n<meta property=\"og:url\" content=\"https:\/\/www.fondation-salomon.org\/fr\/organization\/snowboarders-de-la-solidarite\/\" \/>\n<meta property=\"og:site_name\" content=\"fondation salomon\" \/>\n<meta property=\"article:publisher\" content=\"https:\/\/www.facebook.com\/Salomon\/?locale=fr_FR\" \/>\n<meta property=\"article:modified_time\" content=\"2026-04-24T10:36:26+00:00\" \/>\n<meta property=\"og:image\" content=\"https:\/\/www.fondation-salomon.org\/app\/uploads\/2026\/03\/000111620005_Tanon_P67_Afghan_Snowboard_Team_Avoriaz_group_pic_low.jpg\" \/>\n\t<meta property=\"og:image:width\" content=\"2200\" \/>\n\t<meta property=\"og:image:height\" content=\"1775\" \/>\n\t<meta property=\"og:image:type\" content=\"image\/jpeg\" \/>\n<meta name=\"twitter:card\" content=\"summary_large_image\" \/>\n<meta name=\"twitter:label1\" content=\"Dur\u00e9e de lecture estim\u00e9e\" \/>\n\t<meta name=\"twitter:data1\" content=\"1 minute\" \/>\n<script type=\"application\/ld+json\" class=\"yoast-schema-graph\">{\"@context\":\"https:\/\/schema.org\",\"@graph\":[{\"@type\":\"WebPage\",\"@id\":\"https:\/\/www.fondation-salomon.org\/fr\/organization\/snowboarders-de-la-solidarite\/\",\"url\":\"https:\/\/www.fondation-salomon.org\/fr\/organization\/snowboarders-de-la-solidarite\/\",\"name\":\"Snowboarders of Solidarity - fondation salomon\",\"isPartOf\":{\"@id\":\"https:\/\/www.fondation-salomon.org\/#website\"},\"primaryImageOfPage\":{\"@id\":\"https:\/\/www.fondation-salomon.org\/fr\/organization\/snowboarders-de-la-solidarite\/#primaryimage\"},\"image\":{\"@id\":\"https:\/\/www.fondation-salomon.org\/fr\/organization\/snowboarders-de-la-solidarite\/#primaryimage\"},\"thumbnailUrl\":\"https:\/\/www.fondation-salomon.org\/app\/uploads\/2026\/03\/000111620005_Tanon_P67_Afghan_Snowboard_Team_Avoriaz_group_pic_low.jpg\",\"datePublished\":\"2026-03-05T14:11:36+00:00\",\"dateModified\":\"2026-04-24T10:36:26+00:00\",\"breadcrumb\":{\"@id\":\"https:\/\/www.fondation-salomon.org\/fr\/organization\/snowboarders-de-la-solidarite\/#breadcrumb\"},\"inLanguage\":\"fr-FR\",\"potentialAction\":[{\"@type\":\"ReadAction\",\"target\":[\"https:\/\/www.fondation-salomon.org\/fr\/organization\/snowboarders-de-la-solidarite\/\"]}]},{\"@type\":\"ImageObject\",\"inLanguage\":\"fr-FR\",\"@id\":\"https:\/\/www.fondation-salomon.org\/fr\/organization\/snowboarders-de-la-solidarite\/#primaryimage\",\"url\":\"https:\/\/www.fondation-salomon.org\/app\/uploads\/2026\/03\/000111620005_Tanon_P67_Afghan_Snowboard_Team_Avoriaz_group_pic_low.jpg\",\"contentUrl\":\"https:\/\/www.fondation-salomon.org\/app\/uploads\/2026\/03\/000111620005_Tanon_P67_Afghan_Snowboard_Team_Avoriaz_group_pic_low.jpg\",\"width\":2200,\"height\":1775},{\"@type\":\"BreadcrumbList\",\"@id\":\"https:\/\/www.fondation-salomon.org\/fr\/organization\/snowboarders-de-la-solidarite\/#breadcrumb\",\"itemListElement\":[{\"@type\":\"ListItem\",\"position\":1,\"name\":\"Home\",\"item\":\"https:\/\/www.fondation-salomon.org\/fr\/\"},{\"@type\":\"ListItem\",\"position\":2,\"name\":\"Snowboarders of Solidarity\"}]},{\"@type\":\"WebSite\",\"@id\":\"https:\/\/www.fondation-salomon.org\/#website\",\"url\":\"https:\/\/www.fondation-salomon.org\/\",\"name\":\"fondation salomon\",\"description\":\"\",\"publisher\":{\"@id\":\"https:\/\/www.fondation-salomon.org\/#organization\"},\"potentialAction\":[{\"@type\":\"SearchAction\",\"target\":{\"@type\":\"EntryPoint\",\"urlTemplate\":\"https:\/\/www.fondation-salomon.org\/?s={search_term_string}\"},\"query-input\":{\"@type\":\"PropertyValueSpecification\",\"valueRequired\":true,\"valueName\":\"search_term_string\"}}],\"inLanguage\":\"fr-FR\"},{\"@type\":\"Organization\",\"@id\":\"https:\/\/www.fondation-salomon.org\/#organization\",\"name\":\"fondation salomon\",\"url\":\"https:\/\/www.fondation-salomon.org\/\",\"logo\":{\"@type\":\"ImageObject\",\"inLanguage\":\"fr-FR\",\"@id\":\"https:\/\/www.fondation-salomon.org\/#\/schema\/logo\/image\/\",\"url\":\"https:\/\/www.fondation-salomon.org\/app\/uploads\/2026\/03\/SalomonFoundation_LOGO_Horizontal_Noir_SF-scaled.png\",\"contentUrl\":\"https:\/\/www.fondation-salomon.org\/app\/uploads\/2026\/03\/SalomonFoundation_LOGO_Horizontal_Noir_SF-scaled.png\",\"width\":2560,\"height\":569,\"caption\":\"fondation salomon\"},\"image\":{\"@id\":\"https:\/\/www.fondation-salomon.org\/#\/schema\/logo\/image\/\"},\"sameAs\":[\"https:\/\/www.facebook.com\/Salomon\/?locale=fr_FR\",\"https:\/\/www.instagram.com\/salomon_france\/\",\"https:\/\/www.youtube.com\/channel\/UCCH7Ny59oLRGfw3imhL0d7A\"]}]}<\/script>\n<!-- \/ Yoast SEO plugin. -->","yoast_head_json":{"title":"Snowboarders of Solidarity - fondation salomon","robots":{"index":"index","follow":"follow","max-snippet":"max-snippet:-1","max-image-preview":"max-image-preview:large","max-video-preview":"max-video-preview:-1"},"canonical":"https:\/\/www.fondation-salomon.org\/fr\/organization\/snowboarders-de-la-solidarite\/","og_locale":"fr_FR","og_type":"article","og_title":"Snowboarders of Solidarity - fondation salomon","og_description":"Accompagner des snowboardeurs et snowboardeuses en situation d\u2019exil pour poursuivre leur parcours sportif et \u00e9ducatif. Favoriser l\u2019int\u00e9gration gr\u00e2ce \u00e0 la solidarit\u00e9 et \u00e0 la force du collectif.","og_url":"https:\/\/www.fondation-salomon.org\/fr\/organization\/snowboarders-de-la-solidarite\/","og_site_name":"fondation salomon","article_publisher":"https:\/\/www.facebook.com\/Salomon\/?locale=fr_FR","article_modified_time":"2026-04-24T10:36:26+00:00","og_image":[{"width":2200,"height":1775,"url":"https:\/\/www.fondation-salomon.org\/app\/uploads\/2026\/03\/000111620005_Tanon_P67_Afghan_Snowboard_Team_Avoriaz_group_pic_low.jpg","type":"image\/jpeg"}],"twitter_card":"summary_large_image","twitter_misc":{"Dur\u00e9e de lecture estim\u00e9e":"1 minute"},"schema":{"@context":"https:\/\/schema.org","@graph":[{"@type":"WebPage","@id":"https:\/\/www.fondation-salomon.org\/fr\/organization\/snowboarders-de-la-solidarite\/","url":"https:\/\/www.fondation-salomon.org\/fr\/organization\/snowboarders-de-la-solidarite\/","name":"Snowboarders of Solidarity - fondation salomon","isPartOf":{"@id":"https:\/\/www.fondation-salomon.org\/#website"},"primaryImageOfPage":{"@id":"https:\/\/www.fondation-salomon.org\/fr\/organization\/snowboarders-de-la-solidarite\/#primaryimage"},"image":{"@id":"https:\/\/www.fondation-salomon.org\/fr\/organization\/snowboarders-de-la-solidarite\/#primaryimage"},"thumbnailUrl":"https:\/\/www.fondation-salomon.org\/app\/uploads\/2026\/03\/000111620005_Tanon_P67_Afghan_Snowboard_Team_Avoriaz_group_pic_low.jpg","datePublished":"2026-03-05T14:11:36+00:00","dateModified":"2026-04-24T10:36:26+00:00","breadcrumb":{"@id":"https:\/\/www.fondation-salomon.org\/fr\/organization\/snowboarders-de-la-solidarite\/#breadcrumb"},"inLanguage":"fr-FR","potentialAction":[{"@type":"ReadAction","target":["https:\/\/www.fondation-salomon.org\/fr\/organization\/snowboarders-de-la-solidarite\/"]}]},{"@type":"ImageObject","inLanguage":"fr-FR","@id":"https:\/\/www.fondation-salomon.org\/fr\/organization\/snowboarders-de-la-solidarite\/#primaryimage","url":"https:\/\/www.fondation-salomon.org\/app\/uploads\/2026\/03\/000111620005_Tanon_P67_Afghan_Snowboard_Team_Avoriaz_group_pic_low.jpg","contentUrl":"https:\/\/www.fondation-salomon.org\/app\/uploads\/2026\/03\/000111620005_Tanon_P67_Afghan_Snowboard_Team_Avoriaz_group_pic_low.jpg","width":2200,"height":1775},{"@type":"BreadcrumbList","@id":"https:\/\/www.fondation-salomon.org\/fr\/organization\/snowboarders-de-la-solidarite\/#breadcrumb","itemListElement":[{"@type":"ListItem","position":1,"name":"Home","item":"https:\/\/www.fondation-salomon.org\/fr\/"},{"@type":"ListItem","position":2,"name":"Snowboarders of Solidarity"}]},{"@type":"WebSite","@id":"https:\/\/www.fondation-salomon.org\/#website","url":"https:\/\/www.fondation-salomon.org\/","name":"fondation salomon","description":"","publisher":{"@id":"https:\/\/www.fondation-salomon.org\/#organization"},"potentialAction":[{"@type":"SearchAction","target":{"@type":"EntryPoint","urlTemplate":"https:\/\/www.fondation-salomon.org\/?s={search_term_string}"},"query-input":{"@type":"PropertyValueSpecification","valueRequired":true,"valueName":"search_term_string"}}],"inLanguage":"fr-FR"},{"@type":"Organization","@id":"https:\/\/www.fondation-salomon.org\/#organization","name":"fondation salomon","url":"https:\/\/www.fondation-salomon.org\/","logo":{"@type":"ImageObject","inLanguage":"fr-FR","@id":"https:\/\/www.fondation-salomon.org\/#\/schema\/logo\/image\/","url":"https:\/\/www.fondation-salomon.org\/app\/uploads\/2026\/03\/SalomonFoundation_LOGO_Horizontal_Noir_SF-scaled.png","contentUrl":"https:\/\/www.fondation-salomon.org\/app\/uploads\/2026\/03\/SalomonFoundation_LOGO_Horizontal_Noir_SF-scaled.png","width":2560,"height":569,"caption":"fondation salomon"},"image":{"@id":"https:\/\/www.fondation-salomon.org\/#\/schema\/logo\/image\/"},"sameAs":["https:\/\/www.facebook.com\/Salomon\/?locale=fr_FR","https:\/\/www.instagram.com\/salomon_france\/","https:\/\/www.youtube.com\/channel\/UCCH7Ny59oLRGfw3imhL0d7A"]}]}},"_links":{"self":[{"href":"https:\/\/www.fondation-salomon.org\/fr\/wp-json\/wp\/v2\/organization\/2059","targetHints":{"allow":["GET"]}}],"collection":[{"href":"https:\/\/www.fondation-salomon.org\/fr\/wp-json\/wp\/v2\/organization"}],"about":[{"href":"https:\/\/www.fondation-salomon.org\/fr\/wp-json\/wp\/v2\/types\/organization"}],"wp:featuredmedia":[{"embeddable":true,"href":"https:\/\/www.fondation-salomon.org\/fr\/wp-json\/wp\/v2\/media\/1288"}],"wp:attachment":[{"href":"https:\/\/www.fondation-salomon.org\/fr\/wp-json\/wp\/v2\/media?parent=2059"}],"wp:term":[{"taxonomy":"organization-tag","embeddable":true,"href":"https:\/\/www.fondation-salomon.org\/fr\/wp-json\/wp\/v2\/organization-tag?post=2059"}],"curies":[{"name":"wp","href":"https:\/\/api.w.org\/{rel}","templated":true}]}}